{"id":10295,"date":"2025-06-11T23:06:10","date_gmt":"2025-06-11T21:06:10","guid":{"rendered":"https:\/\/concertosdoxacobeo.gal\/2025\/?post_type=tribe_events&#038;p=10295"},"modified":"2025-06-11T23:06:10","modified_gmt":"2025-06-11T21:06:10","slug":"sebastian-yatra","status":"publish","type":"tribe_events","link":"https:\/\/concertosdoxacobeo.gal\/2025\/evento\/sebastian-yatra\/","title":{"rendered":"Sebastian Yatra"},"content":{"rendered":"[vc_row type=&#8221;full_width_background&#8221; full_screen_row_position=&#8221;middle&#8221; column_margin=&#8221;default&#8221; column_direction=&#8221;default&#8221; column_direction_tablet=&#8221;default&#8221; column_direction_phone=&#8221;default&#8221; scene_position=&#8221;center&#8221; text_color=&#8221;dark&#8221; text_align=&#8221;left&#8221; row_border_radius=&#8221;none&#8221; row_border_radius_applies=&#8221;bg&#8221; overflow=&#8221;visible&#8221; advanced_gradient_angle=&#8221;0&#8243; overlay_strength=&#8221;0.3&#8243; gradient_direction=&#8221;left_to_right&#8221; shape_divider_position=&#8221;bottom&#8221; bg_image_animation=&#8221;none&#8221; gradient_type=&#8221;default&#8221; shape_type=&#8221;&#8221;][vc_column column_padding=&#8221;no-extra-padding&#8221; column_padding_tablet=&#8221;inherit&#8221; column_padding_phone=&#8221;inherit&#8221; column_padding_position=&#8221;all&#8221; column_element_direction_desktop=&#8221;default&#8221; column_element_spacing=&#8221;default&#8221; desktop_text_alignment=&#8221;default&#8221; tablet_text_alignment=&#8221;default&#8221; phone_text_alignment=&#8221;default&#8221; background_color_opacity=&#8221;1&#8243; background_hover_color_opacity=&#8221;1&#8243; column_backdrop_filter=&#8221;none&#8221; column_shadow=&#8221;none&#8221; column_border_radius=&#8221;none&#8221; column_link_target=&#8221;_self&#8221; column_position=&#8221;default&#8221; gradient_direction=&#8221;left_to_right&#8221; overlay_strength=&#8221;0.3&#8243; width=&#8221;1\/1&#8243; tablet_width_inherit=&#8221;default&#8221; animation_type=&#8221;default&#8221; bg_image_animation=&#8221;none&#8221; border_type=&#8221;simple&#8221; column_border_width=&#8221;none&#8221; column_border_style=&#8221;solid&#8221;][nectar_global_section id=&#8221;10275&#8243;][nectar_global_section id=&#8221;7942&#8243;][\/vc_column][\/vc_row]\n","protected":false},"excerpt":{"rendered":"<p>[vc_row type=&#8221;full_width_background&#8221; full_screen_row_position=&#8221;middle&#8221; column_margin=&#8221;default&#8221; column_direction=&#8221;default&#8221; column_direction_tablet=&#8221;default&#8221; column_direction_phone=&#8221;default&#8221; scene_position=&#8221;center&#8221; text_color=&#8221;dark&#8221; text_align=&#8221;left&#8221; row_border_radius=&#8221;none&#8221; row_border_radius_applies=&#8221;bg&#8221; overflow=&#8221;visible&#8221; advanced_gradient_angle=&#8221;0&#8243; overlay_strength=&#8221;0.3&#8243; gradient_direction=&#8221;left_to_right&#8221; shape_divider_position=&#8221;bottom&#8221; bg_image_animation=&#8221;none&#8221; gradient_type=&#8221;default&#8221; shape_type=&#8221;&#8221;][vc_column column_padding=&#8221;no-extra-padding&#8221; column_padding_tablet=&#8221;inherit&#8221; column_padding_phone=&#8221;inherit&#8221; column_padding_position=&#8221;all&#8221; column_element_direction_desktop=&#8221;default&#8221; column_element_spacing=&#8221;default&#8221; desktop_text_alignment=&#8221;default&#8221; tablet_text_alignment=&#8221;default&#8221; phone_text_alignment=&#8221;default&#8221; background_color_opacity=&#8221;1&#8243;&#8230;<\/p>\n","protected":false},"author":1,"featured_media":10278,"comment_status":"closed","ping_status":"closed","template":"","meta":{"inline_featured_image":false,"_tribe_events_status":"","_tribe_events_status_reason":"","footnotes":""},"tags":[],"tribe_events_cat":[48],"class_list":["post-10295","tribe_events","type-tribe_events","status-publish","has-post-thumbnail","tribe_events_cat-ciclos","cat_ciclos"],"yoast_head":"<!-- This site is optimized with the Yoast SEO plugin v24.7 - https:\/\/yoast.com\/wordpress\/plugins\/seo\/ -->\n<title>Sebastian Yatra &#8212; ConcertosDoXacobeo.gal<\/title>\n<meta name=\"description\" content=\"Un dos grandes nomes do pop latino e a m\u00fasica urbana far\u00e1 a s\u00faa aparici\u00f3n en Costa Feira o d\u00eda 29 de xullo. Sebasti\u00e1n Obando Giraldo...\" \/>\n<meta name=\"robots\" content=\"noindex, follow, max-snippet:-1, max-image-preview:large, max-video-preview:-1\" \/>\n<meta property=\"og:locale\" content=\"gl_ES\" \/>\n<meta property=\"og:type\" content=\"article\" \/>\n<meta property=\"og:title\" content=\"Sebastian Yatra &#8212; ConcertosDoXacobeo.gal\" \/>\n<meta property=\"og:description\" content=\"Un dos grandes nomes do pop latino e a m\u00fasica urbana far\u00e1 a s\u00faa aparici\u00f3n en Costa Feira o d\u00eda 29 de xullo. Sebasti\u00e1n Obando Giraldo...\" \/>\n<meta property=\"og:url\" content=\"https:\/\/concertosdoxacobeo.gal\/2025\/evento\/sebastian-yatra\/\" \/>\n<meta property=\"og:site_name\" content=\"ConcertosDoXacobeo.gal\" \/>\n<meta property=\"article:publisher\" content=\"https:\/\/www.facebook.com\/CaminoXacobeo\" \/>\n<meta property=\"og:image\" content=\"https:\/\/concertosdoxacobeo.gal\/2025\/wp-content\/uploads\/2025\/06\/sebastian-yatra.jpg\" \/>\n\t<meta property=\"og:image:width\" content=\"1500\" \/>\n\t<meta property=\"og:image:height\" content=\"1500\" \/>\n\t<meta property=\"og:image:type\" content=\"image\/jpeg\" \/>\n<meta name=\"twitter:card\" content=\"summary_large_image\" \/>\n<meta name=\"twitter:site\" content=\"@camino_xacobeo\" \/>\n<meta name=\"twitter:label1\" content=\"Tempo de lectura\" \/>\n\t<meta name=\"twitter:data1\" content=\"1 minuto\" \/>\n<script type=\"application\/ld+json\" class=\"yoast-schema-graph\">{\"@context\":\"https:\/\/schema.org\",\"@graph\":[{\"@type\":\"WebPage\",\"@id\":\"https:\/\/concertosdoxacobeo.gal\/2025\/evento\/sebastian-yatra\/\",\"url\":\"https:\/\/concertosdoxacobeo.gal\/2025\/evento\/sebastian-yatra\/\",\"name\":\"Sebastian Yatra &#8212; ConcertosDoXacobeo.gal\",\"isPartOf\":{\"@id\":\"https:\/\/concertosdoxacobeo.gal\/2025\/#website\"},\"primaryImageOfPage\":{\"@id\":\"https:\/\/concertosdoxacobeo.gal\/2025\/evento\/sebastian-yatra\/#primaryimage\"},\"image\":{\"@id\":\"https:\/\/concertosdoxacobeo.gal\/2025\/evento\/sebastian-yatra\/#primaryimage\"},\"thumbnailUrl\":\"https:\/\/concertosdoxacobeo.gal\/2025\/wp-content\/uploads\/2025\/06\/sebastian-yatra.jpg\",\"datePublished\":\"2025-06-11T21:06:10+00:00\",\"description\":\"Un dos grandes nomes do pop latino e a m\u00fasica urbana far\u00e1 a s\u00faa aparici\u00f3n en Costa Feira o d\u00eda 29 de xullo. Sebasti\u00e1n Obando Giraldo...\",\"breadcrumb\":{\"@id\":\"https:\/\/concertosdoxacobeo.gal\/2025\/evento\/sebastian-yatra\/#breadcrumb\"},\"inLanguage\":\"gl-ES\",\"potentialAction\":[{\"@type\":\"ReadAction\",\"target\":[\"https:\/\/concertosdoxacobeo.gal\/2025\/evento\/sebastian-yatra\/\"]}]},{\"@type\":\"ImageObject\",\"inLanguage\":\"gl-ES\",\"@id\":\"https:\/\/concertosdoxacobeo.gal\/2025\/evento\/sebastian-yatra\/#primaryimage\",\"url\":\"https:\/\/concertosdoxacobeo.gal\/2025\/wp-content\/uploads\/2025\/06\/sebastian-yatra.jpg\",\"contentUrl\":\"https:\/\/concertosdoxacobeo.gal\/2025\/wp-content\/uploads\/2025\/06\/sebastian-yatra.jpg\",\"width\":1500,\"height\":1500},{\"@type\":\"BreadcrumbList\",\"@id\":\"https:\/\/concertosdoxacobeo.gal\/2025\/evento\/sebastian-yatra\/#breadcrumb\",\"itemListElement\":[{\"@type\":\"ListItem\",\"position\":1,\"name\":\"Portada\",\"item\":\"https:\/\/concertosdoxacobeo.gal\/2025\/\"},{\"@type\":\"ListItem\",\"position\":2,\"name\":\"Eventos\",\"item\":\"https:\/\/concertosdoxacobeo.gal\/2025\/eventos\/\"},{\"@type\":\"ListItem\",\"position\":3,\"name\":\"Sebastian Yatra\"}]},{\"@type\":\"WebSite\",\"@id\":\"https:\/\/concertosdoxacobeo.gal\/2025\/#website\",\"url\":\"https:\/\/concertosdoxacobeo.gal\/2025\/\",\"name\":\"ConcertosDoXacobeo.gal\",\"description\":\"A m\u00fasica ao vivo\",\"publisher\":{\"@id\":\"https:\/\/concertosdoxacobeo.gal\/2025\/#organization\"},\"potentialAction\":[{\"@type\":\"SearchAction\",\"target\":{\"@type\":\"EntryPoint\",\"urlTemplate\":\"https:\/\/concertosdoxacobeo.gal\/2025\/?s={search_term_string}\"},\"query-input\":{\"@type\":\"PropertyValueSpecification\",\"valueRequired\":true,\"valueName\":\"search_term_string\"}}],\"inLanguage\":\"gl-ES\"},{\"@type\":\"Organization\",\"@id\":\"https:\/\/concertosdoxacobeo.gal\/2025\/#organization\",\"name\":\"CONCERTOS DO XACOBEO\",\"url\":\"https:\/\/concertosdoxacobeo.gal\/2025\/\",\"logo\":{\"@type\":\"ImageObject\",\"inLanguage\":\"gl-ES\",\"@id\":\"https:\/\/concertosdoxacobeo.gal\/2025\/#\/schema\/logo\/image\/\",\"url\":\"https:\/\/concertosdoxacobeo.gal\/2025\/wp-content\/uploads\/2022\/04\/logo-dark-retina-.png\",\"contentUrl\":\"https:\/\/concertosdoxacobeo.gal\/2025\/wp-content\/uploads\/2022\/04\/logo-dark-retina-.png\",\"width\":350,\"height\":210,\"caption\":\"CONCERTOS DO XACOBEO\"},\"image\":{\"@id\":\"https:\/\/concertosdoxacobeo.gal\/2025\/#\/schema\/logo\/image\/\"},\"sameAs\":[\"https:\/\/www.facebook.com\/CaminoXacobeo\",\"https:\/\/x.com\/camino_xacobeo\",\"https:\/\/www.instagram.com\/camino_xacobeo\/\"]}]}<\/script>\n<!-- \/ Yoast SEO plugin. -->","yoast_head_json":{"title":"Sebastian Yatra &#8212; ConcertosDoXacobeo.gal","description":"Un dos grandes nomes do pop latino e a m\u00fasica urbana far\u00e1 a s\u00faa aparici\u00f3n en Costa Feira o d\u00eda 29 de xullo. Sebasti\u00e1n Obando Giraldo...","robots":{"index":"noindex","follow":"follow","max-snippet":"max-snippet:-1","max-image-preview":"max-image-preview:large","max-video-preview":"max-video-preview:-1"},"og_locale":"gl_ES","og_type":"article","og_title":"Sebastian Yatra &#8212; ConcertosDoXacobeo.gal","og_description":"Un dos grandes nomes do pop latino e a m\u00fasica urbana far\u00e1 a s\u00faa aparici\u00f3n en Costa Feira o d\u00eda 29 de xullo. Sebasti\u00e1n Obando Giraldo...","og_url":"https:\/\/concertosdoxacobeo.gal\/2025\/evento\/sebastian-yatra\/","og_site_name":"ConcertosDoXacobeo.gal","article_publisher":"https:\/\/www.facebook.com\/CaminoXacobeo","og_image":[{"width":1500,"height":1500,"url":"https:\/\/concertosdoxacobeo.gal\/2025\/wp-content\/uploads\/2025\/06\/sebastian-yatra.jpg","type":"image\/jpeg"}],"twitter_card":"summary_large_image","twitter_site":"@camino_xacobeo","twitter_misc":{"Tempo de lectura":"1 minuto"},"schema":{"@context":"https:\/\/schema.org","@graph":[{"@type":"WebPage","@id":"https:\/\/concertosdoxacobeo.gal\/2025\/evento\/sebastian-yatra\/","url":"https:\/\/concertosdoxacobeo.gal\/2025\/evento\/sebastian-yatra\/","name":"Sebastian Yatra &#8212; ConcertosDoXacobeo.gal","isPartOf":{"@id":"https:\/\/concertosdoxacobeo.gal\/2025\/#website"},"primaryImageOfPage":{"@id":"https:\/\/concertosdoxacobeo.gal\/2025\/evento\/sebastian-yatra\/#primaryimage"},"image":{"@id":"https:\/\/concertosdoxacobeo.gal\/2025\/evento\/sebastian-yatra\/#primaryimage"},"thumbnailUrl":"https:\/\/concertosdoxacobeo.gal\/2025\/wp-content\/uploads\/2025\/06\/sebastian-yatra.jpg","datePublished":"2025-06-11T21:06:10+00:00","description":"Un dos grandes nomes do pop latino e a m\u00fasica urbana far\u00e1 a s\u00faa aparici\u00f3n en Costa Feira o d\u00eda 29 de xullo. Sebasti\u00e1n Obando Giraldo...","breadcrumb":{"@id":"https:\/\/concertosdoxacobeo.gal\/2025\/evento\/sebastian-yatra\/#breadcrumb"},"inLanguage":"gl-ES","potentialAction":[{"@type":"ReadAction","target":["https:\/\/concertosdoxacobeo.gal\/2025\/evento\/sebastian-yatra\/"]}]},{"@type":"ImageObject","inLanguage":"gl-ES","@id":"https:\/\/concertosdoxacobeo.gal\/2025\/evento\/sebastian-yatra\/#primaryimage","url":"https:\/\/concertosdoxacobeo.gal\/2025\/wp-content\/uploads\/2025\/06\/sebastian-yatra.jpg","contentUrl":"https:\/\/concertosdoxacobeo.gal\/2025\/wp-content\/uploads\/2025\/06\/sebastian-yatra.jpg","width":1500,"height":1500},{"@type":"BreadcrumbList","@id":"https:\/\/concertosdoxacobeo.gal\/2025\/evento\/sebastian-yatra\/#breadcrumb","itemListElement":[{"@type":"ListItem","position":1,"name":"Portada","item":"https:\/\/concertosdoxacobeo.gal\/2025\/"},{"@type":"ListItem","position":2,"name":"Eventos","item":"https:\/\/concertosdoxacobeo.gal\/2025\/eventos\/"},{"@type":"ListItem","position":3,"name":"Sebastian Yatra"}]},{"@type":"WebSite","@id":"https:\/\/concertosdoxacobeo.gal\/2025\/#website","url":"https:\/\/concertosdoxacobeo.gal\/2025\/","name":"ConcertosDoXacobeo.gal","description":"A m\u00fasica ao vivo","publisher":{"@id":"https:\/\/concertosdoxacobeo.gal\/2025\/#organization"},"potentialAction":[{"@type":"SearchAction","target":{"@type":"EntryPoint","urlTemplate":"https:\/\/concertosdoxacobeo.gal\/2025\/?s={search_term_string}"},"query-input":{"@type":"PropertyValueSpecification","valueRequired":true,"valueName":"search_term_string"}}],"inLanguage":"gl-ES"},{"@type":"Organization","@id":"https:\/\/concertosdoxacobeo.gal\/2025\/#organization","name":"CONCERTOS DO XACOBEO","url":"https:\/\/concertosdoxacobeo.gal\/2025\/","logo":{"@type":"ImageObject","inLanguage":"gl-ES","@id":"https:\/\/concertosdoxacobeo.gal\/2025\/#\/schema\/logo\/image\/","url":"https:\/\/concertosdoxacobeo.gal\/2025\/wp-content\/uploads\/2022\/04\/logo-dark-retina-.png","contentUrl":"https:\/\/concertosdoxacobeo.gal\/2025\/wp-content\/uploads\/2022\/04\/logo-dark-retina-.png","width":350,"height":210,"caption":"CONCERTOS DO XACOBEO"},"image":{"@id":"https:\/\/concertosdoxacobeo.gal\/2025\/#\/schema\/logo\/image\/"},"sameAs":["https:\/\/www.facebook.com\/CaminoXacobeo","https:\/\/x.com\/camino_xacobeo","https:\/\/www.instagram.com\/camino_xacobeo\/"]}]}},"_links":{"self":[{"href":"https:\/\/concertosdoxacobeo.gal\/2025\/wp-json\/wp\/v2\/tribe_events\/10295","targetHints":{"allow":["GET"]}}],"collection":[{"href":"https:\/\/concertosdoxacobeo.gal\/2025\/wp-json\/wp\/v2\/tribe_events"}],"about":[{"href":"https:\/\/concertosdoxacobeo.gal\/2025\/wp-json\/wp\/v2\/types\/tribe_events"}],"author":[{"embeddable":true,"href":"https:\/\/concertosdoxacobeo.gal\/2025\/wp-json\/wp\/v2\/users\/1"}],"replies":[{"embeddable":true,"href":"https:\/\/concertosdoxacobeo.gal\/2025\/wp-json\/wp\/v2\/comments?post=10295"}],"version-history":[{"count":1,"href":"https:\/\/concertosdoxacobeo.gal\/2025\/wp-json\/wp\/v2\/tribe_events\/10295\/revisions"}],"predecessor-version":[{"id":10297,"href":"https:\/\/concertosdoxacobeo.gal\/2025\/wp-json\/wp\/v2\/tribe_events\/10295\/revisions\/10297"}],"wp:featuredmedia":[{"embeddable":true,"href":"https:\/\/concertosdoxacobeo.gal\/2025\/wp-json\/wp\/v2\/media\/10278"}],"wp:attachment":[{"href":"https:\/\/concertosdoxacobeo.gal\/2025\/wp-json\/wp\/v2\/media?parent=10295"}],"wp:term":[{"taxonomy":"post_tag","embeddable":true,"href":"https:\/\/concertosdoxacobeo.gal\/2025\/wp-json\/wp\/v2\/tags?post=10295"},{"taxonomy":"tribe_events_cat","embeddable":true,"href":"https:\/\/concertosdoxacobeo.gal\/2025\/wp-json\/wp\/v2\/tribe_events_cat?post=10295"}],"curies":[{"name":"wp","href":"https:\/\/api.w.org\/{rel}","templated":true}]}}