{"id":291,"date":"2022-05-30T19:29:50","date_gmt":"2022-05-30T17:29:50","guid":{"rendered":"https:\/\/concertosdoxacobeo.gal\/2021\/?page_id=291"},"modified":"2024-05-26T14:46:33","modified_gmt":"2024-05-26T12:46:33","slug":"que-e","status":"publish","type":"page","link":"https:\/\/concertosdoxacobeo.gal\/2021\/que-e\/","title":{"rendered":"Que \u00e9?"},"content":{"rendered":"[vc_row type=&#8221;full_width_background&#8221; full_screen_row_position=&#8221;middle&#8221; column_margin=&#8221;default&#8221; equal_height=&#8221;yes&#8221; content_placement=&#8221;middle&#8221; column_direction=&#8221;default&#8221; column_direction_tablet=&#8221;default&#8221; column_direction_phone=&#8221;default&#8221; scene_position=&#8221;center&#8221; top_padding=&#8221;10%&#8221; bottom_padding=&#8221;6%&#8221; text_color=&#8221;dark&#8221; text_align=&#8221;left&#8221; row_border_radius=&#8221;none&#8221; row_border_radius_applies=&#8221;bg&#8221; overflow=&#8221;visible&#8221; id=&#8221;xacobeo&#8221; advanced_gradient_angle=&#8221;0&#8243; overlay_strength=&#8221;0.3&#8243; gradient_direction=&#8221;left_to_right&#8221; shape_divider_position=&#8221;bottom&#8221; bg_image_animation=&#8221;none&#8221; gradient_type=&#8221;default&#8221; shape_type=&#8221;&#8221;][vc_column column_padding=&#8221;no-extra-padding&#8221; column_padding_tablet=&#8221;no-extra-padding&#8221; column_padding_phone=&#8221;no-extra-padding&#8221; column_padding_position=&#8221;all&#8221; column_element_direction_desktop=&#8221;default&#8221; column_element_spacing=&#8221;default&#8221; desktop_text_alignment=&#8221;default&#8221; tablet_text_alignment=&#8221;default&#8221; phone_text_alignment=&#8221;default&#8221; background_color_opacity=&#8221;1&#8243; background_hover_color_opacity=&#8221;1&#8243; column_backdrop_filter=&#8221;none&#8221; column_shadow=&#8221;none&#8221; column_border_radius=&#8221;none&#8221; column_link_target=&#8221;_self&#8221; column_position=&#8221;default&#8221; advanced_gradient_angle=&#8221;0&#8243; gradient_direction=&#8221;left_to_right&#8221; overlay_strength=&#8221;0.3&#8243; width=&#8221;1\/2&#8243; tablet_width_inherit=&#8221;default&#8221; animation_type=&#8221;default&#8221; bg_image_animation=&#8221;none&#8221; border_type=&#8221;simple&#8221; column_border_width=&#8221;none&#8221; column_border_style=&#8221;solid&#8221; gradient_type=&#8221;default&#8221;][divider line_type=&#8221;No Line&#8221; custom_height=&#8221;0&#8243; custom_height_tablet=&#8221;0&#8243; custom_height_phone=&#8221;40px&#8221;][split_line_heading animation_type=&#8221;line-reveal-by-space&#8221; font_style=&#8221;h2&#8243; text_color=&#8221;#000000&#8243; line_reveal_by_space_text_effect=&#8221;default&#8221; stagger_animation=&#8221;true&#8221; content_alignment=&#8221;default&#8221; mobile_content_alignment=&#8221;inherit&#8221; link_target=&#8221;_self&#8221; text_content=&#8221;A que soa o Xacobeo 21-22?&#8221;][\/split_line_heading][vc_row_inner column_margin=&#8221;none&#8221; column_direction=&#8221;default&#8221; column_direction_tablet=&#8221;default&#8221; column_direction_phone=&#8221;default&#8221; right_padding_tablet=&#8221;25%&#8221; right_padding_phone=&#8221;0&#8243; text_align=&#8221;left&#8221; row_position=&#8221;default&#8221; row_position_tablet=&#8221;inherit&#8221; row_position_phone=&#8221;inherit&#8221; overflow=&#8221;visible&#8221; pointer_events=&#8221;all&#8221;][vc_column_inner column_padding=&#8221;no-extra-padding&#8221; column_padding_tablet=&#8221;inherit&#8221; column_padding_phone=&#8221;inherit&#8221; column_padding_position=&#8221;all&#8221; column_element_direction_desktop=&#8221;default&#8221; column_element_spacing=&#8221;0px&#8221; desktop_text_alignment=&#8221;default&#8221; tablet_text_alignment=&#8221;default&#8221; phone_text_alignment=&#8221;default&#8221; background_color_opacity=&#8221;1&#8243; background_hover_color_opacity=&#8221;1&#8243; column_backdrop_filter=&#8221;none&#8221; column_shadow=&#8221;none&#8221; column_border_radius=&#8221;none&#8221; column_link_target=&#8221;_self&#8221; overflow=&#8221;visible&#8221; advanced_gradient_angle=&#8221;0&#8243; gradient_direction=&#8221;left_to_right&#8221; overlay_strength=&#8221;0.3&#8243; width=&#8221;1\/1&#8243; tablet_width_inherit=&#8221;default&#8221; animation_type=&#8221;default&#8221; enable_animation=&#8221;true&#8221; animation=&#8221;fade-in-from-bottom&#8221; animation_easing=&#8221;default&#8221; bg_image_animation=&#8221;none&#8221; border_type=&#8221;simple&#8221; column_border_width=&#8221;none&#8221; column_border_style=&#8221;solid&#8221; gradient_type=&#8221;default&#8221;][split_line_heading animation_type=&#8221;line-reveal-by-space&#8221; font_style=&#8221;p&#8221; line_reveal_by_space_text_effect=&#8221;none&#8221; content_alignment=&#8221;default&#8221; mobile_content_alignment=&#8221;inherit&#8221; link_target=&#8221;_self&#8221; text_content=&#8221;A m\u00fasica ao vivo. Desde maio ata novembro de 2022, goza dos directos de m\u00e1is de 100 eventos por toda Galicia. M\u00e1is de 500 bandas e artistas nacionais e internacionais de todos os estilos. Para todas as idades, para todos os gustos. A m\u00fasica \u00e9 o cami\u00f1o!&#8221; font_size=&#8221;1.1vw&#8221; font_line_height=&#8221;1.7&#8243; font_size_tablet=&#8221;18px&#8221; font_size_phone=&#8221;16px&#8221;][\/split_line_heading][\/vc_column_inner][\/vc_row_inner][\/vc_column][vc_column column_padding=&#8221;no-extra-padding&#8221; column_padding_tablet=&#8221;inherit&#8221; column_padding_phone=&#8221;inherit&#8221; column_padding_position=&#8221;all&#8221; column_element_direction_desktop=&#8221;default&#8221; column_element_spacing=&#8221;default&#8221; desktop_text_alignment=&#8221;default&#8221; tablet_text_alignment=&#8221;default&#8221; phone_text_alignment=&#8221;default&#8221; background_color_opacity=&#8221;1&#8243; background_hover_color_opacity=&#8221;1&#8243; column_backdrop_filter=&#8221;none&#8221; column_shadow=&#8221;none&#8221; column_border_radius=&#8221;none&#8221; column_link_target=&#8221;_self&#8221; column_position=&#8221;default&#8221; gradient_direction=&#8221;left_to_right&#8221; overlay_strength=&#8221;0.3&#8243; width=&#8221;1\/2&#8243; tablet_width_inherit=&#8221;default&#8221; animation_type=&#8221;default&#8221; bg_image_animation=&#8221;none&#8221; border_type=&#8221;simple&#8221; column_border_width=&#8221;none&#8221; column_border_style=&#8221;solid&#8221;][divider line_type=&#8221;No Line&#8221; custom_height=&#8221;0&#8243; custom_height_tablet=&#8221;0&#8243; custom_height_phone=&#8221;40px&#8221;][vc_row_inner column_margin=&#8221;default&#8221; column_direction=&#8221;default&#8221; column_direction_tablet=&#8221;default&#8221; column_direction_phone=&#8221;default&#8221; top_padding=&#8221;80px&#8221; text_align=&#8221;left&#8221; row_position=&#8221;default&#8221; row_position_tablet=&#8221;inherit&#8221; row_position_phone=&#8221;inherit&#8221; overflow=&#8221;visible&#8221; pointer_events=&#8221;all&#8221; class=&#8221;numeroshitos&#8221;][vc_column_inner column_padding=&#8221;no-extra-padding&#8221; column_padding_tablet=&#8221;inherit&#8221; column_padding_phone=&#8221;inherit&#8221; column_padding_position=&#8221;all&#8221; column_element_direction_desktop=&#8221;default&#8221; column_element_spacing=&#8221;default&#8221; desktop_text_alignment=&#8221;default&#8221; tablet_text_alignment=&#8221;default&#8221; phone_text_alignment=&#8221;default&#8221; background_color_opacity=&#8221;1&#8243; background_hover_color_opacity=&#8221;1&#8243; column_backdrop_filter=&#8221;none&#8221; column_shadow=&#8221;none&#8221; column_border_radius=&#8221;none&#8221; column_link_target=&#8221;_self&#8221; overflow=&#8221;visible&#8221; gradient_direction=&#8221;left_to_right&#8221; overlay_strength=&#8221;0.3&#8243; width=&#8221;1\/2&#8243; tablet_width_inherit=&#8221;default&#8221; animation_type=&#8221;default&#8221; bg_image_animation=&#8221;none&#8221; border_type=&#8221;simple&#8221; column_border_width=&#8221;none&#8221; column_border_style=&#8221;solid&#8221;][milestone heading_inherit=&#8221;h3&#8243; symbol_position=&#8221;before&#8221; subject_padding=&#8221;0&#8243; color=&#8221;Accent-Color&#8221; effect=&#8221;count&#8221; symbol_alignment=&#8221;Default&#8221; milestone_alignment=&#8221;default&#8221; number=&#8221;50&#8243; symbol=&#8221;+&#8221; subject=&#8221;localidades&#8221; effect_delay=&#8221;500&#8243;][divider line_type=&#8221;No Line&#8221; custom_height=&#8221;0&#8243; custom_height_tablet=&#8221;0&#8243; custom_height_phone=&#8221;40px&#8221;][\/vc_column_inner][vc_column_inner column_padding=&#8221;no-extra-padding&#8221; column_padding_tablet=&#8221;inherit&#8221; column_padding_phone=&#8221;inherit&#8221; column_padding_position=&#8221;all&#8221; column_element_direction_desktop=&#8221;default&#8221; column_element_spacing=&#8221;default&#8221; desktop_text_alignment=&#8221;default&#8221; tablet_text_alignment=&#8221;default&#8221; phone_text_alignment=&#8221;default&#8221; background_color_opacity=&#8221;1&#8243; background_hover_color_opacity=&#8221;1&#8243; column_backdrop_filter=&#8221;none&#8221; column_shadow=&#8221;none&#8221; column_border_radius=&#8221;none&#8221; column_link_target=&#8221;_self&#8221; overflow=&#8221;visible&#8221; gradient_direction=&#8221;left_to_right&#8221; overlay_strength=&#8221;0.3&#8243; width=&#8221;1\/2&#8243; tablet_width_inherit=&#8221;default&#8221; animation_type=&#8221;default&#8221; bg_image_animation=&#8221;none&#8221; border_type=&#8221;simple&#8221; column_border_width=&#8221;none&#8221; column_border_style=&#8221;solid&#8221;][milestone heading_inherit=&#8221;h3&#8243; symbol_position=&#8221;before&#8221; subject_padding=&#8221;0&#8243; color=&#8221;Accent-Color&#8221; effect=&#8221;count&#8221; symbol_alignment=&#8221;Default&#8221; milestone_alignment=&#8221;default&#8221; number=&#8221;100&#8243; symbol=&#8221;+&#8221; subject=&#8221;concertos e festivais&#8221; effect_delay=&#8221;800&#8243;][divider line_type=&#8221;No Line&#8221; custom_height=&#8221;0&#8243; custom_height_tablet=&#8221;0&#8243; custom_height_phone=&#8221;40px&#8221;][\/vc_column_inner][\/vc_row_inner][vc_row_inner column_margin=&#8221;default&#8221; column_direction=&#8221;default&#8221; column_direction_tablet=&#8221;default&#8221; column_direction_phone=&#8221;default&#8221; text_align=&#8221;left&#8221; row_position=&#8221;default&#8221; row_position_tablet=&#8221;inherit&#8221; row_position_phone=&#8221;inherit&#8221; overflow=&#8221;visible&#8221; pointer_events=&#8221;all&#8221; class=&#8221;numeroshitos&#8221;][vc_column_inner column_padding=&#8221;no-extra-padding&#8221; column_padding_tablet=&#8221;inherit&#8221; column_padding_phone=&#8221;inherit&#8221; column_padding_position=&#8221;all&#8221; column_element_direction_desktop=&#8221;default&#8221; column_element_spacing=&#8221;default&#8221; desktop_text_alignment=&#8221;default&#8221; tablet_text_alignment=&#8221;default&#8221; phone_text_alignment=&#8221;default&#8221; background_color_opacity=&#8221;1&#8243; background_hover_color_opacity=&#8221;1&#8243; column_backdrop_filter=&#8221;none&#8221; column_shadow=&#8221;none&#8221; column_border_radius=&#8221;none&#8221; column_link_target=&#8221;_self&#8221; overflow=&#8221;visible&#8221; gradient_direction=&#8221;left_to_right&#8221; overlay_strength=&#8221;0.3&#8243; width=&#8221;1\/2&#8243; tablet_width_inherit=&#8221;default&#8221; animation_type=&#8221;default&#8221; bg_image_animation=&#8221;none&#8221; border_type=&#8221;simple&#8221; column_border_width=&#8221;none&#8221; column_border_style=&#8221;solid&#8221;][milestone heading_inherit=&#8221;h3&#8243; symbol_position=&#8221;before&#8221; subject_padding=&#8221;0&#8243; color=&#8221;Accent-Color&#8221; effect=&#8221;count&#8221; symbol_alignment=&#8221;Default&#8221; milestone_alignment=&#8221;default&#8221; number=&#8221;500&#8243; symbol=&#8221;+&#8221; subject=&#8221;artistas&#8221; effect_delay=&#8221;1100&#8243;][divider line_type=&#8221;No Line&#8221; custom_height=&#8221;0&#8243; custom_height_tablet=&#8221;0&#8243; custom_height_phone=&#8221;40px&#8221;][\/vc_column_inner][vc_column_inner column_padding=&#8221;no-extra-padding&#8221; column_padding_tablet=&#8221;inherit&#8221; column_padding_phone=&#8221;inherit&#8221; column_padding_position=&#8221;all&#8221; column_element_direction_desktop=&#8221;default&#8221; column_element_spacing=&#8221;default&#8221; desktop_text_alignment=&#8221;default&#8221; tablet_text_alignment=&#8221;default&#8221; phone_text_alignment=&#8221;default&#8221; background_color_opacity=&#8221;1&#8243; background_hover_color_opacity=&#8221;1&#8243; column_backdrop_filter=&#8221;none&#8221; column_shadow=&#8221;none&#8221; column_border_radius=&#8221;none&#8221; column_link_target=&#8221;_self&#8221; overflow=&#8221;visible&#8221; gradient_direction=&#8221;left_to_right&#8221; overlay_strength=&#8221;0.3&#8243; width=&#8221;1\/2&#8243; tablet_width_inherit=&#8221;default&#8221; animation_type=&#8221;default&#8221; bg_image_animation=&#8221;none&#8221; border_type=&#8221;simple&#8221; column_border_width=&#8221;none&#8221; column_border_style=&#8221;solid&#8221;][milestone heading_inherit=&#8221;h3&#8243; symbol_position=&#8221;before&#8221; subject_padding=&#8221;0&#8243; color=&#8221;Accent-Color&#8221; effect=&#8221;count&#8221; symbol_alignment=&#8221;Default&#8221; milestone_alignment=&#8221;default&#8221; number=&#8221;7&#8243; subject=&#8221;meses de m\u00fasica&#8221; effect_delay=&#8221;1400&#8243; symbol=&#8221;+&#8221;][divider line_type=&#8221;No Line&#8221; custom_height=&#8221;0&#8243; custom_height_tablet=&#8221;0&#8243; custom_height_phone=&#8221;40px&#8221;][\/vc_column_inner][\/vc_row_inner][\/vc_column][\/vc_row][vc_row type=&#8221;full_width_content&#8221; full_screen_row_position=&#8221;middle&#8221; column_margin=&#8221;default&#8221; column_direction=&#8221;default&#8221; column_direction_tablet=&#8221;default&#8221; column_direction_phone=&#8221;default&#8221; scene_position=&#8221;center&#8221; text_color=&#8221;dark&#8221; text_align=&#8221;left&#8221; row_border_radius=&#8221;none&#8221; row_border_radius_applies=&#8221;bg&#8221; overflow=&#8221;visible&#8221; advanced_gradient_angle=&#8221;0&#8243; overlay_strength=&#8221;0.3&#8243; gradient_direction=&#8221;left_to_right&#8221; shape_divider_position=&#8221;bottom&#8221; bg_image_animation=&#8221;none&#8221; gradient_type=&#8221;default&#8221; shape_type=&#8221;&#8221;][vc_column column_padding=&#8221;no-extra-padding&#8221; column_padding_tablet=&#8221;inherit&#8221; column_padding_phone=&#8221;inherit&#8221; column_padding_position=&#8221;all&#8221; column_element_direction_desktop=&#8221;default&#8221; column_element_spacing=&#8221;0px&#8221; desktop_text_alignment=&#8221;default&#8221; tablet_text_alignment=&#8221;default&#8221; phone_text_alignment=&#8221;default&#8221; background_color_opacity=&#8221;1&#8243; background_hover_color_opacity=&#8221;1&#8243; column_backdrop_filter=&#8221;none&#8221; column_shadow=&#8221;none&#8221; column_border_radius=&#8221;none&#8221; column_link_target=&#8221;_self&#8221; column_position=&#8221;default&#8221; advanced_gradient_angle=&#8221;0&#8243; gradient_direction=&#8221;left_to_right&#8221; overlay_strength=&#8221;0.3&#8243; width=&#8221;1\/1&#8243; tablet_width_inherit=&#8221;default&#8221; animation_type=&#8221;default&#8221; enable_animation=&#8221;true&#8221; animation=&#8221;fade-in&#8221; mobile_disable_entrance_animation=&#8221;true&#8221; animation_easing=&#8221;default&#8221; bg_image_animation=&#8221;none&#8221; border_type=&#8221;simple&#8221; column_border_width=&#8221;none&#8221; column_border_style=&#8221;solid&#8221; gradient_type=&#8221;default&#8221; delay=&#8221;800&#8243;][vc_gallery type=&#8221;flickity_static_height_style&#8221; images=&#8221;2638,2636,2634,2632,4792,4794,2630,2628,2624,2622,2618,2620,4302,2626,2640,4304,4300,4297,4790,4796,4800,4798&#8243; flickity_spacing=&#8221;10px&#8221; flickity_controls=&#8221;touch_total_alt&#8221; flickity_touch_total_style=&#8221;solid_bg&#8221; flickity_touch_total_indicator_bg_color=&#8221;#007bc4&#8243; flickity_touch_total_indicator_icon_color=&#8221;#ffffff&#8221; flickity_overflow=&#8221;hidden&#8221; flickity_wrap_around=&#8221;wrap&#8221; flickity_image_parallax=&#8221;true&#8221; flickity_box_shadow=&#8221;none&#8221; image_loading=&#8221;lazy-load&#8221; onclick=&#8221;link_image&#8221; flickity_img_height=&#8221;70vh&#8221; flickity_img_small_desktop_height=&#8221;70vh&#8221; flickity_img_tablet_height=&#8221;40vh&#8221; flickity_img_mobile_height=&#8221;250px&#8221;][\/vc_column][\/vc_row][vc_row type=&#8221;in_container&#8221; full_screen_row_position=&#8221;middle&#8221; column_margin=&#8221;default&#8221; column_direction=&#8221;default&#8221; column_direction_tablet=&#8221;default&#8221; column_direction_phone=&#8221;default&#8221; scene_position=&#8221;center&#8221; top_padding=&#8221;10%&#8221; constrain_group_1=&#8221;yes&#8221; bottom_padding=&#8221;10%&#8221; top_padding_phone=&#8221;0px&#8221; text_color=&#8221;dark&#8221; text_align=&#8221;left&#8221; row_border_radius=&#8221;none&#8221; row_border_radius_applies=&#8221;bg&#8221; overflow=&#8221;visible&#8221; class=&#8221;listadoprograma&#8221; advanced_gradient_angle=&#8221;0&#8243; overlay_strength=&#8221;0.3&#8243; gradient_direction=&#8221;left_to_right&#8221; shape_divider_position=&#8221;bottom&#8221; bg_image_animation=&#8221;none&#8221; gradient_type=&#8221;default&#8221; shape_type=&#8221;&#8221;][vc_column column_padding=&#8221;no-extra-padding&#8221; column_padding_tablet=&#8221;inherit&#8221; column_padding_phone=&#8221;inherit&#8221; column_padding_position=&#8221;all&#8221; column_element_direction_desktop=&#8221;default&#8221; column_element_spacing=&#8221;default&#8221; desktop_text_alignment=&#8221;default&#8221; tablet_text_alignment=&#8221;default&#8221; phone_text_alignment=&#8221;default&#8221; background_color_opacity=&#8221;1&#8243; background_hover_color_opacity=&#8221;1&#8243; column_backdrop_filter=&#8221;none&#8221; column_shadow=&#8221;none&#8221; column_border_radius=&#8221;none&#8221; column_link_target=&#8221;_self&#8221; column_position=&#8221;default&#8221; gradient_direction=&#8221;left_to_right&#8221; overlay_strength=&#8221;0.3&#8243; width=&#8221;1\/1&#8243; tablet_width_inherit=&#8221;default&#8221; animation_type=&#8221;default&#8221; bg_image_animation=&#8221;none&#8221; border_type=&#8221;simple&#8221; column_border_width=&#8221;none&#8221; column_border_style=&#8221;solid&#8221;][split_line_heading animation_type=&#8221;line-reveal-by-space&#8221; font_style=&#8221;h2&#8243; text_color=&#8221;#000000&#8243; line_reveal_by_space_text_effect=&#8221;default&#8221; stagger_animation=&#8221;true&#8221; content_alignment=&#8221;center&#8221; mobile_content_alignment=&#8221;inherit&#8221; link_target=&#8221;_self&#8221; text_content=&#8221;Concertos&#8221; text_direction=&#8221;default&#8221;][\/split_line_heading][divider line_type=&#8221;No Line&#8221; custom_height=&#8221;40px&#8221; custom_height_tablet=&#8221;0&#8243; custom_height_phone=&#8221;40px&#8221;][vc_column_text css=&#8221;&#8221; text_direction=&#8221;default&#8221;]<div\n\t class=\"tribe-common tribe-events tribe-events-view tribe-events-view--photo tribe-events-view--shortcode tribe-events-view--shortcode-c47d62c1 tribe-events-pro\" \tdata-js=\"tribe-events-view\"\n\tdata-view-rest-nonce=\"ef75a98be6\"\n\tdata-view-rest-url=\"https:\/\/concertosdoxacobeo.gal\/2021\/wp-json\/tribe\/views\/v2\/html\"\n\tdata-view-rest-method=\"POST\"\n\tdata-view-manage-url=\"\"\n\t\t\tdata-view-shortcode=\"c47d62c1\"\n\t\t\t\tdata-view-breakpoint-pointer=\"b87b61aa-0d83-477a-acbd-8f4b1d9ca126\"\n\t>\n\t<div class=\"tribe-common-l-container tribe-events-l-container\">\n\t\t<div\n\tclass=\"tribe-events-view-loader tribe-common-a11y-hidden\"\n\trole=\"alert\"\n\taria-live=\"polite\"\n>\n\t<span class=\"tribe-events-view-loader__text tribe-common-a11y-visual-hide\">\n\t\tLoading view.\t<\/span>\n\t<div class=\"tribe-events-view-loader__dots tribe-common-c-loader\">\n\t\t<svg  class=\"tribe-common-c-svgicon tribe-common-c-svgicon--dot tribe-common-c-loader__dot tribe-common-c-loader__dot--first\"  viewBox=\"0 0 15 15\" xmlns=\"http:\/\/www.w3.org\/2000\/svg\"><circle cx=\"7.5\" cy=\"7.5\" r=\"7.5\"\/><\/svg>\n\t\t<svg  class=\"tribe-common-c-svgicon tribe-common-c-svgicon--dot tribe-common-c-loader__dot tribe-common-c-loader__dot--second\"  viewBox=\"0 0 15 15\" xmlns=\"http:\/\/www.w3.org\/2000\/svg\"><circle cx=\"7.5\" cy=\"7.5\" r=\"7.5\"\/><\/svg>\n\t\t<svg  class=\"tribe-common-c-svgicon tribe-common-c-svgicon--dot tribe-common-c-loader__dot tribe-common-c-loader__dot--third\"  viewBox=\"0 0 15 15\" xmlns=\"http:\/\/www.w3.org\/2000\/svg\"><circle cx=\"7.5\" cy=\"7.5\" r=\"7.5\"\/><\/svg>\n\t<\/div>\n<\/div>\n\n\t\t<script type=\"application\/ld+json\">\r\n[{\"@context\":\"http:\/\/schema.org\",\"@type\":\"Event\",\"name\":\"Tanxugueiras + LaMontagne &#038; Pico Amperio\",\"description\":\"\",\"image\":\"https:\/\/concertosdoxacobeo.gal\/2021\/wp-content\/uploads\/2022\/08\/tanxugueiras.jpg\",\"url\":\"https:\/\/concertosdoxacobeo.gal\/2021\/evento\/tanxugueiras-lamontagne-pico-amperio\/\",\"eventAttendanceMode\":\"https:\/\/schema.org\/OfflineEventAttendanceMode\",\"startDate\":\"2022-06-03T22:00:00+02:00\",\"endDate\":\"2022-06-03T23:59:00+02:00\",\"location\":{\"@type\":\"Place\",\"name\":\"Exteriores del Pazo de Mos, Mos\",\"description\":\"\",\"url\":\"https:\/\/concertosdoxacobeo.gal\/2021\/recinto\/exteriores-del-pazo-de-mos\/\",\"address\":{\"@type\":\"PostalAddress\",\"streetAddress\":\"Cami\\u00f1o da Rua, 1\",\"addressRegion\":\"Pontevedra\",\"postalCode\":\"36415\",\"addressCountry\":\"Spain\"},\"geo\":{\"@type\":\"GeoCoordinates\",\"latitude\":42.203888347191,\"longitude\":-8.6061533950414},\"telephone\":\"\",\"sameAs\":\"\"},\"organizer\":{\"@type\":\"Person\",\"name\":\"Tanxugueiras\",\"description\":\"\",\"url\":\"https:\/\/tanxugueiras.com\/\",\"telephone\":\"\",\"email\":\"\",\"sameAs\":\"https:\/\/tanxugueiras.com\/\"},\"offers\":{\"@type\":\"Offer\",\"price\":\"0\",\"priceCurrency\":\"EUR\",\"url\":\"https:\/\/concertosdoxacobeo.gal\/2021\/evento\/tanxugueiras-lamontagne-pico-amperio\/\",\"category\":\"primary\",\"availability\":\"inStock\",\"validFrom\":\"1970-01-01T00:00:00+00:00\"},\"performer\":\"Organization\"},{\"@context\":\"http:\/\/schema.org\",\"@type\":\"Event\",\"name\":\"Marc Anthony\",\"description\":\"\",\"image\":\"https:\/\/concertosdoxacobeo.gal\/2021\/wp-content\/uploads\/2022\/08\/marc-anthony.jpg\",\"url\":\"https:\/\/concertosdoxacobeo.gal\/2021\/evento\/marc-anthony\/\",\"eventAttendanceMode\":\"https:\/\/schema.org\/OfflineEventAttendanceMode\",\"startDate\":\"2022-06-19T22:00:00+02:00\",\"endDate\":\"2022-06-19T23:59:00+02:00\",\"location\":{\"@type\":\"Place\",\"name\":\"O Monte do Gozo, Santiago de Compostela\",\"description\":\"\",\"url\":\"https:\/\/concertosdoxacobeo.gal\/2021\/recinto\/o-monte-do-gozo-santiago-de-compostela\/\",\"address\":{\"@type\":\"PostalAddress\",\"streetAddress\":\"Monte do Gozo\",\"addressRegion\":\"A Coru\\u00f1a\",\"postalCode\":\"15820\",\"addressCountry\":\"Spain\"},\"geo\":{\"@type\":\"GeoCoordinates\",\"latitude\":42.884895696727,\"longitude\":-8.4994234366234},\"telephone\":\"\",\"sameAs\":\"\"},\"organizer\":{\"@type\":\"Person\",\"name\":\"Marc Anthony\",\"description\":\"\",\"url\":\"\",\"telephone\":\"\",\"email\":\"\",\"sameAs\":\"\"},\"offers\":{\"@type\":\"Offer\",\"price\":\"53,50\",\"priceCurrency\":\"EUR\",\"url\":\"https:\/\/concertosdoxacobeo.gal\/2021\/evento\/marc-anthony\/\",\"category\":\"primary\",\"availability\":\"inStock\",\"validFrom\":\"1970-01-01T00:00:00+00:00\"},\"performer\":\"Organization\"},{\"@context\":\"http:\/\/schema.org\",\"@type\":\"Event\",\"name\":\"Rufus Wainwright\",\"description\":\"\",\"image\":\"https:\/\/concertosdoxacobeo.gal\/2021\/wp-content\/uploads\/2022\/08\/rufus-winwright.jpg\",\"url\":\"https:\/\/concertosdoxacobeo.gal\/2021\/evento\/rufus-wainwright\/\",\"eventAttendanceMode\":\"https:\/\/schema.org\/OfflineEventAttendanceMode\",\"startDate\":\"2022-07-02T21:00:00+02:00\",\"endDate\":\"2022-07-02T23:00:00+02:00\",\"location\":{\"@type\":\"Place\",\"name\":\"Teatro Afundaci\\u00f3n, Vigo\",\"description\":\"\",\"url\":\"https:\/\/concertosdoxacobeo.gal\/2021\/recinto\/teatro-afundacion-vigo\/\",\"address\":{\"@type\":\"PostalAddress\",\"streetAddress\":\"R\\u00faa Policarpo Sanz, 13\",\"addressRegion\":\"Pontevedra\",\"postalCode\":\"36202\",\"addressCountry\":\"Spain\"},\"geo\":{\"@type\":\"GeoCoordinates\",\"latitude\":42.237914347206,\"longitude\":-8.723426744095},\"telephone\":\"\",\"sameAs\":\"\"},\"organizer\":{\"@type\":\"Person\",\"name\":\"Rufus Wainwright\",\"description\":\"\",\"url\":\"https:\/\/rufuswainwright.com\/\",\"telephone\":\"\",\"email\":\"\",\"sameAs\":\"https:\/\/rufuswainwright.com\/\"},\"offers\":{\"@type\":\"Offer\",\"price\":\"18 - 33\",\"priceCurrency\":\"EUR\",\"url\":\"https:\/\/concertosdoxacobeo.gal\/2021\/evento\/rufus-wainwright\/\",\"category\":\"primary\",\"availability\":\"inStock\",\"validFrom\":\"1970-01-01T00:00:00+00:00\"},\"performer\":\"Organization\"},{\"@context\":\"http:\/\/schema.org\",\"@type\":\"Event\",\"name\":\"Xoel L\\u00f3pez + Pablo Lesuit\",\"description\":\"\",\"image\":\"https:\/\/concertosdoxacobeo.gal\/2021\/wp-content\/uploads\/2022\/08\/xoel-lopez.jpg\",\"url\":\"https:\/\/concertosdoxacobeo.gal\/2021\/evento\/xoel-lopez-pablo-lesuit\/\",\"eventAttendanceMode\":\"https:\/\/schema.org\/OfflineEventAttendanceMode\",\"startDate\":\"2022-07-03T21:00:00+02:00\",\"endDate\":\"2022-07-03T23:00:00+02:00\",\"location\":{\"@type\":\"Place\",\"name\":\"Parque de A Preguiza, Ver\\u00edn\",\"description\":\"\",\"url\":\"https:\/\/concertosdoxacobeo.gal\/2021\/recinto\/parque-de-a-preguiza-verin\/\",\"address\":{\"@type\":\"PostalAddress\",\"streetAddress\":\"Cami\\u00f1o da Preguiza\",\"addressRegion\":\"Ourense\",\"postalCode\":\"32600\",\"addressCountry\":\"Spain\"},\"geo\":{\"@type\":\"GeoCoordinates\",\"latitude\":41.945139853867,\"longitude\":-7.4408094463106},\"telephone\":\"\",\"sameAs\":\"\"},\"organizer\":{\"@type\":\"Person\",\"name\":\"Xoel L\\u00f3pez\",\"description\":\"\",\"url\":\"https:\/\/xoel.com\",\"telephone\":\"\",\"email\":\"\",\"sameAs\":\"https:\/\/xoel.com\"},\"offers\":{\"@type\":\"Offer\",\"price\":\"0\",\"priceCurrency\":\"EUR\",\"url\":\"https:\/\/concertosdoxacobeo.gal\/2021\/evento\/xoel-lopez-pablo-lesuit\/\",\"category\":\"primary\",\"availability\":\"inStock\",\"validFrom\":\"1970-01-01T00:00:00+00:00\"},\"performer\":\"Organization\"},{\"@context\":\"http:\/\/schema.org\",\"@type\":\"Event\",\"name\":\"V\\u00edctor Manuel\",\"description\":\"\",\"image\":\"https:\/\/concertosdoxacobeo.gal\/2021\/wp-content\/uploads\/2022\/08\/victor-manuel.jpg\",\"url\":\"https:\/\/concertosdoxacobeo.gal\/2021\/evento\/victor-manuel\/\",\"eventAttendanceMode\":\"https:\/\/schema.org\/OfflineEventAttendanceMode\",\"startDate\":\"2022-07-07T21:30:00+02:00\",\"endDate\":\"2022-07-07T23:30:00+02:00\",\"location\":{\"@type\":\"Place\",\"name\":\"Explanada del Parque Na\\u00fatico, Castrelo de Mi\\u00f1o\",\"description\":\"\",\"url\":\"https:\/\/concertosdoxacobeo.gal\/2021\/recinto\/explanada-del-parque-nautico-castrelo-de-mino\/\",\"address\":{\"@type\":\"PostalAddress\",\"streetAddress\":\"R\\u00faa do Concello, s\/n\",\"addressRegion\":\"Ourense\",\"postalCode\":\"32430\",\"addressCountry\":\"Spain\"},\"geo\":{\"@type\":\"GeoCoordinates\",\"latitude\":42.293172417647,\"longitude\":-8.100152523133},\"telephone\":\"\",\"sameAs\":\"\"},\"organizer\":{\"@type\":\"Person\",\"name\":\"V\\u00edctor Manuel\",\"description\":\"\",\"url\":\"https:\/\/www.victormanuel.es\",\"telephone\":\"\",\"email\":\"\",\"sameAs\":\"https:\/\/www.victormanuel.es\"},\"offers\":{\"@type\":\"Offer\",\"price\":\"0\",\"priceCurrency\":\"EUR\",\"url\":\"https:\/\/concertosdoxacobeo.gal\/2021\/evento\/victor-manuel\/\",\"category\":\"primary\",\"availability\":\"inStock\",\"validFrom\":\"1970-01-01T00:00:00+00:00\"},\"performer\":\"Organization\"},{\"@context\":\"http:\/\/schema.org\",\"@type\":\"Event\",\"name\":\"Imagine Dragons\",\"description\":\"\",\"image\":\"https:\/\/concertosdoxacobeo.gal\/2021\/wp-content\/uploads\/2022\/08\/imagine-dragons.jpg\",\"url\":\"https:\/\/concertosdoxacobeo.gal\/2021\/evento\/imagine-dragons\/\",\"eventAttendanceMode\":\"https:\/\/schema.org\/OfflineEventAttendanceMode\",\"startDate\":\"2022-07-11T22:00:00+02:00\",\"endDate\":\"2022-07-11T23:59:00+02:00\",\"location\":{\"@type\":\"Place\",\"name\":\"O Monte do Gozo, Santiago de Compostela\",\"description\":\"\",\"url\":\"https:\/\/concertosdoxacobeo.gal\/2021\/recinto\/o-monte-do-gozo-santiago-de-compostela\/\",\"address\":{\"@type\":\"PostalAddress\",\"streetAddress\":\"Monte do Gozo\",\"addressRegion\":\"A Coru\\u00f1a\",\"postalCode\":\"15820\",\"addressCountry\":\"Spain\"},\"geo\":{\"@type\":\"GeoCoordinates\",\"latitude\":42.884895696727,\"longitude\":-8.4994234366234},\"telephone\":\"\",\"sameAs\":\"\"},\"organizer\":{\"@type\":\"Person\",\"name\":\"Imagine Dragons\",\"description\":\"\",\"url\":\"https:\/\/imaginedragonsmusic.com\/\",\"telephone\":\"\",\"email\":\"\",\"sameAs\":\"https:\/\/imaginedragonsmusic.com\/\"},\"offers\":{\"@type\":\"Offer\",\"price\":\"57\",\"priceCurrency\":\"EUR\",\"url\":\"https:\/\/concertosdoxacobeo.gal\/2021\/evento\/imagine-dragons\/\",\"category\":\"primary\",\"availability\":\"inStock\",\"validFrom\":\"1970-01-01T00:00:00+00:00\"},\"performer\":\"Organization\"},{\"@context\":\"http:\/\/schema.org\",\"@type\":\"Event\",\"name\":\"Taburete\",\"description\":\"\",\"image\":\"https:\/\/concertosdoxacobeo.gal\/2021\/wp-content\/uploads\/2022\/08\/taburete.jpg\",\"url\":\"https:\/\/concertosdoxacobeo.gal\/2021\/evento\/taburete\/\",\"eventAttendanceMode\":\"https:\/\/schema.org\/OfflineEventAttendanceMode\",\"startDate\":\"2022-07-14T22:00:00+02:00\",\"endDate\":\"2022-07-14T23:59:00+02:00\",\"location\":{\"@type\":\"Place\",\"name\":\"Exterior del Pabell\\u00f3n Municipal, O Porri\\u00f1o\",\"description\":\"\",\"url\":\"https:\/\/concertosdoxacobeo.gal\/2021\/recinto\/exterior-del-pabellon-municipal-o-porrino\/\",\"address\":{\"@type\":\"PostalAddress\",\"streetAddress\":\"R\\u00faa dos Doadores de Sangue\",\"addressRegion\":\"Pontevedra\",\"postalCode\":\"36400\",\"addressCountry\":\"Spain\"},\"geo\":{\"@type\":\"GeoCoordinates\",\"latitude\":42.158900250852,\"longitude\":-8.6140821296152},\"telephone\":\"\",\"sameAs\":\"\"},\"organizer\":{\"@type\":\"Person\",\"name\":\"Taburete\",\"description\":\"\",\"url\":\"https:\/\/www.taburete.club\/\",\"telephone\":\"\",\"email\":\"\",\"sameAs\":\"https:\/\/www.taburete.club\/\"},\"offers\":{\"@type\":\"Offer\",\"price\":\"10\",\"priceCurrency\":\"EUR\",\"url\":\"https:\/\/concertosdoxacobeo.gal\/2021\/evento\/taburete\/\",\"category\":\"primary\",\"availability\":\"inStock\",\"validFrom\":\"1970-01-01T00:00:00+00:00\"},\"performer\":\"Organization\"},{\"@context\":\"http:\/\/schema.org\",\"@type\":\"Event\",\"name\":\"Los Secretos\",\"description\":\"\",\"image\":\"https:\/\/concertosdoxacobeo.gal\/2021\/wp-content\/uploads\/2022\/08\/los-secretos.jpg\",\"url\":\"https:\/\/concertosdoxacobeo.gal\/2021\/evento\/los-secretos\/\",\"eventAttendanceMode\":\"https:\/\/schema.org\/OfflineEventAttendanceMode\",\"startDate\":\"2022-07-15T22:30:00+02:00\",\"endDate\":\"2022-07-15T23:59:00+02:00\",\"location\":{\"@type\":\"Place\",\"name\":\"Explanada de la Compa\\u00f1\\u00eda, Monforte de Lemos\",\"description\":\"\",\"url\":\"https:\/\/concertosdoxacobeo.gal\/2021\/recinto\/explanada-de-la-compania-monforte-de-lemos\/\",\"address\":{\"@type\":\"PostalAddress\",\"streetAddress\":\"Plaza Compa\\u00f1\\u00eda\",\"addressRegion\":\"Lugo\",\"postalCode\":\"27400\",\"addressCountry\":\"Spain\"},\"geo\":{\"@type\":\"GeoCoordinates\",\"latitude\":42.517799622866,\"longitude\":-7.5171237736658},\"telephone\":\"\",\"sameAs\":\"\"},\"organizer\":{\"@type\":\"Person\",\"name\":\"Los Secretos\",\"description\":\"\",\"url\":\"http:\/\/www.los-secretos.net\",\"telephone\":\"\",\"email\":\"\",\"sameAs\":\"http:\/\/www.los-secretos.net\"},\"offers\":{\"@type\":\"Offer\",\"price\":\"0\",\"priceCurrency\":\"EUR\",\"url\":\"https:\/\/concertosdoxacobeo.gal\/2021\/evento\/los-secretos\/\",\"category\":\"primary\",\"availability\":\"inStock\",\"validFrom\":\"1970-01-01T00:00:00+00:00\"},\"performer\":\"Organization\"}]\r\n<\/script>\n\t\t<script data-js=\"tribe-events-view-data\" type=\"application\/json\">\n\t{\"slug\":\"photo\",\"prev_url\":\"\",\"next_url\":\"https:\\\/\\\/concertosdoxacobeo.gal\\\/2021\\\/eventos\\\/photo\\\/2021-04-01\\\/pxina\\\/2\\\/?hide_subsequent_recurrences=1&shortcode=c47d62c1\",\"view_class\":\"Tribe\\\\Events\\\\Pro\\\\Views\\\\V2\\\\Views\\\\Photo_View\",\"view_slug\":\"photo\",\"view_label\":\"Photo\",\"title\":\"eventos para 1 Abril, 2021 \\u2013 15 Xullo, 2022 \\u2014 ConcertosDoXacobeo.gal\",\"events\":[598,620,630,638,650,655,660,668],\"url\":\"https:\\\/\\\/concertosdoxacobeo.gal\\\/2021\\\/eventos\\\/photo\\\/2021-04-01\\\/?shortcode=c47d62c1&hide_subsequent_recurrences=1\",\"url_event_date\":\"2021-04-01\",\"bar\":{\"keyword\":\"\",\"date\":\"2021-04\",\"hide_recurring\":true},\"today\":\"2026-09-04 00:00:00\",\"now\":\"2026-09-04 16:05:17\",\"rest_url\":\"https:\\\/\\\/concertosdoxacobeo.gal\\\/2021\\\/wp-json\\\/tribe\\\/views\\\/v2\\\/html\",\"rest_method\":\"POST\",\"rest_nonce\":\"ef75a98be6\",\"should_manage_url\":false,\"today_url\":\"https:\\\/\\\/concertosdoxacobeo.gal\\\/2021\\\/eventos\\\/photo\\\/?hide_subsequent_recurrences=1&rest_route=%2Fwp%2Fv2%2Fpages%2F291&shortcode=c47d62c1\",\"prev_label\":\"\",\"next_label\":\"2021-04-01\",\"date_formats\":{\"compact\":\"d\\\/m\\\/Y\",\"month_and_year_compact\":\"m\\\/Y\",\"month_and_year\":\"F Y\",\"time_range_separator\":\" \\u2013 \",\"date_time_separator\":\" \\\/ \"},\"messages\":[],\"start_of_week\":\"1\",\"breadcrumbs\":[],\"before_events\":\"\",\"after_events\":\"\",\"display_events_bar\":true,\"disable_event_search\":false,\"live_refresh\":true,\"ical\":{\"display_link\":true,\"link\":{\"url\":\"https:\\\/\\\/concertosdoxacobeo.gal\\\/2021\\\/eventos\\\/photo\\\/2021-04-01\\\/?shortcode=c47d62c1&#038;hide_subsequent_recurrences=1&#038;ical=1\",\"text\":\"Exportar eventos\",\"title\":\"Use isto para compartir datos de calendario con Google Calendar, Apple iCal e outras aplicaci\\u00f3ns compatibles\"}},\"container_classes\":[\"tribe-common\",\"tribe-events\",\"tribe-events-view\",\"tribe-events-view--photo\",\"tribe-events-view--shortcode\",\"tribe-events-view--shortcode-c47d62c1\",\"tribe-events-pro\"],\"container_data\":{\"shortcode\":\"c47d62c1\"},\"is_past\":false,\"breakpoints\":{\"xsmall\":500,\"medium\":768,\"full\":960},\"breakpoint_pointer\":\"b87b61aa-0d83-477a-acbd-8f4b1d9ca126\",\"is_initial_load\":false,\"public_views\":{\"list\":{\"view_class\":\"Tribe\\\\Events\\\\Views\\\\V2\\\\Views\\\\List_View\",\"view_url\":\"https:\\\/\\\/concertosdoxacobeo.gal\\\/2021\\\/eventos\\\/listaxe\\\/?hide_subsequent_recurrences=1&shortcode=c47d62c1&tribe-bar-date=2021-04-01\",\"view_label\":\"Listaxe\"},\"month\":{\"view_class\":\"Tribe\\\\Events\\\\Views\\\\V2\\\\Views\\\\Month_View\",\"view_url\":\"https:\\\/\\\/concertosdoxacobeo.gal\\\/2021\\\/eventos\\\/mes\\\/2021-04\\\/?hide_subsequent_recurrences=1&shortcode=c47d62c1\",\"view_label\":\"Mes\"},\"photo\":{\"view_class\":\"Tribe\\\\Events\\\\Pro\\\\Views\\\\V2\\\\Views\\\\Photo_View\",\"view_url\":\"https:\\\/\\\/concertosdoxacobeo.gal\\\/2021\\\/eventos\\\/photo\\\/2021-04-01\\\/?hide_subsequent_recurrences=1&shortcode=c47d62c1\",\"view_label\":\"Photo\"},\"map\":{\"view_class\":\"Tribe\\\\Events\\\\Pro\\\\Views\\\\V2\\\\Views\\\\Map_View\",\"view_url\":\"https:\\\/\\\/concertosdoxacobeo.gal\\\/2021\\\/eventos\\\/map\\\/?hide_subsequent_recurrences=1&shortcode=c47d62c1&tribe-bar-date=2021-04-01\",\"view_label\":\"Mapa\"}},\"show_latest_past\":true,\"placeholder_url\":\"https:\\\/\\\/concertosdoxacobeo.gal\\\/2021\\\/wp-content\\\/plugins\\\/events-calendar-pro\\\/src\\\/resources\\\/images\\\/tribe-event-placeholder-image.svg\",\"show_now\":false,\"now_label\":\"Agora\",\"now_label_mobile\":\"Agora\",\"show_end\":true,\"selected_start_datetime\":\"2021-04-01\",\"selected_start_date_mobile\":\"01\\\/04\\\/2021\",\"selected_start_date_label\":\"1 Abril, 2021\",\"selected_end_datetime\":\"2022-07-15\",\"selected_end_date_mobile\":\"15\\\/07\\\/2022\",\"selected_end_date_label\":\"15 Xullo, 2022\",\"datepicker_date\":\"01\\\/04\\\/2021\",\"subscribe_links\":{\"gcal\":{\"label\":\"Google Calendar\",\"single_label\":\"Add to Google Calendar\",\"visible\":true,\"block_slug\":\"hasGoogleCalendar\"},\"ical\":{\"label\":\"iCalendar\",\"single_label\":\"Add to iCalendar\",\"visible\":true,\"block_slug\":\"hasiCal\"},\"outlook-365\":{\"label\":\"Outlook 365\",\"single_label\":\"Outlook 365\",\"visible\":true,\"block_slug\":\"hasOutlook365\"},\"outlook-live\":{\"label\":\"Outlook Live\",\"single_label\":\"Outlook Live\",\"visible\":true,\"block_slug\":\"hasOutlookLive\"},\"ics\":{\"label\":\"Export .ics file\",\"single_label\":\"Export .ics file\",\"visible\":true,\"block_slug\":null},\"outlook-ics\":{\"label\":\"Export Outlook .ics file\",\"single_label\":\"Export Outlook .ics file\",\"visible\":true,\"block_slug\":null}},\"layout\":\"horizontal\",\"filterbar_state\":\"open\",\"filters\":[{\"filter_object\":{\"type\":\"checkbox\",\"name\":\"Categor\\u00eda\",\"slug\":\"filterbar_category\",\"priority\":1,\"values\":[{\"name\":\"Concertos\",\"depth\":0,\"value\":16,\"data\":{\"slug\":\"concertos\"},\"class\":\"tribe-parent-cat tribe-events-category-concertos\"},{\"name\":\"Ciclos\",\"depth\":0,\"value\":17,\"data\":{\"slug\":\"ciclos\"},\"class\":\"tribe-parent-cat tribe-events-category-ciclos\"},{\"name\":\"Festivais\",\"depth\":0,\"value\":18,\"data\":{\"slug\":\"festivais\"},\"class\":\"tribe-parent-cat tribe-events-category-festivais\"}],\"currentValue\":[],\"isActiveFilter\":true,\"queryArgs\":[],\"joinClause\":\"\",\"whereClause\":\"\",\"stack_managed\":false,\"title\":\"Categor\\u00eda\"},\"label\":\"Categor\\u00eda\",\"selections_count\":\"\",\"selections\":\"\",\"toggle_id\":\"filterbar_category-toggle-b87b61aa-0d83-477a-acbd-8f4b1d9ca126\",\"container_id\":\"filterbar_category-container-b87b61aa-0d83-477a-acbd-8f4b1d9ca126\",\"pill_toggle_id\":\"filterbar_category-pill-toggle-b87b61aa-0d83-477a-acbd-8f4b1d9ca126\",\"is_open\":false,\"name\":\"tribe_eventcategory[]\",\"fields\":[{\"type\":\"checkbox\",\"label\":\"Concertos\",\"value\":16,\"id\":\"tribe-events-filterbar-23a51a9f-concertos\",\"name\":\"tribe_eventcategory[]\",\"checked\":false},{\"type\":\"checkbox\",\"label\":\"Ciclos\",\"value\":17,\"id\":\"tribe-events-filterbar-66304e0f-ciclos\",\"name\":\"tribe_eventcategory[]\",\"checked\":false},{\"type\":\"checkbox\",\"label\":\"Festivais\",\"value\":18,\"id\":\"tribe-events-filterbar-8906afe8-festivais\",\"name\":\"tribe_eventcategory[]\",\"checked\":false}],\"type\":\"checkbox\"},{\"filter_object\":{\"type\":\"checkbox\",\"name\":\"Artista\",\"slug\":\"filterbar_organizer\",\"priority\":2,\"values\":[{\"name\":\"A Banda da Loba\",\"value\":1527},{\"name\":\"A Banda do Patio\",\"value\":1743},{\"name\":\"A Quenlla\",\"value\":4329},{\"name\":\"Adri\\u00e1n Costa Blues Band\",\"value\":1125},{\"name\":\"Agnes Obel\",\"value\":2085},{\"name\":\"Agoraphobia\",\"value\":1211},{\"name\":\"Aho Ssan & Kmru\",\"value\":4690},{\"name\":\"Ainoa Buitrago\",\"value\":1035},{\"name\":\"Akazie\",\"value\":2000},{\"name\":\"Al Dual\",\"value\":1124},{\"name\":\"Alan McGee (DJ Set)\",\"value\":5050},{\"name\":\"Alber Solo & The Fire Bird Blues\",\"value\":2546},{\"name\":\"Alberto & Garc\\u00eda\",\"value\":1210},{\"name\":\"Alejo Stivel\",\"value\":4282},{\"name\":\"Alicia Carrera\",\"value\":4691},{\"name\":\"Alicia Otero\",\"value\":2001},{\"name\":\"Allova\",\"value\":1920},{\"name\":\"Amparanoia\",\"value\":1347},{\"name\":\"Ana Guerra\",\"value\":1030},{\"name\":\"Ana Mena\",\"value\":1031},{\"name\":\"Ana Moura\",\"value\":1350},{\"name\":\"Ana Pacheco\",\"value\":2002},{\"name\":\"Anabel Lee\",\"value\":1212},{\"name\":\"Andr\\u00e9s Balado\",\"value\":2465},{\"name\":\"Andr\\u00e9s Calamaro\",\"value\":1065},{\"name\":\"Andr\\u00e9s Su\\u00e1rez\",\"value\":773},{\"name\":\"Anna Amig\\u00f3\",\"value\":1288},{\"name\":\"Anne-Marie\",\"value\":931},{\"name\":\"Ant\\u00eda Mu\\u00ed\\u00f1o\",\"value\":1958},{\"name\":\"Anuel AA\",\"value\":929},{\"name\":\"Anxo Silva\",\"value\":1267},{\"name\":\"Apart\",\"value\":1904},{\"name\":\"Aphonic\",\"value\":1605},{\"name\":\"Aquarian\",\"value\":4692},{\"name\":\"Arredores\",\"value\":1533},{\"name\":\"Artur M Puga & Shoeg\",\"value\":4693},{\"name\":\"As Pandereteiras A Carballeira de Cercio\",\"value\":819},{\"name\":\"Atm\\u00f3sfera 0\",\"value\":821},{\"name\":\"Aurea\",\"value\":2475},{\"name\":\"Avenged Sevenfold\",\"value\":780},{\"name\":\"Aya feat. Sweatmother\",\"value\":4694},{\"name\":\"Ayax y Prok\",\"value\":1764},{\"name\":\"Azu Tiwaline\",\"value\":4695},{\"name\":\"Bad Gyal\",\"value\":1246},{\"name\":\"Bagad de Vannes Melinerion\",\"value\":1003},{\"name\":\"Baiuca\",\"value\":818},{\"name\":\"Bala\",\"value\":1601},{\"name\":\"Barmer Boy\",\"value\":1955},{\"name\":\"Barry Can\\u2019t Swim\",\"value\":2003},{\"name\":\"Batea\",\"value\":1002},{\"name\":\"Beatriz Luengo\",\"value\":1032},{\"name\":\"Beatriz Mart\\u00ednez\",\"value\":1286},{\"name\":\"Bel\\u00e9n Aguilera\",\"value\":1056},{\"name\":\"Belle and Sebastian\",\"value\":4352},{\"name\":\"Beret\",\"value\":1557},{\"name\":\"Berto\",\"value\":1157},{\"name\":\"Bizarrap\",\"value\":1245},{\"name\":\"Black Eyed Peas\",\"value\":1049},{\"name\":\"Blackhaine\",\"value\":4696},{\"name\":\"Blanco Palamera\",\"value\":1617},{\"name\":\"Bleuenn le Friec\",\"value\":1290},{\"name\":\"Boikot\",\"value\":1845},{\"name\":\"Bonnie Tyler\",\"value\":1230},{\"name\":\"Boyanka Kostova\",\"value\":925},{\"name\":\"Boyanka Kostova e Amigxs\",\"value\":1841},{\"name\":\"Brais das Hortas\",\"value\":1750},{\"name\":\"Bratzantifa\",\"value\":1345},{\"name\":\"Bring Me The Horizon\",\"value\":784},{\"name\":\"Budi\\u00f1o\",\"value\":936},{\"name\":\"Bullet For My Valentine\",\"value\":788},{\"name\":\"C. Mirazo\",\"value\":1913},{\"name\":\"C. Tangana\",\"value\":913},{\"name\":\"Caama\\u00f1o & Ameixeiras\",\"value\":1001},{\"name\":\"Caf\\u00e9 Quijano\",\"value\":1935},{\"name\":\"Caldo\",\"value\":1000},{\"name\":\"Califato \\u00be\",\"value\":1765},{\"name\":\"Cantajuego\",\"value\":1020},{\"name\":\"Capercaillie Symphonic & Real Filharmon\\u00eda de Galicia\",\"value\":1952},{\"name\":\"Capicua\",\"value\":1794},{\"name\":\"Carapaus\",\"value\":1328},{\"name\":\"Cari\\u00f1o\",\"value\":1616},{\"name\":\"Carla Prata\",\"value\":2004},{\"name\":\"Carlos Herrero e H\\u00e9ctor Castillejo\",\"value\":4644},{\"name\":\"Carlos Sadness\",\"value\":920},{\"name\":\"Carmen Villain\",\"value\":4697},{\"name\":\"Carminho\",\"value\":2483},{\"name\":\"Carola Ortiz\",\"value\":4643},{\"name\":\"Carolina Durante\",\"value\":950},{\"name\":\"Carolina Rubirosa\",\"value\":1037},{\"name\":\"Cascales\",\"value\":1163},{\"name\":\"Caterina Barbieri\",\"value\":4698},{\"name\":\"Catuxa Salom\",\"value\":1924},{\"name\":\"Cayazzo DJ\",\"value\":1169},{\"name\":\"Celtas Cortos\",\"value\":1881},{\"name\":\"Cepeda\",\"value\":4560},{\"name\":\"Charming Liars\",\"value\":2061},{\"name\":\"Chico C\\u00e9sar\",\"value\":1954},{\"name\":\"Chili Charles x Las Cruzes\",\"value\":1111},{\"name\":\"Ciclonautas\",\"value\":1898},{\"name\":\"Cimafunk\",\"value\":2200},{\"name\":\"Ciudad Jara\",\"value\":1895},{\"name\":\"Claudio Gabis\",\"value\":1308},{\"name\":\"Clotilde Trouillaud\",\"value\":1283},{\"name\":\"Club del R\\u00edo\",\"value\":822},{\"name\":\"Coby Sey\",\"value\":4699},{\"name\":\"Comando Curux\\u00e1s\",\"value\":1324},{\"name\":\"Copa Turbo\",\"value\":1921},{\"name\":\"Coque Malla\",\"value\":841},{\"name\":\"Cora Velasco\",\"value\":955},{\"name\":\"Cora Yako\",\"value\":1797},{\"name\":\"Corizonas\",\"value\":1206},{\"name\":\"Covagueira\",\"value\":999},{\"name\":\"Crnds\",\"value\":4700},{\"name\":\"Crossfaith\",\"value\":792},{\"name\":\"Crystal Fighters\",\"value\":1052},{\"name\":\"Cupido\",\"value\":1894},{\"name\":\"D. L. Blando\",\"value\":1251},{\"name\":\"Dakidarria\",\"value\":1101},{\"name\":\"Dani Barreiro & Friends\",\"value\":2524},{\"name\":\"Dani Fern\\u00e1ndez\",\"value\":690},{\"name\":\"Dani Mart\\u00edn\",\"value\":944},{\"name\":\"Daniel Pereira\",\"value\":4642},{\"name\":\"Danielle\",\"value\":2005},{\"name\":\"Danza Invisible\",\"value\":2223},{\"name\":\"Dark Funeral\",\"value\":794},{\"name\":\"Davide e Cibr\\u00e1n\",\"value\":991},{\"name\":\"De Vacas\",\"value\":1123},{\"name\":\"Death Whistle\",\"value\":4701},{\"name\":\"Deftones\",\"value\":778},{\"name\":\"Deira\",\"value\":998},{\"name\":\"Delaossa\",\"value\":1893},{\"name\":\"Delaporte\",\"value\":1348},{\"name\":\"Depedro\",\"value\":1792},{\"name\":\"Depresi\\u00f3n Sonora\",\"value\":1079},{\"name\":\"Dequenvessendo\",\"value\":997},{\"name\":\"Desakato\",\"value\":1739},{\"name\":\"Diamante Negro\",\"value\":1083},{\"name\":\"Digresk\",\"value\":996},{\"name\":\"Dios Ke Te Crew\",\"value\":1351},{\"name\":\"DJ Coco\",\"value\":2006},{\"name\":\"DJ Galician Army\",\"value\":2424},{\"name\":\"DJ Imar Castro\",\"value\":1234},{\"name\":\"DJ Iv\\u00e1n Flashback\",\"value\":1164},{\"name\":\"DJ Licho\",\"value\":1165},{\"name\":\"DJ Mil\",\"value\":2413},{\"name\":\"DJ Moderno\",\"value\":1805},{\"name\":\"DJ Russinha\",\"value\":2484},{\"name\":\"DJ90\",\"value\":1166},{\"name\":\"Donald Shawn e Karen Matheson\",\"value\":4645},{\"name\":\"Dorian\",\"value\":1349},{\"name\":\"Dubioza Kolectiv\",\"value\":1851},{\"name\":\"Duki\",\"value\":933},{\"name\":\"Dumore\",\"value\":1264},{\"name\":\"Eagles of Death Metal\",\"value\":2054},{\"name\":\"Economato DJs\",\"value\":1217},{\"name\":\"Editors\",\"value\":932},{\"name\":\"El Canijo de Jerez\",\"value\":1105},{\"name\":\"El \\u00daltimo Vecino\",\"value\":1075},{\"name\":\"Eladio y los Seres Queridos\",\"value\":820},{\"name\":\"Eliades Ochoa\",\"value\":2432},{\"name\":\"Eme DJ\",\"value\":1021},{\"name\":\"Emilia Pardo y Baz\\u00e1n\",\"value\":1796},{\"name\":\"Emilio R\\u00faa\",\"value\":4921},{\"name\":\"Emir Kusturica & The No Smoking Orchestra\",\"value\":1352},{\"name\":\"EQX\",\"value\":2007},{\"name\":\"Escola de Gaitas de Ortigueira\",\"value\":995},{\"name\":\"Escuchando Elefantes\",\"value\":954},{\"name\":\"Estopa\",\"value\":1891},{\"name\":\"Estrella Fugaz\",\"value\":1799},{\"name\":\"Eterna Juventud\",\"value\":1795},{\"name\":\"Eva B\",\"value\":1036},{\"name\":\"Eva Pico\",\"value\":1086},{\"name\":\"Faia\",\"value\":2694},{\"name\":\"Fa\\u00edsca da Pontraga\",\"value\":994},{\"name\":\"Fangoria\",\"value\":1066},{\"name\":\"Fat Freddy\\u2019s Drop\",\"value\":2180},{\"name\":\"F\\u00e1tima Delgado & Babykatze\",\"value\":1214},{\"name\":\"FERNANDOCOSTA\",\"value\":2341},{\"name\":\"Festicultores\",\"value\":1330},{\"name\":\"Festicultores Troupe\",\"value\":4606},{\"name\":\"Fiandola\",\"value\":993},{\"name\":\"Fisterra House Band feat. Deg\\u00fcello\",\"value\":1129},{\"name\":\"Fito & Fitipaldis\",\"value\":1982},{\"name\":\"Flaca\",\"value\":1619},{\"name\":\"Foals\",\"value\":914},{\"name\":\"Folk on Crest\",\"value\":992},{\"name\":\"Fondo Norte\",\"value\":1749},{\"name\":\"Fourth Moon\",\"value\":1325},{\"name\":\"Franz Ferdinand\",\"value\":1051},{\"name\":\"Fred Morrison\",\"value\":989},{\"name\":\"Fredi Leis\",\"value\":4813},{\"name\":\"Fresquito y Mango\",\"value\":1618},{\"name\":\"Frnsy\",\"value\":990},{\"name\":\"Funzo & Baby Loud\",\"value\":1054},{\"name\":\"Furious Monkey\",\"value\":924},{\"name\":\"Furious Monkey House\",\"value\":1606},{\"name\":\"Gabri Alonso\",\"value\":1266},{\"name\":\"Galician Army\",\"value\":941},{\"name\":\"Garza\",\"value\":2008},{\"name\":\"Gatibu\",\"value\":1844}],\"currentValue\":[],\"isActiveFilter\":true,\"queryArgs\":[],\"joinClause\":\"\",\"whereClause\":\"\",\"stack_managed\":false,\"title\":\"Artista\"},\"label\":\"Artista\",\"selections_count\":\"\",\"selections\":\"\",\"toggle_id\":\"filterbar_organizer-toggle-b87b61aa-0d83-477a-acbd-8f4b1d9ca126\",\"container_id\":\"filterbar_organizer-container-b87b61aa-0d83-477a-acbd-8f4b1d9ca126\",\"pill_toggle_id\":\"filterbar_organizer-pill-toggle-b87b61aa-0d83-477a-acbd-8f4b1d9ca126\",\"is_open\":false,\"name\":\"tribe_organizers[]\",\"fields\":[{\"type\":\"checkbox\",\"label\":\"A Banda da Loba\",\"value\":1527,\"id\":\"tribe-events-filterbar-58262f56-a-banda-da-loba\",\"name\":\"tribe_organizers[]\",\"checked\":false},{\"type\":\"checkbox\",\"label\":\"A Banda do Patio\",\"value\":1743,\"id\":\"tribe-events-filterbar-42201192-a-banda-do-patio\",\"name\":\"tribe_organizers[]\",\"checked\":false},{\"type\":\"checkbox\",\"label\":\"A Quenlla\",\"value\":4329,\"id\":\"tribe-events-filterbar-9c331061-a-quenlla\",\"name\":\"tribe_organizers[]\",\"checked\":false},{\"type\":\"checkbox\",\"label\":\"Adri\\u00e1n Costa Blues Band\",\"value\":1125,\"id\":\"tribe-events-filterbar-79dccb62-adri\\u00e1n-costa-blues-band\",\"name\":\"tribe_organizers[]\",\"checked\":false},{\"type\":\"checkbox\",\"label\":\"Agnes Obel\",\"value\":2085,\"id\":\"tribe-events-filterbar-c030293b-agnes-obel\",\"name\":\"tribe_organizers[]\",\"checked\":false},{\"type\":\"checkbox\",\"label\":\"Agoraphobia\",\"value\":1211,\"id\":\"tribe-events-filterbar-d6faa6e5-agoraphobia\",\"name\":\"tribe_organizers[]\",\"checked\":false},{\"type\":\"checkbox\",\"label\":\"Aho Ssan & Kmru\",\"value\":4690,\"id\":\"tribe-events-filterbar-b868b585-aho-ssan-&-kmru\",\"name\":\"tribe_organizers[]\",\"checked\":false},{\"type\":\"checkbox\",\"label\":\"Ainoa Buitrago\",\"value\":1035,\"id\":\"tribe-events-filterbar-07b06c81-ainoa-buitrago\",\"name\":\"tribe_organizers[]\",\"checked\":false},{\"type\":\"checkbox\",\"label\":\"Akazie\",\"value\":2000,\"id\":\"tribe-events-filterbar-25f48ba1-akazie\",\"name\":\"tribe_organizers[]\",\"checked\":false},{\"type\":\"checkbox\",\"label\":\"Al Dual\",\"value\":1124,\"id\":\"tribe-events-filterbar-d1839e58-al-dual\",\"name\":\"tribe_organizers[]\",\"checked\":false},{\"type\":\"checkbox\",\"label\":\"Alan McGee (DJ Set)\",\"value\":5050,\"id\":\"tribe-events-filterbar-f20a9d2e-alan-mcgee-(dj-set)\",\"name\":\"tribe_organizers[]\",\"checked\":false},{\"type\":\"checkbox\",\"label\":\"Alber Solo & The Fire Bird Blues\",\"value\":2546,\"id\":\"tribe-events-filterbar-70207e39-alber-solo-&-the-fire-bird-blues\",\"name\":\"tribe_organizers[]\",\"checked\":false},{\"type\":\"checkbox\",\"label\":\"Alberto & Garc\\u00eda\",\"value\":1210,\"id\":\"tribe-events-filterbar-7af02c65-alberto-&-garc\\u00eda\",\"name\":\"tribe_organizers[]\",\"checked\":false},{\"type\":\"checkbox\",\"label\":\"Alejo Stivel\",\"value\":4282,\"id\":\"tribe-events-filterbar-f8c843a8-alejo-stivel\",\"name\":\"tribe_organizers[]\",\"checked\":false},{\"type\":\"checkbox\",\"label\":\"Alicia Carrera\",\"value\":4691,\"id\":\"tribe-events-filterbar-1c10edd7-alicia-carrera\",\"name\":\"tribe_organizers[]\",\"checked\":false},{\"type\":\"checkbox\",\"label\":\"Alicia Otero\",\"value\":2001,\"id\":\"tribe-events-filterbar-e2dc9e4d-alicia-otero\",\"name\":\"tribe_organizers[]\",\"checked\":false},{\"type\":\"checkbox\",\"label\":\"Allova\",\"value\":1920,\"id\":\"tribe-events-filterbar-f4114a97-allova\",\"name\":\"tribe_organizers[]\",\"checked\":false},{\"type\":\"checkbox\",\"label\":\"Amparanoia\",\"value\":1347,\"id\":\"tribe-events-filterbar-93133cef-amparanoia\",\"name\":\"tribe_organizers[]\",\"checked\":false},{\"type\":\"checkbox\",\"label\":\"Ana Guerra\",\"value\":1030,\"id\":\"tribe-events-filterbar-413dc76d-ana-guerra\",\"name\":\"tribe_organizers[]\",\"checked\":false},{\"type\":\"checkbox\",\"label\":\"Ana Mena\",\"value\":1031,\"id\":\"tribe-events-filterbar-96b1e0aa-ana-mena\",\"name\":\"tribe_organizers[]\",\"checked\":false},{\"type\":\"checkbox\",\"label\":\"Ana Moura\",\"value\":1350,\"id\":\"tribe-events-filterbar-c3759e47-ana-moura\",\"name\":\"tribe_organizers[]\",\"checked\":false},{\"type\":\"checkbox\",\"label\":\"Ana Pacheco\",\"value\":2002,\"id\":\"tribe-events-filterbar-1d0ee7b7-ana-pacheco\",\"name\":\"tribe_organizers[]\",\"checked\":false},{\"type\":\"checkbox\",\"label\":\"Anabel Lee\",\"value\":1212,\"id\":\"tribe-events-filterbar-14a6cf29-anabel-lee\",\"name\":\"tribe_organizers[]\",\"checked\":false},{\"type\":\"checkbox\",\"label\":\"Andr\\u00e9s Balado\",\"value\":2465,\"id\":\"tribe-events-filterbar-8c824299-andr\\u00e9s-balado\",\"name\":\"tribe_organizers[]\",\"checked\":false},{\"type\":\"checkbox\",\"label\":\"Andr\\u00e9s Calamaro\",\"value\":1065,\"id\":\"tribe-events-filterbar-cb954e68-andr\\u00e9s-calamaro\",\"name\":\"tribe_organizers[]\",\"checked\":false},{\"type\":\"checkbox\",\"label\":\"Andr\\u00e9s Su\\u00e1rez\",\"value\":773,\"id\":\"tribe-events-filterbar-bc93fa22-andr\\u00e9s-su\\u00e1rez\",\"name\":\"tribe_organizers[]\",\"checked\":false},{\"type\":\"checkbox\",\"label\":\"Anna Amig\\u00f3\",\"value\":1288,\"id\":\"tribe-events-filterbar-305034e7-anna-amig\\u00f3\",\"name\":\"tribe_organizers[]\",\"checked\":false},{\"type\":\"checkbox\",\"label\":\"Anne-Marie\",\"value\":931,\"id\":\"tribe-events-filterbar-2fd99371-anne-marie\",\"name\":\"tribe_organizers[]\",\"checked\":false},{\"type\":\"checkbox\",\"label\":\"Ant\\u00eda Mu\\u00ed\\u00f1o\",\"value\":1958,\"id\":\"tribe-events-filterbar-aa2930c7-ant\\u00eda-mu\\u00ed\\u00f1o\",\"name\":\"tribe_organizers[]\",\"checked\":false},{\"type\":\"checkbox\",\"label\":\"Anuel AA\",\"value\":929,\"id\":\"tribe-events-filterbar-b10b6d14-anuel-aa\",\"name\":\"tribe_organizers[]\",\"checked\":false},{\"type\":\"checkbox\",\"label\":\"Anxo Silva\",\"value\":1267,\"id\":\"tribe-events-filterbar-55ac85c1-anxo-silva\",\"name\":\"tribe_organizers[]\",\"checked\":false},{\"type\":\"checkbox\",\"label\":\"Apart\",\"value\":1904,\"id\":\"tribe-events-filterbar-98e15fe3-apart\",\"name\":\"tribe_organizers[]\",\"checked\":false},{\"type\":\"checkbox\",\"label\":\"Aphonic\",\"value\":1605,\"id\":\"tribe-events-filterbar-7044c757-aphonic\",\"name\":\"tribe_organizers[]\",\"checked\":false},{\"type\":\"checkbox\",\"label\":\"Aquarian\",\"value\":4692,\"id\":\"tribe-events-filterbar-38124034-aquarian\",\"name\":\"tribe_organizers[]\",\"checked\":false},{\"type\":\"checkbox\",\"label\":\"Arredores\",\"value\":1533,\"id\":\"tribe-events-filterbar-9e788073-arredores\",\"name\":\"tribe_organizers[]\",\"checked\":false},{\"type\":\"checkbox\",\"label\":\"Artur M Puga & Shoeg\",\"value\":4693,\"id\":\"tribe-events-filterbar-867c4ec1-artur-m-puga-&-shoeg\",\"name\":\"tribe_organizers[]\",\"checked\":false},{\"type\":\"checkbox\",\"label\":\"As Pandereteiras A Carballeira de Cercio\",\"value\":819,\"id\":\"tribe-events-filterbar-6dbf3f4f-as-pandereteiras-a-carballeira-de-cercio\",\"name\":\"tribe_organizers[]\",\"checked\":false},{\"type\":\"checkbox\",\"label\":\"Atm\\u00f3sfera 0\",\"value\":821,\"id\":\"tribe-events-filterbar-e8e71a56-atm\\u00f3sfera-0\",\"name\":\"tribe_organizers[]\",\"checked\":false},{\"type\":\"checkbox\",\"label\":\"Aurea\",\"value\":2475,\"id\":\"tribe-events-filterbar-a65646cc-aurea\",\"name\":\"tribe_organizers[]\",\"checked\":false},{\"type\":\"checkbox\",\"label\":\"Avenged Sevenfold\",\"value\":780,\"id\":\"tribe-events-filterbar-c8a060a3-avenged-sevenfold\",\"name\":\"tribe_organizers[]\",\"checked\":false},{\"type\":\"checkbox\",\"label\":\"Aya feat. Sweatmother\",\"value\":4694,\"id\":\"tribe-events-filterbar-a7cf4519-aya-feat.-sweatmother\",\"name\":\"tribe_organizers[]\",\"checked\":false},{\"type\":\"checkbox\",\"label\":\"Ayax y Prok\",\"value\":1764,\"id\":\"tribe-events-filterbar-787265a1-ayax-y-prok\",\"name\":\"tribe_organizers[]\",\"checked\":false},{\"type\":\"checkbox\",\"label\":\"Azu Tiwaline\",\"value\":4695,\"id\":\"tribe-events-filterbar-38636ac6-azu-tiwaline\",\"name\":\"tribe_organizers[]\",\"checked\":false},{\"type\":\"checkbox\",\"label\":\"Bad Gyal\",\"value\":1246,\"id\":\"tribe-events-filterbar-575eb6f3-bad-gyal\",\"name\":\"tribe_organizers[]\",\"checked\":false},{\"type\":\"checkbox\",\"label\":\"Bagad de Vannes Melinerion\",\"value\":1003,\"id\":\"tribe-events-filterbar-13cf97da-bagad-de-vannes-melinerion\",\"name\":\"tribe_organizers[]\",\"checked\":false},{\"type\":\"checkbox\",\"label\":\"Baiuca\",\"value\":818,\"id\":\"tribe-events-filterbar-fe0623d7-baiuca\",\"name\":\"tribe_organizers[]\",\"checked\":false},{\"type\":\"checkbox\",\"label\":\"Bala\",\"value\":1601,\"id\":\"tribe-events-filterbar-79db9122-bala\",\"name\":\"tribe_organizers[]\",\"checked\":false},{\"type\":\"checkbox\",\"label\":\"Barmer Boy\",\"value\":1955,\"id\":\"tribe-events-filterbar-6124afbf-barmer-boy\",\"name\":\"tribe_organizers[]\",\"checked\":false},{\"type\":\"checkbox\",\"label\":\"Barry Can\\u2019t Swim\",\"value\":2003,\"id\":\"tribe-events-filterbar-2ce646c8-barry-can\\u2019t-swim\",\"name\":\"tribe_organizers[]\",\"checked\":false},{\"type\":\"checkbox\",\"label\":\"Batea\",\"value\":1002,\"id\":\"tribe-events-filterbar-33140318-batea\",\"name\":\"tribe_organizers[]\",\"checked\":false},{\"type\":\"checkbox\",\"label\":\"Beatriz Luengo\",\"value\":1032,\"id\":\"tribe-events-filterbar-ec526e04-beatriz-luengo\",\"name\":\"tribe_organizers[]\",\"checked\":false},{\"type\":\"checkbox\",\"label\":\"Beatriz Mart\\u00ednez\",\"value\":1286,\"id\":\"tribe-events-filterbar-646e4069-beatriz-mart\\u00ednez\",\"name\":\"tribe_organizers[]\",\"checked\":false},{\"type\":\"checkbox\",\"label\":\"Bel\\u00e9n Aguilera\",\"value\":1056,\"id\":\"tribe-events-filterbar-56bf6778-bel\\u00e9n-aguilera\",\"name\":\"tribe_organizers[]\",\"checked\":false},{\"type\":\"checkbox\",\"label\":\"Belle and Sebastian\",\"value\":4352,\"id\":\"tribe-events-filterbar-26ee7eae-belle-and-sebastian\",\"name\":\"tribe_organizers[]\",\"checked\":false},{\"type\":\"checkbox\",\"label\":\"Beret\",\"value\":1557,\"id\":\"tribe-events-filterbar-f3bd7902-beret\",\"name\":\"tribe_organizers[]\",\"checked\":false},{\"type\":\"checkbox\",\"label\":\"Berto\",\"value\":1157,\"id\":\"tribe-events-filterbar-bee293e2-berto\",\"name\":\"tribe_organizers[]\",\"checked\":false},{\"type\":\"checkbox\",\"label\":\"Bizarrap\",\"value\":1245,\"id\":\"tribe-events-filterbar-0c7c278c-bizarrap\",\"name\":\"tribe_organizers[]\",\"checked\":false},{\"type\":\"checkbox\",\"label\":\"Black Eyed Peas\",\"value\":1049,\"id\":\"tribe-events-filterbar-e1f30582-black-eyed-peas\",\"name\":\"tribe_organizers[]\",\"checked\":false},{\"type\":\"checkbox\",\"label\":\"Blackhaine\",\"value\":4696,\"id\":\"tribe-events-filterbar-d97fcb1a-blackhaine\",\"name\":\"tribe_organizers[]\",\"checked\":false},{\"type\":\"checkbox\",\"label\":\"Blanco Palamera\",\"value\":1617,\"id\":\"tribe-events-filterbar-a9f32a99-blanco-palamera\",\"name\":\"tribe_organizers[]\",\"checked\":false},{\"type\":\"checkbox\",\"label\":\"Bleuenn le Friec\",\"value\":1290,\"id\":\"tribe-events-filterbar-88cc692f-bleuenn-le-friec\",\"name\":\"tribe_organizers[]\",\"checked\":false},{\"type\":\"checkbox\",\"label\":\"Boikot\",\"value\":1845,\"id\":\"tribe-events-filterbar-31681270-boikot\",\"name\":\"tribe_organizers[]\",\"checked\":false},{\"type\":\"checkbox\",\"label\":\"Bonnie Tyler\",\"value\":1230,\"id\":\"tribe-events-filterbar-640b1030-bonnie-tyler\",\"name\":\"tribe_organizers[]\",\"checked\":false},{\"type\":\"checkbox\",\"label\":\"Boyanka Kostova\",\"value\":925,\"id\":\"tribe-events-filterbar-38b98f6a-boyanka-kostova\",\"name\":\"tribe_organizers[]\",\"checked\":false},{\"type\":\"checkbox\",\"label\":\"Boyanka Kostova e Amigxs\",\"value\":1841,\"id\":\"tribe-events-filterbar-d2373397-boyanka-kostova-e-amigxs\",\"name\":\"tribe_organizers[]\",\"checked\":false},{\"type\":\"checkbox\",\"label\":\"Brais das Hortas\",\"value\":1750,\"id\":\"tribe-events-filterbar-578c7e2b-brais-das-hortas\",\"name\":\"tribe_organizers[]\",\"checked\":false},{\"type\":\"checkbox\",\"label\":\"Bratzantifa\",\"value\":1345,\"id\":\"tribe-events-filterbar-3930d9a6-bratzantifa\",\"name\":\"tribe_organizers[]\",\"checked\":false},{\"type\":\"checkbox\",\"label\":\"Bring Me The Horizon\",\"value\":784,\"id\":\"tribe-events-filterbar-727e41f5-bring-me-the-horizon\",\"name\":\"tribe_organizers[]\",\"checked\":false},{\"type\":\"checkbox\",\"label\":\"Budi\\u00f1o\",\"value\":936,\"id\":\"tribe-events-filterbar-ee28227f-budi\\u00f1o\",\"name\":\"tribe_organizers[]\",\"checked\":false},{\"type\":\"checkbox\",\"label\":\"Bullet For My Valentine\",\"value\":788,\"id\":\"tribe-events-filterbar-35cca1ea-bullet-for-my-valentine\",\"name\":\"tribe_organizers[]\",\"checked\":false},{\"type\":\"checkbox\",\"label\":\"C. Mirazo\",\"value\":1913,\"id\":\"tribe-events-filterbar-dead7284-c.-mirazo\",\"name\":\"tribe_organizers[]\",\"checked\":false},{\"type\":\"checkbox\",\"label\":\"C. Tangana\",\"value\":913,\"id\":\"tribe-events-filterbar-60446f1e-c.-tangana\",\"name\":\"tribe_organizers[]\",\"checked\":false},{\"type\":\"checkbox\",\"label\":\"Caama\\u00f1o & Ameixeiras\",\"value\":1001,\"id\":\"tribe-events-filterbar-41d13069-caama\\u00f1o-&-ameixeiras\",\"name\":\"tribe_organizers[]\",\"checked\":false},{\"type\":\"checkbox\",\"label\":\"Caf\\u00e9 Quijano\",\"value\":1935,\"id\":\"tribe-events-filterbar-c1c34e69-caf\\u00e9-quijano\",\"name\":\"tribe_organizers[]\",\"checked\":false},{\"type\":\"checkbox\",\"label\":\"Caldo\",\"value\":1000,\"id\":\"tribe-events-filterbar-87f1bdc8-caldo\",\"name\":\"tribe_organizers[]\",\"checked\":false},{\"type\":\"checkbox\",\"label\":\"Califato \\u00be\",\"value\":1765,\"id\":\"tribe-events-filterbar-ea8e3df8-califato-\\u00be\",\"name\":\"tribe_organizers[]\",\"checked\":false},{\"type\":\"checkbox\",\"label\":\"Cantajuego\",\"value\":1020,\"id\":\"tribe-events-filterbar-369131e1-cantajuego\",\"name\":\"tribe_organizers[]\",\"checked\":false},{\"type\":\"checkbox\",\"label\":\"Capercaillie Symphonic & Real Filharmon\\u00eda de Galicia\",\"value\":1952,\"id\":\"tribe-events-filterbar-d3c559be-capercaillie-symphonic-&-real-filharmon\\u00eda-de-galicia\",\"name\":\"tribe_organizers[]\",\"checked\":false},{\"type\":\"checkbox\",\"label\":\"Capicua\",\"value\":1794,\"id\":\"tribe-events-filterbar-f747471f-capicua\",\"name\":\"tribe_organizers[]\",\"checked\":false},{\"type\":\"checkbox\",\"label\":\"Carapaus\",\"value\":1328,\"id\":\"tribe-events-filterbar-7d9cc459-carapaus\",\"name\":\"tribe_organizers[]\",\"checked\":false},{\"type\":\"checkbox\",\"label\":\"Cari\\u00f1o\",\"value\":1616,\"id\":\"tribe-events-filterbar-ebd49370-cari\\u00f1o\",\"name\":\"tribe_organizers[]\",\"checked\":false},{\"type\":\"checkbox\",\"label\":\"Carla Prata\",\"value\":2004,\"id\":\"tribe-events-filterbar-8c9f14d2-carla-prata\",\"name\":\"tribe_organizers[]\",\"checked\":false},{\"type\":\"checkbox\",\"label\":\"Carlos Herrero e H\\u00e9ctor Castillejo\",\"value\":4644,\"id\":\"tribe-events-filterbar-71e6bce9-carlos-herrero-e-h\\u00e9ctor-castillejo\",\"name\":\"tribe_organizers[]\",\"checked\":false},{\"type\":\"checkbox\",\"label\":\"Carlos Sadness\",\"value\":920,\"id\":\"tribe-events-filterbar-6be5a009-carlos-sadness\",\"name\":\"tribe_organizers[]\",\"checked\":false},{\"type\":\"checkbox\",\"label\":\"Carmen Villain\",\"value\":4697,\"id\":\"tribe-events-filterbar-720573cc-carmen-villain\",\"name\":\"tribe_organizers[]\",\"checked\":false},{\"type\":\"checkbox\",\"label\":\"Carminho\",\"value\":2483,\"id\":\"tribe-events-filterbar-9e2d45ce-carminho\",\"name\":\"tribe_organizers[]\",\"checked\":false},{\"type\":\"checkbox\",\"label\":\"Carola Ortiz\",\"value\":4643,\"id\":\"tribe-events-filterbar-a6a95b66-carola-ortiz\",\"name\":\"tribe_organizers[]\",\"checked\":false},{\"type\":\"checkbox\",\"label\":\"Carolina Durante\",\"value\":950,\"id\":\"tribe-events-filterbar-4e2e965a-carolina-durante\",\"name\":\"tribe_organizers[]\",\"checked\":false},{\"type\":\"checkbox\",\"label\":\"Carolina Rubirosa\",\"value\":1037,\"id\":\"tribe-events-filterbar-4a4f5cbc-carolina-rubirosa\",\"name\":\"tribe_organizers[]\",\"checked\":false},{\"type\":\"checkbox\",\"label\":\"Cascales\",\"value\":1163,\"id\":\"tribe-events-filterbar-09e74071-cascales\",\"name\":\"tribe_organizers[]\",\"checked\":false},{\"type\":\"checkbox\",\"label\":\"Caterina Barbieri\",\"value\":4698,\"id\":\"tribe-events-filterbar-1a82b741-caterina-barbieri\",\"name\":\"tribe_organizers[]\",\"checked\":false},{\"type\":\"checkbox\",\"label\":\"Catuxa Salom\",\"value\":1924,\"id\":\"tribe-events-filterbar-227a619f-catuxa-salom\",\"name\":\"tribe_organizers[]\",\"checked\":false},{\"type\":\"checkbox\",\"label\":\"Cayazzo DJ\",\"value\":1169,\"id\":\"tribe-events-filterbar-a9d9b462-cayazzo-dj\",\"name\":\"tribe_organizers[]\",\"checked\":false},{\"type\":\"checkbox\",\"label\":\"Celtas Cortos\",\"value\":1881,\"id\":\"tribe-events-filterbar-a8828e51-celtas-cortos\",\"name\":\"tribe_organizers[]\",\"checked\":false},{\"type\":\"checkbox\",\"label\":\"Cepeda\",\"value\":4560,\"id\":\"tribe-events-filterbar-f31a0ffc-cepeda\",\"name\":\"tribe_organizers[]\",\"checked\":false},{\"type\":\"checkbox\",\"label\":\"Charming Liars\",\"value\":2061,\"id\":\"tribe-events-filterbar-b5d85929-charming-liars\",\"name\":\"tribe_organizers[]\",\"checked\":false},{\"type\":\"checkbox\",\"label\":\"Chico C\\u00e9sar\",\"value\":1954,\"id\":\"tribe-events-filterbar-b1a9b569-chico-c\\u00e9sar\",\"name\":\"tribe_organizers[]\",\"checked\":false},{\"type\":\"checkbox\",\"label\":\"Chili Charles x Las Cruzes\",\"value\":1111,\"id\":\"tribe-events-filterbar-c54cf56b-chili-charles-x-las-cruzes\",\"name\":\"tribe_organizers[]\",\"checked\":false},{\"type\":\"checkbox\",\"label\":\"Ciclonautas\",\"value\":1898,\"id\":\"tribe-events-filterbar-4ce94175-ciclonautas\",\"name\":\"tribe_organizers[]\",\"checked\":false},{\"type\":\"checkbox\",\"label\":\"Cimafunk\",\"value\":2200,\"id\":\"tribe-events-filterbar-1da277eb-cimafunk\",\"name\":\"tribe_organizers[]\",\"checked\":false},{\"type\":\"checkbox\",\"label\":\"Ciudad Jara\",\"value\":1895,\"id\":\"tribe-events-filterbar-95eb95ea-ciudad-jara\",\"name\":\"tribe_organizers[]\",\"checked\":false},{\"type\":\"checkbox\",\"label\":\"Claudio Gabis\",\"value\":1308,\"id\":\"tribe-events-filterbar-8ab60203-claudio-gabis\",\"name\":\"tribe_organizers[]\",\"checked\":false},{\"type\":\"checkbox\",\"label\":\"Clotilde Trouillaud\",\"value\":1283,\"id\":\"tribe-events-filterbar-20cc412d-clotilde-trouillaud\",\"name\":\"tribe_organizers[]\",\"checked\":false},{\"type\":\"checkbox\",\"label\":\"Club del R\\u00edo\",\"value\":822,\"id\":\"tribe-events-filterbar-dafb8f4f-club-del-r\\u00edo\",\"name\":\"tribe_organizers[]\",\"checked\":false},{\"type\":\"checkbox\",\"label\":\"Coby Sey\",\"value\":4699,\"id\":\"tribe-events-filterbar-4d3ba67a-coby-sey\",\"name\":\"tribe_organizers[]\",\"checked\":false},{\"type\":\"checkbox\",\"label\":\"Comando Curux\\u00e1s\",\"value\":1324,\"id\":\"tribe-events-filterbar-7b879cdd-comando-curux\\u00e1s\",\"name\":\"tribe_organizers[]\",\"checked\":false},{\"type\":\"checkbox\",\"label\":\"Copa Turbo\",\"value\":1921,\"id\":\"tribe-events-filterbar-5715276d-copa-turbo\",\"name\":\"tribe_organizers[]\",\"checked\":false},{\"type\":\"checkbox\",\"label\":\"Coque Malla\",\"value\":841,\"id\":\"tribe-events-filterbar-f42335ca-coque-malla\",\"name\":\"tribe_organizers[]\",\"checked\":false},{\"type\":\"checkbox\",\"label\":\"Cora Velasco\",\"value\":955,\"id\":\"tribe-events-filterbar-61039ba0-cora-velasco\",\"name\":\"tribe_organizers[]\",\"checked\":false},{\"type\":\"checkbox\",\"label\":\"Cora Yako\",\"value\":1797,\"id\":\"tribe-events-filterbar-9db73d95-cora-yako\",\"name\":\"tribe_organizers[]\",\"checked\":false},{\"type\":\"checkbox\",\"label\":\"Corizonas\",\"value\":1206,\"id\":\"tribe-events-filterbar-1679387a-corizonas\",\"name\":\"tribe_organizers[]\",\"checked\":false},{\"type\":\"checkbox\",\"label\":\"Covagueira\",\"value\":999,\"id\":\"tribe-events-filterbar-f1bd0de9-covagueira\",\"name\":\"tribe_organizers[]\",\"checked\":false},{\"type\":\"checkbox\",\"label\":\"Crnds\",\"value\":4700,\"id\":\"tribe-events-filterbar-b3158252-crnds\",\"name\":\"tribe_organizers[]\",\"checked\":false},{\"type\":\"checkbox\",\"label\":\"Crossfaith\",\"value\":792,\"id\":\"tribe-events-filterbar-c5eaae0e-crossfaith\",\"name\":\"tribe_organizers[]\",\"checked\":false},{\"type\":\"checkbox\",\"label\":\"Crystal Fighters\",\"value\":1052,\"id\":\"tribe-events-filterbar-386636a0-crystal-fighters\",\"name\":\"tribe_organizers[]\",\"checked\":false},{\"type\":\"checkbox\",\"label\":\"Cupido\",\"value\":1894,\"id\":\"tribe-events-filterbar-2b0002f0-cupido\",\"name\":\"tribe_organizers[]\",\"checked\":false},{\"type\":\"checkbox\",\"label\":\"D. L. Blando\",\"value\":1251,\"id\":\"tribe-events-filterbar-fd03265c-d.-l.-blando\",\"name\":\"tribe_organizers[]\",\"checked\":false},{\"type\":\"checkbox\",\"label\":\"Dakidarria\",\"value\":1101,\"id\":\"tribe-events-filterbar-725ba900-dakidarria\",\"name\":\"tribe_organizers[]\",\"checked\":false},{\"type\":\"checkbox\",\"label\":\"Dani Barreiro & Friends\",\"value\":2524,\"id\":\"tribe-events-filterbar-ef7b0cfb-dani-barreiro-&-friends\",\"name\":\"tribe_organizers[]\",\"checked\":false},{\"type\":\"checkbox\",\"label\":\"Dani Fern\\u00e1ndez\",\"value\":690,\"id\":\"tribe-events-filterbar-f7ea3df7-dani-fern\\u00e1ndez\",\"name\":\"tribe_organizers[]\",\"checked\":false},{\"type\":\"checkbox\",\"label\":\"Dani Mart\\u00edn\",\"value\":944,\"id\":\"tribe-events-filterbar-48e47178-dani-mart\\u00edn\",\"name\":\"tribe_organizers[]\",\"checked\":false},{\"type\":\"checkbox\",\"label\":\"Daniel Pereira\",\"value\":4642,\"id\":\"tribe-events-filterbar-ac8140d6-daniel-pereira\",\"name\":\"tribe_organizers[]\",\"checked\":false},{\"type\":\"checkbox\",\"label\":\"Danielle\",\"value\":2005,\"id\":\"tribe-events-filterbar-d2b974b0-danielle\",\"name\":\"tribe_organizers[]\",\"checked\":false},{\"type\":\"checkbox\",\"label\":\"Danza Invisible\",\"value\":2223,\"id\":\"tribe-events-filterbar-a48527ec-danza-invisible\",\"name\":\"tribe_organizers[]\",\"checked\":false},{\"type\":\"checkbox\",\"label\":\"Dark Funeral\",\"value\":794,\"id\":\"tribe-events-filterbar-84e9ed16-dark-funeral\",\"name\":\"tribe_organizers[]\",\"checked\":false},{\"type\":\"checkbox\",\"label\":\"Davide e Cibr\\u00e1n\",\"value\":991,\"id\":\"tribe-events-filterbar-898a7fc6-davide-e-cibr\\u00e1n\",\"name\":\"tribe_organizers[]\",\"checked\":false},{\"type\":\"checkbox\",\"label\":\"De Vacas\",\"value\":1123,\"id\":\"tribe-events-filterbar-212289ff-de-vacas\",\"name\":\"tribe_organizers[]\",\"checked\":false},{\"type\":\"checkbox\",\"label\":\"Death Whistle\",\"value\":4701,\"id\":\"tribe-events-filterbar-d9637978-death-whistle\",\"name\":\"tribe_organizers[]\",\"checked\":false},{\"type\":\"checkbox\",\"label\":\"Deftones\",\"value\":778,\"id\":\"tribe-events-filterbar-89e27bb6-deftones\",\"name\":\"tribe_organizers[]\",\"checked\":false},{\"type\":\"checkbox\",\"label\":\"Deira\",\"value\":998,\"id\":\"tribe-events-filterbar-90a8af26-deira\",\"name\":\"tribe_organizers[]\",\"checked\":false},{\"type\":\"checkbox\",\"label\":\"Delaossa\",\"value\":1893,\"id\":\"tribe-events-filterbar-7bb3c9fd-delaossa\",\"name\":\"tribe_organizers[]\",\"checked\":false},{\"type\":\"checkbox\",\"label\":\"Delaporte\",\"value\":1348,\"id\":\"tribe-events-filterbar-81dc0953-delaporte\",\"name\":\"tribe_organizers[]\",\"checked\":false},{\"type\":\"checkbox\",\"label\":\"Depedro\",\"value\":1792,\"id\":\"tribe-events-filterbar-b24c3523-depedro\",\"name\":\"tribe_organizers[]\",\"checked\":false},{\"type\":\"checkbox\",\"label\":\"Depresi\\u00f3n Sonora\",\"value\":1079,\"id\":\"tribe-events-filterbar-b7fb0d12-depresi\\u00f3n-sonora\",\"name\":\"tribe_organizers[]\",\"checked\":false},{\"type\":\"checkbox\",\"label\":\"Dequenvessendo\",\"value\":997,\"id\":\"tribe-events-filterbar-ded4fa35-dequenvessendo\",\"name\":\"tribe_organizers[]\",\"checked\":false},{\"type\":\"checkbox\",\"label\":\"Desakato\",\"value\":1739,\"id\":\"tribe-events-filterbar-47589ac6-desakato\",\"name\":\"tribe_organizers[]\",\"checked\":false},{\"type\":\"checkbox\",\"label\":\"Diamante Negro\",\"value\":1083,\"id\":\"tribe-events-filterbar-df2a830c-diamante-negro\",\"name\":\"tribe_organizers[]\",\"checked\":false},{\"type\":\"checkbox\",\"label\":\"Digresk\",\"value\":996,\"id\":\"tribe-events-filterbar-a9ca6034-digresk\",\"name\":\"tribe_organizers[]\",\"checked\":false},{\"type\":\"checkbox\",\"label\":\"Dios Ke Te Crew\",\"value\":1351,\"id\":\"tribe-events-filterbar-52aa63d7-dios-ke-te-crew\",\"name\":\"tribe_organizers[]\",\"checked\":false},{\"type\":\"checkbox\",\"label\":\"DJ Coco\",\"value\":2006,\"id\":\"tribe-events-filterbar-e94df519-dj-coco\",\"name\":\"tribe_organizers[]\",\"checked\":false},{\"type\":\"checkbox\",\"label\":\"DJ Galician Army\",\"value\":2424,\"id\":\"tribe-events-filterbar-63ced84f-dj-galician-army\",\"name\":\"tribe_organizers[]\",\"checked\":false},{\"type\":\"checkbox\",\"label\":\"DJ Imar Castro\",\"value\":1234,\"id\":\"tribe-events-filterbar-42fa85c1-dj-imar-castro\",\"name\":\"tribe_organizers[]\",\"checked\":false},{\"type\":\"checkbox\",\"label\":\"DJ Iv\\u00e1n Flashback\",\"value\":1164,\"id\":\"tribe-events-filterbar-8e0ed1fb-dj-iv\\u00e1n-flashback\",\"name\":\"tribe_organizers[]\",\"checked\":false},{\"type\":\"checkbox\",\"label\":\"DJ Licho\",\"value\":1165,\"id\":\"tribe-events-filterbar-6b71e58c-dj-licho\",\"name\":\"tribe_organizers[]\",\"checked\":false},{\"type\":\"checkbox\",\"label\":\"DJ Mil\",\"value\":2413,\"id\":\"tribe-events-filterbar-744ed895-dj-mil\",\"name\":\"tribe_organizers[]\",\"checked\":false},{\"type\":\"checkbox\",\"label\":\"DJ Moderno\",\"value\":1805,\"id\":\"tribe-events-filterbar-5bec0545-dj-moderno\",\"name\":\"tribe_organizers[]\",\"checked\":false},{\"type\":\"checkbox\",\"label\":\"DJ Russinha\",\"value\":2484,\"id\":\"tribe-events-filterbar-edd5dce6-dj-russinha\",\"name\":\"tribe_organizers[]\",\"checked\":false},{\"type\":\"checkbox\",\"label\":\"DJ90\",\"value\":1166,\"id\":\"tribe-events-filterbar-00b2af71-dj90\",\"name\":\"tribe_organizers[]\",\"checked\":false},{\"type\":\"checkbox\",\"label\":\"Donald Shawn e Karen Matheson\",\"value\":4645,\"id\":\"tribe-events-filterbar-62d2f1ac-donald-shawn-e-karen-matheson\",\"name\":\"tribe_organizers[]\",\"checked\":false},{\"type\":\"checkbox\",\"label\":\"Dorian\",\"value\":1349,\"id\":\"tribe-events-filterbar-36379533-dorian\",\"name\":\"tribe_organizers[]\",\"checked\":false},{\"type\":\"checkbox\",\"label\":\"Dubioza Kolectiv\",\"value\":1851,\"id\":\"tribe-events-filterbar-5397a27d-dubioza-kolectiv\",\"name\":\"tribe_organizers[]\",\"checked\":false},{\"type\":\"checkbox\",\"label\":\"Duki\",\"value\":933,\"id\":\"tribe-events-filterbar-96a32bfc-duki\",\"name\":\"tribe_organizers[]\",\"checked\":false},{\"type\":\"checkbox\",\"label\":\"Dumore\",\"value\":1264,\"id\":\"tribe-events-filterbar-a65a0399-dumore\",\"name\":\"tribe_organizers[]\",\"checked\":false},{\"type\":\"checkbox\",\"label\":\"Eagles of Death Metal\",\"value\":2054,\"id\":\"tribe-events-filterbar-ab7f58cc-eagles-of-death-metal\",\"name\":\"tribe_organizers[]\",\"checked\":false},{\"type\":\"checkbox\",\"label\":\"Economato DJs\",\"value\":1217,\"id\":\"tribe-events-filterbar-45f29767-economato-djs\",\"name\":\"tribe_organizers[]\",\"checked\":false},{\"type\":\"checkbox\",\"label\":\"Editors\",\"value\":932,\"id\":\"tribe-events-filterbar-ce59ad00-editors\",\"name\":\"tribe_organizers[]\",\"checked\":false},{\"type\":\"checkbox\",\"label\":\"El Canijo de Jerez\",\"value\":1105,\"id\":\"tribe-events-filterbar-110105b4-el-canijo-de-jerez\",\"name\":\"tribe_organizers[]\",\"checked\":false},{\"type\":\"checkbox\",\"label\":\"El \\u00daltimo Vecino\",\"value\":1075,\"id\":\"tribe-events-filterbar-59000661-el-\\u00daltimo-vecino\",\"name\":\"tribe_organizers[]\",\"checked\":false},{\"type\":\"checkbox\",\"label\":\"Eladio y los Seres Queridos\",\"value\":820,\"id\":\"tribe-events-filterbar-553e82b3-eladio-y-los-seres-queridos\",\"name\":\"tribe_organizers[]\",\"checked\":false},{\"type\":\"checkbox\",\"label\":\"Eliades Ochoa\",\"value\":2432,\"id\":\"tribe-events-filterbar-b8d99bf0-eliades-ochoa\",\"name\":\"tribe_organizers[]\",\"checked\":false},{\"type\":\"checkbox\",\"label\":\"Eme DJ\",\"value\":1021,\"id\":\"tribe-events-filterbar-845b0a8c-eme-dj\",\"name\":\"tribe_organizers[]\",\"checked\":false},{\"type\":\"checkbox\",\"label\":\"Emilia Pardo y Baz\\u00e1n\",\"value\":1796,\"id\":\"tribe-events-filterbar-4721f295-emilia-pardo-y-baz\\u00e1n\",\"name\":\"tribe_organizers[]\",\"checked\":false},{\"type\":\"checkbox\",\"label\":\"Emilio R\\u00faa\",\"value\":4921,\"id\":\"tribe-events-filterbar-00412f31-emilio-r\\u00faa\",\"name\":\"tribe_organizers[]\",\"checked\":false},{\"type\":\"checkbox\",\"label\":\"Emir Kusturica & The No Smoking Orchestra\",\"value\":1352,\"id\":\"tribe-events-filterbar-b797cf86-emir-kusturica-&-the-no-smoking-orchestra\",\"name\":\"tribe_organizers[]\",\"checked\":false},{\"type\":\"checkbox\",\"label\":\"EQX\",\"value\":2007,\"id\":\"tribe-events-filterbar-69abff6b-eqx\",\"name\":\"tribe_organizers[]\",\"checked\":false},{\"type\":\"checkbox\",\"label\":\"Escola de Gaitas de Ortigueira\",\"value\":995,\"id\":\"tribe-events-filterbar-29e3df32-escola-de-gaitas-de-ortigueira\",\"name\":\"tribe_organizers[]\",\"checked\":false},{\"type\":\"checkbox\",\"label\":\"Escuchando Elefantes\",\"value\":954,\"id\":\"tribe-events-filterbar-751da9c2-escuchando-elefantes\",\"name\":\"tribe_organizers[]\",\"checked\":false},{\"type\":\"checkbox\",\"label\":\"Estopa\",\"value\":1891,\"id\":\"tribe-events-filterbar-0364ea26-estopa\",\"name\":\"tribe_organizers[]\",\"checked\":false},{\"type\":\"checkbox\",\"label\":\"Estrella Fugaz\",\"value\":1799,\"id\":\"tribe-events-filterbar-d4c70d14-estrella-fugaz\",\"name\":\"tribe_organizers[]\",\"checked\":false},{\"type\":\"checkbox\",\"label\":\"Eterna Juventud\",\"value\":1795,\"id\":\"tribe-events-filterbar-dc9a436c-eterna-juventud\",\"name\":\"tribe_organizers[]\",\"checked\":false},{\"type\":\"checkbox\",\"label\":\"Eva B\",\"value\":1036,\"id\":\"tribe-events-filterbar-3e7baa62-eva-b\",\"name\":\"tribe_organizers[]\",\"checked\":false},{\"type\":\"checkbox\",\"label\":\"Eva Pico\",\"value\":1086,\"id\":\"tribe-events-filterbar-9d25f427-eva-pico\",\"name\":\"tribe_organizers[]\",\"checked\":false},{\"type\":\"checkbox\",\"label\":\"Faia\",\"value\":2694,\"id\":\"tribe-events-filterbar-9ff6e7e6-faia\",\"name\":\"tribe_organizers[]\",\"checked\":false},{\"type\":\"checkbox\",\"label\":\"Fa\\u00edsca da Pontraga\",\"value\":994,\"id\":\"tribe-events-filterbar-f8370e0d-fa\\u00edsca-da-pontraga\",\"name\":\"tribe_organizers[]\",\"checked\":false},{\"type\":\"checkbox\",\"label\":\"Fangoria\",\"value\":1066,\"id\":\"tribe-events-filterbar-be59c003-fangoria\",\"name\":\"tribe_organizers[]\",\"checked\":false},{\"type\":\"checkbox\",\"label\":\"Fat Freddy\\u2019s Drop\",\"value\":2180,\"id\":\"tribe-events-filterbar-a21b334e-fat-freddy\\u2019s-drop\",\"name\":\"tribe_organizers[]\",\"checked\":false},{\"type\":\"checkbox\",\"label\":\"F\\u00e1tima Delgado & Babykatze\",\"value\":1214,\"id\":\"tribe-events-filterbar-0a4a3005-f\\u00e1tima-delgado-&-babykatze\",\"name\":\"tribe_organizers[]\",\"checked\":false},{\"type\":\"checkbox\",\"label\":\"FERNANDOCOSTA\",\"value\":2341,\"id\":\"tribe-events-filterbar-bb27461c-fernandocosta\",\"name\":\"tribe_organizers[]\",\"checked\":false},{\"type\":\"checkbox\",\"label\":\"Festicultores\",\"value\":1330,\"id\":\"tribe-events-filterbar-4b0f0321-festicultores\",\"name\":\"tribe_organizers[]\",\"checked\":false},{\"type\":\"checkbox\",\"label\":\"Festicultores Troupe\",\"value\":4606,\"id\":\"tribe-events-filterbar-b5aecb4d-festicultores-troupe\",\"name\":\"tribe_organizers[]\",\"checked\":false},{\"type\":\"checkbox\",\"label\":\"Fiandola\",\"value\":993,\"id\":\"tribe-events-filterbar-66e1ec4b-fiandola\",\"name\":\"tribe_organizers[]\",\"checked\":false},{\"type\":\"checkbox\",\"label\":\"Fisterra House Band feat. Deg\\u00fcello\",\"value\":1129,\"id\":\"tribe-events-filterbar-18c1035a-fisterra-house-band-feat.-deg\\u00fcello\",\"name\":\"tribe_organizers[]\",\"checked\":false},{\"type\":\"checkbox\",\"label\":\"Fito & Fitipaldis\",\"value\":1982,\"id\":\"tribe-events-filterbar-cb8ba219-fito-&-fitipaldis\",\"name\":\"tribe_organizers[]\",\"checked\":false},{\"type\":\"checkbox\",\"label\":\"Flaca\",\"value\":1619,\"id\":\"tribe-events-filterbar-0228d7d3-flaca\",\"name\":\"tribe_organizers[]\",\"checked\":false},{\"type\":\"checkbox\",\"label\":\"Foals\",\"value\":914,\"id\":\"tribe-events-filterbar-a52a2497-foals\",\"name\":\"tribe_organizers[]\",\"checked\":false},{\"type\":\"checkbox\",\"label\":\"Folk on Crest\",\"value\":992,\"id\":\"tribe-events-filterbar-489372ba-folk-on-crest\",\"name\":\"tribe_organizers[]\",\"checked\":false},{\"type\":\"checkbox\",\"label\":\"Fondo Norte\",\"value\":1749,\"id\":\"tribe-events-filterbar-911f8c86-fondo-norte\",\"name\":\"tribe_organizers[]\",\"checked\":false},{\"type\":\"checkbox\",\"label\":\"Fourth Moon\",\"value\":1325,\"id\":\"tribe-events-filterbar-fc3c1767-fourth-moon\",\"name\":\"tribe_organizers[]\",\"checked\":false},{\"type\":\"checkbox\",\"label\":\"Franz Ferdinand\",\"value\":1051,\"id\":\"tribe-events-filterbar-c0091bca-franz-ferdinand\",\"name\":\"tribe_organizers[]\",\"checked\":false},{\"type\":\"checkbox\",\"label\":\"Fred Morrison\",\"value\":989,\"id\":\"tribe-events-filterbar-066c4c4c-fred-morrison\",\"name\":\"tribe_organizers[]\",\"checked\":false},{\"type\":\"checkbox\",\"label\":\"Fredi Leis\",\"value\":4813,\"id\":\"tribe-events-filterbar-4096c9ad-fredi-leis\",\"name\":\"tribe_organizers[]\",\"checked\":false},{\"type\":\"checkbox\",\"label\":\"Fresquito y Mango\",\"value\":1618,\"id\":\"tribe-events-filterbar-f27b049e-fresquito-y-mango\",\"name\":\"tribe_organizers[]\",\"checked\":false},{\"type\":\"checkbox\",\"label\":\"Frnsy\",\"value\":990,\"id\":\"tribe-events-filterbar-20521703-frnsy\",\"name\":\"tribe_organizers[]\",\"checked\":false},{\"type\":\"checkbox\",\"label\":\"Funzo & Baby Loud\",\"value\":1054,\"id\":\"tribe-events-filterbar-ec6648a8-funzo-&-baby-loud\",\"name\":\"tribe_organizers[]\",\"checked\":false},{\"type\":\"checkbox\",\"label\":\"Furious Monkey\",\"value\":924,\"id\":\"tribe-events-filterbar-5c31e892-furious-monkey\",\"name\":\"tribe_organizers[]\",\"checked\":false},{\"type\":\"checkbox\",\"label\":\"Furious Monkey House\",\"value\":1606,\"id\":\"tribe-events-filterbar-02bfc475-furious-monkey-house\",\"name\":\"tribe_organizers[]\",\"checked\":false},{\"type\":\"checkbox\",\"label\":\"Gabri Alonso\",\"value\":1266,\"id\":\"tribe-events-filterbar-38d4e2f8-gabri-alonso\",\"name\":\"tribe_organizers[]\",\"checked\":false},{\"type\":\"checkbox\",\"label\":\"Galician Army\",\"value\":941,\"id\":\"tribe-events-filterbar-617d101d-galician-army\",\"name\":\"tribe_organizers[]\",\"checked\":false},{\"type\":\"checkbox\",\"label\":\"Garza\",\"value\":2008,\"id\":\"tribe-events-filterbar-fc00805e-garza\",\"name\":\"tribe_organizers[]\",\"checked\":false},{\"type\":\"checkbox\",\"label\":\"Gatibu\",\"value\":1844,\"id\":\"tribe-events-filterbar-198eccc5-gatibu\",\"name\":\"tribe_organizers[]\",\"checked\":false}],\"type\":\"checkbox\"},{\"filter_object\":{\"type\":\"checkbox\",\"name\":\"Provincia\",\"slug\":\"filterbar_state_province\",\"priority\":3,\"values\":[{\"name\":\"A Coru\\u00f1a\",\"value\":\"622-698-703-716-724-962-1018-1047-1121-1147-1185-1244-1278-1342-1509-1526-1615-1716-1723-1821-1951-1989-2053-2110-2212-2334-2411-2451-2474-2658-3613-3635-3641-3644-3646-3650-3651-3652-3655-3658-3657-3680-4392-4395-4689-4720-4784-4851-4936-5055\"},{\"name\":\"Lugo\",\"value\":\"615-670-682-777-1323-1516-1544-1880-1889-1934-1974-2229-2239-2665-2672-3617-3645-3661-4425-4441-4576-4605-4653\"},{\"name\":\"Ourense\",\"value\":\"640-652-748-766-1099-1204-1576-1678-1689-1709-1828-1999-2066-2147-2155-2228-2264-2271-2277-2283-2306-2511-2523-2530-2538-2545-2560-2569-2680-3649-3653-4640-4919-4931-4941-4946-3609\"},{\"name\":\"Pontevedra\",\"value\":\"600-632-662-689-709-721-741-760-816-836-1029-1064-1261-1563-1569-1595-1631-1699-1733-1763-1791-1840-1867-1874-1911-1941-1983-2084-2118-2179-2431-2648-2691-3574-3616-3620-3624-3626-3636-3654-3659-3660-4328-4374-4559-4832-4867-4951\"}],\"currentValue\":[],\"isActiveFilter\":true,\"queryArgs\":[],\"joinClause\":\"\",\"whereClause\":\"\",\"searched_meta\":[\"_VenueState\",\"_VenueStateProvince\"],\"relation_meta\":\"_EventVenueID\",\"join_name\":\"state_filter\",\"stack_managed\":false,\"title\":\"Provincia\"},\"label\":\"Provincia\",\"selections_count\":\"\",\"selections\":\"\",\"toggle_id\":\"filterbar_state_province-toggle-b87b61aa-0d83-477a-acbd-8f4b1d9ca126\",\"container_id\":\"filterbar_state_province-container-b87b61aa-0d83-477a-acbd-8f4b1d9ca126\",\"pill_toggle_id\":\"filterbar_state_province-pill-toggle-b87b61aa-0d83-477a-acbd-8f4b1d9ca126\",\"is_open\":false,\"name\":\"tribe_state[]\",\"fields\":[{\"type\":\"checkbox\",\"label\":\"A Coru\\u00f1a\",\"value\":\"622-698-703-716-724-962-1018-1047-1121-1147-1185-1244-1278-1342-1509-1526-1615-1716-1723-1821-1951-1989-2053-2110-2212-2334-2411-2451-2474-2658-3613-3635-3641-3644-3646-3650-3651-3652-3655-3658-3657-3680-4392-4395-4689-4720-4784-4851-4936-5055\",\"id\":\"tribe-events-filterbar-423feaf1-a-coru\\u00f1a\",\"name\":\"tribe_state[]\",\"checked\":false},{\"type\":\"checkbox\",\"label\":\"Lugo\",\"value\":\"615-670-682-777-1323-1516-1544-1880-1889-1934-1974-2229-2239-2665-2672-3617-3645-3661-4425-4441-4576-4605-4653\",\"id\":\"tribe-events-filterbar-33058661-lugo\",\"name\":\"tribe_state[]\",\"checked\":false},{\"type\":\"checkbox\",\"label\":\"Ourense\",\"value\":\"640-652-748-766-1099-1204-1576-1678-1689-1709-1828-1999-2066-2147-2155-2228-2264-2271-2277-2283-2306-2511-2523-2530-2538-2545-2560-2569-2680-3649-3653-4640-4919-4931-4941-4946-3609\",\"id\":\"tribe-events-filterbar-edcc242a-ourense\",\"name\":\"tribe_state[]\",\"checked\":false},{\"type\":\"checkbox\",\"label\":\"Pontevedra\",\"value\":\"600-632-662-689-709-721-741-760-816-836-1029-1064-1261-1563-1569-1595-1631-1699-1733-1763-1791-1840-1867-1874-1911-1941-1983-2084-2118-2179-2431-2648-2691-3574-3616-3620-3624-3626-3636-3654-3659-3660-4328-4374-4559-4832-4867-4951\",\"id\":\"tribe-events-filterbar-d105a95b-pontevedra\",\"name\":\"tribe_state[]\",\"checked\":false}],\"type\":\"checkbox\"},{\"filter_object\":{\"type\":\"checkbox\",\"name\":\"Espacio\",\"slug\":\"filterbar_venue\",\"priority\":4,\"values\":[{\"name\":\"Alameda de Vilaza, Monterrei\",\"value\":748},{\"name\":\"Albergue de Peregrinos A Casa da Vi\\u00fava, A Gudi\\u00f1a\",\"value\":4931},{\"name\":\"Antigua Estaci\\u00f3n de Ferrocarril, A Gudi\\u00f1a\",\"value\":2271},{\"name\":\"Auditorio Afundaci\\u00f3n, Vigo\",\"value\":2084},{\"name\":\"Auditorio Mar de Vigo, Vigo\",\"value\":1983},{\"name\":\"Auditorio Municipal, Carballi\\u00f1o\",\"value\":766},{\"name\":\"Barrio Bemposta, Ourense\",\"value\":1099},{\"name\":\"Bater\\u00eda de Punta Vi\\u00f1as, Ferrol\",\"value\":2474},{\"name\":\"Caf\\u00e9 & Pop Torgal, Ourense\",\"value\":1999},{\"name\":\"Campo Ara Solis, Fisterra\",\"value\":1121},{\"name\":\"Campo da Feira, Cortegada\",\"value\":1689},{\"name\":\"Campo da Feira, Ordes\",\"value\":4851},{\"name\":\"Campo da Feira, Vilalba\",\"value\":1516},{\"name\":\"Campo da Festa de Macendo, Castrelo de Mi\\u00f1o\",\"value\":2277},{\"name\":\"Campo da Festa, Arteixo\",\"value\":698},{\"name\":\"Campo das Cabazas, Ferrol\",\"value\":1615},{\"name\":\"Campo de F\\u00fatbol As Baloutas, Mos\",\"value\":1569},{\"name\":\"Campo de la Feria, Vigo\",\"value\":709},{\"name\":\"Capela da Magdalena, Arz\\u00faa\",\"value\":4936},{\"name\":\"Carballeira de Velar, Zas\",\"value\":1526},{\"name\":\"Carpa Campo da Feira, Lal\\u00edn\",\"value\":816},{\"name\":\"Casco urbano, A Estrada\",\"value\":1911},{\"name\":\"CGAC (Centro Galego de Arte Contempor\\u00e1nea), Santiago de Compostela\",\"value\":4689},{\"name\":\"Claustro del Monasterio de San Salvador, Celanova\",\"value\":1576},{\"name\":\"Colegio Casa de Cultura, Palas de Rei\",\"value\":1880},{\"name\":\"Coliseum, A Coru\\u00f1a\",\"value\":716},{\"name\":\"Complejo Deportivo Monterrei, Pereiro de Aguiar\",\"value\":2228},{\"name\":\"Contorna do Mosteiro, Oia\",\"value\":1941},{\"name\":\"Estadio Abanca Bala\\u00eddos, Vigo\",\"value\":1867},{\"name\":\"Estadio de Riazor, A Coru\\u00f1a\",\"value\":1047},{\"name\":\"Explanada anexa ao \\u2018Meigas e trasgos\\u2019, Sarria\",\"value\":4441},{\"name\":\"Explanada de la Alameda, Mar\\u00edn\",\"value\":1029},{\"name\":\"Explanada de la Compa\\u00f1\\u00eda, Monforte de Lemos\",\"value\":670},{\"name\":\"Explanada del Castillo, Monterrei\",\"value\":2155},{\"name\":\"Explanada del Parque Na\\u00fatico, Castrelo de Mi\\u00f1o\",\"value\":652},{\"name\":\"Explanada del Puerto Deportivo, Ortigueira\",\"value\":962},{\"name\":\"Explanada do Porto, A Guarda\",\"value\":1563},{\"name\":\"Expocoru\\u00f1a, A Coru\\u00f1a\",\"value\":1244},{\"name\":\"Expourense, Ourense\",\"value\":1709},{\"name\":\"Exterior Auditorio Gustavo Freire, Lugo\",\"value\":1544},{\"name\":\"Exterior del Pabell\\u00f3n Municipal, O Porri\\u00f1o\",\"value\":662},{\"name\":\"Exteriores del Pazo de Mos, Mos\",\"value\":600},{\"name\":\"F\\u00e1brica Azucreira de Portas, Caldas de Reis\",\"value\":836},{\"name\":\"Faro de Corrubedo, Ribeira\",\"value\":2411},{\"name\":\"Faro Punta da Barca, Mux\\u00eda\",\"value\":2451},{\"name\":\"Faro Silleiro, Baiona\",\"value\":2431},{\"name\":\"Festival de Pardi\\u00f1as, Guitiriz\",\"value\":1323},{\"name\":\"Fondo de Vila, Padr\\u00f3n\",\"value\":703},{\"name\":\"Fundaci\\u00f3n Luis Seoane, A Coru\\u00f1a\",\"value\":1147},{\"name\":\"Jard\\u00edn Bot\\u00e1nico de Montealegre, Ourense\",\"value\":2283},{\"name\":\"Jard\\u00edn del Palacio de Ferias y Congresos, Lugo\",\"value\":1889},{\"name\":\"Las Ermitas (Parroquia de Antas), A Lama\",\"value\":2648},{\"name\":\"Liceo, Ourense\",\"value\":4919},{\"name\":\"Mosteiro de San Pedro de Rocas, Esgos\",\"value\":4946},{\"name\":\"Mosteiro de Santa Mar\\u00eda, Espada\\u00f1edo\",\"value\":4941},{\"name\":\"Muelle de Bater\\u00eda del Puerto, A Coru\\u00f1a\",\"value\":2334},{\"name\":\"Museo do Mar de Galicia, Vigo\",\"value\":4951},{\"name\":\"O Monte do Gozo, Santiago de Compostela\",\"value\":622},{\"name\":\"Palacio de la \\u00d3pera, A Coru\\u00f1a\",\"value\":1989},{\"name\":\"Parking Caravanas Milladoiro, Ames\",\"value\":2212},{\"name\":\"Parking Municipal, Ribadeo\",\"value\":2239},{\"name\":\"Parque da Palma, Baiona\",\"value\":1874},{\"name\":\"Parque da Pesqueira, Mos\",\"value\":4867},{\"name\":\"Parque de A Preguiza, Ver\\u00edn\",\"value\":640},{\"name\":\"Parque de Bonaval, Santiago de Compostela\",\"value\":1951},{\"name\":\"Parque de Torrado, Cambados\",\"value\":2691},{\"name\":\"Parque O Pasatempo, Betanzos\",\"value\":1018},{\"name\":\"Parque Rosal\\u00eda de Castro, Friol\",\"value\":2665},{\"name\":\"Parque Rosal\\u00eda de Castro, Melide\",\"value\":4395},{\"name\":\"Parroquia de Celeiro, Viveiro\",\"value\":777},{\"name\":\"Paseo del Malec\\u00f3n, O Barco de Valdeorras\",\"value\":2538},{\"name\":\"Paseo Mar\\u00edtimo de Xuvia, Nar\\u00f3n\",\"value\":1723},{\"name\":\"Pazo da Cultura, Pontevedra\",\"value\":2118},{\"name\":\"Peirao de Arcade, Soutomaior\",\"value\":689},{\"name\":\"Peirao de Curuxeiras, Ferrol\",\"value\":1185},{\"name\":\"Peirao de Trasatl\\u00e1nticos, Vigo\",\"value\":1595},{\"name\":\"Pistas Polideportivas del Malec\\u00f3n, O Barco de Valdeorras\",\"value\":2545},{\"name\":\"Playa de la Concha, Vilagarc\\u00eda de Arousa\",\"value\":1064},{\"name\":\"Playa de Riazor, A Coru\\u00f1a\",\"value\":1342},{\"name\":\"Playa Fluvial de o Malec\\u00f3n, O Barco de Valdeorras\",\"value\":1204},{\"name\":\"Plaza Conde Fenosa, Portomar\\u00edn\",\"value\":1974},{\"name\":\"Plaza de Armas, Ferrol\",\"value\":1716},{\"name\":\"Plaza de Espa\\u00f1a, Ribeira\",\"value\":1509},{\"name\":\"Plaza de Fondo de Vila, Padr\\u00f3n\",\"value\":1821},{\"name\":\"Plaza de Jos\\u00e9 Otero, O Barco de Valdeorras\",\"value\":2306},{\"name\":\"Plaza de la Estaci\\u00f3n, A R\\u00faa\",\"value\":2147},{\"name\":\"Plaza de Mar\\u00eda Pita, A Coru\\u00f1a\",\"value\":724},{\"name\":\"Plaza de Ojea, Cangas\",\"value\":721},{\"name\":\"Plaza de Viloira, O Barco de Valdeorras\",\"value\":2569},{\"name\":\"Plaza del Mercado, Vilanova de Arousa\",\"value\":1631},{\"name\":\"Plaza del Seminario, Mondo\\u00f1edo\",\"value\":1934},{\"name\":\"Plaza do Sagrado, O Barco de Valdeorras\",\"value\":2560},{\"name\":\"Plaza Mayor, O Barco de Valdeorras\",\"value\":2511},{\"name\":\"Plaza Mayor, Ver\\u00edn\",\"value\":2264},{\"name\":\"Plaza Pablo Iglesias\",\"value\":4392},{\"name\":\"Por determinar, Lugo\",\"value\":4653},{\"name\":\"Porto de Fisterra, Fisterra\",\"value\":4784},{\"name\":\"Praia de Barbeira, Baiona\",\"value\":1791},{\"name\":\"Praza Ana Pastor, Crecente\",\"value\":4328},{\"name\":\"Praza da Chousa, Combarro\",\"value\":1733},{\"name\":\"Praza da Feira, Palas de Rei\",\"value\":2229},{\"name\":\"Praza da Souteira, Esgos\",\"value\":2680},{\"name\":\"Praza da Vila, Sarria\",\"value\":682},{\"name\":\"Praza de Espa\\u00f1a, Pontevedra\",\"value\":1699},{\"name\":\"Praza de Espa\\u00f1a, Ribadeo\",\"value\":4425},{\"name\":\"Praza do Concello, Cee\",\"value\":2658},{\"name\":\"Praza do Concello, Mondo\\u00f1edo\",\"value\":2672},{\"name\":\"Praza do Concello, Mu\\u00ed\\u00f1os\",\"value\":1678},{\"name\":\"Praza do Concello, Portomar\\u00edn\",\"value\":4605},{\"name\":\"Praza do Concello, Xove\",\"value\":741},{\"name\":\"Praza do Mar, Sanxenxo\",\"value\":4559},{\"name\":\"Praza do Tapal, Noia\",\"value\":1278},{\"name\":\"Praza dos Campos de San Cibrao, San Cibrao\",\"value\":615},{\"name\":\"Praza Maior, Celanova\",\"value\":4640},{\"name\":\"Praza P\\u00fablica de Baamonde\",\"value\":4576},{\"name\":\"Puerto de O Grove, O Grove\",\"value\":4832},{\"name\":\"Puerto Mar\\u00edtimo, Vigo\",\"value\":1763},{\"name\":\"Puerto, Vilaxo\\u00e1n\",\"value\":1840},{\"name\":\"Recinto de Festas do Alivio, Tomi\\u00f1o\",\"value\":1261},{\"name\":\"Recinto Feiral, Tui\",\"value\":760},{\"name\":\"R\\u00faa Abd\\u00f3n Blanco, O Barco de Valdeorras\",\"value\":2523},{\"name\":\"Sala Capitol, Santiago de Compostela\",\"value\":2053},{\"name\":\"Sala Garufa, A Coru\\u00f1a\",\"value\":5055},{\"name\":\"Sala Pel\\u00edcano, A Coru\\u00f1a\",\"value\":2110},{\"name\":\"San Roque, O Barco de Valdeorras\",\"value\":2530},{\"name\":\"Teatro Afundaci\\u00f3n, Vigo\",\"value\":632},{\"name\":\"Teatro Principal, Ourense\",\"value\":2066},{\"name\":\"Terraza Pazo de Congresos Mar de Vigo, Vigo\",\"value\":2179},{\"name\":\"Xard\\u00edn A Barreira, Allariz\",\"value\":1828}],\"currentValue\":[],\"isActiveFilter\":true,\"queryArgs\":[],\"joinClause\":\"\",\"whereClause\":\"\",\"stack_managed\":false,\"title\":\"Espacio\"},\"label\":\"Espacio\",\"selections_count\":\"\",\"selections\":\"\",\"toggle_id\":\"filterbar_venue-toggle-b87b61aa-0d83-477a-acbd-8f4b1d9ca126\",\"container_id\":\"filterbar_venue-container-b87b61aa-0d83-477a-acbd-8f4b1d9ca126\",\"pill_toggle_id\":\"filterbar_venue-pill-toggle-b87b61aa-0d83-477a-acbd-8f4b1d9ca126\",\"is_open\":false,\"name\":\"tribe_venues[]\",\"fields\":[{\"type\":\"checkbox\",\"label\":\"Alameda de Vilaza, Monterrei\",\"value\":748,\"id\":\"tribe-events-filterbar-b97d8b2b-alameda-de-vilaza,-monterrei\",\"name\":\"tribe_venues[]\",\"checked\":false},{\"type\":\"checkbox\",\"label\":\"Albergue de Peregrinos A Casa da Vi\\u00fava, A Gudi\\u00f1a\",\"value\":4931,\"id\":\"tribe-events-filterbar-6887e255-albergue-de-peregrinos-a-casa-da-vi\\u00fava,-a-gudi\\u00f1a\",\"name\":\"tribe_venues[]\",\"checked\":false},{\"type\":\"checkbox\",\"label\":\"Antigua Estaci\\u00f3n de Ferrocarril, A Gudi\\u00f1a\",\"value\":2271,\"id\":\"tribe-events-filterbar-f7b0ba15-antigua-estaci\\u00f3n-de-ferrocarril,-a-gudi\\u00f1a\",\"name\":\"tribe_venues[]\",\"checked\":false},{\"type\":\"checkbox\",\"label\":\"Auditorio Afundaci\\u00f3n, Vigo\",\"value\":2084,\"id\":\"tribe-events-filterbar-2d018aef-auditorio-afundaci\\u00f3n,-vigo\",\"name\":\"tribe_venues[]\",\"checked\":false},{\"type\":\"checkbox\",\"label\":\"Auditorio Mar de Vigo, Vigo\",\"value\":1983,\"id\":\"tribe-events-filterbar-3b7f13d8-auditorio-mar-de-vigo,-vigo\",\"name\":\"tribe_venues[]\",\"checked\":false},{\"type\":\"checkbox\",\"label\":\"Auditorio Municipal, Carballi\\u00f1o\",\"value\":766,\"id\":\"tribe-events-filterbar-c01aa8a7-auditorio-municipal,-carballi\\u00f1o\",\"name\":\"tribe_venues[]\",\"checked\":false},{\"type\":\"checkbox\",\"label\":\"Barrio Bemposta, Ourense\",\"value\":1099,\"id\":\"tribe-events-filterbar-3ce7bb5c-barrio-bemposta,-ourense\",\"name\":\"tribe_venues[]\",\"checked\":false},{\"type\":\"checkbox\",\"label\":\"Bater\\u00eda de Punta Vi\\u00f1as, Ferrol\",\"value\":2474,\"id\":\"tribe-events-filterbar-96b30fb8-bater\\u00eda-de-punta-vi\\u00f1as,-ferrol\",\"name\":\"tribe_venues[]\",\"checked\":false},{\"type\":\"checkbox\",\"label\":\"Caf\\u00e9 & Pop Torgal, Ourense\",\"value\":1999,\"id\":\"tribe-events-filterbar-c35e42b8-caf\\u00e9-&-pop-torgal,-ourense\",\"name\":\"tribe_venues[]\",\"checked\":false},{\"type\":\"checkbox\",\"label\":\"Campo Ara Solis, Fisterra\",\"value\":1121,\"id\":\"tribe-events-filterbar-3c5149c6-campo-ara-solis,-fisterra\",\"name\":\"tribe_venues[]\",\"checked\":false},{\"type\":\"checkbox\",\"label\":\"Campo da Feira, Cortegada\",\"value\":1689,\"id\":\"tribe-events-filterbar-d65fdbc3-campo-da-feira,-cortegada\",\"name\":\"tribe_venues[]\",\"checked\":false},{\"type\":\"checkbox\",\"label\":\"Campo da Feira, Ordes\",\"value\":4851,\"id\":\"tribe-events-filterbar-e83b1f46-campo-da-feira,-ordes\",\"name\":\"tribe_venues[]\",\"checked\":false},{\"type\":\"checkbox\",\"label\":\"Campo da Feira, Vilalba\",\"value\":1516,\"id\":\"tribe-events-filterbar-689e0cc9-campo-da-feira,-vilalba\",\"name\":\"tribe_venues[]\",\"checked\":false},{\"type\":\"checkbox\",\"label\":\"Campo da Festa de Macendo, Castrelo de Mi\\u00f1o\",\"value\":2277,\"id\":\"tribe-events-filterbar-d8321ca8-campo-da-festa-de-macendo,-castrelo-de-mi\\u00f1o\",\"name\":\"tribe_venues[]\",\"checked\":false},{\"type\":\"checkbox\",\"label\":\"Campo da Festa, Arteixo\",\"value\":698,\"id\":\"tribe-events-filterbar-f9b589d5-campo-da-festa,-arteixo\",\"name\":\"tribe_venues[]\",\"checked\":false},{\"type\":\"checkbox\",\"label\":\"Campo das Cabazas, Ferrol\",\"value\":1615,\"id\":\"tribe-events-filterbar-1b995d00-campo-das-cabazas,-ferrol\",\"name\":\"tribe_venues[]\",\"checked\":false},{\"type\":\"checkbox\",\"label\":\"Campo de F\\u00fatbol As Baloutas, Mos\",\"value\":1569,\"id\":\"tribe-events-filterbar-93722c90-campo-de-f\\u00fatbol-as-baloutas,-mos\",\"name\":\"tribe_venues[]\",\"checked\":false},{\"type\":\"checkbox\",\"label\":\"Campo de la Feria, Vigo\",\"value\":709,\"id\":\"tribe-events-filterbar-7af9e6e7-campo-de-la-feria,-vigo\",\"name\":\"tribe_venues[]\",\"checked\":false},{\"type\":\"checkbox\",\"label\":\"Capela da Magdalena, Arz\\u00faa\",\"value\":4936,\"id\":\"tribe-events-filterbar-74cbbacf-capela-da-magdalena,-arz\\u00faa\",\"name\":\"tribe_venues[]\",\"checked\":false},{\"type\":\"checkbox\",\"label\":\"Carballeira de Velar, Zas\",\"value\":1526,\"id\":\"tribe-events-filterbar-38aefabe-carballeira-de-velar,-zas\",\"name\":\"tribe_venues[]\",\"checked\":false},{\"type\":\"checkbox\",\"label\":\"Carpa Campo da Feira, Lal\\u00edn\",\"value\":816,\"id\":\"tribe-events-filterbar-94ea677a-carpa-campo-da-feira,-lal\\u00edn\",\"name\":\"tribe_venues[]\",\"checked\":false},{\"type\":\"checkbox\",\"label\":\"Casco urbano, A Estrada\",\"value\":1911,\"id\":\"tribe-events-filterbar-9e8add6e-casco-urbano,-a-estrada\",\"name\":\"tribe_venues[]\",\"checked\":false},{\"type\":\"checkbox\",\"label\":\"CGAC (Centro Galego de Arte Contempor\\u00e1nea), Santiago de Compostela\",\"value\":4689,\"id\":\"tribe-events-filterbar-26c20f6a-cgac-(centro-galego-de-arte-contempor\\u00e1nea),-santiago-de-compostela\",\"name\":\"tribe_venues[]\",\"checked\":false},{\"type\":\"checkbox\",\"label\":\"Claustro del Monasterio de San Salvador, Celanova\",\"value\":1576,\"id\":\"tribe-events-filterbar-b5dd5e29-claustro-del-monasterio-de-san-salvador,-celanova\",\"name\":\"tribe_venues[]\",\"checked\":false},{\"type\":\"checkbox\",\"label\":\"Colegio Casa de Cultura, Palas de Rei\",\"value\":1880,\"id\":\"tribe-events-filterbar-5829b0b1-colegio-casa-de-cultura,-palas-de-rei\",\"name\":\"tribe_venues[]\",\"checked\":false},{\"type\":\"checkbox\",\"label\":\"Coliseum, A Coru\\u00f1a\",\"value\":716,\"id\":\"tribe-events-filterbar-69f06bca-coliseum,-a-coru\\u00f1a\",\"name\":\"tribe_venues[]\",\"checked\":false},{\"type\":\"checkbox\",\"label\":\"Complejo Deportivo Monterrei, Pereiro de Aguiar\",\"value\":2228,\"id\":\"tribe-events-filterbar-457abc10-complejo-deportivo-monterrei,-pereiro-de-aguiar\",\"name\":\"tribe_venues[]\",\"checked\":false},{\"type\":\"checkbox\",\"label\":\"Contorna do Mosteiro, Oia\",\"value\":1941,\"id\":\"tribe-events-filterbar-fa577676-contorna-do-mosteiro,-oia\",\"name\":\"tribe_venues[]\",\"checked\":false},{\"type\":\"checkbox\",\"label\":\"Estadio Abanca Bala\\u00eddos, Vigo\",\"value\":1867,\"id\":\"tribe-events-filterbar-0115b471-estadio-abanca-bala\\u00eddos,-vigo\",\"name\":\"tribe_venues[]\",\"checked\":false},{\"type\":\"checkbox\",\"label\":\"Estadio de Riazor, A Coru\\u00f1a\",\"value\":1047,\"id\":\"tribe-events-filterbar-baafcab0-estadio-de-riazor,-a-coru\\u00f1a\",\"name\":\"tribe_venues[]\",\"checked\":false},{\"type\":\"checkbox\",\"label\":\"Explanada anexa ao \\u2018Meigas e trasgos\\u2019, Sarria\",\"value\":4441,\"id\":\"tribe-events-filterbar-8a3fbff4-explanada-anexa-ao-\\u2018meigas-e-trasgos\\u2019,-sarria\",\"name\":\"tribe_venues[]\",\"checked\":false},{\"type\":\"checkbox\",\"label\":\"Explanada de la Alameda, Mar\\u00edn\",\"value\":1029,\"id\":\"tribe-events-filterbar-da760b5b-explanada-de-la-alameda,-mar\\u00edn\",\"name\":\"tribe_venues[]\",\"checked\":false},{\"type\":\"checkbox\",\"label\":\"Explanada de la Compa\\u00f1\\u00eda, Monforte de Lemos\",\"value\":670,\"id\":\"tribe-events-filterbar-ec703211-explanada-de-la-compa\\u00f1\\u00eda,-monforte-de-lemos\",\"name\":\"tribe_venues[]\",\"checked\":false},{\"type\":\"checkbox\",\"label\":\"Explanada del Castillo, Monterrei\",\"value\":2155,\"id\":\"tribe-events-filterbar-7a2c343d-explanada-del-castillo,-monterrei\",\"name\":\"tribe_venues[]\",\"checked\":false},{\"type\":\"checkbox\",\"label\":\"Explanada del Parque Na\\u00fatico, Castrelo de Mi\\u00f1o\",\"value\":652,\"id\":\"tribe-events-filterbar-cabc358d-explanada-del-parque-na\\u00fatico,-castrelo-de-mi\\u00f1o\",\"name\":\"tribe_venues[]\",\"checked\":false},{\"type\":\"checkbox\",\"label\":\"Explanada del Puerto Deportivo, Ortigueira\",\"value\":962,\"id\":\"tribe-events-filterbar-05d60f1f-explanada-del-puerto-deportivo,-ortigueira\",\"name\":\"tribe_venues[]\",\"checked\":false},{\"type\":\"checkbox\",\"label\":\"Explanada do Porto, A Guarda\",\"value\":1563,\"id\":\"tribe-events-filterbar-1f0c1e2c-explanada-do-porto,-a-guarda\",\"name\":\"tribe_venues[]\",\"checked\":false},{\"type\":\"checkbox\",\"label\":\"Expocoru\\u00f1a, A Coru\\u00f1a\",\"value\":1244,\"id\":\"tribe-events-filterbar-3da3e36a-expocoru\\u00f1a,-a-coru\\u00f1a\",\"name\":\"tribe_venues[]\",\"checked\":false},{\"type\":\"checkbox\",\"label\":\"Expourense, Ourense\",\"value\":1709,\"id\":\"tribe-events-filterbar-8f04547f-expourense,-ourense\",\"name\":\"tribe_venues[]\",\"checked\":false},{\"type\":\"checkbox\",\"label\":\"Exterior Auditorio Gustavo Freire, Lugo\",\"value\":1544,\"id\":\"tribe-events-filterbar-87155eb7-exterior-auditorio-gustavo-freire,-lugo\",\"name\":\"tribe_venues[]\",\"checked\":false},{\"type\":\"checkbox\",\"label\":\"Exterior del Pabell\\u00f3n Municipal, O Porri\\u00f1o\",\"value\":662,\"id\":\"tribe-events-filterbar-55b730b2-exterior-del-pabell\\u00f3n-municipal,-o-porri\\u00f1o\",\"name\":\"tribe_venues[]\",\"checked\":false},{\"type\":\"checkbox\",\"label\":\"Exteriores del Pazo de Mos, Mos\",\"value\":600,\"id\":\"tribe-events-filterbar-a0d89316-exteriores-del-pazo-de-mos,-mos\",\"name\":\"tribe_venues[]\",\"checked\":false},{\"type\":\"checkbox\",\"label\":\"F\\u00e1brica Azucreira de Portas, Caldas de Reis\",\"value\":836,\"id\":\"tribe-events-filterbar-e02a0fc0-f\\u00e1brica-azucreira-de-portas,-caldas-de-reis\",\"name\":\"tribe_venues[]\",\"checked\":false},{\"type\":\"checkbox\",\"label\":\"Faro de Corrubedo, Ribeira\",\"value\":2411,\"id\":\"tribe-events-filterbar-c5fa7269-faro-de-corrubedo,-ribeira\",\"name\":\"tribe_venues[]\",\"checked\":false},{\"type\":\"checkbox\",\"label\":\"Faro Punta da Barca, Mux\\u00eda\",\"value\":2451,\"id\":\"tribe-events-filterbar-c42de445-faro-punta-da-barca,-mux\\u00eda\",\"name\":\"tribe_venues[]\",\"checked\":false},{\"type\":\"checkbox\",\"label\":\"Faro Silleiro, Baiona\",\"value\":2431,\"id\":\"tribe-events-filterbar-dc47221c-faro-silleiro,-baiona\",\"name\":\"tribe_venues[]\",\"checked\":false},{\"type\":\"checkbox\",\"label\":\"Festival de Pardi\\u00f1as, Guitiriz\",\"value\":1323,\"id\":\"tribe-events-filterbar-1d766f03-festival-de-pardi\\u00f1as,-guitiriz\",\"name\":\"tribe_venues[]\",\"checked\":false},{\"type\":\"checkbox\",\"label\":\"Fondo de Vila, Padr\\u00f3n\",\"value\":703,\"id\":\"tribe-events-filterbar-5f800d7a-fondo-de-vila,-padr\\u00f3n\",\"name\":\"tribe_venues[]\",\"checked\":false},{\"type\":\"checkbox\",\"label\":\"Fundaci\\u00f3n Luis Seoane, A Coru\\u00f1a\",\"value\":1147,\"id\":\"tribe-events-filterbar-253fc4d4-fundaci\\u00f3n-luis-seoane,-a-coru\\u00f1a\",\"name\":\"tribe_venues[]\",\"checked\":false},{\"type\":\"checkbox\",\"label\":\"Jard\\u00edn Bot\\u00e1nico de Montealegre, Ourense\",\"value\":2283,\"id\":\"tribe-events-filterbar-a65a7be7-jard\\u00edn-bot\\u00e1nico-de-montealegre,-ourense\",\"name\":\"tribe_venues[]\",\"checked\":false},{\"type\":\"checkbox\",\"label\":\"Jard\\u00edn del Palacio de Ferias y Congresos, Lugo\",\"value\":1889,\"id\":\"tribe-events-filterbar-b24c94f5-jard\\u00edn-del-palacio-de-ferias-y-congresos,-lugo\",\"name\":\"tribe_venues[]\",\"checked\":false},{\"type\":\"checkbox\",\"label\":\"Las Ermitas (Parroquia de Antas), A Lama\",\"value\":2648,\"id\":\"tribe-events-filterbar-43a38bcf-las-ermitas-(parroquia-de-antas),-a-lama\",\"name\":\"tribe_venues[]\",\"checked\":false},{\"type\":\"checkbox\",\"label\":\"Liceo, Ourense\",\"value\":4919,\"id\":\"tribe-events-filterbar-8e91f055-liceo,-ourense\",\"name\":\"tribe_venues[]\",\"checked\":false},{\"type\":\"checkbox\",\"label\":\"Mosteiro de San Pedro de Rocas, Esgos\",\"value\":4946,\"id\":\"tribe-events-filterbar-06059b3b-mosteiro-de-san-pedro-de-rocas,-esgos\",\"name\":\"tribe_venues[]\",\"checked\":false},{\"type\":\"checkbox\",\"label\":\"Mosteiro de Santa Mar\\u00eda, Espada\\u00f1edo\",\"value\":4941,\"id\":\"tribe-events-filterbar-27eec790-mosteiro-de-santa-mar\\u00eda,-espada\\u00f1edo\",\"name\":\"tribe_venues[]\",\"checked\":false},{\"type\":\"checkbox\",\"label\":\"Muelle de Bater\\u00eda del Puerto, A Coru\\u00f1a\",\"value\":2334,\"id\":\"tribe-events-filterbar-927db0db-muelle-de-bater\\u00eda-del-puerto,-a-coru\\u00f1a\",\"name\":\"tribe_venues[]\",\"checked\":false},{\"type\":\"checkbox\",\"label\":\"Museo do Mar de Galicia, Vigo\",\"value\":4951,\"id\":\"tribe-events-filterbar-f9b56907-museo-do-mar-de-galicia,-vigo\",\"name\":\"tribe_venues[]\",\"checked\":false},{\"type\":\"checkbox\",\"label\":\"O Monte do Gozo, Santiago de Compostela\",\"value\":622,\"id\":\"tribe-events-filterbar-824ff3f7-o-monte-do-gozo,-santiago-de-compostela\",\"name\":\"tribe_venues[]\",\"checked\":false},{\"type\":\"checkbox\",\"label\":\"Palacio de la \\u00d3pera, A Coru\\u00f1a\",\"value\":1989,\"id\":\"tribe-events-filterbar-f45a3062-palacio-de-la-\\u00d3pera,-a-coru\\u00f1a\",\"name\":\"tribe_venues[]\",\"checked\":false},{\"type\":\"checkbox\",\"label\":\"Parking Caravanas Milladoiro, Ames\",\"value\":2212,\"id\":\"tribe-events-filterbar-988f0d7d-parking-caravanas-milladoiro,-ames\",\"name\":\"tribe_venues[]\",\"checked\":false},{\"type\":\"checkbox\",\"label\":\"Parking Municipal, Ribadeo\",\"value\":2239,\"id\":\"tribe-events-filterbar-63228835-parking-municipal,-ribadeo\",\"name\":\"tribe_venues[]\",\"checked\":false},{\"type\":\"checkbox\",\"label\":\"Parque da Palma, Baiona\",\"value\":1874,\"id\":\"tribe-events-filterbar-40f98407-parque-da-palma,-baiona\",\"name\":\"tribe_venues[]\",\"checked\":false},{\"type\":\"checkbox\",\"label\":\"Parque da Pesqueira, Mos\",\"value\":4867,\"id\":\"tribe-events-filterbar-679337f4-parque-da-pesqueira,-mos\",\"name\":\"tribe_venues[]\",\"checked\":false},{\"type\":\"checkbox\",\"label\":\"Parque de A Preguiza, Ver\\u00edn\",\"value\":640,\"id\":\"tribe-events-filterbar-3ff857d9-parque-de-a-preguiza,-ver\\u00edn\",\"name\":\"tribe_venues[]\",\"checked\":false},{\"type\":\"checkbox\",\"label\":\"Parque de Bonaval, Santiago de Compostela\",\"value\":1951,\"id\":\"tribe-events-filterbar-7b79bff5-parque-de-bonaval,-santiago-de-compostela\",\"name\":\"tribe_venues[]\",\"checked\":false},{\"type\":\"checkbox\",\"label\":\"Parque de Torrado, Cambados\",\"value\":2691,\"id\":\"tribe-events-filterbar-7ed2c49e-parque-de-torrado,-cambados\",\"name\":\"tribe_venues[]\",\"checked\":false},{\"type\":\"checkbox\",\"label\":\"Parque O Pasatempo, Betanzos\",\"value\":1018,\"id\":\"tribe-events-filterbar-9466dab7-parque-o-pasatempo,-betanzos\",\"name\":\"tribe_venues[]\",\"checked\":false},{\"type\":\"checkbox\",\"label\":\"Parque Rosal\\u00eda de Castro, Friol\",\"value\":2665,\"id\":\"tribe-events-filterbar-ea2452fd-parque-rosal\\u00eda-de-castro,-friol\",\"name\":\"tribe_venues[]\",\"checked\":false},{\"type\":\"checkbox\",\"label\":\"Parque Rosal\\u00eda de Castro, Melide\",\"value\":4395,\"id\":\"tribe-events-filterbar-e373f17a-parque-rosal\\u00eda-de-castro,-melide\",\"name\":\"tribe_venues[]\",\"checked\":false},{\"type\":\"checkbox\",\"label\":\"Parroquia de Celeiro, Viveiro\",\"value\":777,\"id\":\"tribe-events-filterbar-52b62498-parroquia-de-celeiro,-viveiro\",\"name\":\"tribe_venues[]\",\"checked\":false},{\"type\":\"checkbox\",\"label\":\"Paseo del Malec\\u00f3n, O Barco de Valdeorras\",\"value\":2538,\"id\":\"tribe-events-filterbar-4ba94e6e-paseo-del-malec\\u00f3n,-o-barco-de-valdeorras\",\"name\":\"tribe_venues[]\",\"checked\":false},{\"type\":\"checkbox\",\"label\":\"Paseo Mar\\u00edtimo de Xuvia, Nar\\u00f3n\",\"value\":1723,\"id\":\"tribe-events-filterbar-90a45e80-paseo-mar\\u00edtimo-de-xuvia,-nar\\u00f3n\",\"name\":\"tribe_venues[]\",\"checked\":false},{\"type\":\"checkbox\",\"label\":\"Pazo da Cultura, Pontevedra\",\"value\":2118,\"id\":\"tribe-events-filterbar-a03383fe-pazo-da-cultura,-pontevedra\",\"name\":\"tribe_venues[]\",\"checked\":false},{\"type\":\"checkbox\",\"label\":\"Peirao de Arcade, Soutomaior\",\"value\":689,\"id\":\"tribe-events-filterbar-e426d121-peirao-de-arcade,-soutomaior\",\"name\":\"tribe_venues[]\",\"checked\":false},{\"type\":\"checkbox\",\"label\":\"Peirao de Curuxeiras, Ferrol\",\"value\":1185,\"id\":\"tribe-events-filterbar-33e83792-peirao-de-curuxeiras,-ferrol\",\"name\":\"tribe_venues[]\",\"checked\":false},{\"type\":\"checkbox\",\"label\":\"Peirao de Trasatl\\u00e1nticos, Vigo\",\"value\":1595,\"id\":\"tribe-events-filterbar-4a01a1cc-peirao-de-trasatl\\u00e1nticos,-vigo\",\"name\":\"tribe_venues[]\",\"checked\":false},{\"type\":\"checkbox\",\"label\":\"Pistas Polideportivas del Malec\\u00f3n, O Barco de Valdeorras\",\"value\":2545,\"id\":\"tribe-events-filterbar-66599eb8-pistas-polideportivas-del-malec\\u00f3n,-o-barco-de-valdeorras\",\"name\":\"tribe_venues[]\",\"checked\":false},{\"type\":\"checkbox\",\"label\":\"Playa de la Concha, Vilagarc\\u00eda de Arousa\",\"value\":1064,\"id\":\"tribe-events-filterbar-e80207b0-playa-de-la-concha,-vilagarc\\u00eda-de-arousa\",\"name\":\"tribe_venues[]\",\"checked\":false},{\"type\":\"checkbox\",\"label\":\"Playa de Riazor, A Coru\\u00f1a\",\"value\":1342,\"id\":\"tribe-events-filterbar-f8e0f1f8-playa-de-riazor,-a-coru\\u00f1a\",\"name\":\"tribe_venues[]\",\"checked\":false},{\"type\":\"checkbox\",\"label\":\"Playa Fluvial de o Malec\\u00f3n, O Barco de Valdeorras\",\"value\":1204,\"id\":\"tribe-events-filterbar-8b933839-playa-fluvial-de-o-malec\\u00f3n,-o-barco-de-valdeorras\",\"name\":\"tribe_venues[]\",\"checked\":false},{\"type\":\"checkbox\",\"label\":\"Plaza Conde Fenosa, Portomar\\u00edn\",\"value\":1974,\"id\":\"tribe-events-filterbar-812a733f-plaza-conde-fenosa,-portomar\\u00edn\",\"name\":\"tribe_venues[]\",\"checked\":false},{\"type\":\"checkbox\",\"label\":\"Plaza de Armas, Ferrol\",\"value\":1716,\"id\":\"tribe-events-filterbar-2b772eef-plaza-de-armas,-ferrol\",\"name\":\"tribe_venues[]\",\"checked\":false},{\"type\":\"checkbox\",\"label\":\"Plaza de Espa\\u00f1a, Ribeira\",\"value\":1509,\"id\":\"tribe-events-filterbar-57ab5fdd-plaza-de-espa\\u00f1a,-ribeira\",\"name\":\"tribe_venues[]\",\"checked\":false},{\"type\":\"checkbox\",\"label\":\"Plaza de Fondo de Vila, Padr\\u00f3n\",\"value\":1821,\"id\":\"tribe-events-filterbar-1f74f581-plaza-de-fondo-de-vila,-padr\\u00f3n\",\"name\":\"tribe_venues[]\",\"checked\":false},{\"type\":\"checkbox\",\"label\":\"Plaza de Jos\\u00e9 Otero, O Barco de Valdeorras\",\"value\":2306,\"id\":\"tribe-events-filterbar-b15ec1e4-plaza-de-jos\\u00e9-otero,-o-barco-de-valdeorras\",\"name\":\"tribe_venues[]\",\"checked\":false},{\"type\":\"checkbox\",\"label\":\"Plaza de la Estaci\\u00f3n, A R\\u00faa\",\"value\":2147,\"id\":\"tribe-events-filterbar-d278c7b1-plaza-de-la-estaci\\u00f3n,-a-r\\u00faa\",\"name\":\"tribe_venues[]\",\"checked\":false},{\"type\":\"checkbox\",\"label\":\"Plaza de Mar\\u00eda Pita, A Coru\\u00f1a\",\"value\":724,\"id\":\"tribe-events-filterbar-7a727fb8-plaza-de-mar\\u00eda-pita,-a-coru\\u00f1a\",\"name\":\"tribe_venues[]\",\"checked\":false},{\"type\":\"checkbox\",\"label\":\"Plaza de Ojea, Cangas\",\"value\":721,\"id\":\"tribe-events-filterbar-ef834acf-plaza-de-ojea,-cangas\",\"name\":\"tribe_venues[]\",\"checked\":false},{\"type\":\"checkbox\",\"label\":\"Plaza de Viloira, O Barco de Valdeorras\",\"value\":2569,\"id\":\"tribe-events-filterbar-4e141395-plaza-de-viloira,-o-barco-de-valdeorras\",\"name\":\"tribe_venues[]\",\"checked\":false},{\"type\":\"checkbox\",\"label\":\"Plaza del Mercado, Vilanova de Arousa\",\"value\":1631,\"id\":\"tribe-events-filterbar-def3065b-plaza-del-mercado,-vilanova-de-arousa\",\"name\":\"tribe_venues[]\",\"checked\":false},{\"type\":\"checkbox\",\"label\":\"Plaza del Seminario, Mondo\\u00f1edo\",\"value\":1934,\"id\":\"tribe-events-filterbar-f0d16950-plaza-del-seminario,-mondo\\u00f1edo\",\"name\":\"tribe_venues[]\",\"checked\":false},{\"type\":\"checkbox\",\"label\":\"Plaza do Sagrado, O Barco de Valdeorras\",\"value\":2560,\"id\":\"tribe-events-filterbar-fff2fc18-plaza-do-sagrado,-o-barco-de-valdeorras\",\"name\":\"tribe_venues[]\",\"checked\":false},{\"type\":\"checkbox\",\"label\":\"Plaza Mayor, O Barco de Valdeorras\",\"value\":2511,\"id\":\"tribe-events-filterbar-5fe2b555-plaza-mayor,-o-barco-de-valdeorras\",\"name\":\"tribe_venues[]\",\"checked\":false},{\"type\":\"checkbox\",\"label\":\"Plaza Mayor, Ver\\u00edn\",\"value\":2264,\"id\":\"tribe-events-filterbar-a2ecfc22-plaza-mayor,-ver\\u00edn\",\"name\":\"tribe_venues[]\",\"checked\":false},{\"type\":\"checkbox\",\"label\":\"Plaza Pablo Iglesias\",\"value\":4392,\"id\":\"tribe-events-filterbar-94f9a04c-plaza-pablo-iglesias\",\"name\":\"tribe_venues[]\",\"checked\":false},{\"type\":\"checkbox\",\"label\":\"Por determinar, Lugo\",\"value\":4653,\"id\":\"tribe-events-filterbar-730f03b0-por-determinar,-lugo\",\"name\":\"tribe_venues[]\",\"checked\":false},{\"type\":\"checkbox\",\"label\":\"Porto de Fisterra, Fisterra\",\"value\":4784,\"id\":\"tribe-events-filterbar-93a31c43-porto-de-fisterra,-fisterra\",\"name\":\"tribe_venues[]\",\"checked\":false},{\"type\":\"checkbox\",\"label\":\"Praia de Barbeira, Baiona\",\"value\":1791,\"id\":\"tribe-events-filterbar-b18df798-praia-de-barbeira,-baiona\",\"name\":\"tribe_venues[]\",\"checked\":false},{\"type\":\"checkbox\",\"label\":\"Praza Ana Pastor, Crecente\",\"value\":4328,\"id\":\"tribe-events-filterbar-bf4e032e-praza-ana-pastor,-crecente\",\"name\":\"tribe_venues[]\",\"checked\":false},{\"type\":\"checkbox\",\"label\":\"Praza da Chousa, Combarro\",\"value\":1733,\"id\":\"tribe-events-filterbar-5173f9e8-praza-da-chousa,-combarro\",\"name\":\"tribe_venues[]\",\"checked\":false},{\"type\":\"checkbox\",\"label\":\"Praza da Feira, Palas de Rei\",\"value\":2229,\"id\":\"tribe-events-filterbar-1f2e7c7f-praza-da-feira,-palas-de-rei\",\"name\":\"tribe_venues[]\",\"checked\":false},{\"type\":\"checkbox\",\"label\":\"Praza da Souteira, Esgos\",\"value\":2680,\"id\":\"tribe-events-filterbar-22b498f6-praza-da-souteira,-esgos\",\"name\":\"tribe_venues[]\",\"checked\":false},{\"type\":\"checkbox\",\"label\":\"Praza da Vila, Sarria\",\"value\":682,\"id\":\"tribe-events-filterbar-443c2710-praza-da-vila,-sarria\",\"name\":\"tribe_venues[]\",\"checked\":false},{\"type\":\"checkbox\",\"label\":\"Praza de Espa\\u00f1a, Pontevedra\",\"value\":1699,\"id\":\"tribe-events-filterbar-b7deb9b7-praza-de-espa\\u00f1a,-pontevedra\",\"name\":\"tribe_venues[]\",\"checked\":false},{\"type\":\"checkbox\",\"label\":\"Praza de Espa\\u00f1a, Ribadeo\",\"value\":4425,\"id\":\"tribe-events-filterbar-15499f4d-praza-de-espa\\u00f1a,-ribadeo\",\"name\":\"tribe_venues[]\",\"checked\":false},{\"type\":\"checkbox\",\"label\":\"Praza do Concello, Cee\",\"value\":2658,\"id\":\"tribe-events-filterbar-d476b0e0-praza-do-concello,-cee\",\"name\":\"tribe_venues[]\",\"checked\":false},{\"type\":\"checkbox\",\"label\":\"Praza do Concello, Mondo\\u00f1edo\",\"value\":2672,\"id\":\"tribe-events-filterbar-812abbdf-praza-do-concello,-mondo\\u00f1edo\",\"name\":\"tribe_venues[]\",\"checked\":false},{\"type\":\"checkbox\",\"label\":\"Praza do Concello, Mu\\u00ed\\u00f1os\",\"value\":1678,\"id\":\"tribe-events-filterbar-be873fcc-praza-do-concello,-mu\\u00ed\\u00f1os\",\"name\":\"tribe_venues[]\",\"checked\":false},{\"type\":\"checkbox\",\"label\":\"Praza do Concello, Portomar\\u00edn\",\"value\":4605,\"id\":\"tribe-events-filterbar-54b1d631-praza-do-concello,-portomar\\u00edn\",\"name\":\"tribe_venues[]\",\"checked\":false},{\"type\":\"checkbox\",\"label\":\"Praza do Concello, Xove\",\"value\":741,\"id\":\"tribe-events-filterbar-547ed22c-praza-do-concello,-xove\",\"name\":\"tribe_venues[]\",\"checked\":false},{\"type\":\"checkbox\",\"label\":\"Praza do Mar, Sanxenxo\",\"value\":4559,\"id\":\"tribe-events-filterbar-307894e7-praza-do-mar,-sanxenxo\",\"name\":\"tribe_venues[]\",\"checked\":false},{\"type\":\"checkbox\",\"label\":\"Praza do Tapal, Noia\",\"value\":1278,\"id\":\"tribe-events-filterbar-e6cdda26-praza-do-tapal,-noia\",\"name\":\"tribe_venues[]\",\"checked\":false},{\"type\":\"checkbox\",\"label\":\"Praza dos Campos de San Cibrao, San Cibrao\",\"value\":615,\"id\":\"tribe-events-filterbar-1643efee-praza-dos-campos-de-san-cibrao,-san-cibrao\",\"name\":\"tribe_venues[]\",\"checked\":false},{\"type\":\"checkbox\",\"label\":\"Praza Maior, Celanova\",\"value\":4640,\"id\":\"tribe-events-filterbar-6fa42562-praza-maior,-celanova\",\"name\":\"tribe_venues[]\",\"checked\":false},{\"type\":\"checkbox\",\"label\":\"Praza P\\u00fablica de Baamonde\",\"value\":4576,\"id\":\"tribe-events-filterbar-f8ad28f4-praza-p\\u00fablica-de-baamonde\",\"name\":\"tribe_venues[]\",\"checked\":false},{\"type\":\"checkbox\",\"label\":\"Puerto de O Grove, O Grove\",\"value\":4832,\"id\":\"tribe-events-filterbar-d909ea80-puerto-de-o-grove,-o-grove\",\"name\":\"tribe_venues[]\",\"checked\":false},{\"type\":\"checkbox\",\"label\":\"Puerto Mar\\u00edtimo, Vigo\",\"value\":1763,\"id\":\"tribe-events-filterbar-13f95177-puerto-mar\\u00edtimo,-vigo\",\"name\":\"tribe_venues[]\",\"checked\":false},{\"type\":\"checkbox\",\"label\":\"Puerto, Vilaxo\\u00e1n\",\"value\":1840,\"id\":\"tribe-events-filterbar-80fd3c69-puerto,-vilaxo\\u00e1n\",\"name\":\"tribe_venues[]\",\"checked\":false},{\"type\":\"checkbox\",\"label\":\"Recinto de Festas do Alivio, Tomi\\u00f1o\",\"value\":1261,\"id\":\"tribe-events-filterbar-a10201da-recinto-de-festas-do-alivio,-tomi\\u00f1o\",\"name\":\"tribe_venues[]\",\"checked\":false},{\"type\":\"checkbox\",\"label\":\"Recinto Feiral, Tui\",\"value\":760,\"id\":\"tribe-events-filterbar-29cb8ab1-recinto-feiral,-tui\",\"name\":\"tribe_venues[]\",\"checked\":false},{\"type\":\"checkbox\",\"label\":\"R\\u00faa Abd\\u00f3n Blanco, O Barco de Valdeorras\",\"value\":2523,\"id\":\"tribe-events-filterbar-968a2ac6-r\\u00faa-abd\\u00f3n-blanco,-o-barco-de-valdeorras\",\"name\":\"tribe_venues[]\",\"checked\":false},{\"type\":\"checkbox\",\"label\":\"Sala Capitol, Santiago de Compostela\",\"value\":2053,\"id\":\"tribe-events-filterbar-4bd66f44-sala-capitol,-santiago-de-compostela\",\"name\":\"tribe_venues[]\",\"checked\":false},{\"type\":\"checkbox\",\"label\":\"Sala Garufa, A Coru\\u00f1a\",\"value\":5055,\"id\":\"tribe-events-filterbar-36660fb7-sala-garufa,-a-coru\\u00f1a\",\"name\":\"tribe_venues[]\",\"checked\":false},{\"type\":\"checkbox\",\"label\":\"Sala Pel\\u00edcano, A Coru\\u00f1a\",\"value\":2110,\"id\":\"tribe-events-filterbar-ebb94c54-sala-pel\\u00edcano,-a-coru\\u00f1a\",\"name\":\"tribe_venues[]\",\"checked\":false},{\"type\":\"checkbox\",\"label\":\"San Roque, O Barco de Valdeorras\",\"value\":2530,\"id\":\"tribe-events-filterbar-397fc445-san-roque,-o-barco-de-valdeorras\",\"name\":\"tribe_venues[]\",\"checked\":false},{\"type\":\"checkbox\",\"label\":\"Teatro Afundaci\\u00f3n, Vigo\",\"value\":632,\"id\":\"tribe-events-filterbar-71ed30fe-teatro-afundaci\\u00f3n,-vigo\",\"name\":\"tribe_venues[]\",\"checked\":false},{\"type\":\"checkbox\",\"label\":\"Teatro Principal, Ourense\",\"value\":2066,\"id\":\"tribe-events-filterbar-0e73ecb0-teatro-principal,-ourense\",\"name\":\"tribe_venues[]\",\"checked\":false},{\"type\":\"checkbox\",\"label\":\"Terraza Pazo de Congresos Mar de Vigo, Vigo\",\"value\":2179,\"id\":\"tribe-events-filterbar-1e89ddff-terraza-pazo-de-congresos-mar-de-vigo,-vigo\",\"name\":\"tribe_venues[]\",\"checked\":false},{\"type\":\"checkbox\",\"label\":\"Xard\\u00edn A Barreira, Allariz\",\"value\":1828,\"id\":\"tribe-events-filterbar-99504ca3-xard\\u00edn-a-barreira,-allariz\",\"name\":\"tribe_venues[]\",\"checked\":false}],\"type\":\"checkbox\"},{\"filter_object\":{\"type\":\"checkbox\",\"name\":\"Ciclo\",\"slug\":\"filterbar_tag\",\"priority\":5,\"values\":{\"20\":{\"name\":\"Ciclo Xacobeo Importa\",\"value\":20},\"21\":{\"name\":\"Ciclo Xacobeo no Interior\",\"value\":21},\"22\":{\"name\":\"Ciclo Xacobeo Vigo\",\"value\":22},\"23\":{\"name\":\"Ciclo Los40 Classic Locos por Galicia\",\"value\":23},\"24\":{\"name\":\"Los Conciertos de La Regi\\u00f3n\",\"value\":24},\"25\":{\"name\":\"Noites do Porto\",\"value\":25},\"26\":{\"name\":\"Concertos na Fin do Mundo\",\"value\":26},\"27\":{\"name\":\"Terras\\u00f3n\",\"value\":27},\"40\":{\"name\":\"Ciclo Revenidas - Xacobeo 21-22\",\"value\":40},\"42\":{\"name\":\"Cami\\u00f1o de contos e cantares\",\"value\":42},\"44\":{\"name\":\"Los Conciertos de Atl\\u00e1ntico\",\"value\":44}},\"currentValue\":[],\"isActiveFilter\":true,\"queryArgs\":[],\"joinClause\":\"\",\"whereClause\":\"\",\"stack_managed\":false,\"title\":\"Ciclo\"},\"label\":\"Ciclo\",\"selections_count\":\"\",\"selections\":\"\",\"toggle_id\":\"filterbar_tag-toggle-b87b61aa-0d83-477a-acbd-8f4b1d9ca126\",\"container_id\":\"filterbar_tag-container-b87b61aa-0d83-477a-acbd-8f4b1d9ca126\",\"pill_toggle_id\":\"filterbar_tag-pill-toggle-b87b61aa-0d83-477a-acbd-8f4b1d9ca126\",\"is_open\":false,\"name\":\"tribe_tags[]\",\"fields\":[{\"type\":\"checkbox\",\"label\":\"Ciclo Xacobeo Importa\",\"value\":20,\"id\":\"tribe-events-filterbar-25820696-ciclo-xacobeo-importa\",\"name\":\"tribe_tags[]\",\"checked\":false},{\"type\":\"checkbox\",\"label\":\"Ciclo Xacobeo no Interior\",\"value\":21,\"id\":\"tribe-events-filterbar-06a9528a-ciclo-xacobeo-no-interior\",\"name\":\"tribe_tags[]\",\"checked\":false},{\"type\":\"checkbox\",\"label\":\"Ciclo Xacobeo Vigo\",\"value\":22,\"id\":\"tribe-events-filterbar-214c4d49-ciclo-xacobeo-vigo\",\"name\":\"tribe_tags[]\",\"checked\":false},{\"type\":\"checkbox\",\"label\":\"Ciclo Los40 Classic Locos por Galicia\",\"value\":23,\"id\":\"tribe-events-filterbar-0ec7c7e6-ciclo-los40-classic-locos-por-galicia\",\"name\":\"tribe_tags[]\",\"checked\":false},{\"type\":\"checkbox\",\"label\":\"Los Conciertos de La Regi\\u00f3n\",\"value\":24,\"id\":\"tribe-events-filterbar-afe8d142-los-conciertos-de-la-regi\\u00f3n\",\"name\":\"tribe_tags[]\",\"checked\":false},{\"type\":\"checkbox\",\"label\":\"Noites do Porto\",\"value\":25,\"id\":\"tribe-events-filterbar-69768758-noites-do-porto\",\"name\":\"tribe_tags[]\",\"checked\":false},{\"type\":\"checkbox\",\"label\":\"Concertos na Fin do Mundo\",\"value\":26,\"id\":\"tribe-events-filterbar-0613efc0-concertos-na-fin-do-mundo\",\"name\":\"tribe_tags[]\",\"checked\":false},{\"type\":\"checkbox\",\"label\":\"Terras\\u00f3n\",\"value\":27,\"id\":\"tribe-events-filterbar-ecec3794-terras\\u00f3n\",\"name\":\"tribe_tags[]\",\"checked\":false},{\"type\":\"checkbox\",\"label\":\"Ciclo Revenidas - Xacobeo 21-22\",\"value\":40,\"id\":\"tribe-events-filterbar-406b98fb-ciclo-revenidas---xacobeo-21-22\",\"name\":\"tribe_tags[]\",\"checked\":false},{\"type\":\"checkbox\",\"label\":\"Cami\\u00f1o de contos e cantares\",\"value\":42,\"id\":\"tribe-events-filterbar-fceaeef5-cami\\u00f1o-de-contos-e-cantares\",\"name\":\"tribe_tags[]\",\"checked\":false},{\"type\":\"checkbox\",\"label\":\"Los Conciertos de Atl\\u00e1ntico\",\"value\":44,\"id\":\"tribe-events-filterbar-61499a68-los-conciertos-de-atl\\u00e1ntico\",\"name\":\"tribe_tags[]\",\"checked\":false}],\"type\":\"checkbox\"}],\"selected_filters\":[],\"mobile_initial_state_control\":true,\"display_recurring_toggle\":false,\"_context\":{\"slug\":\"photo\",\"should_manage_url\":false},\"text\":\"Loading...\",\"classes\":[\"tribe-common-c-loader__dot\",\"tribe-common-c-loader__dot--third\"]}<\/script>\n\n\t\t\n\t\t<header  class=\"tribe-events-header tribe-events-header--has-event-search\" >\n\t\t\t\n\t\t\t\n\t\t\t\n\t\t\t<div class=\"tribe-events-c-top-bar tribe-events-header__top-bar\">\n\n\t<nav class=\"tribe-events-c-top-bar__nav tribe-common-a11y-hidden\">\n\t<ul class=\"tribe-events-c-top-bar__nav-list\">\n\t\t<li class=\"tribe-events-c-top-bar__nav-list-item\">\n\t<button\n\t\tclass=\"tribe-common-c-btn-icon tribe-common-c-btn-icon--caret-left tribe-events-c-top-bar__nav-link tribe-events-c-top-bar__nav-link--prev\"\n\t\taria-label=\"Anterior\"\n\t\ttitle=\"Anterior\"\n\t\tdisabled\n\t>\n\t\t<svg  class=\"tribe-common-c-svgicon tribe-common-c-svgicon--caret-left tribe-common-c-btn-icon__icon-svg tribe-events-c-top-bar__nav-link-icon-svg\"  xmlns=\"http:\/\/www.w3.org\/2000\/svg\" viewBox=\"0 0 10 16\"><path d=\"M9.7 14.4l-1.5 1.5L.3 8 8.2.1l1.5 1.5L3.3 8l6.4 6.4z\"\/><\/svg>\n\t<\/button>\n<\/li>\n\n\t\t<li class=\"tribe-events-c-top-bar__nav-list-item\">\n\t<a\n\t\thref=\"https:\/\/concertosdoxacobeo.gal\/2021\/eventos\/photo\/2021-04-01\/pxina\/2\/?hide_subsequent_recurrences=1&#038;shortcode=c47d62c1\"\n\t\tclass=\"tribe-common-c-btn-icon tribe-common-c-btn-icon--caret-right tribe-events-c-top-bar__nav-link tribe-events-c-top-bar__nav-link--next\"\n\t\taria-label=\"Seguinte\"\n\t\ttitle=\"Seguinte\"\n\t\tdata-js=\"tribe-events-view-link\"\n\t>\n\t\t<svg  class=\"tribe-common-c-svgicon tribe-common-c-svgicon--caret-right tribe-common-c-btn-icon__icon-svg tribe-events-c-top-bar__nav-link-icon-svg\"  xmlns=\"http:\/\/www.w3.org\/2000\/svg\" viewBox=\"0 0 10 16\"><path d=\"M.3 1.6L1.8.1 9.7 8l-7.9 7.9-1.5-1.5L6.7 8 .3 1.6z\"\/><\/svg>\n\t<\/a>\n<\/li>\n\t<\/ul>\n<\/nav>\n\n\t<a\n\thref=\"https:\/\/concertosdoxacobeo.gal\/2021\/eventos\/photo\/?hide_subsequent_recurrences=1&#038;rest_route=%2Fwp%2Fv2%2Fpages%2F291&#038;shortcode=c47d62c1\"\n\tclass=\"tribe-common-c-btn-border-small tribe-events-c-top-bar__today-button tribe-common-a11y-hidden\"\n\tdata-js=\"tribe-events-view-link\"\n\taria-label=\"Fai clic para seleccionar a data de hoxe\"\n\ttitle=\"Fai clic para seleccionar a data de hoxe\"\n>\n\tHoxe<\/a>\n\n\t<div class=\"tribe-events-c-top-bar__datepicker\">\n\t<button\n\t\tclass=\"tribe-common-h3 tribe-common-h--alt tribe-events-c-top-bar__datepicker-button\"\n\t\tdata-js=\"tribe-events-top-bar-datepicker-button\"\n\t\ttype=\"button\"\n\t\taria-label=\"Click to toggle datepicker\"\n\t\ttitle=\"Click to toggle datepicker\"\n\t>\n\t\t<time\n\t\t\tdatetime=\"2021-04-01\"\n\t\t\tclass=\"tribe-events-c-top-bar__datepicker-time\"\n\t\t>\n\t\t\t\t\t\t\t<span class=\"tribe-events-c-top-bar__datepicker-mobile\">\n\t\t\t\t\t01\/04\/2021\t\t\t\t<\/span>\n\t\t\t\t<span class=\"tribe-events-c-top-bar__datepicker-desktop tribe-common-a11y-hidden\">\n\t\t\t\t\t1 Abril, 2021\t\t\t\t<\/span>\n\t\t\t\t\t<\/time>\n\t\t\t\t\t<span class=\"tribe-events-c-top-bar__datepicker-separator\"> - <\/span>\n\t\t\t<time\n\t\t\t\tdatetime=\"2022-07-15\"\n\t\t\t\tclass=\"tribe-events-c-top-bar__datepicker-time\"\n\t\t\t>\n\t\t\t\t<span class=\"tribe-events-c-top-bar__datepicker-mobile\">\n\t\t\t\t\t15\/07\/2022\t\t\t\t<\/span>\n\t\t\t\t<span class=\"tribe-events-c-top-bar__datepicker-desktop tribe-common-a11y-hidden\">\n\t\t\t\t\t15 Xullo, 2022\t\t\t\t<\/span>\n\t\t\t<\/time>\n\t\t\t\t<svg  class=\"tribe-common-c-svgicon tribe-common-c-svgicon--caret-down tribe-events-c-top-bar__datepicker-button-icon-svg\"  viewBox=\"0 0 10 7\" xmlns=\"http:\/\/www.w3.org\/2000\/svg\"><path fill-rule=\"evenodd\" clip-rule=\"evenodd\" d=\"M1.008.609L5 4.6 8.992.61l.958.958L5 6.517.05 1.566l.958-.958z\" class=\"tribe-common-c-svgicon__svg-fill\"\/><\/svg>\n\t<\/button>\n\t<label\n\t\tclass=\"tribe-events-c-top-bar__datepicker-label tribe-common-a11y-visual-hide\"\n\t\tfor=\"tribe-events-top-bar-date\"\n\t>\n\t\tSelect date.\t<\/label>\n\t<input\n\t\ttype=\"text\"\n\t\tclass=\"tribe-events-c-top-bar__datepicker-input tribe-common-a11y-visual-hide\"\n\t\tdata-js=\"tribe-events-top-bar-date\"\n\t\tid=\"tribe-events-top-bar-date\"\n\t\tname=\"tribe-events-views[tribe-bar-date]\"\n\t\tvalue=\"01\/04\/2021\"\n\t\ttabindex=\"-1\"\n\t\tautocomplete=\"off\"\n\t\treadonly=\"readonly\"\n\t\/>\n\t<div class=\"tribe-events-c-top-bar__datepicker-container\" data-js=\"tribe-events-top-bar-datepicker-container\"><\/div>\n\t<template class=\"tribe-events-c-top-bar__datepicker-template-prev-icon\">\n\t\t<svg  class=\"tribe-common-c-svgicon tribe-common-c-svgicon--caret-left tribe-events-c-top-bar__datepicker-nav-icon-svg\"  xmlns=\"http:\/\/www.w3.org\/2000\/svg\" viewBox=\"0 0 10 16\"><path d=\"M9.7 14.4l-1.5 1.5L.3 8 8.2.1l1.5 1.5L3.3 8l6.4 6.4z\"\/><\/svg>\n\t<\/template>\n\t<template class=\"tribe-events-c-top-bar__datepicker-template-next-icon\">\n\t\t<svg  class=\"tribe-common-c-svgicon tribe-common-c-svgicon--caret-right tribe-events-c-top-bar__datepicker-nav-icon-svg\"  xmlns=\"http:\/\/www.w3.org\/2000\/svg\" viewBox=\"0 0 10 16\"><path d=\"M.3 1.6L1.8.1 9.7 8l-7.9 7.9-1.5-1.5L6.7 8 .3 1.6z\"\/><\/svg>\n\t<\/template>\n<\/div>\n\n\t<div class=\"tribe-events-c-top-bar__actions tribe-common-a11y-hidden\">\n\t<\/div>\n\n<\/div>\n\t\t<\/header>\n\n\t\t\n\t\t<div class=\"tribe-events-pro-photo\">\n\n\t\t\t<div class=\"tribe-common-g-row tribe-common-g-row--gutters\">\n\n\t\t\t\t\t\t\t\t\t\n\t\t\t\t\t<article  class=\"tribe-common-g-col tribe-events-pro-photo__event post-598 tribe_events type-tribe_events status-publish has-post-thumbnail tribe_events_cat-concertos cat_concertos\" >\n\n\t<div class=\"tribe-events-pro-photo__event-featured-image-wrapper\">\n\t<a\n\t\thref=\"https:\/\/concertosdoxacobeo.gal\/2021\/evento\/tanxugueiras-lamontagne-pico-amperio\/\"\n\t\ttitle=\"Tanxugueiras + LaMontagne &#038; Pico Amperio\"\n\t\trel=\"bookmark\"\n\t\tclass=\"tribe-events-pro-photo__event-featured-image-link\"\n\t>\n\t\t<img\n\t\t\tsrc=\"https:\/\/concertosdoxacobeo.gal\/2021\/wp-content\/uploads\/2022\/08\/tanxugueiras.jpg\"\n\t\t\t\t\t\t\tsrcset=\"https:\/\/concertosdoxacobeo.gal\/2021\/wp-content\/uploads\/2022\/08\/tanxugueiras-300x300.jpg 300w, https:\/\/concertosdoxacobeo.gal\/2021\/wp-content\/uploads\/2022\/08\/tanxugueiras-1024x1024.jpg 1024w, https:\/\/concertosdoxacobeo.gal\/2021\/wp-content\/uploads\/2022\/08\/tanxugueiras-150x150.jpg 150w, https:\/\/concertosdoxacobeo.gal\/2021\/wp-content\/uploads\/2022\/08\/tanxugueiras-768x768.jpg 768w, https:\/\/concertosdoxacobeo.gal\/2021\/wp-content\/uploads\/2022\/08\/tanxugueiras-100x100.jpg 100w, https:\/\/concertosdoxacobeo.gal\/2021\/wp-content\/uploads\/2022\/08\/tanxugueiras-140x140.jpg 140w, https:\/\/concertosdoxacobeo.gal\/2021\/wp-content\/uploads\/2022\/08\/tanxugueiras-500x500.jpg 500w, https:\/\/concertosdoxacobeo.gal\/2021\/wp-content\/uploads\/2022\/08\/tanxugueiras-350x350.jpg 350w, https:\/\/concertosdoxacobeo.gal\/2021\/wp-content\/uploads\/2022\/08\/tanxugueiras-1000x1000.jpg 1000w, https:\/\/concertosdoxacobeo.gal\/2021\/wp-content\/uploads\/2022\/08\/tanxugueiras-800x800.jpg 800w, https:\/\/concertosdoxacobeo.gal\/2021\/wp-content\/uploads\/2022\/08\/tanxugueiras.jpg 1500w\"\n\t\t\t\t\t\t\t\t\t\t\t\t\ttitle=\"tanxugueiras\"\n\t\t\t\t\t\tclass=\"tribe-events-pro-photo__event-featured-image\"\n\t\t\/>\n\t<\/a>\n<\/div>\n\n\t<div class=\"tribe-events-pro-photo__event-details-wrapper\">\n\t\t<div class=\"tribe-events-pro-photo__event-date-tag tribe-common-g-col\">\n\t<time class=\"tribe-events-pro-photo__event-date-tag-datetime\" datetime=\"2022-06-03\">\n\t\t<span class=\"tribe-events-pro-photo__event-date-tag-month\">\n\t\t\tXu\u00f1\t\t<\/span>\n\t\t<span class=\"tribe-events-pro-photo__event-date-tag-daynum tribe-common-h5 tribe-common-h4--min-medium\">\n\t\t\t3\t\t<\/span>\n\t<\/time>\n<\/div>\n\t\t<div class=\"tribe-events-pro-photo__event-details\">\n\t\t\t<div class=\"tribe-events-pro-photo__event-datetime tribe-common-b2\">\n\t\t\t\t<time datetime=\"22:00\">\n\t\t\t22:00\t\t<\/time>\n\t\t\t\t\t<span class=\"tribe-events-events-pro-photo__event-datetime-separator\"> \u2013 <\/span>\n\t\t\t<time datetime=\"23:59\">\n\t\t\t\t23:59\t\t\t<\/time>\n\t\t\t\t<\/div>\n\t\t\t<h3 class=\"tribe-events-pro-photo__event-title tribe-common-h6\">\n\t<a\n\t\thref=\"https:\/\/concertosdoxacobeo.gal\/2021\/evento\/tanxugueiras-lamontagne-pico-amperio\/\"\n\t\ttitle=\"Tanxugueiras + LaMontagne &#038; Pico Amperio\"\n\t\trel=\"bookmark\"\n\t\tclass=\"tribe-events-pro-photo__event-title-link tribe-common-anchor-thin\"\n\t>\n\t\tTanxugueiras + LaMontagne &#038; Pico Amperio\t<\/a>\n<\/h3>\n\t\t\t<div class=\"tribe-events-c-small-cta tribe-common-b3 tribe-events-pro-photo__event-cost\">\n\t<span class=\"tribe-events-c-small-cta__price\">\n\t\tDe balde\t<\/span>\n<\/div>\n\t\t<\/div>\n\t<\/div>\n\n<\/article>\n\n\t\t\t\t\t\t\t\t\t\n\t\t\t\t\t<article  class=\"tribe-common-g-col tribe-events-pro-photo__event post-620 tribe_events type-tribe_events status-publish has-post-thumbnail tribe_events_cat-concertos cat_concertos\" >\n\n\t<div class=\"tribe-events-pro-photo__event-featured-image-wrapper\">\n\t<a\n\t\thref=\"https:\/\/concertosdoxacobeo.gal\/2021\/evento\/marc-anthony\/\"\n\t\ttitle=\"Marc Anthony\"\n\t\trel=\"bookmark\"\n\t\tclass=\"tribe-events-pro-photo__event-featured-image-link\"\n\t>\n\t\t<img\n\t\t\tsrc=\"https:\/\/concertosdoxacobeo.gal\/2021\/wp-content\/uploads\/2022\/08\/marc-anthony.jpg\"\n\t\t\t\t\t\t\tsrcset=\"https:\/\/concertosdoxacobeo.gal\/2021\/wp-content\/uploads\/2022\/08\/marc-anthony-300x300.jpg 300w, https:\/\/concertosdoxacobeo.gal\/2021\/wp-content\/uploads\/2022\/08\/marc-anthony-1024x1024.jpg 1024w, https:\/\/concertosdoxacobeo.gal\/2021\/wp-content\/uploads\/2022\/08\/marc-anthony-150x150.jpg 150w, https:\/\/concertosdoxacobeo.gal\/2021\/wp-content\/uploads\/2022\/08\/marc-anthony-768x768.jpg 768w, https:\/\/concertosdoxacobeo.gal\/2021\/wp-content\/uploads\/2022\/08\/marc-anthony-100x100.jpg 100w, https:\/\/concertosdoxacobeo.gal\/2021\/wp-content\/uploads\/2022\/08\/marc-anthony-140x140.jpg 140w, https:\/\/concertosdoxacobeo.gal\/2021\/wp-content\/uploads\/2022\/08\/marc-anthony-500x500.jpg 500w, https:\/\/concertosdoxacobeo.gal\/2021\/wp-content\/uploads\/2022\/08\/marc-anthony-350x350.jpg 350w, https:\/\/concertosdoxacobeo.gal\/2021\/wp-content\/uploads\/2022\/08\/marc-anthony-1000x1000.jpg 1000w, https:\/\/concertosdoxacobeo.gal\/2021\/wp-content\/uploads\/2022\/08\/marc-anthony-800x800.jpg 800w, https:\/\/concertosdoxacobeo.gal\/2021\/wp-content\/uploads\/2022\/08\/marc-anthony.jpg 1500w\"\n\t\t\t\t\t\t\t\t\t\t\t\t\ttitle=\"marc-anthony\"\n\t\t\t\t\t\tclass=\"tribe-events-pro-photo__event-featured-image\"\n\t\t\/>\n\t<\/a>\n<\/div>\n\n\t<div class=\"tribe-events-pro-photo__event-details-wrapper\">\n\t\t<div class=\"tribe-events-pro-photo__event-date-tag tribe-common-g-col\">\n\t<time class=\"tribe-events-pro-photo__event-date-tag-datetime\" datetime=\"2022-06-19\">\n\t\t<span class=\"tribe-events-pro-photo__event-date-tag-month\">\n\t\t\tXu\u00f1\t\t<\/span>\n\t\t<span class=\"tribe-events-pro-photo__event-date-tag-daynum tribe-common-h5 tribe-common-h4--min-medium\">\n\t\t\t19\t\t<\/span>\n\t<\/time>\n<\/div>\n\t\t<div class=\"tribe-events-pro-photo__event-details\">\n\t\t\t<div class=\"tribe-events-pro-photo__event-datetime tribe-common-b2\">\n\t\t\t\t<time datetime=\"22:00\">\n\t\t\t22:00\t\t<\/time>\n\t\t\t\t\t<span class=\"tribe-events-events-pro-photo__event-datetime-separator\"> \u2013 <\/span>\n\t\t\t<time datetime=\"23:59\">\n\t\t\t\t23:59\t\t\t<\/time>\n\t\t\t\t<\/div>\n\t\t\t<h3 class=\"tribe-events-pro-photo__event-title tribe-common-h6\">\n\t<a\n\t\thref=\"https:\/\/concertosdoxacobeo.gal\/2021\/evento\/marc-anthony\/\"\n\t\ttitle=\"Marc Anthony\"\n\t\trel=\"bookmark\"\n\t\tclass=\"tribe-events-pro-photo__event-title-link tribe-common-anchor-thin\"\n\t>\n\t\tMarc Anthony\t<\/a>\n<\/h3>\n\t\t\t<div class=\"tribe-events-c-small-cta tribe-common-b3 tribe-events-pro-photo__event-cost\">\n\t<span class=\"tribe-events-c-small-cta__price\">\n\t\t53,50\u20ac\t<\/span>\n<\/div>\n\t\t<\/div>\n\t<\/div>\n\n<\/article>\n\n\t\t\t\t\t\t\t\t\t\n\t\t\t\t\t<article  class=\"tribe-common-g-col tribe-events-pro-photo__event post-630 tribe_events type-tribe_events status-publish has-post-thumbnail tribe_events_cat-concertos cat_concertos\" >\n\n\t<div class=\"tribe-events-pro-photo__event-featured-image-wrapper\">\n\t<a\n\t\thref=\"https:\/\/concertosdoxacobeo.gal\/2021\/evento\/rufus-wainwright\/\"\n\t\ttitle=\"Rufus Wainwright\"\n\t\trel=\"bookmark\"\n\t\tclass=\"tribe-events-pro-photo__event-featured-image-link\"\n\t>\n\t\t<img\n\t\t\tsrc=\"https:\/\/concertosdoxacobeo.gal\/2021\/wp-content\/uploads\/2022\/08\/rufus-winwright.jpg\"\n\t\t\t\t\t\t\tsrcset=\"https:\/\/concertosdoxacobeo.gal\/2021\/wp-content\/uploads\/2022\/08\/rufus-winwright-300x300.jpg 300w, https:\/\/concertosdoxacobeo.gal\/2021\/wp-content\/uploads\/2022\/08\/rufus-winwright-1024x1024.jpg 1024w, https:\/\/concertosdoxacobeo.gal\/2021\/wp-content\/uploads\/2022\/08\/rufus-winwright-150x150.jpg 150w, https:\/\/concertosdoxacobeo.gal\/2021\/wp-content\/uploads\/2022\/08\/rufus-winwright-768x768.jpg 768w, https:\/\/concertosdoxacobeo.gal\/2021\/wp-content\/uploads\/2022\/08\/rufus-winwright-100x100.jpg 100w, https:\/\/concertosdoxacobeo.gal\/2021\/wp-content\/uploads\/2022\/08\/rufus-winwright-140x140.jpg 140w, https:\/\/concertosdoxacobeo.gal\/2021\/wp-content\/uploads\/2022\/08\/rufus-winwright-500x500.jpg 500w, https:\/\/concertosdoxacobeo.gal\/2021\/wp-content\/uploads\/2022\/08\/rufus-winwright-350x350.jpg 350w, https:\/\/concertosdoxacobeo.gal\/2021\/wp-content\/uploads\/2022\/08\/rufus-winwright-1000x1000.jpg 1000w, https:\/\/concertosdoxacobeo.gal\/2021\/wp-content\/uploads\/2022\/08\/rufus-winwright-800x800.jpg 800w, https:\/\/concertosdoxacobeo.gal\/2021\/wp-content\/uploads\/2022\/08\/rufus-winwright.jpg 1500w\"\n\t\t\t\t\t\t\t\t\t\t\t\t\ttitle=\"rufus-winwright\"\n\t\t\t\t\t\tclass=\"tribe-events-pro-photo__event-featured-image\"\n\t\t\/>\n\t<\/a>\n<\/div>\n\n\t<div class=\"tribe-events-pro-photo__event-details-wrapper\">\n\t\t<div class=\"tribe-events-pro-photo__event-date-tag tribe-common-g-col\">\n\t<time class=\"tribe-events-pro-photo__event-date-tag-datetime\" datetime=\"2022-07-02\">\n\t\t<span class=\"tribe-events-pro-photo__event-date-tag-month\">\n\t\t\tXul\t\t<\/span>\n\t\t<span class=\"tribe-events-pro-photo__event-date-tag-daynum tribe-common-h5 tribe-common-h4--min-medium\">\n\t\t\t2\t\t<\/span>\n\t<\/time>\n<\/div>\n\t\t<div class=\"tribe-events-pro-photo__event-details\">\n\t\t\t<div class=\"tribe-events-pro-photo__event-datetime tribe-common-b2\">\n\t\t\t\t<time datetime=\"21:00\">\n\t\t\t21:00\t\t<\/time>\n\t\t\t\t\t<span class=\"tribe-events-events-pro-photo__event-datetime-separator\"> \u2013 <\/span>\n\t\t\t<time datetime=\"23:00\">\n\t\t\t\t23:00\t\t\t<\/time>\n\t\t\t\t<\/div>\n\t\t\t<h3 class=\"tribe-events-pro-photo__event-title tribe-common-h6\">\n\t<a\n\t\thref=\"https:\/\/concertosdoxacobeo.gal\/2021\/evento\/rufus-wainwright\/\"\n\t\ttitle=\"Rufus Wainwright\"\n\t\trel=\"bookmark\"\n\t\tclass=\"tribe-events-pro-photo__event-title-link tribe-common-anchor-thin\"\n\t>\n\t\tRufus Wainwright\t<\/a>\n<\/h3>\n\t\t\t<div class=\"tribe-events-c-small-cta tribe-common-b3 tribe-events-pro-photo__event-cost\">\n\t<span class=\"tribe-events-c-small-cta__price\">\n\t\t18\u20ac - 33\u20ac\t<\/span>\n<\/div>\n\t\t<\/div>\n\t<\/div>\n\n<\/article>\n\n\t\t\t\t\t\t\t\t\t\n\t\t\t\t\t<article  class=\"tribe-common-g-col tribe-events-pro-photo__event post-638 tribe_events type-tribe_events status-publish has-post-thumbnail tribe_events_cat-concertos cat_concertos\" >\n\n\t<div class=\"tribe-events-pro-photo__event-featured-image-wrapper\">\n\t<a\n\t\thref=\"https:\/\/concertosdoxacobeo.gal\/2021\/evento\/xoel-lopez-pablo-lesuit\/\"\n\t\ttitle=\"Xoel L\u00f3pez + Pablo Lesuit\"\n\t\trel=\"bookmark\"\n\t\tclass=\"tribe-events-pro-photo__event-featured-image-link\"\n\t>\n\t\t<img\n\t\t\tsrc=\"https:\/\/concertosdoxacobeo.gal\/2021\/wp-content\/uploads\/2022\/08\/xoel-lopez.jpg\"\n\t\t\t\t\t\t\tsrcset=\"https:\/\/concertosdoxacobeo.gal\/2021\/wp-content\/uploads\/2022\/08\/xoel-lopez-300x300.jpg 300w, https:\/\/concertosdoxacobeo.gal\/2021\/wp-content\/uploads\/2022\/08\/xoel-lopez-1024x1024.jpg 1024w, https:\/\/concertosdoxacobeo.gal\/2021\/wp-content\/uploads\/2022\/08\/xoel-lopez-150x150.jpg 150w, https:\/\/concertosdoxacobeo.gal\/2021\/wp-content\/uploads\/2022\/08\/xoel-lopez-768x768.jpg 768w, https:\/\/concertosdoxacobeo.gal\/2021\/wp-content\/uploads\/2022\/08\/xoel-lopez-100x100.jpg 100w, https:\/\/concertosdoxacobeo.gal\/2021\/wp-content\/uploads\/2022\/08\/xoel-lopez-140x140.jpg 140w, https:\/\/concertosdoxacobeo.gal\/2021\/wp-content\/uploads\/2022\/08\/xoel-lopez-500x500.jpg 500w, https:\/\/concertosdoxacobeo.gal\/2021\/wp-content\/uploads\/2022\/08\/xoel-lopez-350x350.jpg 350w, https:\/\/concertosdoxacobeo.gal\/2021\/wp-content\/uploads\/2022\/08\/xoel-lopez-1000x1000.jpg 1000w, https:\/\/concertosdoxacobeo.gal\/2021\/wp-content\/uploads\/2022\/08\/xoel-lopez-800x800.jpg 800w, https:\/\/concertosdoxacobeo.gal\/2021\/wp-content\/uploads\/2022\/08\/xoel-lopez.jpg 1500w\"\n\t\t\t\t\t\t\t\t\t\t\t\t\ttitle=\"xoel-lopez\"\n\t\t\t\t\t\tclass=\"tribe-events-pro-photo__event-featured-image\"\n\t\t\/>\n\t<\/a>\n<\/div>\n\n\t<div class=\"tribe-events-pro-photo__event-details-wrapper\">\n\t\t<div class=\"tribe-events-pro-photo__event-date-tag tribe-common-g-col\">\n\t<time class=\"tribe-events-pro-photo__event-date-tag-datetime\" datetime=\"2022-07-03\">\n\t\t<span class=\"tribe-events-pro-photo__event-date-tag-month\">\n\t\t\tXul\t\t<\/span>\n\t\t<span class=\"tribe-events-pro-photo__event-date-tag-daynum tribe-common-h5 tribe-common-h4--min-medium\">\n\t\t\t3\t\t<\/span>\n\t<\/time>\n<\/div>\n\t\t<div class=\"tribe-events-pro-photo__event-details\">\n\t\t\t<div class=\"tribe-events-pro-photo__event-datetime tribe-common-b2\">\n\t\t\t\t<time datetime=\"21:00\">\n\t\t\t21:00\t\t<\/time>\n\t\t\t\t\t<span class=\"tribe-events-events-pro-photo__event-datetime-separator\"> \u2013 <\/span>\n\t\t\t<time datetime=\"23:00\">\n\t\t\t\t23:00\t\t\t<\/time>\n\t\t\t\t<\/div>\n\t\t\t<h3 class=\"tribe-events-pro-photo__event-title tribe-common-h6\">\n\t<a\n\t\thref=\"https:\/\/concertosdoxacobeo.gal\/2021\/evento\/xoel-lopez-pablo-lesuit\/\"\n\t\ttitle=\"Xoel L\u00f3pez + Pablo Lesuit\"\n\t\trel=\"bookmark\"\n\t\tclass=\"tribe-events-pro-photo__event-title-link tribe-common-anchor-thin\"\n\t>\n\t\tXoel L\u00f3pez + Pablo Lesuit\t<\/a>\n<\/h3>\n\t\t\t<div class=\"tribe-events-c-small-cta tribe-common-b3 tribe-events-pro-photo__event-cost\">\n\t<span class=\"tribe-events-c-small-cta__price\">\n\t\tDe balde\t<\/span>\n<\/div>\n\t\t<\/div>\n\t<\/div>\n\n<\/article>\n\n\t\t\t\t\t\t\t\t\t\n\t\t\t\t\t<article  class=\"tribe-common-g-col tribe-events-pro-photo__event post-650 tribe_events type-tribe_events status-publish has-post-thumbnail tribe_events_cat-concertos cat_concertos\" >\n\n\t<div class=\"tribe-events-pro-photo__event-featured-image-wrapper\">\n\t<a\n\t\thref=\"https:\/\/concertosdoxacobeo.gal\/2021\/evento\/victor-manuel\/\"\n\t\ttitle=\"V\u00edctor Manuel\"\n\t\trel=\"bookmark\"\n\t\tclass=\"tribe-events-pro-photo__event-featured-image-link\"\n\t>\n\t\t<img\n\t\t\tsrc=\"https:\/\/concertosdoxacobeo.gal\/2021\/wp-content\/uploads\/2022\/08\/victor-manuel.jpg\"\n\t\t\t\t\t\t\tsrcset=\"https:\/\/concertosdoxacobeo.gal\/2021\/wp-content\/uploads\/2022\/08\/victor-manuel-300x300.jpg 300w, https:\/\/concertosdoxacobeo.gal\/2021\/wp-content\/uploads\/2022\/08\/victor-manuel-1024x1024.jpg 1024w, https:\/\/concertosdoxacobeo.gal\/2021\/wp-content\/uploads\/2022\/08\/victor-manuel-150x150.jpg 150w, https:\/\/concertosdoxacobeo.gal\/2021\/wp-content\/uploads\/2022\/08\/victor-manuel-768x768.jpg 768w, https:\/\/concertosdoxacobeo.gal\/2021\/wp-content\/uploads\/2022\/08\/victor-manuel-100x100.jpg 100w, https:\/\/concertosdoxacobeo.gal\/2021\/wp-content\/uploads\/2022\/08\/victor-manuel-140x140.jpg 140w, https:\/\/concertosdoxacobeo.gal\/2021\/wp-content\/uploads\/2022\/08\/victor-manuel-500x500.jpg 500w, https:\/\/concertosdoxacobeo.gal\/2021\/wp-content\/uploads\/2022\/08\/victor-manuel-350x350.jpg 350w, https:\/\/concertosdoxacobeo.gal\/2021\/wp-content\/uploads\/2022\/08\/victor-manuel-1000x1000.jpg 1000w, https:\/\/concertosdoxacobeo.gal\/2021\/wp-content\/uploads\/2022\/08\/victor-manuel-800x800.jpg 800w, https:\/\/concertosdoxacobeo.gal\/2021\/wp-content\/uploads\/2022\/08\/victor-manuel.jpg 1500w\"\n\t\t\t\t\t\t\t\t\t\t\t\t\ttitle=\"victor-manuel\"\n\t\t\t\t\t\tclass=\"tribe-events-pro-photo__event-featured-image\"\n\t\t\/>\n\t<\/a>\n<\/div>\n\n\t<div class=\"tribe-events-pro-photo__event-details-wrapper\">\n\t\t<div class=\"tribe-events-pro-photo__event-date-tag tribe-common-g-col\">\n\t<time class=\"tribe-events-pro-photo__event-date-tag-datetime\" datetime=\"2022-07-07\">\n\t\t<span class=\"tribe-events-pro-photo__event-date-tag-month\">\n\t\t\tXul\t\t<\/span>\n\t\t<span class=\"tribe-events-pro-photo__event-date-tag-daynum tribe-common-h5 tribe-common-h4--min-medium\">\n\t\t\t7\t\t<\/span>\n\t<\/time>\n<\/div>\n\t\t<div class=\"tribe-events-pro-photo__event-details\">\n\t\t\t<div class=\"tribe-events-pro-photo__event-datetime tribe-common-b2\">\n\t\t\t\t<time datetime=\"21:30\">\n\t\t\t21:30\t\t<\/time>\n\t\t\t\t\t<span class=\"tribe-events-events-pro-photo__event-datetime-separator\"> \u2013 <\/span>\n\t\t\t<time datetime=\"23:30\">\n\t\t\t\t23:30\t\t\t<\/time>\n\t\t\t\t<\/div>\n\t\t\t<h3 class=\"tribe-events-pro-photo__event-title tribe-common-h6\">\n\t<a\n\t\thref=\"https:\/\/concertosdoxacobeo.gal\/2021\/evento\/victor-manuel\/\"\n\t\ttitle=\"V\u00edctor Manuel\"\n\t\trel=\"bookmark\"\n\t\tclass=\"tribe-events-pro-photo__event-title-link tribe-common-anchor-thin\"\n\t>\n\t\tV\u00edctor Manuel\t<\/a>\n<\/h3>\n\t\t\t<div class=\"tribe-events-c-small-cta tribe-common-b3 tribe-events-pro-photo__event-cost\">\n\t<span class=\"tribe-events-c-small-cta__price\">\n\t\tDe balde\t<\/span>\n<\/div>\n\t\t<\/div>\n\t<\/div>\n\n<\/article>\n\n\t\t\t\t\t\t\t\t\t\n\t\t\t\t\t<article  class=\"tribe-common-g-col tribe-events-pro-photo__event post-655 tribe_events type-tribe_events status-publish has-post-thumbnail tribe_events_cat-concertos cat_concertos\" >\n\n\t<div class=\"tribe-events-pro-photo__event-featured-image-wrapper\">\n\t<a\n\t\thref=\"https:\/\/concertosdoxacobeo.gal\/2021\/evento\/imagine-dragons\/\"\n\t\ttitle=\"Imagine Dragons\"\n\t\trel=\"bookmark\"\n\t\tclass=\"tribe-events-pro-photo__event-featured-image-link\"\n\t>\n\t\t<img\n\t\t\tsrc=\"https:\/\/concertosdoxacobeo.gal\/2021\/wp-content\/uploads\/2022\/08\/imagine-dragons.jpg\"\n\t\t\t\t\t\t\tsrcset=\"https:\/\/concertosdoxacobeo.gal\/2021\/wp-content\/uploads\/2022\/08\/imagine-dragons-300x300.jpg 300w, https:\/\/concertosdoxacobeo.gal\/2021\/wp-content\/uploads\/2022\/08\/imagine-dragons-1024x1024.jpg 1024w, https:\/\/concertosdoxacobeo.gal\/2021\/wp-content\/uploads\/2022\/08\/imagine-dragons-150x150.jpg 150w, https:\/\/concertosdoxacobeo.gal\/2021\/wp-content\/uploads\/2022\/08\/imagine-dragons-768x768.jpg 768w, https:\/\/concertosdoxacobeo.gal\/2021\/wp-content\/uploads\/2022\/08\/imagine-dragons-100x100.jpg 100w, https:\/\/concertosdoxacobeo.gal\/2021\/wp-content\/uploads\/2022\/08\/imagine-dragons-140x140.jpg 140w, https:\/\/concertosdoxacobeo.gal\/2021\/wp-content\/uploads\/2022\/08\/imagine-dragons-500x500.jpg 500w, https:\/\/concertosdoxacobeo.gal\/2021\/wp-content\/uploads\/2022\/08\/imagine-dragons-350x350.jpg 350w, https:\/\/concertosdoxacobeo.gal\/2021\/wp-content\/uploads\/2022\/08\/imagine-dragons-1000x1000.jpg 1000w, https:\/\/concertosdoxacobeo.gal\/2021\/wp-content\/uploads\/2022\/08\/imagine-dragons-800x800.jpg 800w, https:\/\/concertosdoxacobeo.gal\/2021\/wp-content\/uploads\/2022\/08\/imagine-dragons.jpg 1500w\"\n\t\t\t\t\t\t\t\t\t\t\t\t\ttitle=\"imagine-dragons\"\n\t\t\t\t\t\tclass=\"tribe-events-pro-photo__event-featured-image\"\n\t\t\/>\n\t<\/a>\n<\/div>\n\n\t<div class=\"tribe-events-pro-photo__event-details-wrapper\">\n\t\t<div class=\"tribe-events-pro-photo__event-date-tag tribe-common-g-col\">\n\t<time class=\"tribe-events-pro-photo__event-date-tag-datetime\" datetime=\"2022-07-11\">\n\t\t<span class=\"tribe-events-pro-photo__event-date-tag-month\">\n\t\t\tXul\t\t<\/span>\n\t\t<span class=\"tribe-events-pro-photo__event-date-tag-daynum tribe-common-h5 tribe-common-h4--min-medium\">\n\t\t\t11\t\t<\/span>\n\t<\/time>\n<\/div>\n\t\t<div class=\"tribe-events-pro-photo__event-details\">\n\t\t\t<div class=\"tribe-events-pro-photo__event-datetime tribe-common-b2\">\n\t\t\t\t<time datetime=\"22:00\">\n\t\t\t22:00\t\t<\/time>\n\t\t\t\t\t<span class=\"tribe-events-events-pro-photo__event-datetime-separator\"> \u2013 <\/span>\n\t\t\t<time datetime=\"23:59\">\n\t\t\t\t23:59\t\t\t<\/time>\n\t\t\t\t<\/div>\n\t\t\t<h3 class=\"tribe-events-pro-photo__event-title tribe-common-h6\">\n\t<a\n\t\thref=\"https:\/\/concertosdoxacobeo.gal\/2021\/evento\/imagine-dragons\/\"\n\t\ttitle=\"Imagine Dragons\"\n\t\trel=\"bookmark\"\n\t\tclass=\"tribe-events-pro-photo__event-title-link tribe-common-anchor-thin\"\n\t>\n\t\tImagine Dragons\t<\/a>\n<\/h3>\n\t\t\t<div class=\"tribe-events-c-small-cta tribe-common-b3 tribe-events-pro-photo__event-cost\">\n\t<span class=\"tribe-events-c-small-cta__price\">\n\t\t57\u20ac\t<\/span>\n<\/div>\n\t\t<\/div>\n\t<\/div>\n\n<\/article>\n\n\t\t\t\t\t\t\t\t\t\n\t\t\t\t\t<article  class=\"tribe-common-g-col tribe-events-pro-photo__event post-660 tribe_events type-tribe_events status-publish has-post-thumbnail tribe_events_cat-concertos cat_concertos\" >\n\n\t<div class=\"tribe-events-pro-photo__event-featured-image-wrapper\">\n\t<a\n\t\thref=\"https:\/\/concertosdoxacobeo.gal\/2021\/evento\/taburete\/\"\n\t\ttitle=\"Taburete\"\n\t\trel=\"bookmark\"\n\t\tclass=\"tribe-events-pro-photo__event-featured-image-link\"\n\t>\n\t\t<img\n\t\t\tsrc=\"https:\/\/concertosdoxacobeo.gal\/2021\/wp-content\/uploads\/2022\/08\/taburete.jpg\"\n\t\t\t\t\t\t\tsrcset=\"https:\/\/concertosdoxacobeo.gal\/2021\/wp-content\/uploads\/2022\/08\/taburete-300x300.jpg 300w, https:\/\/concertosdoxacobeo.gal\/2021\/wp-content\/uploads\/2022\/08\/taburete-1024x1024.jpg 1024w, https:\/\/concertosdoxacobeo.gal\/2021\/wp-content\/uploads\/2022\/08\/taburete-150x150.jpg 150w, https:\/\/concertosdoxacobeo.gal\/2021\/wp-content\/uploads\/2022\/08\/taburete-768x768.jpg 768w, https:\/\/concertosdoxacobeo.gal\/2021\/wp-content\/uploads\/2022\/08\/taburete-100x100.jpg 100w, https:\/\/concertosdoxacobeo.gal\/2021\/wp-content\/uploads\/2022\/08\/taburete-140x140.jpg 140w, https:\/\/concertosdoxacobeo.gal\/2021\/wp-content\/uploads\/2022\/08\/taburete-500x500.jpg 500w, https:\/\/concertosdoxacobeo.gal\/2021\/wp-content\/uploads\/2022\/08\/taburete-350x350.jpg 350w, https:\/\/concertosdoxacobeo.gal\/2021\/wp-content\/uploads\/2022\/08\/taburete-1000x1000.jpg 1000w, https:\/\/concertosdoxacobeo.gal\/2021\/wp-content\/uploads\/2022\/08\/taburete-800x800.jpg 800w, https:\/\/concertosdoxacobeo.gal\/2021\/wp-content\/uploads\/2022\/08\/taburete.jpg 1500w\"\n\t\t\t\t\t\t\t\t\t\t\t\t\ttitle=\"taburete\"\n\t\t\t\t\t\tclass=\"tribe-events-pro-photo__event-featured-image\"\n\t\t\/>\n\t<\/a>\n<\/div>\n\n\t<div class=\"tribe-events-pro-photo__event-details-wrapper\">\n\t\t<div class=\"tribe-events-pro-photo__event-date-tag tribe-common-g-col\">\n\t<time class=\"tribe-events-pro-photo__event-date-tag-datetime\" datetime=\"2022-07-14\">\n\t\t<span class=\"tribe-events-pro-photo__event-date-tag-month\">\n\t\t\tXul\t\t<\/span>\n\t\t<span class=\"tribe-events-pro-photo__event-date-tag-daynum tribe-common-h5 tribe-common-h4--min-medium\">\n\t\t\t14\t\t<\/span>\n\t<\/time>\n<\/div>\n\t\t<div class=\"tribe-events-pro-photo__event-details\">\n\t\t\t<div class=\"tribe-events-pro-photo__event-datetime tribe-common-b2\">\n\t\t\t\t<time datetime=\"22:00\">\n\t\t\t22:00\t\t<\/time>\n\t\t\t\t\t<span class=\"tribe-events-events-pro-photo__event-datetime-separator\"> \u2013 <\/span>\n\t\t\t<time datetime=\"23:59\">\n\t\t\t\t23:59\t\t\t<\/time>\n\t\t\t\t<\/div>\n\t\t\t<h3 class=\"tribe-events-pro-photo__event-title tribe-common-h6\">\n\t<a\n\t\thref=\"https:\/\/concertosdoxacobeo.gal\/2021\/evento\/taburete\/\"\n\t\ttitle=\"Taburete\"\n\t\trel=\"bookmark\"\n\t\tclass=\"tribe-events-pro-photo__event-title-link tribe-common-anchor-thin\"\n\t>\n\t\tTaburete\t<\/a>\n<\/h3>\n\t\t\t<div class=\"tribe-events-c-small-cta tribe-common-b3 tribe-events-pro-photo__event-cost\">\n\t<span class=\"tribe-events-c-small-cta__price\">\n\t\t10\u20ac\t<\/span>\n<\/div>\n\t\t<\/div>\n\t<\/div>\n\n<\/article>\n\n\t\t\t\t\t\t\t\t\t\n\t\t\t\t\t<article  class=\"tribe-common-g-col tribe-events-pro-photo__event post-668 tribe_events type-tribe_events status-publish has-post-thumbnail tribe_events_cat-concertos cat_concertos\" >\n\n\t<div class=\"tribe-events-pro-photo__event-featured-image-wrapper\">\n\t<a\n\t\thref=\"https:\/\/concertosdoxacobeo.gal\/2021\/evento\/los-secretos\/\"\n\t\ttitle=\"Los Secretos\"\n\t\trel=\"bookmark\"\n\t\tclass=\"tribe-events-pro-photo__event-featured-image-link\"\n\t>\n\t\t<img\n\t\t\tsrc=\"https:\/\/concertosdoxacobeo.gal\/2021\/wp-content\/uploads\/2022\/08\/los-secretos.jpg\"\n\t\t\t\t\t\t\tsrcset=\"https:\/\/concertosdoxacobeo.gal\/2021\/wp-content\/uploads\/2022\/08\/los-secretos-300x300.jpg 300w, https:\/\/concertosdoxacobeo.gal\/2021\/wp-content\/uploads\/2022\/08\/los-secretos-1024x1024.jpg 1024w, https:\/\/concertosdoxacobeo.gal\/2021\/wp-content\/uploads\/2022\/08\/los-secretos-150x150.jpg 150w, https:\/\/concertosdoxacobeo.gal\/2021\/wp-content\/uploads\/2022\/08\/los-secretos-768x768.jpg 768w, https:\/\/concertosdoxacobeo.gal\/2021\/wp-content\/uploads\/2022\/08\/los-secretos-100x100.jpg 100w, https:\/\/concertosdoxacobeo.gal\/2021\/wp-content\/uploads\/2022\/08\/los-secretos-140x140.jpg 140w, https:\/\/concertosdoxacobeo.gal\/2021\/wp-content\/uploads\/2022\/08\/los-secretos-500x500.jpg 500w, https:\/\/concertosdoxacobeo.gal\/2021\/wp-content\/uploads\/2022\/08\/los-secretos-350x350.jpg 350w, https:\/\/concertosdoxacobeo.gal\/2021\/wp-content\/uploads\/2022\/08\/los-secretos-1000x1000.jpg 1000w, https:\/\/concertosdoxacobeo.gal\/2021\/wp-content\/uploads\/2022\/08\/los-secretos-800x800.jpg 800w, https:\/\/concertosdoxacobeo.gal\/2021\/wp-content\/uploads\/2022\/08\/los-secretos.jpg 1500w\"\n\t\t\t\t\t\t\t\t\t\t\t\t\ttitle=\"los-secretos\"\n\t\t\t\t\t\tclass=\"tribe-events-pro-photo__event-featured-image\"\n\t\t\/>\n\t<\/a>\n<\/div>\n\n\t<div class=\"tribe-events-pro-photo__event-details-wrapper\">\n\t\t<div class=\"tribe-events-pro-photo__event-date-tag tribe-common-g-col\">\n\t<time class=\"tribe-events-pro-photo__event-date-tag-datetime\" datetime=\"2022-07-15\">\n\t\t<span class=\"tribe-events-pro-photo__event-date-tag-month\">\n\t\t\tXul\t\t<\/span>\n\t\t<span class=\"tribe-events-pro-photo__event-date-tag-daynum tribe-common-h5 tribe-common-h4--min-medium\">\n\t\t\t15\t\t<\/span>\n\t<\/time>\n<\/div>\n\t\t<div class=\"tribe-events-pro-photo__event-details\">\n\t\t\t<div class=\"tribe-events-pro-photo__event-datetime tribe-common-b2\">\n\t\t\t\t<time datetime=\"22:30\">\n\t\t\t22:30\t\t<\/time>\n\t\t\t\t\t<span class=\"tribe-events-events-pro-photo__event-datetime-separator\"> \u2013 <\/span>\n\t\t\t<time datetime=\"23:59\">\n\t\t\t\t23:59\t\t\t<\/time>\n\t\t\t\t<\/div>\n\t\t\t<h3 class=\"tribe-events-pro-photo__event-title tribe-common-h6\">\n\t<a\n\t\thref=\"https:\/\/concertosdoxacobeo.gal\/2021\/evento\/los-secretos\/\"\n\t\ttitle=\"Los Secretos\"\n\t\trel=\"bookmark\"\n\t\tclass=\"tribe-events-pro-photo__event-title-link tribe-common-anchor-thin\"\n\t>\n\t\tLos Secretos\t<\/a>\n<\/h3>\n\t\t\t<div class=\"tribe-events-c-small-cta tribe-common-b3 tribe-events-pro-photo__event-cost\">\n\t<span class=\"tribe-events-c-small-cta__price\">\n\t\tDe balde\t<\/span>\n<\/div>\n\t\t<\/div>\n\t<\/div>\n\n<\/article>\n\n\t\t\t\t\n\t\t\t<\/div>\n\n\t\t<\/div>\n\n\t\t<nav class=\"tribe-events-pro-photo-nav tribe-events-c-nav\">\n\t<ul class=\"tribe-events-c-nav__list\">\n\t\t<li class=\"tribe-events-c-nav__list-item tribe-events-c-nav__list-item--prev\">\n\t<button\n\t\tclass=\"tribe-events-c-nav__prev tribe-common-b2 tribe-common-b1--min-medium\"\n\t\taria-label=\"Anterior\"\n\t\ttitle=\"Anterior\"\n\t\tdisabled\n\t>\n\t\t<svg  class=\"tribe-common-c-svgicon tribe-common-c-svgicon--caret-left tribe-events-c-nav__prev-icon-svg\"  xmlns=\"http:\/\/www.w3.org\/2000\/svg\" viewBox=\"0 0 10 16\"><path d=\"M9.7 14.4l-1.5 1.5L.3 8 8.2.1l1.5 1.5L3.3 8l6.4 6.4z\"\/><\/svg>\n\t\t<span class=\"tribe-events-c-nav__prev-label\">\n\t\t\tAnterior\t\t<\/span>\n\t<\/button>\n<\/li>\n\n\t\t<li class=\"tribe-events-c-nav__list-item tribe-events-c-nav__list-item--today\">\n\t<a\n\t\thref=\"https:\/\/concertosdoxacobeo.gal\/2021\/eventos\/photo\/?hide_subsequent_recurrences=1&#038;rest_route=%2Fwp%2Fv2%2Fpages%2F291&#038;shortcode=c47d62c1\"\n\t\tclass=\"tribe-events-c-nav__today tribe-common-b2\"\n\t\tdata-js=\"tribe-events-view-link\"\n\t\taria-label=\"Click to select today&#039;s date\"\n\t\ttitle=\"Click to select today&#039;s date\"\n\t>\n\t\tToday\t<\/a>\n<\/li>\n\n\t\t<li class=\"tribe-events-c-nav__list-item tribe-events-c-nav__list-item--next\">\n\t<a\n\t\thref=\"https:\/\/concertosdoxacobeo.gal\/2021\/eventos\/photo\/2021-04-01\/pxina\/2\/?hide_subsequent_recurrences=1&#038;shortcode=c47d62c1\"\n\t\trel=\"next\"\n\t\tclass=\"tribe-events-c-nav__next tribe-common-b2 tribe-common-b1--min-medium\"\n\t\tdata-js=\"tribe-events-view-link\"\n\t\taria-label=\"Seguinte\"\n\t\ttitle=\"Seguinte\"\n\t>\n\t\t<span class=\"tribe-events-c-nav__next-label\">\n\t\t\tSeguinte\t\t<\/span>\n\t\t<svg  class=\"tribe-common-c-svgicon tribe-common-c-svgicon--caret-right tribe-events-c-nav__next-icon-svg\"  xmlns=\"http:\/\/www.w3.org\/2000\/svg\" viewBox=\"0 0 10 16\"><path d=\"M.3 1.6L1.8.1 9.7 8l-7.9 7.9-1.5-1.5L6.7 8 .3 1.6z\"\/><\/svg>\n\t<\/a>\n<\/li>\n\t<\/ul>\n<\/nav>\n\n\t\t<div class=\"tribe-events-c-subscribe-dropdown__container\">\n\t<div class=\"tribe-events-c-subscribe-dropdown\">\n\t\t<div class=\"tribe-common-c-btn-border tribe-events-c-subscribe-dropdown__button\" tabindex=\"0\">\n\t\t\t<button class=\"tribe-events-c-subscribe-dropdown__button-text\">\n\t\t\t\tSubscribirse ao calendario\t\t\t<\/button>\n\t\t\t<svg  class=\"tribe-common-c-svgicon tribe-common-c-svgicon--caret-down tribe-events-c-subscribe-dropdown__button-icon\"  viewBox=\"0 0 10 7\" xmlns=\"http:\/\/www.w3.org\/2000\/svg\"><path fill-rule=\"evenodd\" clip-rule=\"evenodd\" d=\"M1.008.609L5 4.6 8.992.61l.958.958L5 6.517.05 1.566l.958-.958z\" class=\"tribe-common-c-svgicon__svg-fill\"\/><\/svg>\n\t\t<\/div>\n\t\t<div class=\"tribe-events-c-subscribe-dropdown__content\">\n\t\t\t<ul class=\"tribe-events-c-subscribe-dropdown__list\" tabindex=\"0\">\n\t\t\t\t\t\t\t\t\t\n<li class=\"tribe-events-c-subscribe-dropdown__list-item\">\n\t<a\n\t\thref=\"https:\/\/www.google.com\/calendar\/render?cid=webcal%3A%2F%2Fconcertosdoxacobeo.gal%2F2021%2F%3Fpost_type%3Dtribe_events%26tribe-bar-date%3D2021-04-01%26ical%3D1%26eventDisplay%3Dlist%26tribe_events_cat%3Dconcertos\"\n\t\tclass=\"tribe-events-c-subscribe-dropdown__list-item-link\"\n\t\ttabindex=\"0\"\n\t\ttarget=\"_blank\"\n\t\trel=\"noopener noreferrer nofollow noindex\"\n\t>\n\t\tGoogle Calendar\t<\/a>\n<\/li>\n\t\t\t\t\t\t\t\t\t\n<li class=\"tribe-events-c-subscribe-dropdown__list-item\">\n\t<a\n\t\thref=\"webcal:\/\/concertosdoxacobeo.gal\/2021\/?post_type=tribe_events&#038;tribe-bar-date=2021-04-01&#038;ical=1&#038;eventDisplay=list&#038;tribe_events_cat=concertos\"\n\t\tclass=\"tribe-events-c-subscribe-dropdown__list-item-link\"\n\t\ttabindex=\"0\"\n\t\ttarget=\"_blank\"\n\t\trel=\"noopener noreferrer nofollow noindex\"\n\t>\n\t\tiCalendar\t<\/a>\n<\/li>\n\t\t\t\t\t\t\t\t\t\n<li class=\"tribe-events-c-subscribe-dropdown__list-item\">\n\t<a\n\t\thref=\"https:\/\/outlook.office.com\/owa?path=%2Fcalendar%2Faction%2Fcompose&#038;rru=addsubscription&#038;url=webcal%253A%252F%252Fconcertosdoxacobeo.gal%252F2021%252F%253Fpost_type%253Dtribe_events%2526tribe-bar-date%253D2021-04-01%2526eventDisplay%253Dlist%2526tribe_events_cat%253Dconcertos%26ical%3D1&#038;name=ConcertosDoXacobeo.gal+Vindeiros+eventos+%E2%80%94+ConcertosDoXacobeo.gal\"\n\t\tclass=\"tribe-events-c-subscribe-dropdown__list-item-link\"\n\t\ttabindex=\"0\"\n\t\ttarget=\"_blank\"\n\t\trel=\"noopener noreferrer nofollow noindex\"\n\t>\n\t\tOutlook 365\t<\/a>\n<\/li>\n\t\t\t\t\t\t\t\t\t\n<li class=\"tribe-events-c-subscribe-dropdown__list-item\">\n\t<a\n\t\thref=\"https:\/\/outlook.live.com\/owa?path=%2Fcalendar%2Faction%2Fcompose&#038;rru=addsubscription&#038;url=webcal%253A%252F%252Fconcertosdoxacobeo.gal%252F2021%252F%253Fpost_type%253Dtribe_events%2526tribe-bar-date%253D2021-04-01%2526eventDisplay%253Dlist%2526tribe_events_cat%253Dconcertos%26ical%3D1&#038;name=ConcertosDoXacobeo.gal+Vindeiros+eventos+%E2%80%94+ConcertosDoXacobeo.gal\"\n\t\tclass=\"tribe-events-c-subscribe-dropdown__list-item-link\"\n\t\ttabindex=\"0\"\n\t\ttarget=\"_blank\"\n\t\trel=\"noopener noreferrer nofollow noindex\"\n\t>\n\t\tOutlook Live\t<\/a>\n<\/li>\n\t\t\t\t\t\t\t\t\t\n<li class=\"tribe-events-c-subscribe-dropdown__list-item\">\n\t<a\n\t\thref=\"https:\/\/concertosdoxacobeo.gal\/2021\/eventos\/photo\/2021-04-01\/?shortcode=c47d62c1&#038;hide_subsequent_recurrences=1&#038;ical=1\"\n\t\tclass=\"tribe-events-c-subscribe-dropdown__list-item-link\"\n\t\ttabindex=\"0\"\n\t\ttarget=\"_blank\"\n\t\trel=\"noopener noreferrer nofollow noindex\"\n\t>\n\t\tExport .ics file\t<\/a>\n<\/li>\n\t\t\t\t\t\t\t\t\t\n<li class=\"tribe-events-c-subscribe-dropdown__list-item\">\n\t<a\n\t\thref=\"https:\/\/concertosdoxacobeo.gal\/2021\/eventos\/photo\/2021-04-01\/?shortcode=c47d62c1&#038;outlook-ical=1#038;hide_subsequent_recurrences=1&#038;ical=1\"\n\t\tclass=\"tribe-events-c-subscribe-dropdown__list-item-link\"\n\t\ttabindex=\"0\"\n\t\ttarget=\"_blank\"\n\t\trel=\"noopener noreferrer nofollow noindex\"\n\t>\n\t\tExport Outlook .ics file\t<\/a>\n<\/li>\n\t\t\t\t\t\t\t<\/ul>\n\t\t<\/div>\n\t<\/div>\n<\/div>\n\n\t\t\t<\/div>\n<\/div>\n\n[\/vc_column_text][vc_row_inner column_margin=&#8221;default&#8221; column_direction=&#8221;default&#8221; column_direction_tablet=&#8221;default&#8221; column_direction_phone=&#8221;default&#8221; bottom_padding=&#8221;40px&#8221; text_align=&#8221;left&#8221; row_position=&#8221;default&#8221; row_position_tablet=&#8221;inherit&#8221; row_position_phone=&#8221;inherit&#8221; overflow=&#8221;visible&#8221; pointer_events=&#8221;all&#8221;][vc_column_inner column_padding=&#8221;no-extra-padding&#8221; column_padding_tablet=&#8221;inherit&#8221; column_padding_phone=&#8221;inherit&#8221; column_padding_position=&#8221;all&#8221; column_element_direction_desktop=&#8221;default&#8221; column_element_spacing=&#8221;default&#8221; desktop_text_alignment=&#8221;default&#8221; tablet_text_alignment=&#8221;default&#8221; phone_text_alignment=&#8221;default&#8221; background_color_opacity=&#8221;1&#8243; background_hover_color_opacity=&#8221;1&#8243; column_backdrop_filter=&#8221;none&#8221; column_shadow=&#8221;none&#8221; column_border_radius=&#8221;none&#8221; column_link_target=&#8221;_self&#8221; overflow=&#8221;visible&#8221; advanced_gradient_angle=&#8221;0&#8243; gradient_direction=&#8221;left_to_right&#8221; overlay_strength=&#8221;0.3&#8243; width=&#8221;1\/1&#8243; tablet_width_inherit=&#8221;default&#8221; animation_type=&#8221;default&#8221; enable_animation=&#8221;true&#8221; animation=&#8221;fade-in&#8221; animation_easing=&#8221;default&#8221; bg_image_animation=&#8221;none&#8221; border_type=&#8221;simple&#8221; column_border_width=&#8221;none&#8221; column_border_style=&#8221;solid&#8221; gradient_type=&#8221;default&#8221; delay=&#8221;1200&#8243;][vc_column_text]\n<p style=\"text-align: center;\">\u2026 e moito m\u00e1is!<\/p>\n[\/vc_column_text][\/vc_column_inner][\/vc_row_inner][vc_row_inner column_margin=&#8221;default&#8221; column_direction=&#8221;default&#8221; column_direction_tablet=&#8221;default&#8221; column_direction_phone=&#8221;default&#8221; text_align=&#8221;left&#8221; row_position=&#8221;default&#8221; row_position_tablet=&#8221;inherit&#8221; row_position_phone=&#8221;inherit&#8221; overflow=&#8221;visible&#8221; pointer_events=&#8221;all&#8221;][vc_column_inner column_padding=&#8221;no-extra-padding&#8221; column_padding_tablet=&#8221;inherit&#8221; column_padding_phone=&#8221;inherit&#8221; column_padding_position=&#8221;all&#8221; column_element_direction_desktop=&#8221;default&#8221; column_element_spacing=&#8221;default&#8221; centered_text=&#8221;true&#8221; desktop_text_alignment=&#8221;default&#8221; tablet_text_alignment=&#8221;default&#8221; phone_text_alignment=&#8221;default&#8221; background_color_opacity=&#8221;1&#8243; background_hover_color_opacity=&#8221;1&#8243; column_backdrop_filter=&#8221;none&#8221; column_shadow=&#8221;none&#8221; column_border_radius=&#8221;none&#8221; column_link_target=&#8221;_self&#8221; overflow=&#8221;visible&#8221; advanced_gradient_angle=&#8221;0&#8243; gradient_direction=&#8221;left_to_right&#8221; overlay_strength=&#8221;0.3&#8243; width=&#8221;1\/1&#8243; tablet_width_inherit=&#8221;default&#8221; animation_type=&#8221;default&#8221; enable_animation=&#8221;true&#8221; animation=&#8221;fade-in&#8221; animation_easing=&#8221;default&#8221; bg_image_animation=&#8221;none&#8221; border_type=&#8221;simple&#8221; column_border_width=&#8221;none&#8221; column_border_style=&#8221;solid&#8221; gradient_type=&#8221;default&#8221; delay=&#8221;1200&#8243;][vc_column_text]\n<h5>Consulta a axenda completa de eventos de Concertos do Xacobeo<\/h5>\n[\/vc_column_text][nectar_btn size=&#8221;large&#8221; button_style=&#8221;regular&#8221; button_color_2=&#8221;Accent-Color&#8221; solid_text_color_override=&#8221;#ffffff&#8221; icon_family=&#8221;none&#8221; text=&#8221;Ver Calendario&#8221; url=&#8221;https:\/\/concertosdoxacobeo.gal\/2021\/calendario\/&#8221;][\/vc_column_inner][\/vc_row_inner][\/vc_column][\/vc_row][vc_row type=&#8221;in_container&#8221; full_screen_row_position=&#8221;middle&#8221; column_margin=&#8221;default&#8221; column_direction=&#8221;default&#8221; column_direction_tablet=&#8221;default&#8221; column_direction_phone=&#8221;default&#8221; scene_position=&#8221;center&#8221; top_padding=&#8221;10%&#8221; constrain_group_1=&#8221;yes&#8221; bottom_padding=&#8221;10%&#8221; top_padding_phone=&#8221;0px&#8221; text_color=&#8221;dark&#8221; text_align=&#8221;left&#8221; row_border_radius=&#8221;none&#8221; row_border_radius_applies=&#8221;bg&#8221; overflow=&#8221;visible&#8221; class=&#8221;listadoprograma&#8221; disable_element=&#8221;yes&#8221; advanced_gradient_angle=&#8221;0&#8243; overlay_strength=&#8221;0.3&#8243; gradient_direction=&#8221;left_to_right&#8221; shape_divider_position=&#8221;bottom&#8221; bg_image_animation=&#8221;none&#8221; gradient_type=&#8221;default&#8221; shape_type=&#8221;&#8221;][vc_column column_padding=&#8221;no-extra-padding&#8221; column_padding_tablet=&#8221;inherit&#8221; column_padding_phone=&#8221;inherit&#8221; column_padding_position=&#8221;all&#8221; column_element_direction_desktop=&#8221;default&#8221; column_element_spacing=&#8221;default&#8221; desktop_text_alignment=&#8221;default&#8221; tablet_text_alignment=&#8221;default&#8221; phone_text_alignment=&#8221;default&#8221; background_color_opacity=&#8221;1&#8243; background_hover_color_opacity=&#8221;1&#8243; column_backdrop_filter=&#8221;none&#8221; column_shadow=&#8221;none&#8221; column_border_radius=&#8221;none&#8221; column_link_target=&#8221;_self&#8221; column_position=&#8221;default&#8221; gradient_direction=&#8221;left_to_right&#8221; overlay_strength=&#8221;0.3&#8243; width=&#8221;1\/1&#8243; tablet_width_inherit=&#8221;default&#8221; animation_type=&#8221;default&#8221; bg_image_animation=&#8221;none&#8221; border_type=&#8221;simple&#8221; column_border_width=&#8221;none&#8221; column_border_style=&#8221;solid&#8221;][split_line_heading animation_type=&#8221;line-reveal-by-space&#8221; font_style=&#8221;h2&#8243; text_color=&#8221;#000000&#8243; line_reveal_by_space_text_effect=&#8221;default&#8221; stagger_animation=&#8221;true&#8221; content_alignment=&#8221;center&#8221; mobile_content_alignment=&#8221;inherit&#8221; link_target=&#8221;_self&#8221; text_content=&#8221;Pr\u00f3ximos concertos&#8221;][\/split_line_heading][divider line_type=&#8221;No Line&#8221; custom_height=&#8221;40px&#8221; custom_height_tablet=&#8221;0&#8243; custom_height_phone=&#8221;40px&#8221;][vc_column_text]<div\n\t class=\"tribe-common tribe-events tribe-events-view tribe-events-view--photo tribe-events-view--shortcode tribe-events-view--shortcode-8ca9cdfd tribe-events-pro\" \tdata-js=\"tribe-events-view\"\n\tdata-view-rest-nonce=\"ef75a98be6\"\n\tdata-view-rest-url=\"https:\/\/concertosdoxacobeo.gal\/2021\/wp-json\/tribe\/views\/v2\/html\"\n\tdata-view-rest-method=\"POST\"\n\tdata-view-manage-url=\"\"\n\t\t\tdata-view-shortcode=\"8ca9cdfd\"\n\t\t\t\tdata-view-breakpoint-pointer=\"6fb86dc9-97c8-4d75-9aab-643e8abeab0b\"\n\t>\n\t<div class=\"tribe-common-l-container tribe-events-l-container\">\n\t\t<div\n\tclass=\"tribe-events-view-loader tribe-common-a11y-hidden\"\n\trole=\"alert\"\n\taria-live=\"polite\"\n>\n\t<span class=\"tribe-events-view-loader__text tribe-common-a11y-visual-hide\">\n\t\tLoading view.\t<\/span>\n\t<div class=\"tribe-events-view-loader__dots tribe-common-c-loader\">\n\t\t<svg  class=\"tribe-common-c-svgicon tribe-common-c-svgicon--dot tribe-common-c-loader__dot tribe-common-c-loader__dot--first\"  viewBox=\"0 0 15 15\" xmlns=\"http:\/\/www.w3.org\/2000\/svg\"><circle cx=\"7.5\" cy=\"7.5\" r=\"7.5\"\/><\/svg>\n\t\t<svg  class=\"tribe-common-c-svgicon tribe-common-c-svgicon--dot tribe-common-c-loader__dot tribe-common-c-loader__dot--second\"  viewBox=\"0 0 15 15\" xmlns=\"http:\/\/www.w3.org\/2000\/svg\"><circle cx=\"7.5\" cy=\"7.5\" r=\"7.5\"\/><\/svg>\n\t\t<svg  class=\"tribe-common-c-svgicon tribe-common-c-svgicon--dot tribe-common-c-loader__dot tribe-common-c-loader__dot--third\"  viewBox=\"0 0 15 15\" xmlns=\"http:\/\/www.w3.org\/2000\/svg\"><circle cx=\"7.5\" cy=\"7.5\" r=\"7.5\"\/><\/svg>\n\t<\/div>\n<\/div>\n\n\t\t\n\t\t<script data-js=\"tribe-events-view-data\" type=\"application\/json\">\n\t{\"slug\":\"photo\",\"prev_url\":\"https:\\\/\\\/concertosdoxacobeo.gal\\\/2021\\\/eventos\\\/photo\\\/?rest_route=%2Fwp%2Fv2%2Fpages%2F291&shortcode=8ca9cdfd&eventDisplay=past\",\"next_url\":\"\",\"view_class\":\"Tribe\\\\Events\\\\Pro\\\\Views\\\\V2\\\\Views\\\\Photo_View\",\"view_slug\":\"photo\",\"view_label\":\"Photo\",\"title\":\"Vindeiros eventos \\u2014 ConcertosDoXacobeo.gal\",\"events\":[],\"url\":\"https:\\\/\\\/concertosdoxacobeo.gal\\\/2021\\\/eventos\\\/photo\\\/?shortcode=8ca9cdfd&hide_subsequent_recurrences=1\",\"url_event_date\":false,\"bar\":{\"keyword\":\"\",\"date\":\"\",\"hide_recurring\":true},\"today\":\"2026-09-04 00:00:00\",\"now\":\"2026-09-04 16:05:17\",\"rest_url\":\"https:\\\/\\\/concertosdoxacobeo.gal\\\/2021\\\/wp-json\\\/tribe\\\/views\\\/v2\\\/html\",\"rest_method\":\"POST\",\"rest_nonce\":\"ef75a98be6\",\"should_manage_url\":false,\"today_url\":\"https:\\\/\\\/concertosdoxacobeo.gal\\\/2021\\\/eventos\\\/photo\\\/?hide_subsequent_recurrences=1&rest_route=%2Fwp%2Fv2%2Fpages%2F291&shortcode=8ca9cdfd\",\"prev_label\":\"\",\"next_label\":\"\",\"date_formats\":{\"compact\":\"d\\\/m\\\/Y\",\"month_and_year_compact\":\"m\\\/Y\",\"month_and_year\":\"F Y\",\"time_range_separator\":\" \\u2013 \",\"date_time_separator\":\" \\\/ \"},\"messages\":{\"notice\":[\"Non hai eventos pr\\u00f3ximos.\"]},\"start_of_week\":\"1\",\"breadcrumbs\":[],\"before_events\":\"\",\"after_events\":\"\",\"display_events_bar\":true,\"disable_event_search\":false,\"live_refresh\":true,\"ical\":{\"display_link\":true,\"link\":{\"url\":\"https:\\\/\\\/concertosdoxacobeo.gal\\\/2021\\\/eventos\\\/photo\\\/?shortcode=8ca9cdfd&#038;hide_subsequent_recurrences=1&#038;ical=1\",\"text\":\"Exportar eventos\",\"title\":\"Use isto para compartir datos de calendario con Google Calendar, Apple iCal e outras aplicaci\\u00f3ns compatibles\"}},\"container_classes\":[\"tribe-common\",\"tribe-events\",\"tribe-events-view\",\"tribe-events-view--photo\",\"tribe-events-view--shortcode\",\"tribe-events-view--shortcode-8ca9cdfd\",\"tribe-events-pro\"],\"container_data\":{\"shortcode\":\"8ca9cdfd\"},\"is_past\":false,\"breakpoints\":{\"xsmall\":500,\"medium\":768,\"full\":960},\"breakpoint_pointer\":\"6fb86dc9-97c8-4d75-9aab-643e8abeab0b\",\"is_initial_load\":false,\"public_views\":{\"list\":{\"view_class\":\"Tribe\\\\Events\\\\Views\\\\V2\\\\Views\\\\List_View\",\"view_url\":\"https:\\\/\\\/concertosdoxacobeo.gal\\\/2021\\\/eventos\\\/listaxe\\\/?hide_subsequent_recurrences=1&shortcode=8ca9cdfd\",\"view_label\":\"Listaxe\"},\"month\":{\"view_class\":\"Tribe\\\\Events\\\\Views\\\\V2\\\\Views\\\\Month_View\",\"view_url\":\"https:\\\/\\\/concertosdoxacobeo.gal\\\/2021\\\/eventos\\\/mes\\\/?hide_subsequent_recurrences=1&shortcode=8ca9cdfd\",\"view_label\":\"Mes\"},\"photo\":{\"view_class\":\"Tribe\\\\Events\\\\Pro\\\\Views\\\\V2\\\\Views\\\\Photo_View\",\"view_url\":\"https:\\\/\\\/concertosdoxacobeo.gal\\\/2021\\\/eventos\\\/photo\\\/?hide_subsequent_recurrences=1&shortcode=8ca9cdfd\",\"view_label\":\"Photo\"},\"map\":{\"view_class\":\"Tribe\\\\Events\\\\Pro\\\\Views\\\\V2\\\\Views\\\\Map_View\",\"view_url\":\"https:\\\/\\\/concertosdoxacobeo.gal\\\/2021\\\/eventos\\\/map\\\/?hide_subsequent_recurrences=1&shortcode=8ca9cdfd\",\"view_label\":\"Mapa\"}},\"show_latest_past\":true,\"placeholder_url\":\"https:\\\/\\\/concertosdoxacobeo.gal\\\/2021\\\/wp-content\\\/plugins\\\/events-calendar-pro\\\/src\\\/resources\\\/images\\\/tribe-event-placeholder-image.svg\",\"show_now\":true,\"now_label\":\"Agora en diante\",\"now_label_mobile\":\"Agora en diante\",\"show_end\":false,\"selected_start_datetime\":\"2026-09-04\",\"selected_start_date_mobile\":\"04\\\/09\\\/2026\",\"selected_start_date_label\":\"4 Setembro\",\"selected_end_datetime\":\"2026-09-04\",\"selected_end_date_mobile\":\"04\\\/09\\\/2026\",\"selected_end_date_label\":\"Agora\",\"datepicker_date\":\"04\\\/09\\\/2026\",\"subscribe_links\":{\"gcal\":{\"label\":\"Google Calendar\",\"single_label\":\"Add to Google Calendar\",\"visible\":true,\"block_slug\":\"hasGoogleCalendar\"},\"ical\":{\"label\":\"iCalendar\",\"single_label\":\"Add to iCalendar\",\"visible\":true,\"block_slug\":\"hasiCal\"},\"outlook-365\":{\"label\":\"Outlook 365\",\"single_label\":\"Outlook 365\",\"visible\":true,\"block_slug\":\"hasOutlook365\"},\"outlook-live\":{\"label\":\"Outlook Live\",\"single_label\":\"Outlook Live\",\"visible\":true,\"block_slug\":\"hasOutlookLive\"},\"ics\":{\"label\":\"Export .ics file\",\"single_label\":\"Export .ics file\",\"visible\":true,\"block_slug\":null},\"outlook-ics\":{\"label\":\"Export Outlook .ics file\",\"single_label\":\"Export Outlook .ics file\",\"visible\":true,\"block_slug\":null}},\"layout\":\"horizontal\",\"filterbar_state\":\"open\",\"filters\":[{\"filter_object\":{\"type\":\"checkbox\",\"name\":\"Categor\\u00eda\",\"slug\":\"filterbar_category\",\"priority\":1,\"values\":[{\"name\":\"Concertos\",\"depth\":0,\"value\":16,\"data\":{\"slug\":\"concertos\"},\"class\":\"tribe-parent-cat tribe-events-category-concertos\"},{\"name\":\"Ciclos\",\"depth\":0,\"value\":17,\"data\":{\"slug\":\"ciclos\"},\"class\":\"tribe-parent-cat tribe-events-category-ciclos\"},{\"name\":\"Festivais\",\"depth\":0,\"value\":18,\"data\":{\"slug\":\"festivais\"},\"class\":\"tribe-parent-cat tribe-events-category-festivais\"}],\"currentValue\":[],\"isActiveFilter\":true,\"queryArgs\":[],\"joinClause\":\"\",\"whereClause\":\"\",\"stack_managed\":false,\"title\":\"Categor\\u00eda\"},\"label\":\"Categor\\u00eda\",\"selections_count\":\"\",\"selections\":\"\",\"toggle_id\":\"filterbar_category-toggle-6fb86dc9-97c8-4d75-9aab-643e8abeab0b\",\"container_id\":\"filterbar_category-container-6fb86dc9-97c8-4d75-9aab-643e8abeab0b\",\"pill_toggle_id\":\"filterbar_category-pill-toggle-6fb86dc9-97c8-4d75-9aab-643e8abeab0b\",\"is_open\":false,\"name\":\"tribe_eventcategory[]\",\"fields\":[{\"type\":\"checkbox\",\"label\":\"Concertos\",\"value\":16,\"id\":\"tribe-events-filterbar-a64f102a-concertos\",\"name\":\"tribe_eventcategory[]\",\"checked\":false},{\"type\":\"checkbox\",\"label\":\"Ciclos\",\"value\":17,\"id\":\"tribe-events-filterbar-132e6b00-ciclos\",\"name\":\"tribe_eventcategory[]\",\"checked\":false},{\"type\":\"checkbox\",\"label\":\"Festivais\",\"value\":18,\"id\":\"tribe-events-filterbar-e8c63d45-festivais\",\"name\":\"tribe_eventcategory[]\",\"checked\":false}],\"type\":\"checkbox\"},{\"filter_object\":{\"type\":\"checkbox\",\"name\":\"Artista\",\"slug\":\"filterbar_organizer\",\"priority\":2,\"values\":[{\"name\":\"A Banda da Loba\",\"value\":1527},{\"name\":\"A Banda do Patio\",\"value\":1743},{\"name\":\"A Quenlla\",\"value\":4329},{\"name\":\"Adri\\u00e1n Costa Blues Band\",\"value\":1125},{\"name\":\"Agnes Obel\",\"value\":2085},{\"name\":\"Agoraphobia\",\"value\":1211},{\"name\":\"Aho Ssan & Kmru\",\"value\":4690},{\"name\":\"Ainoa Buitrago\",\"value\":1035},{\"name\":\"Akazie\",\"value\":2000},{\"name\":\"Al Dual\",\"value\":1124},{\"name\":\"Alan McGee (DJ Set)\",\"value\":5050},{\"name\":\"Alber Solo & The Fire Bird Blues\",\"value\":2546},{\"name\":\"Alberto & Garc\\u00eda\",\"value\":1210},{\"name\":\"Alejo Stivel\",\"value\":4282},{\"name\":\"Alicia Carrera\",\"value\":4691},{\"name\":\"Alicia Otero\",\"value\":2001},{\"name\":\"Allova\",\"value\":1920},{\"name\":\"Amparanoia\",\"value\":1347},{\"name\":\"Ana Guerra\",\"value\":1030},{\"name\":\"Ana Mena\",\"value\":1031},{\"name\":\"Ana Moura\",\"value\":1350},{\"name\":\"Ana Pacheco\",\"value\":2002},{\"name\":\"Anabel Lee\",\"value\":1212},{\"name\":\"Andr\\u00e9s Balado\",\"value\":2465},{\"name\":\"Andr\\u00e9s Calamaro\",\"value\":1065},{\"name\":\"Andr\\u00e9s Su\\u00e1rez\",\"value\":773},{\"name\":\"Anna Amig\\u00f3\",\"value\":1288},{\"name\":\"Anne-Marie\",\"value\":931},{\"name\":\"Ant\\u00eda Mu\\u00ed\\u00f1o\",\"value\":1958},{\"name\":\"Anuel AA\",\"value\":929},{\"name\":\"Anxo Silva\",\"value\":1267},{\"name\":\"Apart\",\"value\":1904},{\"name\":\"Aphonic\",\"value\":1605},{\"name\":\"Aquarian\",\"value\":4692},{\"name\":\"Arredores\",\"value\":1533},{\"name\":\"Artur M Puga & Shoeg\",\"value\":4693},{\"name\":\"As Pandereteiras A Carballeira de Cercio\",\"value\":819},{\"name\":\"Atm\\u00f3sfera 0\",\"value\":821},{\"name\":\"Aurea\",\"value\":2475},{\"name\":\"Avenged Sevenfold\",\"value\":780},{\"name\":\"Aya feat. Sweatmother\",\"value\":4694},{\"name\":\"Ayax y Prok\",\"value\":1764},{\"name\":\"Azu Tiwaline\",\"value\":4695},{\"name\":\"Bad Gyal\",\"value\":1246},{\"name\":\"Bagad de Vannes Melinerion\",\"value\":1003},{\"name\":\"Baiuca\",\"value\":818},{\"name\":\"Bala\",\"value\":1601},{\"name\":\"Barmer Boy\",\"value\":1955},{\"name\":\"Barry Can\\u2019t Swim\",\"value\":2003},{\"name\":\"Batea\",\"value\":1002},{\"name\":\"Beatriz Luengo\",\"value\":1032},{\"name\":\"Beatriz Mart\\u00ednez\",\"value\":1286},{\"name\":\"Bel\\u00e9n Aguilera\",\"value\":1056},{\"name\":\"Belle and Sebastian\",\"value\":4352},{\"name\":\"Beret\",\"value\":1557},{\"name\":\"Berto\",\"value\":1157},{\"name\":\"Bizarrap\",\"value\":1245},{\"name\":\"Black Eyed Peas\",\"value\":1049},{\"name\":\"Blackhaine\",\"value\":4696},{\"name\":\"Blanco Palamera\",\"value\":1617},{\"name\":\"Bleuenn le Friec\",\"value\":1290},{\"name\":\"Boikot\",\"value\":1845},{\"name\":\"Bonnie Tyler\",\"value\":1230},{\"name\":\"Boyanka Kostova\",\"value\":925},{\"name\":\"Boyanka Kostova e Amigxs\",\"value\":1841},{\"name\":\"Brais das Hortas\",\"value\":1750},{\"name\":\"Bratzantifa\",\"value\":1345},{\"name\":\"Bring Me The Horizon\",\"value\":784},{\"name\":\"Budi\\u00f1o\",\"value\":936},{\"name\":\"Bullet For My Valentine\",\"value\":788},{\"name\":\"C. Mirazo\",\"value\":1913},{\"name\":\"C. Tangana\",\"value\":913},{\"name\":\"Caama\\u00f1o & Ameixeiras\",\"value\":1001},{\"name\":\"Caf\\u00e9 Quijano\",\"value\":1935},{\"name\":\"Caldo\",\"value\":1000},{\"name\":\"Califato \\u00be\",\"value\":1765},{\"name\":\"Cantajuego\",\"value\":1020},{\"name\":\"Capercaillie Symphonic & Real Filharmon\\u00eda de Galicia\",\"value\":1952},{\"name\":\"Capicua\",\"value\":1794},{\"name\":\"Carapaus\",\"value\":1328},{\"name\":\"Cari\\u00f1o\",\"value\":1616},{\"name\":\"Carla Prata\",\"value\":2004},{\"name\":\"Carlos Herrero e H\\u00e9ctor Castillejo\",\"value\":4644},{\"name\":\"Carlos Sadness\",\"value\":920},{\"name\":\"Carmen Villain\",\"value\":4697},{\"name\":\"Carminho\",\"value\":2483},{\"name\":\"Carola Ortiz\",\"value\":4643},{\"name\":\"Carolina Durante\",\"value\":950},{\"name\":\"Carolina Rubirosa\",\"value\":1037},{\"name\":\"Cascales\",\"value\":1163},{\"name\":\"Caterina Barbieri\",\"value\":4698},{\"name\":\"Catuxa Salom\",\"value\":1924},{\"name\":\"Cayazzo DJ\",\"value\":1169},{\"name\":\"Celtas Cortos\",\"value\":1881},{\"name\":\"Cepeda\",\"value\":4560},{\"name\":\"Charming Liars\",\"value\":2061},{\"name\":\"Chico C\\u00e9sar\",\"value\":1954},{\"name\":\"Chili Charles x Las Cruzes\",\"value\":1111},{\"name\":\"Ciclonautas\",\"value\":1898},{\"name\":\"Cimafunk\",\"value\":2200},{\"name\":\"Ciudad Jara\",\"value\":1895},{\"name\":\"Claudio Gabis\",\"value\":1308},{\"name\":\"Clotilde Trouillaud\",\"value\":1283},{\"name\":\"Club del R\\u00edo\",\"value\":822},{\"name\":\"Coby Sey\",\"value\":4699},{\"name\":\"Comando Curux\\u00e1s\",\"value\":1324},{\"name\":\"Copa Turbo\",\"value\":1921},{\"name\":\"Coque Malla\",\"value\":841},{\"name\":\"Cora Velasco\",\"value\":955},{\"name\":\"Cora Yako\",\"value\":1797},{\"name\":\"Corizonas\",\"value\":1206},{\"name\":\"Covagueira\",\"value\":999},{\"name\":\"Crnds\",\"value\":4700},{\"name\":\"Crossfaith\",\"value\":792},{\"name\":\"Crystal Fighters\",\"value\":1052},{\"name\":\"Cupido\",\"value\":1894},{\"name\":\"D. L. Blando\",\"value\":1251},{\"name\":\"Dakidarria\",\"value\":1101},{\"name\":\"Dani Barreiro & Friends\",\"value\":2524},{\"name\":\"Dani Fern\\u00e1ndez\",\"value\":690},{\"name\":\"Dani Mart\\u00edn\",\"value\":944},{\"name\":\"Daniel Pereira\",\"value\":4642},{\"name\":\"Danielle\",\"value\":2005},{\"name\":\"Danza Invisible\",\"value\":2223},{\"name\":\"Dark Funeral\",\"value\":794},{\"name\":\"Davide e Cibr\\u00e1n\",\"value\":991},{\"name\":\"De Vacas\",\"value\":1123},{\"name\":\"Death Whistle\",\"value\":4701},{\"name\":\"Deftones\",\"value\":778},{\"name\":\"Deira\",\"value\":998},{\"name\":\"Delaossa\",\"value\":1893},{\"name\":\"Delaporte\",\"value\":1348},{\"name\":\"Depedro\",\"value\":1792},{\"name\":\"Depresi\\u00f3n Sonora\",\"value\":1079},{\"name\":\"Dequenvessendo\",\"value\":997},{\"name\":\"Desakato\",\"value\":1739},{\"name\":\"Diamante Negro\",\"value\":1083},{\"name\":\"Digresk\",\"value\":996},{\"name\":\"Dios Ke Te Crew\",\"value\":1351},{\"name\":\"DJ Coco\",\"value\":2006},{\"name\":\"DJ Galician Army\",\"value\":2424},{\"name\":\"DJ Imar Castro\",\"value\":1234},{\"name\":\"DJ Iv\\u00e1n Flashback\",\"value\":1164},{\"name\":\"DJ Licho\",\"value\":1165},{\"name\":\"DJ Mil\",\"value\":2413},{\"name\":\"DJ Moderno\",\"value\":1805},{\"name\":\"DJ Russinha\",\"value\":2484},{\"name\":\"DJ90\",\"value\":1166},{\"name\":\"Donald Shawn e Karen Matheson\",\"value\":4645},{\"name\":\"Dorian\",\"value\":1349},{\"name\":\"Dubioza Kolectiv\",\"value\":1851},{\"name\":\"Duki\",\"value\":933},{\"name\":\"Dumore\",\"value\":1264},{\"name\":\"Eagles of Death Metal\",\"value\":2054},{\"name\":\"Economato DJs\",\"value\":1217},{\"name\":\"Editors\",\"value\":932},{\"name\":\"El Canijo de Jerez\",\"value\":1105},{\"name\":\"El \\u00daltimo Vecino\",\"value\":1075},{\"name\":\"Eladio y los Seres Queridos\",\"value\":820},{\"name\":\"Eliades Ochoa\",\"value\":2432},{\"name\":\"Eme DJ\",\"value\":1021},{\"name\":\"Emilia Pardo y Baz\\u00e1n\",\"value\":1796},{\"name\":\"Emilio R\\u00faa\",\"value\":4921},{\"name\":\"Emir Kusturica & The No Smoking Orchestra\",\"value\":1352},{\"name\":\"EQX\",\"value\":2007},{\"name\":\"Escola de Gaitas de Ortigueira\",\"value\":995},{\"name\":\"Escuchando Elefantes\",\"value\":954},{\"name\":\"Estopa\",\"value\":1891},{\"name\":\"Estrella Fugaz\",\"value\":1799},{\"name\":\"Eterna Juventud\",\"value\":1795},{\"name\":\"Eva B\",\"value\":1036},{\"name\":\"Eva Pico\",\"value\":1086},{\"name\":\"Faia\",\"value\":2694},{\"name\":\"Fa\\u00edsca da Pontraga\",\"value\":994},{\"name\":\"Fangoria\",\"value\":1066},{\"name\":\"Fat Freddy\\u2019s Drop\",\"value\":2180},{\"name\":\"F\\u00e1tima Delgado & Babykatze\",\"value\":1214},{\"name\":\"FERNANDOCOSTA\",\"value\":2341},{\"name\":\"Festicultores\",\"value\":1330},{\"name\":\"Festicultores Troupe\",\"value\":4606},{\"name\":\"Fiandola\",\"value\":993},{\"name\":\"Fisterra House Band feat. Deg\\u00fcello\",\"value\":1129},{\"name\":\"Fito & Fitipaldis\",\"value\":1982},{\"name\":\"Flaca\",\"value\":1619},{\"name\":\"Foals\",\"value\":914},{\"name\":\"Folk on Crest\",\"value\":992},{\"name\":\"Fondo Norte\",\"value\":1749},{\"name\":\"Fourth Moon\",\"value\":1325},{\"name\":\"Franz Ferdinand\",\"value\":1051},{\"name\":\"Fred Morrison\",\"value\":989},{\"name\":\"Fredi Leis\",\"value\":4813},{\"name\":\"Fresquito y Mango\",\"value\":1618},{\"name\":\"Frnsy\",\"value\":990},{\"name\":\"Funzo & Baby Loud\",\"value\":1054},{\"name\":\"Furious Monkey\",\"value\":924},{\"name\":\"Furious Monkey House\",\"value\":1606},{\"name\":\"Gabri Alonso\",\"value\":1266},{\"name\":\"Galician Army\",\"value\":941},{\"name\":\"Garza\",\"value\":2008},{\"name\":\"Gatibu\",\"value\":1844}],\"currentValue\":[],\"isActiveFilter\":true,\"queryArgs\":[],\"joinClause\":\"\",\"whereClause\":\"\",\"stack_managed\":false,\"title\":\"Artista\"},\"label\":\"Artista\",\"selections_count\":\"\",\"selections\":\"\",\"toggle_id\":\"filterbar_organizer-toggle-6fb86dc9-97c8-4d75-9aab-643e8abeab0b\",\"container_id\":\"filterbar_organizer-container-6fb86dc9-97c8-4d75-9aab-643e8abeab0b\",\"pill_toggle_id\":\"filterbar_organizer-pill-toggle-6fb86dc9-97c8-4d75-9aab-643e8abeab0b\",\"is_open\":false,\"name\":\"tribe_organizers[]\",\"fields\":[{\"type\":\"checkbox\",\"label\":\"A Banda da Loba\",\"value\":1527,\"id\":\"tribe-events-filterbar-95931240-a-banda-da-loba\",\"name\":\"tribe_organizers[]\",\"checked\":false},{\"type\":\"checkbox\",\"label\":\"A Banda do Patio\",\"value\":1743,\"id\":\"tribe-events-filterbar-8ec880ab-a-banda-do-patio\",\"name\":\"tribe_organizers[]\",\"checked\":false},{\"type\":\"checkbox\",\"label\":\"A Quenlla\",\"value\":4329,\"id\":\"tribe-events-filterbar-35221682-a-quenlla\",\"name\":\"tribe_organizers[]\",\"checked\":false},{\"type\":\"checkbox\",\"label\":\"Adri\\u00e1n Costa Blues Band\",\"value\":1125,\"id\":\"tribe-events-filterbar-f4ebae61-adri\\u00e1n-costa-blues-band\",\"name\":\"tribe_organizers[]\",\"checked\":false},{\"type\":\"checkbox\",\"label\":\"Agnes Obel\",\"value\":2085,\"id\":\"tribe-events-filterbar-7a86b9e5-agnes-obel\",\"name\":\"tribe_organizers[]\",\"checked\":false},{\"type\":\"checkbox\",\"label\":\"Agoraphobia\",\"value\":1211,\"id\":\"tribe-events-filterbar-900ae896-agoraphobia\",\"name\":\"tribe_organizers[]\",\"checked\":false},{\"type\":\"checkbox\",\"label\":\"Aho Ssan & Kmru\",\"value\":4690,\"id\":\"tribe-events-filterbar-0202ac08-aho-ssan-&-kmru\",\"name\":\"tribe_organizers[]\",\"checked\":false},{\"type\":\"checkbox\",\"label\":\"Ainoa Buitrago\",\"value\":1035,\"id\":\"tribe-events-filterbar-e3a1cc35-ainoa-buitrago\",\"name\":\"tribe_organizers[]\",\"checked\":false},{\"type\":\"checkbox\",\"label\":\"Akazie\",\"value\":2000,\"id\":\"tribe-events-filterbar-b1dcdce2-akazie\",\"name\":\"tribe_organizers[]\",\"checked\":false},{\"type\":\"checkbox\",\"label\":\"Al Dual\",\"value\":1124,\"id\":\"tribe-events-filterbar-04007f0f-al-dual\",\"name\":\"tribe_organizers[]\",\"checked\":false},{\"type\":\"checkbox\",\"label\":\"Alan McGee (DJ Set)\",\"value\":5050,\"id\":\"tribe-events-filterbar-4b1fd3f5-alan-mcgee-(dj-set)\",\"name\":\"tribe_organizers[]\",\"checked\":false},{\"type\":\"checkbox\",\"label\":\"Alber Solo & The Fire Bird Blues\",\"value\":2546,\"id\":\"tribe-events-filterbar-a41b9686-alber-solo-&-the-fire-bird-blues\",\"name\":\"tribe_organizers[]\",\"checked\":false},{\"type\":\"checkbox\",\"label\":\"Alberto & Garc\\u00eda\",\"value\":1210,\"id\":\"tribe-events-filterbar-b700987d-alberto-&-garc\\u00eda\",\"name\":\"tribe_organizers[]\",\"checked\":false},{\"type\":\"checkbox\",\"label\":\"Alejo Stivel\",\"value\":4282,\"id\":\"tribe-events-filterbar-82f4e3e8-alejo-stivel\",\"name\":\"tribe_organizers[]\",\"checked\":false},{\"type\":\"checkbox\",\"label\":\"Alicia Carrera\",\"value\":4691,\"id\":\"tribe-events-filterbar-6910d07d-alicia-carrera\",\"name\":\"tribe_organizers[]\",\"checked\":false},{\"type\":\"checkbox\",\"label\":\"Alicia Otero\",\"value\":2001,\"id\":\"tribe-events-filterbar-a499dd07-alicia-otero\",\"name\":\"tribe_organizers[]\",\"checked\":false},{\"type\":\"checkbox\",\"label\":\"Allova\",\"value\":1920,\"id\":\"tribe-events-filterbar-81daec9a-allova\",\"name\":\"tribe_organizers[]\",\"checked\":false},{\"type\":\"checkbox\",\"label\":\"Amparanoia\",\"value\":1347,\"id\":\"tribe-events-filterbar-fab7066e-amparanoia\",\"name\":\"tribe_organizers[]\",\"checked\":false},{\"type\":\"checkbox\",\"label\":\"Ana Guerra\",\"value\":1030,\"id\":\"tribe-events-filterbar-15f53d2e-ana-guerra\",\"name\":\"tribe_organizers[]\",\"checked\":false},{\"type\":\"checkbox\",\"label\":\"Ana Mena\",\"value\":1031,\"id\":\"tribe-events-filterbar-e66129e7-ana-mena\",\"name\":\"tribe_organizers[]\",\"checked\":false},{\"type\":\"checkbox\",\"label\":\"Ana Moura\",\"value\":1350,\"id\":\"tribe-events-filterbar-826a443f-ana-moura\",\"name\":\"tribe_organizers[]\",\"checked\":false},{\"type\":\"checkbox\",\"label\":\"Ana Pacheco\",\"value\":2002,\"id\":\"tribe-events-filterbar-9087118d-ana-pacheco\",\"name\":\"tribe_organizers[]\",\"checked\":false},{\"type\":\"checkbox\",\"label\":\"Anabel Lee\",\"value\":1212,\"id\":\"tribe-events-filterbar-bca84903-anabel-lee\",\"name\":\"tribe_organizers[]\",\"checked\":false},{\"type\":\"checkbox\",\"label\":\"Andr\\u00e9s Balado\",\"value\":2465,\"id\":\"tribe-events-filterbar-3f4c63a4-andr\\u00e9s-balado\",\"name\":\"tribe_organizers[]\",\"checked\":false},{\"type\":\"checkbox\",\"label\":\"Andr\\u00e9s Calamaro\",\"value\":1065,\"id\":\"tribe-events-filterbar-ec1a2792-andr\\u00e9s-calamaro\",\"name\":\"tribe_organizers[]\",\"checked\":false},{\"type\":\"checkbox\",\"label\":\"Andr\\u00e9s Su\\u00e1rez\",\"value\":773,\"id\":\"tribe-events-filterbar-986f9a53-andr\\u00e9s-su\\u00e1rez\",\"name\":\"tribe_organizers[]\",\"checked\":false},{\"type\":\"checkbox\",\"label\":\"Anna Amig\\u00f3\",\"value\":1288,\"id\":\"tribe-events-filterbar-e9f3aeb3-anna-amig\\u00f3\",\"name\":\"tribe_organizers[]\",\"checked\":false},{\"type\":\"checkbox\",\"label\":\"Anne-Marie\",\"value\":931,\"id\":\"tribe-events-filterbar-dac85d84-anne-marie\",\"name\":\"tribe_organizers[]\",\"checked\":false},{\"type\":\"checkbox\",\"label\":\"Ant\\u00eda Mu\\u00ed\\u00f1o\",\"value\":1958,\"id\":\"tribe-events-filterbar-5c8e74fe-ant\\u00eda-mu\\u00ed\\u00f1o\",\"name\":\"tribe_organizers[]\",\"checked\":false},{\"type\":\"checkbox\",\"label\":\"Anuel AA\",\"value\":929,\"id\":\"tribe-events-filterbar-4deda1fd-anuel-aa\",\"name\":\"tribe_organizers[]\",\"checked\":false},{\"type\":\"checkbox\",\"label\":\"Anxo Silva\",\"value\":1267,\"id\":\"tribe-events-filterbar-130c6939-anxo-silva\",\"name\":\"tribe_organizers[]\",\"checked\":false},{\"type\":\"checkbox\",\"label\":\"Apart\",\"value\":1904,\"id\":\"tribe-events-filterbar-589ecfdb-apart\",\"name\":\"tribe_organizers[]\",\"checked\":false},{\"type\":\"checkbox\",\"label\":\"Aphonic\",\"value\":1605,\"id\":\"tribe-events-filterbar-fabda52c-aphonic\",\"name\":\"tribe_organizers[]\",\"checked\":false},{\"type\":\"checkbox\",\"label\":\"Aquarian\",\"value\":4692,\"id\":\"tribe-events-filterbar-1d5babb6-aquarian\",\"name\":\"tribe_organizers[]\",\"checked\":false},{\"type\":\"checkbox\",\"label\":\"Arredores\",\"value\":1533,\"id\":\"tribe-events-filterbar-9c293d4a-arredores\",\"name\":\"tribe_organizers[]\",\"checked\":false},{\"type\":\"checkbox\",\"label\":\"Artur M Puga & Shoeg\",\"value\":4693,\"id\":\"tribe-events-filterbar-7af5e72b-artur-m-puga-&-shoeg\",\"name\":\"tribe_organizers[]\",\"checked\":false},{\"type\":\"checkbox\",\"label\":\"As Pandereteiras A Carballeira de Cercio\",\"value\":819,\"id\":\"tribe-events-filterbar-17664810-as-pandereteiras-a-carballeira-de-cercio\",\"name\":\"tribe_organizers[]\",\"checked\":false},{\"type\":\"checkbox\",\"label\":\"Atm\\u00f3sfera 0\",\"value\":821,\"id\":\"tribe-events-filterbar-fc201424-atm\\u00f3sfera-0\",\"name\":\"tribe_organizers[]\",\"checked\":false},{\"type\":\"checkbox\",\"label\":\"Aurea\",\"value\":2475,\"id\":\"tribe-events-filterbar-5b1b16b7-aurea\",\"name\":\"tribe_organizers[]\",\"checked\":false},{\"type\":\"checkbox\",\"label\":\"Avenged Sevenfold\",\"value\":780,\"id\":\"tribe-events-filterbar-df6b2bce-avenged-sevenfold\",\"name\":\"tribe_organizers[]\",\"checked\":false},{\"type\":\"checkbox\",\"label\":\"Aya feat. Sweatmother\",\"value\":4694,\"id\":\"tribe-events-filterbar-c40c3fc2-aya-feat.-sweatmother\",\"name\":\"tribe_organizers[]\",\"checked\":false},{\"type\":\"checkbox\",\"label\":\"Ayax y Prok\",\"value\":1764,\"id\":\"tribe-events-filterbar-4446745d-ayax-y-prok\",\"name\":\"tribe_organizers[]\",\"checked\":false},{\"type\":\"checkbox\",\"label\":\"Azu Tiwaline\",\"value\":4695,\"id\":\"tribe-events-filterbar-a728ce67-azu-tiwaline\",\"name\":\"tribe_organizers[]\",\"checked\":false},{\"type\":\"checkbox\",\"label\":\"Bad Gyal\",\"value\":1246,\"id\":\"tribe-events-filterbar-5be7f234-bad-gyal\",\"name\":\"tribe_organizers[]\",\"checked\":false},{\"type\":\"checkbox\",\"label\":\"Bagad de Vannes Melinerion\",\"value\":1003,\"id\":\"tribe-events-filterbar-6fa9c32b-bagad-de-vannes-melinerion\",\"name\":\"tribe_organizers[]\",\"checked\":false},{\"type\":\"checkbox\",\"label\":\"Baiuca\",\"value\":818,\"id\":\"tribe-events-filterbar-ecc460b1-baiuca\",\"name\":\"tribe_organizers[]\",\"checked\":false},{\"type\":\"checkbox\",\"label\":\"Bala\",\"value\":1601,\"id\":\"tribe-events-filterbar-c8dd1629-bala\",\"name\":\"tribe_organizers[]\",\"checked\":false},{\"type\":\"checkbox\",\"label\":\"Barmer Boy\",\"value\":1955,\"id\":\"tribe-events-filterbar-a1cc63b8-barmer-boy\",\"name\":\"tribe_organizers[]\",\"checked\":false},{\"type\":\"checkbox\",\"label\":\"Barry Can\\u2019t Swim\",\"value\":2003,\"id\":\"tribe-events-filterbar-863c10a6-barry-can\\u2019t-swim\",\"name\":\"tribe_organizers[]\",\"checked\":false},{\"type\":\"checkbox\",\"label\":\"Batea\",\"value\":1002,\"id\":\"tribe-events-filterbar-cbdfd1d4-batea\",\"name\":\"tribe_organizers[]\",\"checked\":false},{\"type\":\"checkbox\",\"label\":\"Beatriz Luengo\",\"value\":1032,\"id\":\"tribe-events-filterbar-56b7259d-beatriz-luengo\",\"name\":\"tribe_organizers[]\",\"checked\":false},{\"type\":\"checkbox\",\"label\":\"Beatriz Mart\\u00ednez\",\"value\":1286,\"id\":\"tribe-events-filterbar-35494db0-beatriz-mart\\u00ednez\",\"name\":\"tribe_organizers[]\",\"checked\":false},{\"type\":\"checkbox\",\"label\":\"Bel\\u00e9n Aguilera\",\"value\":1056,\"id\":\"tribe-events-filterbar-fea825b2-bel\\u00e9n-aguilera\",\"name\":\"tribe_organizers[]\",\"checked\":false},{\"type\":\"checkbox\",\"label\":\"Belle and Sebastian\",\"value\":4352,\"id\":\"tribe-events-filterbar-cd4ef9f4-belle-and-sebastian\",\"name\":\"tribe_organizers[]\",\"checked\":false},{\"type\":\"checkbox\",\"label\":\"Beret\",\"value\":1557,\"id\":\"tribe-events-filterbar-94dd970c-beret\",\"name\":\"tribe_organizers[]\",\"checked\":false},{\"type\":\"checkbox\",\"label\":\"Berto\",\"value\":1157,\"id\":\"tribe-events-filterbar-ae506134-berto\",\"name\":\"tribe_organizers[]\",\"checked\":false},{\"type\":\"checkbox\",\"label\":\"Bizarrap\",\"value\":1245,\"id\":\"tribe-events-filterbar-7576f7c5-bizarrap\",\"name\":\"tribe_organizers[]\",\"checked\":false},{\"type\":\"checkbox\",\"label\":\"Black Eyed Peas\",\"value\":1049,\"id\":\"tribe-events-filterbar-446fe32f-black-eyed-peas\",\"name\":\"tribe_organizers[]\",\"checked\":false},{\"type\":\"checkbox\",\"label\":\"Blackhaine\",\"value\":4696,\"id\":\"tribe-events-filterbar-14fe0196-blackhaine\",\"name\":\"tribe_organizers[]\",\"checked\":false},{\"type\":\"checkbox\",\"label\":\"Blanco Palamera\",\"value\":1617,\"id\":\"tribe-events-filterbar-149a6fda-blanco-palamera\",\"name\":\"tribe_organizers[]\",\"checked\":false},{\"type\":\"checkbox\",\"label\":\"Bleuenn le Friec\",\"value\":1290,\"id\":\"tribe-events-filterbar-bd7b39ff-bleuenn-le-friec\",\"name\":\"tribe_organizers[]\",\"checked\":false},{\"type\":\"checkbox\",\"label\":\"Boikot\",\"value\":1845,\"id\":\"tribe-events-filterbar-3e684a09-boikot\",\"name\":\"tribe_organizers[]\",\"checked\":false},{\"type\":\"checkbox\",\"label\":\"Bonnie Tyler\",\"value\":1230,\"id\":\"tribe-events-filterbar-33a40c40-bonnie-tyler\",\"name\":\"tribe_organizers[]\",\"checked\":false},{\"type\":\"checkbox\",\"label\":\"Boyanka Kostova\",\"value\":925,\"id\":\"tribe-events-filterbar-8e9d0ce5-boyanka-kostova\",\"name\":\"tribe_organizers[]\",\"checked\":false},{\"type\":\"checkbox\",\"label\":\"Boyanka Kostova e Amigxs\",\"value\":1841,\"id\":\"tribe-events-filterbar-ec641432-boyanka-kostova-e-amigxs\",\"name\":\"tribe_organizers[]\",\"checked\":false},{\"type\":\"checkbox\",\"label\":\"Brais das Hortas\",\"value\":1750,\"id\":\"tribe-events-filterbar-35d0cd72-brais-das-hortas\",\"name\":\"tribe_organizers[]\",\"checked\":false},{\"type\":\"checkbox\",\"label\":\"Bratzantifa\",\"value\":1345,\"id\":\"tribe-events-filterbar-849873d9-bratzantifa\",\"name\":\"tribe_organizers[]\",\"checked\":false},{\"type\":\"checkbox\",\"label\":\"Bring Me The Horizon\",\"value\":784,\"id\":\"tribe-events-filterbar-951d768b-bring-me-the-horizon\",\"name\":\"tribe_organizers[]\",\"checked\":false},{\"type\":\"checkbox\",\"label\":\"Budi\\u00f1o\",\"value\":936,\"id\":\"tribe-events-filterbar-84074270-budi\\u00f1o\",\"name\":\"tribe_organizers[]\",\"checked\":false},{\"type\":\"checkbox\",\"label\":\"Bullet For My Valentine\",\"value\":788,\"id\":\"tribe-events-filterbar-eac86662-bullet-for-my-valentine\",\"name\":\"tribe_organizers[]\",\"checked\":false},{\"type\":\"checkbox\",\"label\":\"C. Mirazo\",\"value\":1913,\"id\":\"tribe-events-filterbar-02c77de6-c.-mirazo\",\"name\":\"tribe_organizers[]\",\"checked\":false},{\"type\":\"checkbox\",\"label\":\"C. Tangana\",\"value\":913,\"id\":\"tribe-events-filterbar-9eeea2d7-c.-tangana\",\"name\":\"tribe_organizers[]\",\"checked\":false},{\"type\":\"checkbox\",\"label\":\"Caama\\u00f1o & Ameixeiras\",\"value\":1001,\"id\":\"tribe-events-filterbar-650700d3-caama\\u00f1o-&-ameixeiras\",\"name\":\"tribe_organizers[]\",\"checked\":false},{\"type\":\"checkbox\",\"label\":\"Caf\\u00e9 Quijano\",\"value\":1935,\"id\":\"tribe-events-filterbar-71a300a8-caf\\u00e9-quijano\",\"name\":\"tribe_organizers[]\",\"checked\":false},{\"type\":\"checkbox\",\"label\":\"Caldo\",\"value\":1000,\"id\":\"tribe-events-filterbar-dd998e36-caldo\",\"name\":\"tribe_organizers[]\",\"checked\":false},{\"type\":\"checkbox\",\"label\":\"Califato \\u00be\",\"value\":1765,\"id\":\"tribe-events-filterbar-04e064e6-califato-\\u00be\",\"name\":\"tribe_organizers[]\",\"checked\":false},{\"type\":\"checkbox\",\"label\":\"Cantajuego\",\"value\":1020,\"id\":\"tribe-events-filterbar-1d7c126c-cantajuego\",\"name\":\"tribe_organizers[]\",\"checked\":false},{\"type\":\"checkbox\",\"label\":\"Capercaillie Symphonic & Real Filharmon\\u00eda de Galicia\",\"value\":1952,\"id\":\"tribe-events-filterbar-e51a8e65-capercaillie-symphonic-&-real-filharmon\\u00eda-de-galicia\",\"name\":\"tribe_organizers[]\",\"checked\":false},{\"type\":\"checkbox\",\"label\":\"Capicua\",\"value\":1794,\"id\":\"tribe-events-filterbar-d3299bbd-capicua\",\"name\":\"tribe_organizers[]\",\"checked\":false},{\"type\":\"checkbox\",\"label\":\"Carapaus\",\"value\":1328,\"id\":\"tribe-events-filterbar-ff3a960f-carapaus\",\"name\":\"tribe_organizers[]\",\"checked\":false},{\"type\":\"checkbox\",\"label\":\"Cari\\u00f1o\",\"value\":1616,\"id\":\"tribe-events-filterbar-0fca6c19-cari\\u00f1o\",\"name\":\"tribe_organizers[]\",\"checked\":false},{\"type\":\"checkbox\",\"label\":\"Carla Prata\",\"value\":2004,\"id\":\"tribe-events-filterbar-8058eff6-carla-prata\",\"name\":\"tribe_organizers[]\",\"checked\":false},{\"type\":\"checkbox\",\"label\":\"Carlos Herrero e H\\u00e9ctor Castillejo\",\"value\":4644,\"id\":\"tribe-events-filterbar-a919b845-carlos-herrero-e-h\\u00e9ctor-castillejo\",\"name\":\"tribe_organizers[]\",\"checked\":false},{\"type\":\"checkbox\",\"label\":\"Carlos Sadness\",\"value\":920,\"id\":\"tribe-events-filterbar-322f3710-carlos-sadness\",\"name\":\"tribe_organizers[]\",\"checked\":false},{\"type\":\"checkbox\",\"label\":\"Carmen Villain\",\"value\":4697,\"id\":\"tribe-events-filterbar-4c6ecc6c-carmen-villain\",\"name\":\"tribe_organizers[]\",\"checked\":false},{\"type\":\"checkbox\",\"label\":\"Carminho\",\"value\":2483,\"id\":\"tribe-events-filterbar-aa6ae1a8-carminho\",\"name\":\"tribe_organizers[]\",\"checked\":false},{\"type\":\"checkbox\",\"label\":\"Carola Ortiz\",\"value\":4643,\"id\":\"tribe-events-filterbar-4bcd5b9b-carola-ortiz\",\"name\":\"tribe_organizers[]\",\"checked\":false},{\"type\":\"checkbox\",\"label\":\"Carolina Durante\",\"value\":950,\"id\":\"tribe-events-filterbar-58bff681-carolina-durante\",\"name\":\"tribe_organizers[]\",\"checked\":false},{\"type\":\"checkbox\",\"label\":\"Carolina Rubirosa\",\"value\":1037,\"id\":\"tribe-events-filterbar-3191f413-carolina-rubirosa\",\"name\":\"tribe_organizers[]\",\"checked\":false},{\"type\":\"checkbox\",\"label\":\"Cascales\",\"value\":1163,\"id\":\"tribe-events-filterbar-8f7368ef-cascales\",\"name\":\"tribe_organizers[]\",\"checked\":false},{\"type\":\"checkbox\",\"label\":\"Caterina Barbieri\",\"value\":4698,\"id\":\"tribe-events-filterbar-858b44c5-caterina-barbieri\",\"name\":\"tribe_organizers[]\",\"checked\":false},{\"type\":\"checkbox\",\"label\":\"Catuxa Salom\",\"value\":1924,\"id\":\"tribe-events-filterbar-971836b4-catuxa-salom\",\"name\":\"tribe_organizers[]\",\"checked\":false},{\"type\":\"checkbox\",\"label\":\"Cayazzo DJ\",\"value\":1169,\"id\":\"tribe-events-filterbar-fb94480e-cayazzo-dj\",\"name\":\"tribe_organizers[]\",\"checked\":false},{\"type\":\"checkbox\",\"label\":\"Celtas Cortos\",\"value\":1881,\"id\":\"tribe-events-filterbar-6810150c-celtas-cortos\",\"name\":\"tribe_organizers[]\",\"checked\":false},{\"type\":\"checkbox\",\"label\":\"Cepeda\",\"value\":4560,\"id\":\"tribe-events-filterbar-591e57e9-cepeda\",\"name\":\"tribe_organizers[]\",\"checked\":false},{\"type\":\"checkbox\",\"label\":\"Charming Liars\",\"value\":2061,\"id\":\"tribe-events-filterbar-57b9128c-charming-liars\",\"name\":\"tribe_organizers[]\",\"checked\":false},{\"type\":\"checkbox\",\"label\":\"Chico C\\u00e9sar\",\"value\":1954,\"id\":\"tribe-events-filterbar-398c159b-chico-c\\u00e9sar\",\"name\":\"tribe_organizers[]\",\"checked\":false},{\"type\":\"checkbox\",\"label\":\"Chili Charles x Las Cruzes\",\"value\":1111,\"id\":\"tribe-events-filterbar-f5c50d79-chili-charles-x-las-cruzes\",\"name\":\"tribe_organizers[]\",\"checked\":false},{\"type\":\"checkbox\",\"label\":\"Ciclonautas\",\"value\":1898,\"id\":\"tribe-events-filterbar-4cac88f5-ciclonautas\",\"name\":\"tribe_organizers[]\",\"checked\":false},{\"type\":\"checkbox\",\"label\":\"Cimafunk\",\"value\":2200,\"id\":\"tribe-events-filterbar-1e49ddce-cimafunk\",\"name\":\"tribe_organizers[]\",\"checked\":false},{\"type\":\"checkbox\",\"label\":\"Ciudad Jara\",\"value\":1895,\"id\":\"tribe-events-filterbar-d246ad46-ciudad-jara\",\"name\":\"tribe_organizers[]\",\"checked\":false},{\"type\":\"checkbox\",\"label\":\"Claudio Gabis\",\"value\":1308,\"id\":\"tribe-events-filterbar-60834b4c-claudio-gabis\",\"name\":\"tribe_organizers[]\",\"checked\":false},{\"type\":\"checkbox\",\"label\":\"Clotilde Trouillaud\",\"value\":1283,\"id\":\"tribe-events-filterbar-b7348a3c-clotilde-trouillaud\",\"name\":\"tribe_organizers[]\",\"checked\":false},{\"type\":\"checkbox\",\"label\":\"Club del R\\u00edo\",\"value\":822,\"id\":\"tribe-events-filterbar-c35ec2d6-club-del-r\\u00edo\",\"name\":\"tribe_organizers[]\",\"checked\":false},{\"type\":\"checkbox\",\"label\":\"Coby Sey\",\"value\":4699,\"id\":\"tribe-events-filterbar-5e6cdcc6-coby-sey\",\"name\":\"tribe_organizers[]\",\"checked\":false},{\"type\":\"checkbox\",\"label\":\"Comando Curux\\u00e1s\",\"value\":1324,\"id\":\"tribe-events-filterbar-c2712a0d-comando-curux\\u00e1s\",\"name\":\"tribe_organizers[]\",\"checked\":false},{\"type\":\"checkbox\",\"label\":\"Copa Turbo\",\"value\":1921,\"id\":\"tribe-events-filterbar-cfe75407-copa-turbo\",\"name\":\"tribe_organizers[]\",\"checked\":false},{\"type\":\"checkbox\",\"label\":\"Coque Malla\",\"value\":841,\"id\":\"tribe-events-filterbar-c1589a2d-coque-malla\",\"name\":\"tribe_organizers[]\",\"checked\":false},{\"type\":\"checkbox\",\"label\":\"Cora Velasco\",\"value\":955,\"id\":\"tribe-events-filterbar-280a64cb-cora-velasco\",\"name\":\"tribe_organizers[]\",\"checked\":false},{\"type\":\"checkbox\",\"label\":\"Cora Yako\",\"value\":1797,\"id\":\"tribe-events-filterbar-398e1144-cora-yako\",\"name\":\"tribe_organizers[]\",\"checked\":false},{\"type\":\"checkbox\",\"label\":\"Corizonas\",\"value\":1206,\"id\":\"tribe-events-filterbar-8f25e340-corizonas\",\"name\":\"tribe_organizers[]\",\"checked\":false},{\"type\":\"checkbox\",\"label\":\"Covagueira\",\"value\":999,\"id\":\"tribe-events-filterbar-0baeabb4-covagueira\",\"name\":\"tribe_organizers[]\",\"checked\":false},{\"type\":\"checkbox\",\"label\":\"Crnds\",\"value\":4700,\"id\":\"tribe-events-filterbar-a4d5ae60-crnds\",\"name\":\"tribe_organizers[]\",\"checked\":false},{\"type\":\"checkbox\",\"label\":\"Crossfaith\",\"value\":792,\"id\":\"tribe-events-filterbar-bb21498c-crossfaith\",\"name\":\"tribe_organizers[]\",\"checked\":false},{\"type\":\"checkbox\",\"label\":\"Crystal Fighters\",\"value\":1052,\"id\":\"tribe-events-filterbar-1d04388b-crystal-fighters\",\"name\":\"tribe_organizers[]\",\"checked\":false},{\"type\":\"checkbox\",\"label\":\"Cupido\",\"value\":1894,\"id\":\"tribe-events-filterbar-e41b2046-cupido\",\"name\":\"tribe_organizers[]\",\"checked\":false},{\"type\":\"checkbox\",\"label\":\"D. L. Blando\",\"value\":1251,\"id\":\"tribe-events-filterbar-493f187d-d.-l.-blando\",\"name\":\"tribe_organizers[]\",\"checked\":false},{\"type\":\"checkbox\",\"label\":\"Dakidarria\",\"value\":1101,\"id\":\"tribe-events-filterbar-fbfbf578-dakidarria\",\"name\":\"tribe_organizers[]\",\"checked\":false},{\"type\":\"checkbox\",\"label\":\"Dani Barreiro & Friends\",\"value\":2524,\"id\":\"tribe-events-filterbar-ea5b5d0e-dani-barreiro-&-friends\",\"name\":\"tribe_organizers[]\",\"checked\":false},{\"type\":\"checkbox\",\"label\":\"Dani Fern\\u00e1ndez\",\"value\":690,\"id\":\"tribe-events-filterbar-c717e374-dani-fern\\u00e1ndez\",\"name\":\"tribe_organizers[]\",\"checked\":false},{\"type\":\"checkbox\",\"label\":\"Dani Mart\\u00edn\",\"value\":944,\"id\":\"tribe-events-filterbar-c4def456-dani-mart\\u00edn\",\"name\":\"tribe_organizers[]\",\"checked\":false},{\"type\":\"checkbox\",\"label\":\"Daniel Pereira\",\"value\":4642,\"id\":\"tribe-events-filterbar-bb81dcf4-daniel-pereira\",\"name\":\"tribe_organizers[]\",\"checked\":false},{\"type\":\"checkbox\",\"label\":\"Danielle\",\"value\":2005,\"id\":\"tribe-events-filterbar-fec2ea29-danielle\",\"name\":\"tribe_organizers[]\",\"checked\":false},{\"type\":\"checkbox\",\"label\":\"Danza Invisible\",\"value\":2223,\"id\":\"tribe-events-filterbar-960dcb76-danza-invisible\",\"name\":\"tribe_organizers[]\",\"checked\":false},{\"type\":\"checkbox\",\"label\":\"Dark Funeral\",\"value\":794,\"id\":\"tribe-events-filterbar-0982bc4f-dark-funeral\",\"name\":\"tribe_organizers[]\",\"checked\":false},{\"type\":\"checkbox\",\"label\":\"Davide e Cibr\\u00e1n\",\"value\":991,\"id\":\"tribe-events-filterbar-c9fe9463-davide-e-cibr\\u00e1n\",\"name\":\"tribe_organizers[]\",\"checked\":false},{\"type\":\"checkbox\",\"label\":\"De Vacas\",\"value\":1123,\"id\":\"tribe-events-filterbar-ecbbf5bd-de-vacas\",\"name\":\"tribe_organizers[]\",\"checked\":false},{\"type\":\"checkbox\",\"label\":\"Death Whistle\",\"value\":4701,\"id\":\"tribe-events-filterbar-a48b79c7-death-whistle\",\"name\":\"tribe_organizers[]\",\"checked\":false},{\"type\":\"checkbox\",\"label\":\"Deftones\",\"value\":778,\"id\":\"tribe-events-filterbar-f39bb355-deftones\",\"name\":\"tribe_organizers[]\",\"checked\":false},{\"type\":\"checkbox\",\"label\":\"Deira\",\"value\":998,\"id\":\"tribe-events-filterbar-3eb2c682-deira\",\"name\":\"tribe_organizers[]\",\"checked\":false},{\"type\":\"checkbox\",\"label\":\"Delaossa\",\"value\":1893,\"id\":\"tribe-events-filterbar-7595f1ad-delaossa\",\"name\":\"tribe_organizers[]\",\"checked\":false},{\"type\":\"checkbox\",\"label\":\"Delaporte\",\"value\":1348,\"id\":\"tribe-events-filterbar-938169b3-delaporte\",\"name\":\"tribe_organizers[]\",\"checked\":false},{\"type\":\"checkbox\",\"label\":\"Depedro\",\"value\":1792,\"id\":\"tribe-events-filterbar-228e27a9-depedro\",\"name\":\"tribe_organizers[]\",\"checked\":false},{\"type\":\"checkbox\",\"label\":\"Depresi\\u00f3n Sonora\",\"value\":1079,\"id\":\"tribe-events-filterbar-c55f4ffd-depresi\\u00f3n-sonora\",\"name\":\"tribe_organizers[]\",\"checked\":false},{\"type\":\"checkbox\",\"label\":\"Dequenvessendo\",\"value\":997,\"id\":\"tribe-events-filterbar-3b95d470-dequenvessendo\",\"name\":\"tribe_organizers[]\",\"checked\":false},{\"type\":\"checkbox\",\"label\":\"Desakato\",\"value\":1739,\"id\":\"tribe-events-filterbar-6dc528d7-desakato\",\"name\":\"tribe_organizers[]\",\"checked\":false},{\"type\":\"checkbox\",\"label\":\"Diamante Negro\",\"value\":1083,\"id\":\"tribe-events-filterbar-e6746abf-diamante-negro\",\"name\":\"tribe_organizers[]\",\"checked\":false},{\"type\":\"checkbox\",\"label\":\"Digresk\",\"value\":996,\"id\":\"tribe-events-filterbar-7c9ef0a3-digresk\",\"name\":\"tribe_organizers[]\",\"checked\":false},{\"type\":\"checkbox\",\"label\":\"Dios Ke Te Crew\",\"value\":1351,\"id\":\"tribe-events-filterbar-08d9e31d-dios-ke-te-crew\",\"name\":\"tribe_organizers[]\",\"checked\":false},{\"type\":\"checkbox\",\"label\":\"DJ Coco\",\"value\":2006,\"id\":\"tribe-events-filterbar-d47bf6e3-dj-coco\",\"name\":\"tribe_organizers[]\",\"checked\":false},{\"type\":\"checkbox\",\"label\":\"DJ Galician Army\",\"value\":2424,\"id\":\"tribe-events-filterbar-fd7bed61-dj-galician-army\",\"name\":\"tribe_organizers[]\",\"checked\":false},{\"type\":\"checkbox\",\"label\":\"DJ Imar Castro\",\"value\":1234,\"id\":\"tribe-events-filterbar-0c2d0ad7-dj-imar-castro\",\"name\":\"tribe_organizers[]\",\"checked\":false},{\"type\":\"checkbox\",\"label\":\"DJ Iv\\u00e1n Flashback\",\"value\":1164,\"id\":\"tribe-events-filterbar-35e2fcdd-dj-iv\\u00e1n-flashback\",\"name\":\"tribe_organizers[]\",\"checked\":false},{\"type\":\"checkbox\",\"label\":\"DJ Licho\",\"value\":1165,\"id\":\"tribe-events-filterbar-f8fec2bb-dj-licho\",\"name\":\"tribe_organizers[]\",\"checked\":false},{\"type\":\"checkbox\",\"label\":\"DJ Mil\",\"value\":2413,\"id\":\"tribe-events-filterbar-6cb8aa82-dj-mil\",\"name\":\"tribe_organizers[]\",\"checked\":false},{\"type\":\"checkbox\",\"label\":\"DJ Moderno\",\"value\":1805,\"id\":\"tribe-events-filterbar-240b43ed-dj-moderno\",\"name\":\"tribe_organizers[]\",\"checked\":false},{\"type\":\"checkbox\",\"label\":\"DJ Russinha\",\"value\":2484,\"id\":\"tribe-events-filterbar-bf9dccc7-dj-russinha\",\"name\":\"tribe_organizers[]\",\"checked\":false},{\"type\":\"checkbox\",\"label\":\"DJ90\",\"value\":1166,\"id\":\"tribe-events-filterbar-77ed3f11-dj90\",\"name\":\"tribe_organizers[]\",\"checked\":false},{\"type\":\"checkbox\",\"label\":\"Donald Shawn e Karen Matheson\",\"value\":4645,\"id\":\"tribe-events-filterbar-af99a0c6-donald-shawn-e-karen-matheson\",\"name\":\"tribe_organizers[]\",\"checked\":false},{\"type\":\"checkbox\",\"label\":\"Dorian\",\"value\":1349,\"id\":\"tribe-events-filterbar-7ec65839-dorian\",\"name\":\"tribe_organizers[]\",\"checked\":false},{\"type\":\"checkbox\",\"label\":\"Dubioza Kolectiv\",\"value\":1851,\"id\":\"tribe-events-filterbar-36cf8ad5-dubioza-kolectiv\",\"name\":\"tribe_organizers[]\",\"checked\":false},{\"type\":\"checkbox\",\"label\":\"Duki\",\"value\":933,\"id\":\"tribe-events-filterbar-cba9353b-duki\",\"name\":\"tribe_organizers[]\",\"checked\":false},{\"type\":\"checkbox\",\"label\":\"Dumore\",\"value\":1264,\"id\":\"tribe-events-filterbar-3471ca7d-dumore\",\"name\":\"tribe_organizers[]\",\"checked\":false},{\"type\":\"checkbox\",\"label\":\"Eagles of Death Metal\",\"value\":2054,\"id\":\"tribe-events-filterbar-9f2a397b-eagles-of-death-metal\",\"name\":\"tribe_organizers[]\",\"checked\":false},{\"type\":\"checkbox\",\"label\":\"Economato DJs\",\"value\":1217,\"id\":\"tribe-events-filterbar-fec7f569-economato-djs\",\"name\":\"tribe_organizers[]\",\"checked\":false},{\"type\":\"checkbox\",\"label\":\"Editors\",\"value\":932,\"id\":\"tribe-events-filterbar-555412f0-editors\",\"name\":\"tribe_organizers[]\",\"checked\":false},{\"type\":\"checkbox\",\"label\":\"El Canijo de Jerez\",\"value\":1105,\"id\":\"tribe-events-filterbar-8e6f8159-el-canijo-de-jerez\",\"name\":\"tribe_organizers[]\",\"checked\":false},{\"type\":\"checkbox\",\"label\":\"El \\u00daltimo Vecino\",\"value\":1075,\"id\":\"tribe-events-filterbar-cafa6b03-el-\\u00daltimo-vecino\",\"name\":\"tribe_organizers[]\",\"checked\":false},{\"type\":\"checkbox\",\"label\":\"Eladio y los Seres Queridos\",\"value\":820,\"id\":\"tribe-events-filterbar-a33a2e35-eladio-y-los-seres-queridos\",\"name\":\"tribe_organizers[]\",\"checked\":false},{\"type\":\"checkbox\",\"label\":\"Eliades Ochoa\",\"value\":2432,\"id\":\"tribe-events-filterbar-686ca0e8-eliades-ochoa\",\"name\":\"tribe_organizers[]\",\"checked\":false},{\"type\":\"checkbox\",\"label\":\"Eme DJ\",\"value\":1021,\"id\":\"tribe-events-filterbar-3e69cc4c-eme-dj\",\"name\":\"tribe_organizers[]\",\"checked\":false},{\"type\":\"checkbox\",\"label\":\"Emilia Pardo y Baz\\u00e1n\",\"value\":1796,\"id\":\"tribe-events-filterbar-bc490fef-emilia-pardo-y-baz\\u00e1n\",\"name\":\"tribe_organizers[]\",\"checked\":false},{\"type\":\"checkbox\",\"label\":\"Emilio R\\u00faa\",\"value\":4921,\"id\":\"tribe-events-filterbar-26333345-emilio-r\\u00faa\",\"name\":\"tribe_organizers[]\",\"checked\":false},{\"type\":\"checkbox\",\"label\":\"Emir Kusturica & The No Smoking Orchestra\",\"value\":1352,\"id\":\"tribe-events-filterbar-a72cf099-emir-kusturica-&-the-no-smoking-orchestra\",\"name\":\"tribe_organizers[]\",\"checked\":false},{\"type\":\"checkbox\",\"label\":\"EQX\",\"value\":2007,\"id\":\"tribe-events-filterbar-23c496ec-eqx\",\"name\":\"tribe_organizers[]\",\"checked\":false},{\"type\":\"checkbox\",\"label\":\"Escola de Gaitas de Ortigueira\",\"value\":995,\"id\":\"tribe-events-filterbar-2aab7ad2-escola-de-gaitas-de-ortigueira\",\"name\":\"tribe_organizers[]\",\"checked\":false},{\"type\":\"checkbox\",\"label\":\"Escuchando Elefantes\",\"value\":954,\"id\":\"tribe-events-filterbar-62ab69c5-escuchando-elefantes\",\"name\":\"tribe_organizers[]\",\"checked\":false},{\"type\":\"checkbox\",\"label\":\"Estopa\",\"value\":1891,\"id\":\"tribe-events-filterbar-1c6b9d59-estopa\",\"name\":\"tribe_organizers[]\",\"checked\":false},{\"type\":\"checkbox\",\"label\":\"Estrella Fugaz\",\"value\":1799,\"id\":\"tribe-events-filterbar-db36f6f4-estrella-fugaz\",\"name\":\"tribe_organizers[]\",\"checked\":false},{\"type\":\"checkbox\",\"label\":\"Eterna Juventud\",\"value\":1795,\"id\":\"tribe-events-filterbar-89fef3e4-eterna-juventud\",\"name\":\"tribe_organizers[]\",\"checked\":false},{\"type\":\"checkbox\",\"label\":\"Eva B\",\"value\":1036,\"id\":\"tribe-events-filterbar-0d045307-eva-b\",\"name\":\"tribe_organizers[]\",\"checked\":false},{\"type\":\"checkbox\",\"label\":\"Eva Pico\",\"value\":1086,\"id\":\"tribe-events-filterbar-42eff270-eva-pico\",\"name\":\"tribe_organizers[]\",\"checked\":false},{\"type\":\"checkbox\",\"label\":\"Faia\",\"value\":2694,\"id\":\"tribe-events-filterbar-6d86163a-faia\",\"name\":\"tribe_organizers[]\",\"checked\":false},{\"type\":\"checkbox\",\"label\":\"Fa\\u00edsca da Pontraga\",\"value\":994,\"id\":\"tribe-events-filterbar-00f1308d-fa\\u00edsca-da-pontraga\",\"name\":\"tribe_organizers[]\",\"checked\":false},{\"type\":\"checkbox\",\"label\":\"Fangoria\",\"value\":1066,\"id\":\"tribe-events-filterbar-7dc622cb-fangoria\",\"name\":\"tribe_organizers[]\",\"checked\":false},{\"type\":\"checkbox\",\"label\":\"Fat Freddy\\u2019s Drop\",\"value\":2180,\"id\":\"tribe-events-filterbar-62482c6a-fat-freddy\\u2019s-drop\",\"name\":\"tribe_organizers[]\",\"checked\":false},{\"type\":\"checkbox\",\"label\":\"F\\u00e1tima Delgado & Babykatze\",\"value\":1214,\"id\":\"tribe-events-filterbar-a719ccf0-f\\u00e1tima-delgado-&-babykatze\",\"name\":\"tribe_organizers[]\",\"checked\":false},{\"type\":\"checkbox\",\"label\":\"FERNANDOCOSTA\",\"value\":2341,\"id\":\"tribe-events-filterbar-1916ae2e-fernandocosta\",\"name\":\"tribe_organizers[]\",\"checked\":false},{\"type\":\"checkbox\",\"label\":\"Festicultores\",\"value\":1330,\"id\":\"tribe-events-filterbar-93ce90e0-festicultores\",\"name\":\"tribe_organizers[]\",\"checked\":false},{\"type\":\"checkbox\",\"label\":\"Festicultores Troupe\",\"value\":4606,\"id\":\"tribe-events-filterbar-9b329cbd-festicultores-troupe\",\"name\":\"tribe_organizers[]\",\"checked\":false},{\"type\":\"checkbox\",\"label\":\"Fiandola\",\"value\":993,\"id\":\"tribe-events-filterbar-a46584fd-fiandola\",\"name\":\"tribe_organizers[]\",\"checked\":false},{\"type\":\"checkbox\",\"label\":\"Fisterra House Band feat. Deg\\u00fcello\",\"value\":1129,\"id\":\"tribe-events-filterbar-0f525f25-fisterra-house-band-feat.-deg\\u00fcello\",\"name\":\"tribe_organizers[]\",\"checked\":false},{\"type\":\"checkbox\",\"label\":\"Fito & Fitipaldis\",\"value\":1982,\"id\":\"tribe-events-filterbar-43a71364-fito-&-fitipaldis\",\"name\":\"tribe_organizers[]\",\"checked\":false},{\"type\":\"checkbox\",\"label\":\"Flaca\",\"value\":1619,\"id\":\"tribe-events-filterbar-618f6de7-flaca\",\"name\":\"tribe_organizers[]\",\"checked\":false},{\"type\":\"checkbox\",\"label\":\"Foals\",\"value\":914,\"id\":\"tribe-events-filterbar-214bba8b-foals\",\"name\":\"tribe_organizers[]\",\"checked\":false},{\"type\":\"checkbox\",\"label\":\"Folk on Crest\",\"value\":992,\"id\":\"tribe-events-filterbar-07bc1aa4-folk-on-crest\",\"name\":\"tribe_organizers[]\",\"checked\":false},{\"type\":\"checkbox\",\"label\":\"Fondo Norte\",\"value\":1749,\"id\":\"tribe-events-filterbar-cbf75c48-fondo-norte\",\"name\":\"tribe_organizers[]\",\"checked\":false},{\"type\":\"checkbox\",\"label\":\"Fourth Moon\",\"value\":1325,\"id\":\"tribe-events-filterbar-3089c4d1-fourth-moon\",\"name\":\"tribe_organizers[]\",\"checked\":false},{\"type\":\"checkbox\",\"label\":\"Franz Ferdinand\",\"value\":1051,\"id\":\"tribe-events-filterbar-061589a3-franz-ferdinand\",\"name\":\"tribe_organizers[]\",\"checked\":false},{\"type\":\"checkbox\",\"label\":\"Fred Morrison\",\"value\":989,\"id\":\"tribe-events-filterbar-642c8d63-fred-morrison\",\"name\":\"tribe_organizers[]\",\"checked\":false},{\"type\":\"checkbox\",\"label\":\"Fredi Leis\",\"value\":4813,\"id\":\"tribe-events-filterbar-8b5c8301-fredi-leis\",\"name\":\"tribe_organizers[]\",\"checked\":false},{\"type\":\"checkbox\",\"label\":\"Fresquito y Mango\",\"value\":1618,\"id\":\"tribe-events-filterbar-ea482306-fresquito-y-mango\",\"name\":\"tribe_organizers[]\",\"checked\":false},{\"type\":\"checkbox\",\"label\":\"Frnsy\",\"value\":990,\"id\":\"tribe-events-filterbar-fd7fbfc8-frnsy\",\"name\":\"tribe_organizers[]\",\"checked\":false},{\"type\":\"checkbox\",\"label\":\"Funzo & Baby Loud\",\"value\":1054,\"id\":\"tribe-events-filterbar-c40437e1-funzo-&-baby-loud\",\"name\":\"tribe_organizers[]\",\"checked\":false},{\"type\":\"checkbox\",\"label\":\"Furious Monkey\",\"value\":924,\"id\":\"tribe-events-filterbar-1bc57a56-furious-monkey\",\"name\":\"tribe_organizers[]\",\"checked\":false},{\"type\":\"checkbox\",\"label\":\"Furious Monkey House\",\"value\":1606,\"id\":\"tribe-events-filterbar-a69b56c0-furious-monkey-house\",\"name\":\"tribe_organizers[]\",\"checked\":false},{\"type\":\"checkbox\",\"label\":\"Gabri Alonso\",\"value\":1266,\"id\":\"tribe-events-filterbar-613a40a2-gabri-alonso\",\"name\":\"tribe_organizers[]\",\"checked\":false},{\"type\":\"checkbox\",\"label\":\"Galician Army\",\"value\":941,\"id\":\"tribe-events-filterbar-f7c5778e-galician-army\",\"name\":\"tribe_organizers[]\",\"checked\":false},{\"type\":\"checkbox\",\"label\":\"Garza\",\"value\":2008,\"id\":\"tribe-events-filterbar-2ab354fa-garza\",\"name\":\"tribe_organizers[]\",\"checked\":false},{\"type\":\"checkbox\",\"label\":\"Gatibu\",\"value\":1844,\"id\":\"tribe-events-filterbar-d97dae8e-gatibu\",\"name\":\"tribe_organizers[]\",\"checked\":false}],\"type\":\"checkbox\"},{\"filter_object\":{\"type\":\"checkbox\",\"name\":\"Provincia\",\"slug\":\"filterbar_state_province\",\"priority\":3,\"values\":[{\"name\":\"A Coru\\u00f1a\",\"value\":\"622-698-703-716-724-962-1018-1047-1121-1147-1185-1244-1278-1342-1509-1526-1615-1716-1723-1821-1951-1989-2053-2110-2212-2334-2411-2451-2474-2658-3613-3635-3641-3644-3646-3650-3651-3652-3655-3658-3657-3680-4392-4395-4689-4720-4784-4851-4936-5055\"},{\"name\":\"Lugo\",\"value\":\"615-670-682-777-1323-1516-1544-1880-1889-1934-1974-2229-2239-2665-2672-3617-3645-3661-4425-4441-4576-4605-4653\"},{\"name\":\"Ourense\",\"value\":\"640-652-748-766-1099-1204-1576-1678-1689-1709-1828-1999-2066-2147-2155-2228-2264-2271-2277-2283-2306-2511-2523-2530-2538-2545-2560-2569-2680-3649-3653-4640-4919-4931-4941-4946-3609\"},{\"name\":\"Pontevedra\",\"value\":\"600-632-662-689-709-721-741-760-816-836-1029-1064-1261-1563-1569-1595-1631-1699-1733-1763-1791-1840-1867-1874-1911-1941-1983-2084-2118-2179-2431-2648-2691-3574-3616-3620-3624-3626-3636-3654-3659-3660-4328-4374-4559-4832-4867-4951\"}],\"currentValue\":[],\"isActiveFilter\":true,\"queryArgs\":[],\"joinClause\":\"\",\"whereClause\":\"\",\"searched_meta\":[\"_VenueState\",\"_VenueStateProvince\"],\"relation_meta\":\"_EventVenueID\",\"join_name\":\"state_filter\",\"stack_managed\":false,\"title\":\"Provincia\"},\"label\":\"Provincia\",\"selections_count\":\"\",\"selections\":\"\",\"toggle_id\":\"filterbar_state_province-toggle-6fb86dc9-97c8-4d75-9aab-643e8abeab0b\",\"container_id\":\"filterbar_state_province-container-6fb86dc9-97c8-4d75-9aab-643e8abeab0b\",\"pill_toggle_id\":\"filterbar_state_province-pill-toggle-6fb86dc9-97c8-4d75-9aab-643e8abeab0b\",\"is_open\":false,\"name\":\"tribe_state[]\",\"fields\":[{\"type\":\"checkbox\",\"label\":\"A Coru\\u00f1a\",\"value\":\"622-698-703-716-724-962-1018-1047-1121-1147-1185-1244-1278-1342-1509-1526-1615-1716-1723-1821-1951-1989-2053-2110-2212-2334-2411-2451-2474-2658-3613-3635-3641-3644-3646-3650-3651-3652-3655-3658-3657-3680-4392-4395-4689-4720-4784-4851-4936-5055\",\"id\":\"tribe-events-filterbar-0400a96b-a-coru\\u00f1a\",\"name\":\"tribe_state[]\",\"checked\":false},{\"type\":\"checkbox\",\"label\":\"Lugo\",\"value\":\"615-670-682-777-1323-1516-1544-1880-1889-1934-1974-2229-2239-2665-2672-3617-3645-3661-4425-4441-4576-4605-4653\",\"id\":\"tribe-events-filterbar-8ead3d65-lugo\",\"name\":\"tribe_state[]\",\"checked\":false},{\"type\":\"checkbox\",\"label\":\"Ourense\",\"value\":\"640-652-748-766-1099-1204-1576-1678-1689-1709-1828-1999-2066-2147-2155-2228-2264-2271-2277-2283-2306-2511-2523-2530-2538-2545-2560-2569-2680-3649-3653-4640-4919-4931-4941-4946-3609\",\"id\":\"tribe-events-filterbar-f59ed93c-ourense\",\"name\":\"tribe_state[]\",\"checked\":false},{\"type\":\"checkbox\",\"label\":\"Pontevedra\",\"value\":\"600-632-662-689-709-721-741-760-816-836-1029-1064-1261-1563-1569-1595-1631-1699-1733-1763-1791-1840-1867-1874-1911-1941-1983-2084-2118-2179-2431-2648-2691-3574-3616-3620-3624-3626-3636-3654-3659-3660-4328-4374-4559-4832-4867-4951\",\"id\":\"tribe-events-filterbar-5ab85bb7-pontevedra\",\"name\":\"tribe_state[]\",\"checked\":false}],\"type\":\"checkbox\"},{\"filter_object\":{\"type\":\"checkbox\",\"name\":\"Espacio\",\"slug\":\"filterbar_venue\",\"priority\":4,\"values\":[{\"name\":\"Alameda de Vilaza, Monterrei\",\"value\":748},{\"name\":\"Albergue de Peregrinos A Casa da Vi\\u00fava, A Gudi\\u00f1a\",\"value\":4931},{\"name\":\"Antigua Estaci\\u00f3n de Ferrocarril, A Gudi\\u00f1a\",\"value\":2271},{\"name\":\"Auditorio Afundaci\\u00f3n, Vigo\",\"value\":2084},{\"name\":\"Auditorio Mar de Vigo, Vigo\",\"value\":1983},{\"name\":\"Auditorio Municipal, Carballi\\u00f1o\",\"value\":766},{\"name\":\"Barrio Bemposta, Ourense\",\"value\":1099},{\"name\":\"Bater\\u00eda de Punta Vi\\u00f1as, Ferrol\",\"value\":2474},{\"name\":\"Caf\\u00e9 & Pop Torgal, Ourense\",\"value\":1999},{\"name\":\"Campo Ara Solis, Fisterra\",\"value\":1121},{\"name\":\"Campo da Feira, Cortegada\",\"value\":1689},{\"name\":\"Campo da Feira, Ordes\",\"value\":4851},{\"name\":\"Campo da Feira, Vilalba\",\"value\":1516},{\"name\":\"Campo da Festa de Macendo, Castrelo de Mi\\u00f1o\",\"value\":2277},{\"name\":\"Campo da Festa, Arteixo\",\"value\":698},{\"name\":\"Campo das Cabazas, Ferrol\",\"value\":1615},{\"name\":\"Campo de F\\u00fatbol As Baloutas, Mos\",\"value\":1569},{\"name\":\"Campo de la Feria, Vigo\",\"value\":709},{\"name\":\"Capela da Magdalena, Arz\\u00faa\",\"value\":4936},{\"name\":\"Carballeira de Velar, Zas\",\"value\":1526},{\"name\":\"Carpa Campo da Feira, Lal\\u00edn\",\"value\":816},{\"name\":\"Casco urbano, A Estrada\",\"value\":1911},{\"name\":\"CGAC (Centro Galego de Arte Contempor\\u00e1nea), Santiago de Compostela\",\"value\":4689},{\"name\":\"Claustro del Monasterio de San Salvador, Celanova\",\"value\":1576},{\"name\":\"Colegio Casa de Cultura, Palas de Rei\",\"value\":1880},{\"name\":\"Coliseum, A Coru\\u00f1a\",\"value\":716},{\"name\":\"Complejo Deportivo Monterrei, Pereiro de Aguiar\",\"value\":2228},{\"name\":\"Contorna do Mosteiro, Oia\",\"value\":1941},{\"name\":\"Estadio Abanca Bala\\u00eddos, Vigo\",\"value\":1867},{\"name\":\"Estadio de Riazor, A Coru\\u00f1a\",\"value\":1047},{\"name\":\"Explanada anexa ao \\u2018Meigas e trasgos\\u2019, Sarria\",\"value\":4441},{\"name\":\"Explanada de la Alameda, Mar\\u00edn\",\"value\":1029},{\"name\":\"Explanada de la Compa\\u00f1\\u00eda, Monforte de Lemos\",\"value\":670},{\"name\":\"Explanada del Castillo, Monterrei\",\"value\":2155},{\"name\":\"Explanada del Parque Na\\u00fatico, Castrelo de Mi\\u00f1o\",\"value\":652},{\"name\":\"Explanada del Puerto Deportivo, Ortigueira\",\"value\":962},{\"name\":\"Explanada do Porto, A Guarda\",\"value\":1563},{\"name\":\"Expocoru\\u00f1a, A Coru\\u00f1a\",\"value\":1244},{\"name\":\"Expourense, Ourense\",\"value\":1709},{\"name\":\"Exterior Auditorio Gustavo Freire, Lugo\",\"value\":1544},{\"name\":\"Exterior del Pabell\\u00f3n Municipal, O Porri\\u00f1o\",\"value\":662},{\"name\":\"Exteriores del Pazo de Mos, Mos\",\"value\":600},{\"name\":\"F\\u00e1brica Azucreira de Portas, Caldas de Reis\",\"value\":836},{\"name\":\"Faro de Corrubedo, Ribeira\",\"value\":2411},{\"name\":\"Faro Punta da Barca, Mux\\u00eda\",\"value\":2451},{\"name\":\"Faro Silleiro, Baiona\",\"value\":2431},{\"name\":\"Festival de Pardi\\u00f1as, Guitiriz\",\"value\":1323},{\"name\":\"Fondo de Vila, Padr\\u00f3n\",\"value\":703},{\"name\":\"Fundaci\\u00f3n Luis Seoane, A Coru\\u00f1a\",\"value\":1147},{\"name\":\"Jard\\u00edn Bot\\u00e1nico de Montealegre, Ourense\",\"value\":2283},{\"name\":\"Jard\\u00edn del Palacio de Ferias y Congresos, Lugo\",\"value\":1889},{\"name\":\"Las Ermitas (Parroquia de Antas), A Lama\",\"value\":2648},{\"name\":\"Liceo, Ourense\",\"value\":4919},{\"name\":\"Mosteiro de San Pedro de Rocas, Esgos\",\"value\":4946},{\"name\":\"Mosteiro de Santa Mar\\u00eda, Espada\\u00f1edo\",\"value\":4941},{\"name\":\"Muelle de Bater\\u00eda del Puerto, A Coru\\u00f1a\",\"value\":2334},{\"name\":\"Museo do Mar de Galicia, Vigo\",\"value\":4951},{\"name\":\"O Monte do Gozo, Santiago de Compostela\",\"value\":622},{\"name\":\"Palacio de la \\u00d3pera, A Coru\\u00f1a\",\"value\":1989},{\"name\":\"Parking Caravanas Milladoiro, Ames\",\"value\":2212},{\"name\":\"Parking Municipal, Ribadeo\",\"value\":2239},{\"name\":\"Parque da Palma, Baiona\",\"value\":1874},{\"name\":\"Parque da Pesqueira, Mos\",\"value\":4867},{\"name\":\"Parque de A Preguiza, Ver\\u00edn\",\"value\":640},{\"name\":\"Parque de Bonaval, Santiago de Compostela\",\"value\":1951},{\"name\":\"Parque de Torrado, Cambados\",\"value\":2691},{\"name\":\"Parque O Pasatempo, Betanzos\",\"value\":1018},{\"name\":\"Parque Rosal\\u00eda de Castro, Friol\",\"value\":2665},{\"name\":\"Parque Rosal\\u00eda de Castro, Melide\",\"value\":4395},{\"name\":\"Parroquia de Celeiro, Viveiro\",\"value\":777},{\"name\":\"Paseo del Malec\\u00f3n, O Barco de Valdeorras\",\"value\":2538},{\"name\":\"Paseo Mar\\u00edtimo de Xuvia, Nar\\u00f3n\",\"value\":1723},{\"name\":\"Pazo da Cultura, Pontevedra\",\"value\":2118},{\"name\":\"Peirao de Arcade, Soutomaior\",\"value\":689},{\"name\":\"Peirao de Curuxeiras, Ferrol\",\"value\":1185},{\"name\":\"Peirao de Trasatl\\u00e1nticos, Vigo\",\"value\":1595},{\"name\":\"Pistas Polideportivas del Malec\\u00f3n, O Barco de Valdeorras\",\"value\":2545},{\"name\":\"Playa de la Concha, Vilagarc\\u00eda de Arousa\",\"value\":1064},{\"name\":\"Playa de Riazor, A Coru\\u00f1a\",\"value\":1342},{\"name\":\"Playa Fluvial de o Malec\\u00f3n, O Barco de Valdeorras\",\"value\":1204},{\"name\":\"Plaza Conde Fenosa, Portomar\\u00edn\",\"value\":1974},{\"name\":\"Plaza de Armas, Ferrol\",\"value\":1716},{\"name\":\"Plaza de Espa\\u00f1a, Ribeira\",\"value\":1509},{\"name\":\"Plaza de Fondo de Vila, Padr\\u00f3n\",\"value\":1821},{\"name\":\"Plaza de Jos\\u00e9 Otero, O Barco de Valdeorras\",\"value\":2306},{\"name\":\"Plaza de la Estaci\\u00f3n, A R\\u00faa\",\"value\":2147},{\"name\":\"Plaza de Mar\\u00eda Pita, A Coru\\u00f1a\",\"value\":724},{\"name\":\"Plaza de Ojea, Cangas\",\"value\":721},{\"name\":\"Plaza de Viloira, O Barco de Valdeorras\",\"value\":2569},{\"name\":\"Plaza del Mercado, Vilanova de Arousa\",\"value\":1631},{\"name\":\"Plaza del Seminario, Mondo\\u00f1edo\",\"value\":1934},{\"name\":\"Plaza do Sagrado, O Barco de Valdeorras\",\"value\":2560},{\"name\":\"Plaza Mayor, O Barco de Valdeorras\",\"value\":2511},{\"name\":\"Plaza Mayor, Ver\\u00edn\",\"value\":2264},{\"name\":\"Plaza Pablo Iglesias\",\"value\":4392},{\"name\":\"Por determinar, Lugo\",\"value\":4653},{\"name\":\"Porto de Fisterra, Fisterra\",\"value\":4784},{\"name\":\"Praia de Barbeira, Baiona\",\"value\":1791},{\"name\":\"Praza Ana Pastor, Crecente\",\"value\":4328},{\"name\":\"Praza da Chousa, Combarro\",\"value\":1733},{\"name\":\"Praza da Feira, Palas de Rei\",\"value\":2229},{\"name\":\"Praza da Souteira, Esgos\",\"value\":2680},{\"name\":\"Praza da Vila, Sarria\",\"value\":682},{\"name\":\"Praza de Espa\\u00f1a, Pontevedra\",\"value\":1699},{\"name\":\"Praza de Espa\\u00f1a, Ribadeo\",\"value\":4425},{\"name\":\"Praza do Concello, Cee\",\"value\":2658},{\"name\":\"Praza do Concello, Mondo\\u00f1edo\",\"value\":2672},{\"name\":\"Praza do Concello, Mu\\u00ed\\u00f1os\",\"value\":1678},{\"name\":\"Praza do Concello, Portomar\\u00edn\",\"value\":4605},{\"name\":\"Praza do Concello, Xove\",\"value\":741},{\"name\":\"Praza do Mar, Sanxenxo\",\"value\":4559},{\"name\":\"Praza do Tapal, Noia\",\"value\":1278},{\"name\":\"Praza dos Campos de San Cibrao, San Cibrao\",\"value\":615},{\"name\":\"Praza Maior, Celanova\",\"value\":4640},{\"name\":\"Praza P\\u00fablica de Baamonde\",\"value\":4576},{\"name\":\"Puerto de O Grove, O Grove\",\"value\":4832},{\"name\":\"Puerto Mar\\u00edtimo, Vigo\",\"value\":1763},{\"name\":\"Puerto, Vilaxo\\u00e1n\",\"value\":1840},{\"name\":\"Recinto de Festas do Alivio, Tomi\\u00f1o\",\"value\":1261},{\"name\":\"Recinto Feiral, Tui\",\"value\":760},{\"name\":\"R\\u00faa Abd\\u00f3n Blanco, O Barco de Valdeorras\",\"value\":2523},{\"name\":\"Sala Capitol, Santiago de Compostela\",\"value\":2053},{\"name\":\"Sala Garufa, A Coru\\u00f1a\",\"value\":5055},{\"name\":\"Sala Pel\\u00edcano, A Coru\\u00f1a\",\"value\":2110},{\"name\":\"San Roque, O Barco de Valdeorras\",\"value\":2530},{\"name\":\"Teatro Afundaci\\u00f3n, Vigo\",\"value\":632},{\"name\":\"Teatro Principal, Ourense\",\"value\":2066},{\"name\":\"Terraza Pazo de Congresos Mar de Vigo, Vigo\",\"value\":2179},{\"name\":\"Xard\\u00edn A Barreira, Allariz\",\"value\":1828}],\"currentValue\":[],\"isActiveFilter\":true,\"queryArgs\":[],\"joinClause\":\"\",\"whereClause\":\"\",\"stack_managed\":false,\"title\":\"Espacio\"},\"label\":\"Espacio\",\"selections_count\":\"\",\"selections\":\"\",\"toggle_id\":\"filterbar_venue-toggle-6fb86dc9-97c8-4d75-9aab-643e8abeab0b\",\"container_id\":\"filterbar_venue-container-6fb86dc9-97c8-4d75-9aab-643e8abeab0b\",\"pill_toggle_id\":\"filterbar_venue-pill-toggle-6fb86dc9-97c8-4d75-9aab-643e8abeab0b\",\"is_open\":false,\"name\":\"tribe_venues[]\",\"fields\":[{\"type\":\"checkbox\",\"label\":\"Alameda de Vilaza, Monterrei\",\"value\":748,\"id\":\"tribe-events-filterbar-a06c7340-alameda-de-vilaza,-monterrei\",\"name\":\"tribe_venues[]\",\"checked\":false},{\"type\":\"checkbox\",\"label\":\"Albergue de Peregrinos A Casa da Vi\\u00fava, A Gudi\\u00f1a\",\"value\":4931,\"id\":\"tribe-events-filterbar-280167ed-albergue-de-peregrinos-a-casa-da-vi\\u00fava,-a-gudi\\u00f1a\",\"name\":\"tribe_venues[]\",\"checked\":false},{\"type\":\"checkbox\",\"label\":\"Antigua Estaci\\u00f3n de Ferrocarril, A Gudi\\u00f1a\",\"value\":2271,\"id\":\"tribe-events-filterbar-9ec3d552-antigua-estaci\\u00f3n-de-ferrocarril,-a-gudi\\u00f1a\",\"name\":\"tribe_venues[]\",\"checked\":false},{\"type\":\"checkbox\",\"label\":\"Auditorio Afundaci\\u00f3n, Vigo\",\"value\":2084,\"id\":\"tribe-events-filterbar-e988ed91-auditorio-afundaci\\u00f3n,-vigo\",\"name\":\"tribe_venues[]\",\"checked\":false},{\"type\":\"checkbox\",\"label\":\"Auditorio Mar de Vigo, Vigo\",\"value\":1983,\"id\":\"tribe-events-filterbar-33b7604b-auditorio-mar-de-vigo,-vigo\",\"name\":\"tribe_venues[]\",\"checked\":false},{\"type\":\"checkbox\",\"label\":\"Auditorio Municipal, Carballi\\u00f1o\",\"value\":766,\"id\":\"tribe-events-filterbar-e0a991c5-auditorio-municipal,-carballi\\u00f1o\",\"name\":\"tribe_venues[]\",\"checked\":false},{\"type\":\"checkbox\",\"label\":\"Barrio Bemposta, Ourense\",\"value\":1099,\"id\":\"tribe-events-filterbar-2c1eeb4c-barrio-bemposta,-ourense\",\"name\":\"tribe_venues[]\",\"checked\":false},{\"type\":\"checkbox\",\"label\":\"Bater\\u00eda de Punta Vi\\u00f1as, Ferrol\",\"value\":2474,\"id\":\"tribe-events-filterbar-f82442b2-bater\\u00eda-de-punta-vi\\u00f1as,-ferrol\",\"name\":\"tribe_venues[]\",\"checked\":false},{\"type\":\"checkbox\",\"label\":\"Caf\\u00e9 & Pop Torgal, Ourense\",\"value\":1999,\"id\":\"tribe-events-filterbar-d154198e-caf\\u00e9-&-pop-torgal,-ourense\",\"name\":\"tribe_venues[]\",\"checked\":false},{\"type\":\"checkbox\",\"label\":\"Campo Ara Solis, Fisterra\",\"value\":1121,\"id\":\"tribe-events-filterbar-9478a6b3-campo-ara-solis,-fisterra\",\"name\":\"tribe_venues[]\",\"checked\":false},{\"type\":\"checkbox\",\"label\":\"Campo da Feira, Cortegada\",\"value\":1689,\"id\":\"tribe-events-filterbar-1abc4739-campo-da-feira,-cortegada\",\"name\":\"tribe_venues[]\",\"checked\":false},{\"type\":\"checkbox\",\"label\":\"Campo da Feira, Ordes\",\"value\":4851,\"id\":\"tribe-events-filterbar-25963f69-campo-da-feira,-ordes\",\"name\":\"tribe_venues[]\",\"checked\":false},{\"type\":\"checkbox\",\"label\":\"Campo da Feira, Vilalba\",\"value\":1516,\"id\":\"tribe-events-filterbar-072e38ff-campo-da-feira,-vilalba\",\"name\":\"tribe_venues[]\",\"checked\":false},{\"type\":\"checkbox\",\"label\":\"Campo da Festa de Macendo, Castrelo de Mi\\u00f1o\",\"value\":2277,\"id\":\"tribe-events-filterbar-bf34ed90-campo-da-festa-de-macendo,-castrelo-de-mi\\u00f1o\",\"name\":\"tribe_venues[]\",\"checked\":false},{\"type\":\"checkbox\",\"label\":\"Campo da Festa, Arteixo\",\"value\":698,\"id\":\"tribe-events-filterbar-b17a40e3-campo-da-festa,-arteixo\",\"name\":\"tribe_venues[]\",\"checked\":false},{\"type\":\"checkbox\",\"label\":\"Campo das Cabazas, Ferrol\",\"value\":1615,\"id\":\"tribe-events-filterbar-e715a437-campo-das-cabazas,-ferrol\",\"name\":\"tribe_venues[]\",\"checked\":false},{\"type\":\"checkbox\",\"label\":\"Campo de F\\u00fatbol As Baloutas, Mos\",\"value\":1569,\"id\":\"tribe-events-filterbar-2ae782a8-campo-de-f\\u00fatbol-as-baloutas,-mos\",\"name\":\"tribe_venues[]\",\"checked\":false},{\"type\":\"checkbox\",\"label\":\"Campo de la Feria, Vigo\",\"value\":709,\"id\":\"tribe-events-filterbar-462b87fe-campo-de-la-feria,-vigo\",\"name\":\"tribe_venues[]\",\"checked\":false},{\"type\":\"checkbox\",\"label\":\"Capela da Magdalena, Arz\\u00faa\",\"value\":4936,\"id\":\"tribe-events-filterbar-cfa53193-capela-da-magdalena,-arz\\u00faa\",\"name\":\"tribe_venues[]\",\"checked\":false},{\"type\":\"checkbox\",\"label\":\"Carballeira de Velar, Zas\",\"value\":1526,\"id\":\"tribe-events-filterbar-de747391-carballeira-de-velar,-zas\",\"name\":\"tribe_venues[]\",\"checked\":false},{\"type\":\"checkbox\",\"label\":\"Carpa Campo da Feira, Lal\\u00edn\",\"value\":816,\"id\":\"tribe-events-filterbar-c4bf1bec-carpa-campo-da-feira,-lal\\u00edn\",\"name\":\"tribe_venues[]\",\"checked\":false},{\"type\":\"checkbox\",\"label\":\"Casco urbano, A Estrada\",\"value\":1911,\"id\":\"tribe-events-filterbar-24e706d9-casco-urbano,-a-estrada\",\"name\":\"tribe_venues[]\",\"checked\":false},{\"type\":\"checkbox\",\"label\":\"CGAC (Centro Galego de Arte Contempor\\u00e1nea), Santiago de Compostela\",\"value\":4689,\"id\":\"tribe-events-filterbar-051278b0-cgac-(centro-galego-de-arte-contempor\\u00e1nea),-santiago-de-compostela\",\"name\":\"tribe_venues[]\",\"checked\":false},{\"type\":\"checkbox\",\"label\":\"Claustro del Monasterio de San Salvador, Celanova\",\"value\":1576,\"id\":\"tribe-events-filterbar-fbe86e1a-claustro-del-monasterio-de-san-salvador,-celanova\",\"name\":\"tribe_venues[]\",\"checked\":false},{\"type\":\"checkbox\",\"label\":\"Colegio Casa de Cultura, Palas de Rei\",\"value\":1880,\"id\":\"tribe-events-filterbar-7f5b9796-colegio-casa-de-cultura,-palas-de-rei\",\"name\":\"tribe_venues[]\",\"checked\":false},{\"type\":\"checkbox\",\"label\":\"Coliseum, A Coru\\u00f1a\",\"value\":716,\"id\":\"tribe-events-filterbar-644d3a9f-coliseum,-a-coru\\u00f1a\",\"name\":\"tribe_venues[]\",\"checked\":false},{\"type\":\"checkbox\",\"label\":\"Complejo Deportivo Monterrei, Pereiro de Aguiar\",\"value\":2228,\"id\":\"tribe-events-filterbar-134ee5fa-complejo-deportivo-monterrei,-pereiro-de-aguiar\",\"name\":\"tribe_venues[]\",\"checked\":false},{\"type\":\"checkbox\",\"label\":\"Contorna do Mosteiro, Oia\",\"value\":1941,\"id\":\"tribe-events-filterbar-faea7201-contorna-do-mosteiro,-oia\",\"name\":\"tribe_venues[]\",\"checked\":false},{\"type\":\"checkbox\",\"label\":\"Estadio Abanca Bala\\u00eddos, Vigo\",\"value\":1867,\"id\":\"tribe-events-filterbar-c28d0f1a-estadio-abanca-bala\\u00eddos,-vigo\",\"name\":\"tribe_venues[]\",\"checked\":false},{\"type\":\"checkbox\",\"label\":\"Estadio de Riazor, A Coru\\u00f1a\",\"value\":1047,\"id\":\"tribe-events-filterbar-6bc1e425-estadio-de-riazor,-a-coru\\u00f1a\",\"name\":\"tribe_venues[]\",\"checked\":false},{\"type\":\"checkbox\",\"label\":\"Explanada anexa ao \\u2018Meigas e trasgos\\u2019, Sarria\",\"value\":4441,\"id\":\"tribe-events-filterbar-e125e7f7-explanada-anexa-ao-\\u2018meigas-e-trasgos\\u2019,-sarria\",\"name\":\"tribe_venues[]\",\"checked\":false},{\"type\":\"checkbox\",\"label\":\"Explanada de la Alameda, Mar\\u00edn\",\"value\":1029,\"id\":\"tribe-events-filterbar-4311f2f8-explanada-de-la-alameda,-mar\\u00edn\",\"name\":\"tribe_venues[]\",\"checked\":false},{\"type\":\"checkbox\",\"label\":\"Explanada de la Compa\\u00f1\\u00eda, Monforte de Lemos\",\"value\":670,\"id\":\"tribe-events-filterbar-1cb12bf3-explanada-de-la-compa\\u00f1\\u00eda,-monforte-de-lemos\",\"name\":\"tribe_venues[]\",\"checked\":false},{\"type\":\"checkbox\",\"label\":\"Explanada del Castillo, Monterrei\",\"value\":2155,\"id\":\"tribe-events-filterbar-0bf2838b-explanada-del-castillo,-monterrei\",\"name\":\"tribe_venues[]\",\"checked\":false},{\"type\":\"checkbox\",\"label\":\"Explanada del Parque Na\\u00fatico, Castrelo de Mi\\u00f1o\",\"value\":652,\"id\":\"tribe-events-filterbar-5ebed19b-explanada-del-parque-na\\u00fatico,-castrelo-de-mi\\u00f1o\",\"name\":\"tribe_venues[]\",\"checked\":false},{\"type\":\"checkbox\",\"label\":\"Explanada del Puerto Deportivo, Ortigueira\",\"value\":962,\"id\":\"tribe-events-filterbar-48246b6e-explanada-del-puerto-deportivo,-ortigueira\",\"name\":\"tribe_venues[]\",\"checked\":false},{\"type\":\"checkbox\",\"label\":\"Explanada do Porto, A Guarda\",\"value\":1563,\"id\":\"tribe-events-filterbar-7b98d235-explanada-do-porto,-a-guarda\",\"name\":\"tribe_venues[]\",\"checked\":false},{\"type\":\"checkbox\",\"label\":\"Expocoru\\u00f1a, A Coru\\u00f1a\",\"value\":1244,\"id\":\"tribe-events-filterbar-4882d85a-expocoru\\u00f1a,-a-coru\\u00f1a\",\"name\":\"tribe_venues[]\",\"checked\":false},{\"type\":\"checkbox\",\"label\":\"Expourense, Ourense\",\"value\":1709,\"id\":\"tribe-events-filterbar-0a27e344-expourense,-ourense\",\"name\":\"tribe_venues[]\",\"checked\":false},{\"type\":\"checkbox\",\"label\":\"Exterior Auditorio Gustavo Freire, Lugo\",\"value\":1544,\"id\":\"tribe-events-filterbar-9be36a1b-exterior-auditorio-gustavo-freire,-lugo\",\"name\":\"tribe_venues[]\",\"checked\":false},{\"type\":\"checkbox\",\"label\":\"Exterior del Pabell\\u00f3n Municipal, O Porri\\u00f1o\",\"value\":662,\"id\":\"tribe-events-filterbar-23d8e7e8-exterior-del-pabell\\u00f3n-municipal,-o-porri\\u00f1o\",\"name\":\"tribe_venues[]\",\"checked\":false},{\"type\":\"checkbox\",\"label\":\"Exteriores del Pazo de Mos, Mos\",\"value\":600,\"id\":\"tribe-events-filterbar-3eb1d355-exteriores-del-pazo-de-mos,-mos\",\"name\":\"tribe_venues[]\",\"checked\":false},{\"type\":\"checkbox\",\"label\":\"F\\u00e1brica Azucreira de Portas, Caldas de Reis\",\"value\":836,\"id\":\"tribe-events-filterbar-7786c671-f\\u00e1brica-azucreira-de-portas,-caldas-de-reis\",\"name\":\"tribe_venues[]\",\"checked\":false},{\"type\":\"checkbox\",\"label\":\"Faro de Corrubedo, Ribeira\",\"value\":2411,\"id\":\"tribe-events-filterbar-f8f30929-faro-de-corrubedo,-ribeira\",\"name\":\"tribe_venues[]\",\"checked\":false},{\"type\":\"checkbox\",\"label\":\"Faro Punta da Barca, Mux\\u00eda\",\"value\":2451,\"id\":\"tribe-events-filterbar-07602988-faro-punta-da-barca,-mux\\u00eda\",\"name\":\"tribe_venues[]\",\"checked\":false},{\"type\":\"checkbox\",\"label\":\"Faro Silleiro, Baiona\",\"value\":2431,\"id\":\"tribe-events-filterbar-a067b2ab-faro-silleiro,-baiona\",\"name\":\"tribe_venues[]\",\"checked\":false},{\"type\":\"checkbox\",\"label\":\"Festival de Pardi\\u00f1as, Guitiriz\",\"value\":1323,\"id\":\"tribe-events-filterbar-eaa1e76b-festival-de-pardi\\u00f1as,-guitiriz\",\"name\":\"tribe_venues[]\",\"checked\":false},{\"type\":\"checkbox\",\"label\":\"Fondo de Vila, Padr\\u00f3n\",\"value\":703,\"id\":\"tribe-events-filterbar-56619fbc-fondo-de-vila,-padr\\u00f3n\",\"name\":\"tribe_venues[]\",\"checked\":false},{\"type\":\"checkbox\",\"label\":\"Fundaci\\u00f3n Luis Seoane, A Coru\\u00f1a\",\"value\":1147,\"id\":\"tribe-events-filterbar-0a186272-fundaci\\u00f3n-luis-seoane,-a-coru\\u00f1a\",\"name\":\"tribe_venues[]\",\"checked\":false},{\"type\":\"checkbox\",\"label\":\"Jard\\u00edn Bot\\u00e1nico de Montealegre, Ourense\",\"value\":2283,\"id\":\"tribe-events-filterbar-bf3e5e47-jard\\u00edn-bot\\u00e1nico-de-montealegre,-ourense\",\"name\":\"tribe_venues[]\",\"checked\":false},{\"type\":\"checkbox\",\"label\":\"Jard\\u00edn del Palacio de Ferias y Congresos, Lugo\",\"value\":1889,\"id\":\"tribe-events-filterbar-0c9b1a0f-jard\\u00edn-del-palacio-de-ferias-y-congresos,-lugo\",\"name\":\"tribe_venues[]\",\"checked\":false},{\"type\":\"checkbox\",\"label\":\"Las Ermitas (Parroquia de Antas), A Lama\",\"value\":2648,\"id\":\"tribe-events-filterbar-f33ae95b-las-ermitas-(parroquia-de-antas),-a-lama\",\"name\":\"tribe_venues[]\",\"checked\":false},{\"type\":\"checkbox\",\"label\":\"Liceo, Ourense\",\"value\":4919,\"id\":\"tribe-events-filterbar-7fef62c7-liceo,-ourense\",\"name\":\"tribe_venues[]\",\"checked\":false},{\"type\":\"checkbox\",\"label\":\"Mosteiro de San Pedro de Rocas, Esgos\",\"value\":4946,\"id\":\"tribe-events-filterbar-b3ab0253-mosteiro-de-san-pedro-de-rocas,-esgos\",\"name\":\"tribe_venues[]\",\"checked\":false},{\"type\":\"checkbox\",\"label\":\"Mosteiro de Santa Mar\\u00eda, Espada\\u00f1edo\",\"value\":4941,\"id\":\"tribe-events-filterbar-3053b50c-mosteiro-de-santa-mar\\u00eda,-espada\\u00f1edo\",\"name\":\"tribe_venues[]\",\"checked\":false},{\"type\":\"checkbox\",\"label\":\"Muelle de Bater\\u00eda del Puerto, A Coru\\u00f1a\",\"value\":2334,\"id\":\"tribe-events-filterbar-b2878a80-muelle-de-bater\\u00eda-del-puerto,-a-coru\\u00f1a\",\"name\":\"tribe_venues[]\",\"checked\":false},{\"type\":\"checkbox\",\"label\":\"Museo do Mar de Galicia, Vigo\",\"value\":4951,\"id\":\"tribe-events-filterbar-fa6eb65e-museo-do-mar-de-galicia,-vigo\",\"name\":\"tribe_venues[]\",\"checked\":false},{\"type\":\"checkbox\",\"label\":\"O Monte do Gozo, Santiago de Compostela\",\"value\":622,\"id\":\"tribe-events-filterbar-0298f0f0-o-monte-do-gozo,-santiago-de-compostela\",\"name\":\"tribe_venues[]\",\"checked\":false},{\"type\":\"checkbox\",\"label\":\"Palacio de la \\u00d3pera, A Coru\\u00f1a\",\"value\":1989,\"id\":\"tribe-events-filterbar-20c055a5-palacio-de-la-\\u00d3pera,-a-coru\\u00f1a\",\"name\":\"tribe_venues[]\",\"checked\":false},{\"type\":\"checkbox\",\"label\":\"Parking Caravanas Milladoiro, Ames\",\"value\":2212,\"id\":\"tribe-events-filterbar-924cf802-parking-caravanas-milladoiro,-ames\",\"name\":\"tribe_venues[]\",\"checked\":false},{\"type\":\"checkbox\",\"label\":\"Parking Municipal, Ribadeo\",\"value\":2239,\"id\":\"tribe-events-filterbar-7cc5e7e0-parking-municipal,-ribadeo\",\"name\":\"tribe_venues[]\",\"checked\":false},{\"type\":\"checkbox\",\"label\":\"Parque da Palma, Baiona\",\"value\":1874,\"id\":\"tribe-events-filterbar-83d82fc5-parque-da-palma,-baiona\",\"name\":\"tribe_venues[]\",\"checked\":false},{\"type\":\"checkbox\",\"label\":\"Parque da Pesqueira, Mos\",\"value\":4867,\"id\":\"tribe-events-filterbar-3842746c-parque-da-pesqueira,-mos\",\"name\":\"tribe_venues[]\",\"checked\":false},{\"type\":\"checkbox\",\"label\":\"Parque de A Preguiza, Ver\\u00edn\",\"value\":640,\"id\":\"tribe-events-filterbar-a97ef3aa-parque-de-a-preguiza,-ver\\u00edn\",\"name\":\"tribe_venues[]\",\"checked\":false},{\"type\":\"checkbox\",\"label\":\"Parque de Bonaval, Santiago de Compostela\",\"value\":1951,\"id\":\"tribe-events-filterbar-1d5f91e0-parque-de-bonaval,-santiago-de-compostela\",\"name\":\"tribe_venues[]\",\"checked\":false},{\"type\":\"checkbox\",\"label\":\"Parque de Torrado, Cambados\",\"value\":2691,\"id\":\"tribe-events-filterbar-aed2cb73-parque-de-torrado,-cambados\",\"name\":\"tribe_venues[]\",\"checked\":false},{\"type\":\"checkbox\",\"label\":\"Parque O Pasatempo, Betanzos\",\"value\":1018,\"id\":\"tribe-events-filterbar-9d80be1e-parque-o-pasatempo,-betanzos\",\"name\":\"tribe_venues[]\",\"checked\":false},{\"type\":\"checkbox\",\"label\":\"Parque Rosal\\u00eda de Castro, Friol\",\"value\":2665,\"id\":\"tribe-events-filterbar-56fdbba1-parque-rosal\\u00eda-de-castro,-friol\",\"name\":\"tribe_venues[]\",\"checked\":false},{\"type\":\"checkbox\",\"label\":\"Parque Rosal\\u00eda de Castro, Melide\",\"value\":4395,\"id\":\"tribe-events-filterbar-99831b22-parque-rosal\\u00eda-de-castro,-melide\",\"name\":\"tribe_venues[]\",\"checked\":false},{\"type\":\"checkbox\",\"label\":\"Parroquia de Celeiro, Viveiro\",\"value\":777,\"id\":\"tribe-events-filterbar-7e6ceb6a-parroquia-de-celeiro,-viveiro\",\"name\":\"tribe_venues[]\",\"checked\":false},{\"type\":\"checkbox\",\"label\":\"Paseo del Malec\\u00f3n, O Barco de Valdeorras\",\"value\":2538,\"id\":\"tribe-events-filterbar-6ccca430-paseo-del-malec\\u00f3n,-o-barco-de-valdeorras\",\"name\":\"tribe_venues[]\",\"checked\":false},{\"type\":\"checkbox\",\"label\":\"Paseo Mar\\u00edtimo de Xuvia, Nar\\u00f3n\",\"value\":1723,\"id\":\"tribe-events-filterbar-c0d3cff6-paseo-mar\\u00edtimo-de-xuvia,-nar\\u00f3n\",\"name\":\"tribe_venues[]\",\"checked\":false},{\"type\":\"checkbox\",\"label\":\"Pazo da Cultura, Pontevedra\",\"value\":2118,\"id\":\"tribe-events-filterbar-136da5f9-pazo-da-cultura,-pontevedra\",\"name\":\"tribe_venues[]\",\"checked\":false},{\"type\":\"checkbox\",\"label\":\"Peirao de Arcade, Soutomaior\",\"value\":689,\"id\":\"tribe-events-filterbar-92cc9fec-peirao-de-arcade,-soutomaior\",\"name\":\"tribe_venues[]\",\"checked\":false},{\"type\":\"checkbox\",\"label\":\"Peirao de Curuxeiras, Ferrol\",\"value\":1185,\"id\":\"tribe-events-filterbar-cf880e17-peirao-de-curuxeiras,-ferrol\",\"name\":\"tribe_venues[]\",\"checked\":false},{\"type\":\"checkbox\",\"label\":\"Peirao de Trasatl\\u00e1nticos, Vigo\",\"value\":1595,\"id\":\"tribe-events-filterbar-56f25d09-peirao-de-trasatl\\u00e1nticos,-vigo\",\"name\":\"tribe_venues[]\",\"checked\":false},{\"type\":\"checkbox\",\"label\":\"Pistas Polideportivas del Malec\\u00f3n, O Barco de Valdeorras\",\"value\":2545,\"id\":\"tribe-events-filterbar-02d996e3-pistas-polideportivas-del-malec\\u00f3n,-o-barco-de-valdeorras\",\"name\":\"tribe_venues[]\",\"checked\":false},{\"type\":\"checkbox\",\"label\":\"Playa de la Concha, Vilagarc\\u00eda de Arousa\",\"value\":1064,\"id\":\"tribe-events-filterbar-ef88d067-playa-de-la-concha,-vilagarc\\u00eda-de-arousa\",\"name\":\"tribe_venues[]\",\"checked\":false},{\"type\":\"checkbox\",\"label\":\"Playa de Riazor, A Coru\\u00f1a\",\"value\":1342,\"id\":\"tribe-events-filterbar-f64ebb59-playa-de-riazor,-a-coru\\u00f1a\",\"name\":\"tribe_venues[]\",\"checked\":false},{\"type\":\"checkbox\",\"label\":\"Playa Fluvial de o Malec\\u00f3n, O Barco de Valdeorras\",\"value\":1204,\"id\":\"tribe-events-filterbar-fd922452-playa-fluvial-de-o-malec\\u00f3n,-o-barco-de-valdeorras\",\"name\":\"tribe_venues[]\",\"checked\":false},{\"type\":\"checkbox\",\"label\":\"Plaza Conde Fenosa, Portomar\\u00edn\",\"value\":1974,\"id\":\"tribe-events-filterbar-2b6015ee-plaza-conde-fenosa,-portomar\\u00edn\",\"name\":\"tribe_venues[]\",\"checked\":false},{\"type\":\"checkbox\",\"label\":\"Plaza de Armas, Ferrol\",\"value\":1716,\"id\":\"tribe-events-filterbar-ee64fd9e-plaza-de-armas,-ferrol\",\"name\":\"tribe_venues[]\",\"checked\":false},{\"type\":\"checkbox\",\"label\":\"Plaza de Espa\\u00f1a, Ribeira\",\"value\":1509,\"id\":\"tribe-events-filterbar-8b600d35-plaza-de-espa\\u00f1a,-ribeira\",\"name\":\"tribe_venues[]\",\"checked\":false},{\"type\":\"checkbox\",\"label\":\"Plaza de Fondo de Vila, Padr\\u00f3n\",\"value\":1821,\"id\":\"tribe-events-filterbar-a2abb0b8-plaza-de-fondo-de-vila,-padr\\u00f3n\",\"name\":\"tribe_venues[]\",\"checked\":false},{\"type\":\"checkbox\",\"label\":\"Plaza de Jos\\u00e9 Otero, O Barco de Valdeorras\",\"value\":2306,\"id\":\"tribe-events-filterbar-8b19afd4-plaza-de-jos\\u00e9-otero,-o-barco-de-valdeorras\",\"name\":\"tribe_venues[]\",\"checked\":false},{\"type\":\"checkbox\",\"label\":\"Plaza de la Estaci\\u00f3n, A R\\u00faa\",\"value\":2147,\"id\":\"tribe-events-filterbar-0f0bdb92-plaza-de-la-estaci\\u00f3n,-a-r\\u00faa\",\"name\":\"tribe_venues[]\",\"checked\":false},{\"type\":\"checkbox\",\"label\":\"Plaza de Mar\\u00eda Pita, A Coru\\u00f1a\",\"value\":724,\"id\":\"tribe-events-filterbar-1d022d32-plaza-de-mar\\u00eda-pita,-a-coru\\u00f1a\",\"name\":\"tribe_venues[]\",\"checked\":false},{\"type\":\"checkbox\",\"label\":\"Plaza de Ojea, Cangas\",\"value\":721,\"id\":\"tribe-events-filterbar-7ad22b8d-plaza-de-ojea,-cangas\",\"name\":\"tribe_venues[]\",\"checked\":false},{\"type\":\"checkbox\",\"label\":\"Plaza de Viloira, O Barco de Valdeorras\",\"value\":2569,\"id\":\"tribe-events-filterbar-d5bf1efb-plaza-de-viloira,-o-barco-de-valdeorras\",\"name\":\"tribe_venues[]\",\"checked\":false},{\"type\":\"checkbox\",\"label\":\"Plaza del Mercado, Vilanova de Arousa\",\"value\":1631,\"id\":\"tribe-events-filterbar-cb2ecdb1-plaza-del-mercado,-vilanova-de-arousa\",\"name\":\"tribe_venues[]\",\"checked\":false},{\"type\":\"checkbox\",\"label\":\"Plaza del Seminario, Mondo\\u00f1edo\",\"value\":1934,\"id\":\"tribe-events-filterbar-3e1776f7-plaza-del-seminario,-mondo\\u00f1edo\",\"name\":\"tribe_venues[]\",\"checked\":false},{\"type\":\"checkbox\",\"label\":\"Plaza do Sagrado, O Barco de Valdeorras\",\"value\":2560,\"id\":\"tribe-events-filterbar-aacf6cf0-plaza-do-sagrado,-o-barco-de-valdeorras\",\"name\":\"tribe_venues[]\",\"checked\":false},{\"type\":\"checkbox\",\"label\":\"Plaza Mayor, O Barco de Valdeorras\",\"value\":2511,\"id\":\"tribe-events-filterbar-6b77c4bf-plaza-mayor,-o-barco-de-valdeorras\",\"name\":\"tribe_venues[]\",\"checked\":false},{\"type\":\"checkbox\",\"label\":\"Plaza Mayor, Ver\\u00edn\",\"value\":2264,\"id\":\"tribe-events-filterbar-37906c72-plaza-mayor,-ver\\u00edn\",\"name\":\"tribe_venues[]\",\"checked\":false},{\"type\":\"checkbox\",\"label\":\"Plaza Pablo Iglesias\",\"value\":4392,\"id\":\"tribe-events-filterbar-8f9f78ac-plaza-pablo-iglesias\",\"name\":\"tribe_venues[]\",\"checked\":false},{\"type\":\"checkbox\",\"label\":\"Por determinar, Lugo\",\"value\":4653,\"id\":\"tribe-events-filterbar-e22bc280-por-determinar,-lugo\",\"name\":\"tribe_venues[]\",\"checked\":false},{\"type\":\"checkbox\",\"label\":\"Porto de Fisterra, Fisterra\",\"value\":4784,\"id\":\"tribe-events-filterbar-7977681e-porto-de-fisterra,-fisterra\",\"name\":\"tribe_venues[]\",\"checked\":false},{\"type\":\"checkbox\",\"label\":\"Praia de Barbeira, Baiona\",\"value\":1791,\"id\":\"tribe-events-filterbar-acfe19ba-praia-de-barbeira,-baiona\",\"name\":\"tribe_venues[]\",\"checked\":false},{\"type\":\"checkbox\",\"label\":\"Praza Ana Pastor, Crecente\",\"value\":4328,\"id\":\"tribe-events-filterbar-94e7ec56-praza-ana-pastor,-crecente\",\"name\":\"tribe_venues[]\",\"checked\":false},{\"type\":\"checkbox\",\"label\":\"Praza da Chousa, Combarro\",\"value\":1733,\"id\":\"tribe-events-filterbar-c92c6fdf-praza-da-chousa,-combarro\",\"name\":\"tribe_venues[]\",\"checked\":false},{\"type\":\"checkbox\",\"label\":\"Praza da Feira, Palas de Rei\",\"value\":2229,\"id\":\"tribe-events-filterbar-e5553a8f-praza-da-feira,-palas-de-rei\",\"name\":\"tribe_venues[]\",\"checked\":false},{\"type\":\"checkbox\",\"label\":\"Praza da Souteira, Esgos\",\"value\":2680,\"id\":\"tribe-events-filterbar-1e1fd66b-praza-da-souteira,-esgos\",\"name\":\"tribe_venues[]\",\"checked\":false},{\"type\":\"checkbox\",\"label\":\"Praza da Vila, Sarria\",\"value\":682,\"id\":\"tribe-events-filterbar-63577cbc-praza-da-vila,-sarria\",\"name\":\"tribe_venues[]\",\"checked\":false},{\"type\":\"checkbox\",\"label\":\"Praza de Espa\\u00f1a, Pontevedra\",\"value\":1699,\"id\":\"tribe-events-filterbar-e95cf4d4-praza-de-espa\\u00f1a,-pontevedra\",\"name\":\"tribe_venues[]\",\"checked\":false},{\"type\":\"checkbox\",\"label\":\"Praza de Espa\\u00f1a, Ribadeo\",\"value\":4425,\"id\":\"tribe-events-filterbar-84ff18be-praza-de-espa\\u00f1a,-ribadeo\",\"name\":\"tribe_venues[]\",\"checked\":false},{\"type\":\"checkbox\",\"label\":\"Praza do Concello, Cee\",\"value\":2658,\"id\":\"tribe-events-filterbar-30135c7f-praza-do-concello,-cee\",\"name\":\"tribe_venues[]\",\"checked\":false},{\"type\":\"checkbox\",\"label\":\"Praza do Concello, Mondo\\u00f1edo\",\"value\":2672,\"id\":\"tribe-events-filterbar-6af256e7-praza-do-concello,-mondo\\u00f1edo\",\"name\":\"tribe_venues[]\",\"checked\":false},{\"type\":\"checkbox\",\"label\":\"Praza do Concello, Mu\\u00ed\\u00f1os\",\"value\":1678,\"id\":\"tribe-events-filterbar-1a26bd8e-praza-do-concello,-mu\\u00ed\\u00f1os\",\"name\":\"tribe_venues[]\",\"checked\":false},{\"type\":\"checkbox\",\"label\":\"Praza do Concello, Portomar\\u00edn\",\"value\":4605,\"id\":\"tribe-events-filterbar-7daa40f7-praza-do-concello,-portomar\\u00edn\",\"name\":\"tribe_venues[]\",\"checked\":false},{\"type\":\"checkbox\",\"label\":\"Praza do Concello, Xove\",\"value\":741,\"id\":\"tribe-events-filterbar-6fdd9ae3-praza-do-concello,-xove\",\"name\":\"tribe_venues[]\",\"checked\":false},{\"type\":\"checkbox\",\"label\":\"Praza do Mar, Sanxenxo\",\"value\":4559,\"id\":\"tribe-events-filterbar-05301340-praza-do-mar,-sanxenxo\",\"name\":\"tribe_venues[]\",\"checked\":false},{\"type\":\"checkbox\",\"label\":\"Praza do Tapal, Noia\",\"value\":1278,\"id\":\"tribe-events-filterbar-27ab3f6c-praza-do-tapal,-noia\",\"name\":\"tribe_venues[]\",\"checked\":false},{\"type\":\"checkbox\",\"label\":\"Praza dos Campos de San Cibrao, San Cibrao\",\"value\":615,\"id\":\"tribe-events-filterbar-9e0d2cd7-praza-dos-campos-de-san-cibrao,-san-cibrao\",\"name\":\"tribe_venues[]\",\"checked\":false},{\"type\":\"checkbox\",\"label\":\"Praza Maior, Celanova\",\"value\":4640,\"id\":\"tribe-events-filterbar-299be27e-praza-maior,-celanova\",\"name\":\"tribe_venues[]\",\"checked\":false},{\"type\":\"checkbox\",\"label\":\"Praza P\\u00fablica de Baamonde\",\"value\":4576,\"id\":\"tribe-events-filterbar-5f0712cd-praza-p\\u00fablica-de-baamonde\",\"name\":\"tribe_venues[]\",\"checked\":false},{\"type\":\"checkbox\",\"label\":\"Puerto de O Grove, O Grove\",\"value\":4832,\"id\":\"tribe-events-filterbar-5acdc121-puerto-de-o-grove,-o-grove\",\"name\":\"tribe_venues[]\",\"checked\":false},{\"type\":\"checkbox\",\"label\":\"Puerto Mar\\u00edtimo, Vigo\",\"value\":1763,\"id\":\"tribe-events-filterbar-dbacd4ef-puerto-mar\\u00edtimo,-vigo\",\"name\":\"tribe_venues[]\",\"checked\":false},{\"type\":\"checkbox\",\"label\":\"Puerto, Vilaxo\\u00e1n\",\"value\":1840,\"id\":\"tribe-events-filterbar-7d8d0423-puerto,-vilaxo\\u00e1n\",\"name\":\"tribe_venues[]\",\"checked\":false},{\"type\":\"checkbox\",\"label\":\"Recinto de Festas do Alivio, Tomi\\u00f1o\",\"value\":1261,\"id\":\"tribe-events-filterbar-d021daa8-recinto-de-festas-do-alivio,-tomi\\u00f1o\",\"name\":\"tribe_venues[]\",\"checked\":false},{\"type\":\"checkbox\",\"label\":\"Recinto Feiral, Tui\",\"value\":760,\"id\":\"tribe-events-filterbar-c827a1da-recinto-feiral,-tui\",\"name\":\"tribe_venues[]\",\"checked\":false},{\"type\":\"checkbox\",\"label\":\"R\\u00faa Abd\\u00f3n Blanco, O Barco de Valdeorras\",\"value\":2523,\"id\":\"tribe-events-filterbar-8bf76816-r\\u00faa-abd\\u00f3n-blanco,-o-barco-de-valdeorras\",\"name\":\"tribe_venues[]\",\"checked\":false},{\"type\":\"checkbox\",\"label\":\"Sala Capitol, Santiago de Compostela\",\"value\":2053,\"id\":\"tribe-events-filterbar-1c420df5-sala-capitol,-santiago-de-compostela\",\"name\":\"tribe_venues[]\",\"checked\":false},{\"type\":\"checkbox\",\"label\":\"Sala Garufa, A Coru\\u00f1a\",\"value\":5055,\"id\":\"tribe-events-filterbar-cb9fb2ae-sala-garufa,-a-coru\\u00f1a\",\"name\":\"tribe_venues[]\",\"checked\":false},{\"type\":\"checkbox\",\"label\":\"Sala Pel\\u00edcano, A Coru\\u00f1a\",\"value\":2110,\"id\":\"tribe-events-filterbar-994505dc-sala-pel\\u00edcano,-a-coru\\u00f1a\",\"name\":\"tribe_venues[]\",\"checked\":false},{\"type\":\"checkbox\",\"label\":\"San Roque, O Barco de Valdeorras\",\"value\":2530,\"id\":\"tribe-events-filterbar-5fb40191-san-roque,-o-barco-de-valdeorras\",\"name\":\"tribe_venues[]\",\"checked\":false},{\"type\":\"checkbox\",\"label\":\"Teatro Afundaci\\u00f3n, Vigo\",\"value\":632,\"id\":\"tribe-events-filterbar-0a27c445-teatro-afundaci\\u00f3n,-vigo\",\"name\":\"tribe_venues[]\",\"checked\":false},{\"type\":\"checkbox\",\"label\":\"Teatro Principal, Ourense\",\"value\":2066,\"id\":\"tribe-events-filterbar-5c3c8f20-teatro-principal,-ourense\",\"name\":\"tribe_venues[]\",\"checked\":false},{\"type\":\"checkbox\",\"label\":\"Terraza Pazo de Congresos Mar de Vigo, Vigo\",\"value\":2179,\"id\":\"tribe-events-filterbar-92f97cd7-terraza-pazo-de-congresos-mar-de-vigo,-vigo\",\"name\":\"tribe_venues[]\",\"checked\":false},{\"type\":\"checkbox\",\"label\":\"Xard\\u00edn A Barreira, Allariz\",\"value\":1828,\"id\":\"tribe-events-filterbar-0b9beb04-xard\\u00edn-a-barreira,-allariz\",\"name\":\"tribe_venues[]\",\"checked\":false}],\"type\":\"checkbox\"},{\"filter_object\":{\"type\":\"checkbox\",\"name\":\"Ciclo\",\"slug\":\"filterbar_tag\",\"priority\":5,\"values\":{\"20\":{\"name\":\"Ciclo Xacobeo Importa\",\"value\":20},\"21\":{\"name\":\"Ciclo Xacobeo no Interior\",\"value\":21},\"22\":{\"name\":\"Ciclo Xacobeo Vigo\",\"value\":22},\"23\":{\"name\":\"Ciclo Los40 Classic Locos por Galicia\",\"value\":23},\"24\":{\"name\":\"Los Conciertos de La Regi\\u00f3n\",\"value\":24},\"25\":{\"name\":\"Noites do Porto\",\"value\":25},\"26\":{\"name\":\"Concertos na Fin do Mundo\",\"value\":26},\"27\":{\"name\":\"Terras\\u00f3n\",\"value\":27},\"40\":{\"name\":\"Ciclo Revenidas - Xacobeo 21-22\",\"value\":40},\"42\":{\"name\":\"Cami\\u00f1o de contos e cantares\",\"value\":42},\"44\":{\"name\":\"Los Conciertos de Atl\\u00e1ntico\",\"value\":44}},\"currentValue\":[],\"isActiveFilter\":true,\"queryArgs\":[],\"joinClause\":\"\",\"whereClause\":\"\",\"stack_managed\":false,\"title\":\"Ciclo\"},\"label\":\"Ciclo\",\"selections_count\":\"\",\"selections\":\"\",\"toggle_id\":\"filterbar_tag-toggle-6fb86dc9-97c8-4d75-9aab-643e8abeab0b\",\"container_id\":\"filterbar_tag-container-6fb86dc9-97c8-4d75-9aab-643e8abeab0b\",\"pill_toggle_id\":\"filterbar_tag-pill-toggle-6fb86dc9-97c8-4d75-9aab-643e8abeab0b\",\"is_open\":false,\"name\":\"tribe_tags[]\",\"fields\":[{\"type\":\"checkbox\",\"label\":\"Ciclo Xacobeo Importa\",\"value\":20,\"id\":\"tribe-events-filterbar-37dfbfdf-ciclo-xacobeo-importa\",\"name\":\"tribe_tags[]\",\"checked\":false},{\"type\":\"checkbox\",\"label\":\"Ciclo Xacobeo no Interior\",\"value\":21,\"id\":\"tribe-events-filterbar-62d62bdc-ciclo-xacobeo-no-interior\",\"name\":\"tribe_tags[]\",\"checked\":false},{\"type\":\"checkbox\",\"label\":\"Ciclo Xacobeo Vigo\",\"value\":22,\"id\":\"tribe-events-filterbar-75b8ddf5-ciclo-xacobeo-vigo\",\"name\":\"tribe_tags[]\",\"checked\":false},{\"type\":\"checkbox\",\"label\":\"Ciclo Los40 Classic Locos por Galicia\",\"value\":23,\"id\":\"tribe-events-filterbar-9ffee137-ciclo-los40-classic-locos-por-galicia\",\"name\":\"tribe_tags[]\",\"checked\":false},{\"type\":\"checkbox\",\"label\":\"Los Conciertos de La Regi\\u00f3n\",\"value\":24,\"id\":\"tribe-events-filterbar-58e5c366-los-conciertos-de-la-regi\\u00f3n\",\"name\":\"tribe_tags[]\",\"checked\":false},{\"type\":\"checkbox\",\"label\":\"Noites do Porto\",\"value\":25,\"id\":\"tribe-events-filterbar-432c5de9-noites-do-porto\",\"name\":\"tribe_tags[]\",\"checked\":false},{\"type\":\"checkbox\",\"label\":\"Concertos na Fin do Mundo\",\"value\":26,\"id\":\"tribe-events-filterbar-841b49c8-concertos-na-fin-do-mundo\",\"name\":\"tribe_tags[]\",\"checked\":false},{\"type\":\"checkbox\",\"label\":\"Terras\\u00f3n\",\"value\":27,\"id\":\"tribe-events-filterbar-f440db01-terras\\u00f3n\",\"name\":\"tribe_tags[]\",\"checked\":false},{\"type\":\"checkbox\",\"label\":\"Ciclo Revenidas - Xacobeo 21-22\",\"value\":40,\"id\":\"tribe-events-filterbar-6574e3f1-ciclo-revenidas---xacobeo-21-22\",\"name\":\"tribe_tags[]\",\"checked\":false},{\"type\":\"checkbox\",\"label\":\"Cami\\u00f1o de contos e cantares\",\"value\":42,\"id\":\"tribe-events-filterbar-ae58cbe2-cami\\u00f1o-de-contos-e-cantares\",\"name\":\"tribe_tags[]\",\"checked\":false},{\"type\":\"checkbox\",\"label\":\"Los Conciertos de Atl\\u00e1ntico\",\"value\":44,\"id\":\"tribe-events-filterbar-1d84fb7e-los-conciertos-de-atl\\u00e1ntico\",\"name\":\"tribe_tags[]\",\"checked\":false}],\"type\":\"checkbox\"}],\"selected_filters\":[],\"mobile_initial_state_control\":true,\"display_recurring_toggle\":false,\"_context\":{\"slug\":\"photo\",\"should_manage_url\":false},\"text\":\"Loading...\",\"classes\":[\"tribe-common-c-loader__dot\",\"tribe-common-c-loader__dot--third\"]}<\/script>\n\n\t\t\n\t\t<header  class=\"tribe-events-header tribe-events-header--has-event-search\" >\n\t\t\t<div  class=\"tribe-events-header__messages tribe-events-c-messages tribe-common-b2 tribe-common-c-loader__dot tribe-common-c-loader__dot--third\"  >\n\t\t\t<div class=\"tribe-events-c-messages__message tribe-events-c-messages__message--notice\" role=\"alert\">\n\t\t\t<svg  class=\"tribe-common-c-svgicon tribe-common-c-svgicon--messages-not-found tribe-events-c-messages__message-icon-svg\"  viewBox=\"0 0 21 23\" xmlns=\"http:\/\/www.w3.org\/2000\/svg\"><g fill-rule=\"evenodd\"><path d=\"M.5 2.5h20v20H.5z\"\/><path stroke-linecap=\"round\" d=\"M7.583 11.583l5.834 5.834m0-5.834l-5.834 5.834\" class=\"tribe-common-c-svgicon__svg-stroke\"\/><path stroke-linecap=\"round\" d=\"M4.5.5v4m12-4v4\"\/><path stroke-linecap=\"square\" d=\"M.5 7.5h20\"\/><\/g><\/svg>\n\t\t\t<ul class=\"tribe-events-c-messages__message-list\">\n\t\t\t\t\t\t\t\t\t<li\n\t\t\t\t\t\tclass=\"tribe-events-c-messages__message-list-item\"\n\t\t\t\t\t\t data-key=\"0\" \t\t\t\t\t>\n\t\t\t\t\tNon hai eventos pr\u00f3ximos.\t\t\t\t\t<\/li>\n\t\t\t\t\t\t\t<\/ul>\n\t\t<\/div>\n\t<\/div>\n\n\t\t\t\n\t\t\t\n\t\t\t<div class=\"tribe-events-c-top-bar tribe-events-header__top-bar\">\n\n\t<nav class=\"tribe-events-c-top-bar__nav tribe-common-a11y-hidden\">\n\t<ul class=\"tribe-events-c-top-bar__nav-list\">\n\t\t<li class=\"tribe-events-c-top-bar__nav-list-item\">\n\t<a\n\t\thref=\"https:\/\/concertosdoxacobeo.gal\/2021\/eventos\/photo\/?rest_route=%2Fwp%2Fv2%2Fpages%2F291&#038;shortcode=8ca9cdfd&#038;eventDisplay=past\"\n\t\tclass=\"tribe-common-c-btn-icon tribe-common-c-btn-icon--caret-left tribe-events-c-top-bar__nav-link tribe-events-c-top-bar__nav-link--prev\"\n\t\taria-label=\"Anterior\"\n\t\ttitle=\"Anterior\"\n\t\tdata-js=\"tribe-events-view-link\"\n\t>\n\t\t<svg  class=\"tribe-common-c-svgicon tribe-common-c-svgicon--caret-left tribe-common-c-btn-icon__icon-svg tribe-events-c-top-bar__nav-link-icon-svg\"  xmlns=\"http:\/\/www.w3.org\/2000\/svg\" viewBox=\"0 0 10 16\"><path d=\"M9.7 14.4l-1.5 1.5L.3 8 8.2.1l1.5 1.5L3.3 8l6.4 6.4z\"\/><\/svg>\n\t<\/a>\n<\/li>\n\n\t\t<li class=\"tribe-events-c-top-bar__nav-list-item\">\n\t<button\n\t\tclass=\"tribe-common-c-btn-icon tribe-common-c-btn-icon--caret-right tribe-events-c-top-bar__nav-link tribe-events-c-top-bar__nav-link--next\"\n\t\taria-label=\"Seguinte\"\n\t\ttitle=\"Seguinte\"\n\t\tdisabled\n\t>\n\t\t<svg  class=\"tribe-common-c-svgicon tribe-common-c-svgicon--caret-right tribe-common-c-btn-icon__icon-svg tribe-events-c-top-bar__nav-link-icon-svg\"  xmlns=\"http:\/\/www.w3.org\/2000\/svg\" viewBox=\"0 0 10 16\"><path d=\"M.3 1.6L1.8.1 9.7 8l-7.9 7.9-1.5-1.5L6.7 8 .3 1.6z\"\/><\/svg>\n\t<\/button>\n<\/li>\n\t<\/ul>\n<\/nav>\n\n\t<a\n\thref=\"https:\/\/concertosdoxacobeo.gal\/2021\/eventos\/photo\/?hide_subsequent_recurrences=1&#038;rest_route=%2Fwp%2Fv2%2Fpages%2F291&#038;shortcode=8ca9cdfd\"\n\tclass=\"tribe-common-c-btn-border-small tribe-events-c-top-bar__today-button tribe-common-a11y-hidden\"\n\tdata-js=\"tribe-events-view-link\"\n\taria-label=\"Fai clic para seleccionar a data de hoxe\"\n\ttitle=\"Fai clic para seleccionar a data de hoxe\"\n>\n\tHoxe<\/a>\n\n\t<div class=\"tribe-events-c-top-bar__datepicker\">\n\t<button\n\t\tclass=\"tribe-common-h3 tribe-common-h--alt tribe-events-c-top-bar__datepicker-button\"\n\t\tdata-js=\"tribe-events-top-bar-datepicker-button\"\n\t\ttype=\"button\"\n\t\taria-label=\"Click to toggle datepicker\"\n\t\ttitle=\"Click to toggle datepicker\"\n\t>\n\t\t<time\n\t\t\tdatetime=\"2026-09-04\"\n\t\t\tclass=\"tribe-events-c-top-bar__datepicker-time\"\n\t\t>\n\t\t\t\t\t\t\t<span class=\"tribe-events-c-top-bar__datepicker-mobile\">\n\t\t\t\t\tAgora en diante\t\t\t\t<\/span>\n\t\t\t\t<span class=\"tribe-events-c-top-bar__datepicker-desktop tribe-common-a11y-hidden\">\n\t\t\t\t\tAgora en diante\t\t\t\t<\/span>\n\t\t\t\t\t<\/time>\n\t\t\t\t<svg  class=\"tribe-common-c-svgicon tribe-common-c-svgicon--caret-down tribe-events-c-top-bar__datepicker-button-icon-svg\"  viewBox=\"0 0 10 7\" xmlns=\"http:\/\/www.w3.org\/2000\/svg\"><path fill-rule=\"evenodd\" clip-rule=\"evenodd\" d=\"M1.008.609L5 4.6 8.992.61l.958.958L5 6.517.05 1.566l.958-.958z\" class=\"tribe-common-c-svgicon__svg-fill\"\/><\/svg>\n\t<\/button>\n\t<label\n\t\tclass=\"tribe-events-c-top-bar__datepicker-label tribe-common-a11y-visual-hide\"\n\t\tfor=\"tribe-events-top-bar-date\"\n\t>\n\t\tSelect date.\t<\/label>\n\t<input\n\t\ttype=\"text\"\n\t\tclass=\"tribe-events-c-top-bar__datepicker-input tribe-common-a11y-visual-hide\"\n\t\tdata-js=\"tribe-events-top-bar-date\"\n\t\tid=\"tribe-events-top-bar-date\"\n\t\tname=\"tribe-events-views[tribe-bar-date]\"\n\t\tvalue=\"04\/09\/2026\"\n\t\ttabindex=\"-1\"\n\t\tautocomplete=\"off\"\n\t\treadonly=\"readonly\"\n\t\/>\n\t<div class=\"tribe-events-c-top-bar__datepicker-container\" data-js=\"tribe-events-top-bar-datepicker-container\"><\/div>\n\t<template class=\"tribe-events-c-top-bar__datepicker-template-prev-icon\">\n\t\t<svg  class=\"tribe-common-c-svgicon tribe-common-c-svgicon--caret-left tribe-events-c-top-bar__datepicker-nav-icon-svg\"  xmlns=\"http:\/\/www.w3.org\/2000\/svg\" viewBox=\"0 0 10 16\"><path d=\"M9.7 14.4l-1.5 1.5L.3 8 8.2.1l1.5 1.5L3.3 8l6.4 6.4z\"\/><\/svg>\n\t<\/template>\n\t<template class=\"tribe-events-c-top-bar__datepicker-template-next-icon\">\n\t\t<svg  class=\"tribe-common-c-svgicon tribe-common-c-svgicon--caret-right tribe-events-c-top-bar__datepicker-nav-icon-svg\"  xmlns=\"http:\/\/www.w3.org\/2000\/svg\" viewBox=\"0 0 10 16\"><path d=\"M.3 1.6L1.8.1 9.7 8l-7.9 7.9-1.5-1.5L6.7 8 .3 1.6z\"\/><\/svg>\n\t<\/template>\n<\/div>\n\n\t<div class=\"tribe-events-c-top-bar__actions tribe-common-a11y-hidden\">\n\t<\/div>\n\n<\/div>\n\t\t<\/header>\n\n\t\t\n\t\t<div class=\"tribe-events-pro-photo\">\n\n\t\t\t<div class=\"tribe-common-g-row tribe-common-g-row--gutters\">\n\n\t\t\t\t\n\t\t\t<\/div>\n\n\t\t<\/div>\n\n\t\t<nav class=\"tribe-events-pro-photo-nav tribe-events-c-nav\">\n\t<ul class=\"tribe-events-c-nav__list\">\n\t\t<li class=\"tribe-events-c-nav__list-item tribe-events-c-nav__list-item--prev\">\n\t<a\n\t\thref=\"https:\/\/concertosdoxacobeo.gal\/2021\/eventos\/photo\/?rest_route=%2Fwp%2Fv2%2Fpages%2F291&#038;shortcode=8ca9cdfd&#038;eventDisplay=past\"\n\t\trel=\"prev\"\n\t\tclass=\"tribe-events-c-nav__prev tribe-common-b2 tribe-common-b1--min-medium\"\n\t\tdata-js=\"tribe-events-view-link\"\n\t\taria-label=\"Anterior\"\n\t\ttitle=\"Anterior\"\n\t>\n\t\t<svg  class=\"tribe-common-c-svgicon tribe-common-c-svgicon--caret-left tribe-events-c-nav__prev-icon-svg\"  xmlns=\"http:\/\/www.w3.org\/2000\/svg\" viewBox=\"0 0 10 16\"><path d=\"M9.7 14.4l-1.5 1.5L.3 8 8.2.1l1.5 1.5L3.3 8l6.4 6.4z\"\/><\/svg>\n\t\t<span class=\"tribe-events-c-nav__prev-label\">\n\t\t\tAnterior\t\t<\/span>\n\t<\/a>\n<\/li>\n\n\t\t<li class=\"tribe-events-c-nav__list-item tribe-events-c-nav__list-item--today\">\n\t<a\n\t\thref=\"https:\/\/concertosdoxacobeo.gal\/2021\/eventos\/photo\/?hide_subsequent_recurrences=1&#038;rest_route=%2Fwp%2Fv2%2Fpages%2F291&#038;shortcode=8ca9cdfd\"\n\t\tclass=\"tribe-events-c-nav__today tribe-common-b2\"\n\t\tdata-js=\"tribe-events-view-link\"\n\t\taria-label=\"Click to select today&#039;s date\"\n\t\ttitle=\"Click to select today&#039;s date\"\n\t>\n\t\tToday\t<\/a>\n<\/li>\n\n\t\t<li class=\"tribe-events-c-nav__list-item tribe-events-c-nav__list-item--next\">\n\t<button\n\t\tclass=\"tribe-events-c-nav__next tribe-common-b2 tribe-common-b1--min-medium\"\n\t\taria-label=\"Seguinte\"\n\t\ttitle=\"Seguinte\"\n\t\tdisabled\n\t>\n\t\t<span class=\"tribe-events-c-nav__next-label\">\n\t\t\tSeguinte\t\t<\/span>\n\t\t<svg  class=\"tribe-common-c-svgicon tribe-common-c-svgicon--caret-right tribe-events-c-nav__next-icon-svg\"  xmlns=\"http:\/\/www.w3.org\/2000\/svg\" viewBox=\"0 0 10 16\"><path d=\"M.3 1.6L1.8.1 9.7 8l-7.9 7.9-1.5-1.5L6.7 8 .3 1.6z\"\/><\/svg>\n\t<\/button>\n<\/li>\n\t<\/ul>\n<\/nav>\n\n\t\t<div class=\"tribe-events-c-subscribe-dropdown__container\">\n\t<div class=\"tribe-events-c-subscribe-dropdown\">\n\t\t<div class=\"tribe-common-c-btn-border tribe-events-c-subscribe-dropdown__button\" tabindex=\"0\">\n\t\t\t<button class=\"tribe-events-c-subscribe-dropdown__button-text\">\n\t\t\t\tSubscribirse ao calendario\t\t\t<\/button>\n\t\t\t<svg  class=\"tribe-common-c-svgicon tribe-common-c-svgicon--caret-down tribe-events-c-subscribe-dropdown__button-icon\"  viewBox=\"0 0 10 7\" xmlns=\"http:\/\/www.w3.org\/2000\/svg\"><path fill-rule=\"evenodd\" clip-rule=\"evenodd\" d=\"M1.008.609L5 4.6 8.992.61l.958.958L5 6.517.05 1.566l.958-.958z\" class=\"tribe-common-c-svgicon__svg-fill\"\/><\/svg>\n\t\t<\/div>\n\t\t<div class=\"tribe-events-c-subscribe-dropdown__content\">\n\t\t\t<ul class=\"tribe-events-c-subscribe-dropdown__list\" tabindex=\"0\">\n\t\t\t\t\t\t\t\t\t\n<li class=\"tribe-events-c-subscribe-dropdown__list-item\">\n\t<a\n\t\thref=\"https:\/\/www.google.com\/calendar\/render?cid=webcal%3A%2F%2Fconcertosdoxacobeo.gal%2F2021%2F%3Fpost_type%3Dtribe_events%26tribe-bar-date%3D2026-09-04%26ical%3D1%26eventDisplay%3Dlist%26tribe_events_cat%3Dconcertos\"\n\t\tclass=\"tribe-events-c-subscribe-dropdown__list-item-link\"\n\t\ttabindex=\"0\"\n\t\ttarget=\"_blank\"\n\t\trel=\"noopener noreferrer nofollow noindex\"\n\t>\n\t\tGoogle Calendar\t<\/a>\n<\/li>\n\t\t\t\t\t\t\t\t\t\n<li class=\"tribe-events-c-subscribe-dropdown__list-item\">\n\t<a\n\t\thref=\"webcal:\/\/concertosdoxacobeo.gal\/2021\/?post_type=tribe_events&#038;tribe-bar-date=2026-09-04&#038;ical=1&#038;eventDisplay=list&#038;tribe_events_cat=concertos\"\n\t\tclass=\"tribe-events-c-subscribe-dropdown__list-item-link\"\n\t\ttabindex=\"0\"\n\t\ttarget=\"_blank\"\n\t\trel=\"noopener noreferrer nofollow noindex\"\n\t>\n\t\tiCalendar\t<\/a>\n<\/li>\n\t\t\t\t\t\t\t\t\t\n<li class=\"tribe-events-c-subscribe-dropdown__list-item\">\n\t<a\n\t\thref=\"https:\/\/outlook.office.com\/owa?path=%2Fcalendar%2Faction%2Fcompose&#038;rru=addsubscription&#038;url=webcal%253A%252F%252Fconcertosdoxacobeo.gal%252F2021%252F%253Fpost_type%253Dtribe_events%2526tribe-bar-date%253D2026-09-04%2526eventDisplay%253Dlist%2526tribe_events_cat%253Dconcertos%26ical%3D1&#038;name=ConcertosDoXacobeo.gal+Vindeiros+eventos+%E2%80%94+ConcertosDoXacobeo.gal\"\n\t\tclass=\"tribe-events-c-subscribe-dropdown__list-item-link\"\n\t\ttabindex=\"0\"\n\t\ttarget=\"_blank\"\n\t\trel=\"noopener noreferrer nofollow noindex\"\n\t>\n\t\tOutlook 365\t<\/a>\n<\/li>\n\t\t\t\t\t\t\t\t\t\n<li class=\"tribe-events-c-subscribe-dropdown__list-item\">\n\t<a\n\t\thref=\"https:\/\/outlook.live.com\/owa?path=%2Fcalendar%2Faction%2Fcompose&#038;rru=addsubscription&#038;url=webcal%253A%252F%252Fconcertosdoxacobeo.gal%252F2021%252F%253Fpost_type%253Dtribe_events%2526tribe-bar-date%253D2026-09-04%2526eventDisplay%253Dlist%2526tribe_events_cat%253Dconcertos%26ical%3D1&#038;name=ConcertosDoXacobeo.gal+Vindeiros+eventos+%E2%80%94+ConcertosDoXacobeo.gal\"\n\t\tclass=\"tribe-events-c-subscribe-dropdown__list-item-link\"\n\t\ttabindex=\"0\"\n\t\ttarget=\"_blank\"\n\t\trel=\"noopener noreferrer nofollow noindex\"\n\t>\n\t\tOutlook Live\t<\/a>\n<\/li>\n\t\t\t\t\t\t\t\t\t\n<li class=\"tribe-events-c-subscribe-dropdown__list-item\">\n\t<a\n\t\thref=\"https:\/\/concertosdoxacobeo.gal\/2021\/eventos\/photo\/?shortcode=8ca9cdfd&#038;hide_subsequent_recurrences=1&#038;ical=1\"\n\t\tclass=\"tribe-events-c-subscribe-dropdown__list-item-link\"\n\t\ttabindex=\"0\"\n\t\ttarget=\"_blank\"\n\t\trel=\"noopener noreferrer nofollow noindex\"\n\t>\n\t\tExport .ics file\t<\/a>\n<\/li>\n\t\t\t\t\t\t\t\t\t\n<li class=\"tribe-events-c-subscribe-dropdown__list-item\">\n\t<a\n\t\thref=\"https:\/\/concertosdoxacobeo.gal\/2021\/eventos\/photo\/?shortcode=8ca9cdfd&#038;outlook-ical=1#038;hide_subsequent_recurrences=1&#038;ical=1\"\n\t\tclass=\"tribe-events-c-subscribe-dropdown__list-item-link\"\n\t\ttabindex=\"0\"\n\t\ttarget=\"_blank\"\n\t\trel=\"noopener noreferrer nofollow noindex\"\n\t>\n\t\tExport Outlook .ics file\t<\/a>\n<\/li>\n\t\t\t\t\t\t\t<\/ul>\n\t\t<\/div>\n\t<\/div>\n<\/div>\n\n\t\t\t<\/div>\n<\/div>\n\n[\/vc_column_text][vc_row_inner column_margin=&#8221;default&#8221; column_direction=&#8221;default&#8221; column_direction_tablet=&#8221;default&#8221; column_direction_phone=&#8221;default&#8221; bottom_padding=&#8221;40px&#8221; text_align=&#8221;left&#8221; row_position=&#8221;default&#8221; row_position_tablet=&#8221;inherit&#8221; row_position_phone=&#8221;inherit&#8221; overflow=&#8221;visible&#8221; pointer_events=&#8221;all&#8221;][vc_column_inner column_padding=&#8221;no-extra-padding&#8221; column_padding_tablet=&#8221;inherit&#8221; column_padding_phone=&#8221;inherit&#8221; column_padding_position=&#8221;all&#8221; column_element_direction_desktop=&#8221;default&#8221; column_element_spacing=&#8221;default&#8221; desktop_text_alignment=&#8221;default&#8221; tablet_text_alignment=&#8221;default&#8221; phone_text_alignment=&#8221;default&#8221; background_color_opacity=&#8221;1&#8243; background_hover_color_opacity=&#8221;1&#8243; column_backdrop_filter=&#8221;none&#8221; column_shadow=&#8221;none&#8221; column_border_radius=&#8221;none&#8221; column_link_target=&#8221;_self&#8221; overflow=&#8221;visible&#8221; advanced_gradient_angle=&#8221;0&#8243; gradient_direction=&#8221;left_to_right&#8221; overlay_strength=&#8221;0.3&#8243; width=&#8221;1\/1&#8243; tablet_width_inherit=&#8221;default&#8221; animation_type=&#8221;default&#8221; enable_animation=&#8221;true&#8221; animation=&#8221;fade-in&#8221; animation_easing=&#8221;default&#8221; bg_image_animation=&#8221;none&#8221; border_type=&#8221;simple&#8221; column_border_width=&#8221;none&#8221; column_border_style=&#8221;solid&#8221; gradient_type=&#8221;default&#8221; delay=&#8221;1200&#8243;][vc_column_text]\n<p style=\"text-align: center;\">\u2026 e moito m\u00e1is!<\/p>\n[\/vc_column_text][\/vc_column_inner][\/vc_row_inner][vc_row_inner column_margin=&#8221;default&#8221; column_direction=&#8221;default&#8221; column_direction_tablet=&#8221;default&#8221; column_direction_phone=&#8221;default&#8221; text_align=&#8221;left&#8221; row_position=&#8221;default&#8221; row_position_tablet=&#8221;inherit&#8221; row_position_phone=&#8221;inherit&#8221; overflow=&#8221;visible&#8221; pointer_events=&#8221;all&#8221;][vc_column_inner column_padding=&#8221;no-extra-padding&#8221; column_padding_tablet=&#8221;inherit&#8221; column_padding_phone=&#8221;inherit&#8221; column_padding_position=&#8221;all&#8221; column_element_direction_desktop=&#8221;default&#8221; column_element_spacing=&#8221;default&#8221; centered_text=&#8221;true&#8221; desktop_text_alignment=&#8221;default&#8221; tablet_text_alignment=&#8221;default&#8221; phone_text_alignment=&#8221;default&#8221; background_color_opacity=&#8221;1&#8243; background_hover_color_opacity=&#8221;1&#8243; column_backdrop_filter=&#8221;none&#8221; column_shadow=&#8221;none&#8221; column_border_radius=&#8221;none&#8221; column_link_target=&#8221;_self&#8221; overflow=&#8221;visible&#8221; advanced_gradient_angle=&#8221;0&#8243; gradient_direction=&#8221;left_to_right&#8221; overlay_strength=&#8221;0.3&#8243; width=&#8221;1\/1&#8243; tablet_width_inherit=&#8221;default&#8221; animation_type=&#8221;default&#8221; enable_animation=&#8221;true&#8221; animation=&#8221;fade-in&#8221; animation_easing=&#8221;default&#8221; bg_image_animation=&#8221;none&#8221; border_type=&#8221;simple&#8221; column_border_width=&#8221;none&#8221; column_border_style=&#8221;solid&#8221; gradient_type=&#8221;default&#8221; delay=&#8221;1200&#8243;][vc_column_text]\n<h5>Consulta a axenda completa de eventos de Concertos do Xacobeo<\/h5>\n[\/vc_column_text][nectar_btn size=&#8221;large&#8221; button_style=&#8221;regular&#8221; button_color_2=&#8221;Accent-Color&#8221; solid_text_color_override=&#8221;#ffffff&#8221; icon_family=&#8221;none&#8221; text=&#8221;Ver Calendario&#8221; url=&#8221;https:\/\/concertosdoxacobeo.gal\/2021\/calendario\/&#8221;][\/vc_column_inner][\/vc_row_inner][\/vc_column][\/vc_row][vc_row type=&#8221;full_width_content&#8221; full_screen_row_position=&#8221;middle&#8221; column_margin=&#8221;default&#8221; equal_height=&#8221;yes&#8221; content_placement=&#8221;middle&#8221; column_direction=&#8221;default&#8221; column_direction_tablet=&#8221;default&#8221; column_direction_phone=&#8221;default&#8221; scene_position=&#8221;center&#8221; top_padding=&#8221;6%&#8221; constrain_group_1=&#8221;yes&#8221; bottom_padding=&#8221;6%&#8221; left_padding_tablet=&#8221;8%&#8221; constrain_group_4=&#8221;yes&#8221; right_padding_tablet=&#8221;8%&#8221; text_color=&#8221;dark&#8221; text_align=&#8221;left&#8221; row_border_radius=&#8221;none&#8221; row_border_radius_applies=&#8221;bg&#8221; overflow=&#8221;visible&#8221; advanced_gradient_angle=&#8221;0&#8243; overlay_strength=&#8221;0.3&#8243; gradient_direction=&#8221;left_to_right&#8221; shape_divider_position=&#8221;bottom&#8221; bg_image_animation=&#8221;none&#8221; gradient_type=&#8221;default&#8221; shape_type=&#8221;&#8221;][vc_column column_padding=&#8221;no-extra-padding&#8221; column_padding_tablet=&#8221;inherit&#8221; column_padding_phone=&#8221;inherit&#8221; column_padding_position=&#8221;all&#8221; column_element_direction_desktop=&#8221;default&#8221; column_element_spacing=&#8221;0px&#8221; desktop_text_alignment=&#8221;default&#8221; tablet_text_alignment=&#8221;default&#8221; phone_text_alignment=&#8221;default&#8221; background_color_opacity=&#8221;1&#8243; background_hover_color_opacity=&#8221;1&#8243; column_backdrop_filter=&#8221;none&#8221; column_shadow=&#8221;none&#8221; column_border_radius=&#8221;none&#8221; column_link_target=&#8221;_self&#8221; column_position=&#8221;default&#8221; gradient_direction=&#8221;left_to_right&#8221; overlay_strength=&#8221;0.3&#8243; width=&#8221;1\/2&#8243; tablet_width_inherit=&#8221;default&#8221; animation_type=&#8221;default&#8221; bg_image_animation=&#8221;none&#8221; border_type=&#8221;simple&#8221; column_border_width=&#8221;none&#8221; column_border_style=&#8221;solid&#8221; gradient_type=&#8221;default&#8221;][vc_row_inner column_margin=&#8221;default&#8221; column_direction=&#8221;default&#8221; column_direction_tablet=&#8221;default&#8221; column_direction_phone=&#8221;default&#8221; right_padding_desktop=&#8221;20%&#8221; right_padding_tablet=&#8221;10%&#8221; text_align=&#8221;left&#8221; row_position=&#8221;default&#8221; row_position_tablet=&#8221;inherit&#8221; row_position_phone=&#8221;inherit&#8221; overflow=&#8221;visible&#8221; pointer_events=&#8221;all&#8221;][vc_column_inner column_padding=&#8221;no-extra-padding&#8221; column_padding_tablet=&#8221;inherit&#8221; column_padding_phone=&#8221;inherit&#8221; column_padding_position=&#8221;all&#8221; column_element_direction_desktop=&#8221;default&#8221; column_element_spacing=&#8221;default&#8221; desktop_text_alignment=&#8221;default&#8221; tablet_text_alignment=&#8221;default&#8221; phone_text_alignment=&#8221;default&#8221; background_color_opacity=&#8221;1&#8243; background_hover_color_opacity=&#8221;1&#8243; background_image=&#8221;450&#8243; background_image_position=&#8221;left center&#8221; background_image_stacking=&#8221;default&#8221; enable_bg_scale=&#8221;true&#8221; background_image_loading=&#8221;default&#8221; column_backdrop_filter=&#8221;none&#8221; column_shadow=&#8221;none&#8221; column_border_radius=&#8221;none&#8221; column_link_target=&#8221;_self&#8221; overflow=&#8221;visible&#8221; advanced_gradient_angle=&#8221;0&#8243; gradient_direction=&#8221;left_to_right&#8221; overlay_strength=&#8221;0.3&#8243; width=&#8221;1\/1&#8243; tablet_width_inherit=&#8221;default&#8221; animation_type=&#8221;default&#8221; bg_image_animation=&#8221;none&#8221; parallax_bg=&#8221;true&#8221; parallax_bg_speed=&#8221;very_subtle&#8221; border_type=&#8221;simple&#8221; column_border_width=&#8221;none&#8221; column_border_style=&#8221;solid&#8221; gradient_type=&#8221;default&#8221;][divider line_type=&#8221;No Line&#8221; custom_height=&#8221;90vh&#8221; custom_height_tablet=&#8221;70vh&#8221; custom_height_phone=&#8221;60vh&#8221;][\/vc_column_inner][\/vc_row_inner][vc_row_inner column_margin=&#8221;default&#8221; column_direction=&#8221;default&#8221; column_direction_tablet=&#8221;default&#8221; column_direction_phone=&#8221;default&#8221; translate_y=&#8221;-50%&#8221; text_align=&#8221;left&#8221; row_position=&#8221;absolute&#8221; row_position_tablet=&#8221;inherit&#8221; row_position_phone=&#8221;inherit&#8221; top_position_desktop=&#8221;50%&#8221; right_position_desktop=&#8221;0&#8243; min_width_desktop=&#8221;40%&#8221; zindex=&#8221;50&#8243; overflow=&#8221;visible&#8221; pointer_events=&#8221;all&#8221;][vc_column_inner column_padding=&#8221;no-extra-padding&#8221; column_padding_tablet=&#8221;inherit&#8221; column_padding_phone=&#8221;inherit&#8221; column_padding_position=&#8221;all&#8221; column_element_direction_desktop=&#8221;default&#8221; column_element_spacing=&#8221;default&#8221; desktop_text_alignment=&#8221;default&#8221; tablet_text_alignment=&#8221;default&#8221; phone_text_alignment=&#8221;default&#8221; background_color_opacity=&#8221;1&#8243; background_hover_color_opacity=&#8221;1&#8243; background_image=&#8221;448&#8243; background_image_position=&#8221;center center&#8221; background_image_stacking=&#8221;default&#8221; enable_bg_scale=&#8221;true&#8221; background_image_loading=&#8221;default&#8221; column_backdrop_filter=&#8221;none&#8221; column_shadow=&#8221;x_large_depth&#8221; column_border_radius=&#8221;none&#8221; column_link_target=&#8221;_self&#8221; overflow=&#8221;visible&#8221; advanced_gradient_angle=&#8221;0&#8243; gradient_direction=&#8221;left_to_right&#8221; overlay_strength=&#8221;0.3&#8243; width=&#8221;1\/1&#8243; tablet_width_inherit=&#8221;default&#8221; animation_type=&#8221;parallax&#8221; animation_movement_type=&#8221;default&#8221; column_parallax_intensity=&#8221;2.25&#8243; persist_movement_on_mobile=&#8221;true&#8221; bg_image_animation=&#8221;none&#8221; parallax_bg=&#8221;true&#8221; parallax_bg_speed=&#8221;very_subtle&#8221; border_type=&#8221;simple&#8221; column_border_width=&#8221;none&#8221; column_border_style=&#8221;solid&#8221; gradient_type=&#8221;default&#8221;][divider line_type=&#8221;No Line&#8221; custom_height=&#8221;50vh&#8221; custom_height_tablet=&#8221;40vh&#8221; custom_height_phone=&#8221;35vh&#8221;][\/vc_column_inner][\/vc_row_inner][\/vc_column][vc_column column_padding=&#8221;padding-8-percent&#8221; column_padding_tablet=&#8221;no-extra-padding&#8221; column_padding_phone=&#8221;no-extra-padding&#8221; column_padding_position=&#8221;all&#8221; column_element_direction_desktop=&#8221;default&#8221; column_element_spacing=&#8221;default&#8221; desktop_text_alignment=&#8221;default&#8221; tablet_text_alignment=&#8221;default&#8221; phone_text_alignment=&#8221;default&#8221; background_color_opacity=&#8221;1&#8243; background_hover_color_opacity=&#8221;1&#8243; column_backdrop_filter=&#8221;none&#8221; column_shadow=&#8221;none&#8221; column_border_radius=&#8221;none&#8221; column_link_target=&#8221;_self&#8221; column_position=&#8221;default&#8221; advanced_gradient_angle=&#8221;0&#8243; gradient_direction=&#8221;left_to_right&#8221; overlay_strength=&#8221;0.3&#8243; width=&#8221;1\/2&#8243; tablet_width_inherit=&#8221;default&#8221; animation_type=&#8221;default&#8221; bg_image_animation=&#8221;none&#8221; border_type=&#8221;simple&#8221; column_border_width=&#8221;none&#8221; column_border_style=&#8221;solid&#8221; gradient_type=&#8221;default&#8221;][divider line_type=&#8221;No Line&#8221; custom_height=&#8221;0&#8243; custom_height_tablet=&#8221;0&#8243; custom_height_phone=&#8221;60px&#8221;][split_line_heading animation_type=&#8221;line-reveal-by-space&#8221; font_style=&#8221;h2&#8243; text_color=&#8221;#000000&#8243; line_reveal_by_space_text_effect=&#8221;default&#8221; stagger_animation=&#8221;true&#8221; content_alignment=&#8221;default&#8221; mobile_content_alignment=&#8221;inherit&#8221; link_target=&#8221;_self&#8221; text_content=&#8221;Ciclos e festivais \u00fanicos&#8221; font_size=&#8221;3vw&#8221;][\/split_line_heading][vc_row_inner column_margin=&#8221;none&#8221; column_direction=&#8221;default&#8221; column_direction_tablet=&#8221;default&#8221; column_direction_phone=&#8221;default&#8221; right_padding_tablet=&#8221;25%&#8221; right_padding_phone=&#8221;0&#8243; text_align=&#8221;left&#8221; row_position=&#8221;default&#8221; row_position_tablet=&#8221;inherit&#8221; row_position_phone=&#8221;inherit&#8221; overflow=&#8221;visible&#8221; pointer_events=&#8221;all&#8221;][vc_column_inner column_padding=&#8221;no-extra-padding&#8221; column_padding_tablet=&#8221;inherit&#8221; column_padding_phone=&#8221;inherit&#8221; column_padding_position=&#8221;all&#8221; column_element_direction_desktop=&#8221;default&#8221; column_element_spacing=&#8221;0px&#8221; desktop_text_alignment=&#8221;default&#8221; tablet_text_alignment=&#8221;default&#8221; phone_text_alignment=&#8221;default&#8221; background_color_opacity=&#8221;1&#8243; background_hover_color_opacity=&#8221;1&#8243; column_backdrop_filter=&#8221;none&#8221; column_shadow=&#8221;none&#8221; column_border_radius=&#8221;none&#8221; column_link_target=&#8221;_self&#8221; overflow=&#8221;visible&#8221; advanced_gradient_angle=&#8221;0&#8243; gradient_direction=&#8221;left_to_right&#8221; overlay_strength=&#8221;0.3&#8243; width=&#8221;1\/1&#8243; tablet_width_inherit=&#8221;default&#8221; animation_type=&#8221;default&#8221; enable_animation=&#8221;true&#8221; animation=&#8221;fade-in-from-bottom&#8221; animation_easing=&#8221;default&#8221; bg_image_animation=&#8221;none&#8221; border_type=&#8221;simple&#8221; column_border_width=&#8221;none&#8221; column_border_style=&#8221;solid&#8221; gradient_type=&#8221;default&#8221;][split_line_heading animation_type=&#8221;line-reveal-by-space&#8221; font_style=&#8221;p&#8221; line_reveal_by_space_text_effect=&#8221;none&#8221; content_alignment=&#8221;default&#8221; mobile_content_alignment=&#8221;inherit&#8221; link_target=&#8221;_self&#8221; text_content=&#8221;En Concertos do Xacobeo te\u00f1en cabida eventos de grande, mediano e pequeno formato. Os festivais m\u00e1is esperados e os m\u00e1is singulares ou segredos. Sons que van da m\u00fasica urbana ao pop, o rock, o funk, a electr\u00f3nica, o reggae, a canci\u00f3n de autor, as m\u00fasicas de ra\u00edz e moitos m\u00e1is estilos. Unha cita cos mellores artistas de hoxe e de sempre. Un espazo aberto \u00e1s novidades m\u00e1is buscadas e aos grandes cl\u00e1sicos. Un programa de concertos rico e ecl\u00e9ctico, para todos os gustos e idades. Que a m\u00fasica non pare!&#8221; font_size=&#8221;1.1vw&#8221; font_line_height=&#8221;1.7&#8243; font_size_tablet=&#8221;18px&#8221; font_size_phone=&#8221;16px&#8221;][\/split_line_heading][\/vc_column_inner][\/vc_row_inner][vc_row_inner column_margin=&#8221;default&#8221; column_direction=&#8221;default&#8221; column_direction_tablet=&#8221;default&#8221; column_direction_phone=&#8221;default&#8221; top_padding=&#8221;40px&#8221; text_align=&#8221;left&#8221; row_position=&#8221;default&#8221; row_position_tablet=&#8221;inherit&#8221; row_position_phone=&#8221;inherit&#8221; overflow=&#8221;visible&#8221; pointer_events=&#8221;all&#8221;][vc_column_inner column_padding=&#8221;no-extra-padding&#8221; column_padding_tablet=&#8221;inherit&#8221; column_padding_phone=&#8221;inherit&#8221; column_padding_position=&#8221;all&#8221; column_element_direction_desktop=&#8221;default&#8221; column_element_spacing=&#8221;default&#8221; desktop_text_alignment=&#8221;default&#8221; tablet_text_alignment=&#8221;default&#8221; phone_text_alignment=&#8221;default&#8221; background_color_opacity=&#8221;1&#8243; background_hover_color_opacity=&#8221;1&#8243; column_backdrop_filter=&#8221;none&#8221; column_shadow=&#8221;none&#8221; column_border_radius=&#8221;none&#8221; column_link_target=&#8221;_self&#8221; overflow=&#8221;visible&#8221; advanced_gradient_angle=&#8221;0&#8243; gradient_direction=&#8221;left_to_right&#8221; overlay_strength=&#8221;0.3&#8243; width=&#8221;1\/1&#8243; tablet_width_inherit=&#8221;default&#8221; animation_type=&#8221;default&#8221; enable_animation=&#8221;true&#8221; animation=&#8221;fade-in&#8221; animation_easing=&#8221;default&#8221; bg_image_animation=&#8221;none&#8221; border_type=&#8221;simple&#8221; column_border_width=&#8221;none&#8221; column_border_style=&#8221;solid&#8221; gradient_type=&#8221;default&#8221; delay=&#8221;1200&#8243;][vc_column_text]\n<h5>Descubre o programa de Concertos do Xacobeo<\/h5>\n[\/vc_column_text][nectar_btn size=&#8221;large&#8221; button_style=&#8221;regular&#8221; button_color_2=&#8221;Accent-Color&#8221; icon_family=&#8221;none&#8221; text=&#8221;Ver Programaci\u00f3n&#8221; url=&#8221;https:\/\/concertosdoxacobeo.gal\/2021\/programacion\/&#8221;][\/vc_column_inner][\/vc_row_inner][\/vc_column][\/vc_row][vc_row type=&#8221;full_width_content&#8221; full_screen_row_position=&#8221;middle&#8221; column_margin=&#8221;default&#8221; equal_height=&#8221;yes&#8221; content_placement=&#8221;middle&#8221; column_direction=&#8221;default&#8221; column_direction_tablet=&#8221;column_reverse&#8221; column_direction_phone=&#8221;default&#8221; scene_position=&#8221;center&#8221; top_padding=&#8221;10%&#8221; bottom_padding=&#8221;6%&#8221; left_padding_tablet=&#8221;8%&#8221; constrain_group_4=&#8221;yes&#8221; right_padding_tablet=&#8221;8%&#8221; text_color=&#8221;dark&#8221; text_align=&#8221;left&#8221; row_border_radius=&#8221;none&#8221; row_border_radius_applies=&#8221;bg&#8221; overflow=&#8221;visible&#8221; id=&#8221;xacobeo&#8221; advanced_gradient_angle=&#8221;0&#8243; overlay_strength=&#8221;0.3&#8243; gradient_direction=&#8221;left_to_right&#8221; shape_divider_position=&#8221;bottom&#8221; bg_image_animation=&#8221;none&#8221; gradient_type=&#8221;default&#8221; shape_type=&#8221;&#8221;][vc_column column_padding=&#8221;padding-8-percent&#8221; column_padding_tablet=&#8221;no-extra-padding&#8221; column_padding_phone=&#8221;no-extra-padding&#8221; column_padding_position=&#8221;all&#8221; column_element_direction_desktop=&#8221;default&#8221; column_element_spacing=&#8221;default&#8221; desktop_text_alignment=&#8221;default&#8221; tablet_text_alignment=&#8221;default&#8221; phone_text_alignment=&#8221;default&#8221; background_color_opacity=&#8221;1&#8243; background_hover_color_opacity=&#8221;1&#8243; column_backdrop_filter=&#8221;none&#8221; column_shadow=&#8221;none&#8221; column_border_radius=&#8221;none&#8221; column_link_target=&#8221;_self&#8221; column_position=&#8221;default&#8221; advanced_gradient_angle=&#8221;0&#8243; gradient_direction=&#8221;left_to_right&#8221; overlay_strength=&#8221;0.3&#8243; width=&#8221;1\/2&#8243; tablet_width_inherit=&#8221;default&#8221; animation_type=&#8221;default&#8221; bg_image_animation=&#8221;none&#8221; border_type=&#8221;simple&#8221; column_border_width=&#8221;none&#8221; column_border_style=&#8221;solid&#8221; gradient_type=&#8221;default&#8221;][divider line_type=&#8221;No Line&#8221; custom_height=&#8221;0&#8243; custom_height_tablet=&#8221;0&#8243; custom_height_phone=&#8221;60px&#8221;][split_line_heading animation_type=&#8221;line-reveal-by-space&#8221; font_style=&#8221;h2&#8243; text_color=&#8221;#000000&#8243; line_reveal_by_space_text_effect=&#8221;default&#8221; stagger_animation=&#8221;true&#8221; content_alignment=&#8221;default&#8221; mobile_content_alignment=&#8221;inherit&#8221; link_target=&#8221;_self&#8221; text_content=&#8221;Medio centenar de localidades galegas&#8221;][\/split_line_heading][vc_row_inner column_margin=&#8221;none&#8221; column_direction=&#8221;default&#8221; column_direction_tablet=&#8221;default&#8221; column_direction_phone=&#8221;default&#8221; right_padding_tablet=&#8221;25%&#8221; right_padding_phone=&#8221;0&#8243; text_align=&#8221;left&#8221; row_position=&#8221;default&#8221; row_position_tablet=&#8221;inherit&#8221; row_position_phone=&#8221;inherit&#8221; overflow=&#8221;visible&#8221; pointer_events=&#8221;all&#8221;][vc_column_inner column_padding=&#8221;no-extra-padding&#8221; column_padding_tablet=&#8221;inherit&#8221; column_padding_phone=&#8221;inherit&#8221; column_padding_position=&#8221;all&#8221; column_element_direction_desktop=&#8221;default&#8221; column_element_spacing=&#8221;0px&#8221; desktop_text_alignment=&#8221;default&#8221; tablet_text_alignment=&#8221;default&#8221; phone_text_alignment=&#8221;default&#8221; background_color_opacity=&#8221;1&#8243; background_hover_color_opacity=&#8221;1&#8243; column_backdrop_filter=&#8221;none&#8221; column_shadow=&#8221;none&#8221; column_border_radius=&#8221;none&#8221; column_link_target=&#8221;_self&#8221; overflow=&#8221;visible&#8221; advanced_gradient_angle=&#8221;0&#8243; gradient_direction=&#8221;left_to_right&#8221; overlay_strength=&#8221;0.3&#8243; width=&#8221;1\/1&#8243; tablet_width_inherit=&#8221;default&#8221; animation_type=&#8221;default&#8221; enable_animation=&#8221;true&#8221; animation=&#8221;fade-in-from-bottom&#8221; animation_easing=&#8221;default&#8221; bg_image_animation=&#8221;none&#8221; border_type=&#8221;simple&#8221; column_border_width=&#8221;none&#8221; column_border_style=&#8221;solid&#8221; gradient_type=&#8221;default&#8221;][split_line_heading animation_type=&#8221;line-reveal-by-space&#8221; font_style=&#8221;p&#8221; line_reveal_by_space_text_effect=&#8221;none&#8221; content_alignment=&#8221;default&#8221; mobile_content_alignment=&#8221;inherit&#8221; link_target=&#8221;_self&#8221; text_content=&#8221;Concertos do Xacobeo \u00e9 un evento universal que achega os mellores directos internacionais, nacionais e galegos a todos os recunchos da nosa terra.&#8221; font_size=&#8221;1.1vw&#8221; font_line_height=&#8221;1.7&#8243; font_size_tablet=&#8221;18px&#8221; font_size_phone=&#8221;16px&#8221;][\/split_line_heading][\/vc_column_inner][\/vc_row_inner][vc_row_inner column_margin=&#8221;default&#8221; column_direction=&#8221;default&#8221; column_direction_tablet=&#8221;default&#8221; column_direction_phone=&#8221;default&#8221; top_padding=&#8221;40px&#8221; text_align=&#8221;left&#8221; row_position=&#8221;default&#8221; row_position_tablet=&#8221;inherit&#8221; row_position_phone=&#8221;inherit&#8221; overflow=&#8221;visible&#8221; pointer_events=&#8221;all&#8221;][vc_column_inner column_padding=&#8221;no-extra-padding&#8221; column_padding_tablet=&#8221;inherit&#8221; column_padding_phone=&#8221;inherit&#8221; column_padding_position=&#8221;all&#8221; column_element_direction_desktop=&#8221;default&#8221; column_element_spacing=&#8221;default&#8221; desktop_text_alignment=&#8221;default&#8221; tablet_text_alignment=&#8221;default&#8221; phone_text_alignment=&#8221;default&#8221; background_color_opacity=&#8221;1&#8243; background_hover_color_opacity=&#8221;1&#8243; column_backdrop_filter=&#8221;none&#8221; column_shadow=&#8221;none&#8221; column_border_radius=&#8221;none&#8221; column_link_target=&#8221;_self&#8221; overflow=&#8221;visible&#8221; advanced_gradient_angle=&#8221;0&#8243; gradient_direction=&#8221;left_to_right&#8221; overlay_strength=&#8221;0.3&#8243; width=&#8221;1\/1&#8243; tablet_width_inherit=&#8221;default&#8221; animation_type=&#8221;default&#8221; enable_animation=&#8221;true&#8221; animation=&#8221;fade-in&#8221; animation_easing=&#8221;default&#8221; bg_image_animation=&#8221;none&#8221; border_type=&#8221;simple&#8221; column_border_width=&#8221;none&#8221; column_border_style=&#8221;solid&#8221; gradient_type=&#8221;default&#8221; delay=&#8221;1200&#8243;][vc_column_text]\n<h5>Consulta o mapa sonoro de Concertos do Xacobeo<\/h5>\n[\/vc_column_text][nectar_btn size=&#8221;large&#8221; button_style=&#8221;regular&#8221; button_color_2=&#8221;Accent-Color&#8221; icon_family=&#8221;none&#8221; text=&#8221;Ver Mapa sonoro&#8221; url=&#8221;https:\/\/concertosdoxacobeo.gal\/2021\/mapa-sonoro\/&#8221;][\/vc_column_inner][\/vc_row_inner][\/vc_column][vc_column column_padding=&#8221;no-extra-padding&#8221; column_padding_tablet=&#8221;inherit&#8221; column_padding_phone=&#8221;inherit&#8221; column_padding_position=&#8221;all&#8221; column_element_direction_desktop=&#8221;default&#8221; column_element_spacing=&#8221;0px&#8221; desktop_text_alignment=&#8221;default&#8221; tablet_text_alignment=&#8221;default&#8221; phone_text_alignment=&#8221;default&#8221; background_color_opacity=&#8221;1&#8243; background_hover_color_opacity=&#8221;1&#8243; column_backdrop_filter=&#8221;none&#8221; column_shadow=&#8221;none&#8221; column_border_radius=&#8221;none&#8221; column_link_target=&#8221;_self&#8221; column_position=&#8221;default&#8221; advanced_gradient_angle=&#8221;0&#8243; gradient_direction=&#8221;left_to_right&#8221; overlay_strength=&#8221;0.3&#8243; width=&#8221;1\/2&#8243; tablet_width_inherit=&#8221;default&#8221; animation_type=&#8221;default&#8221; bg_image_animation=&#8221;none&#8221; border_type=&#8221;simple&#8221; column_border_width=&#8221;none&#8221; column_border_style=&#8221;solid&#8221; gradient_type=&#8221;default&#8221;][vc_row_inner column_margin=&#8221;default&#8221; column_direction=&#8221;default&#8221; column_direction_tablet=&#8221;default&#8221; column_direction_phone=&#8221;default&#8221; left_padding_desktop=&#8221;20%&#8221; left_padding_tablet=&#8221;10%&#8221; text_align=&#8221;left&#8221; row_position=&#8221;default&#8221; row_position_tablet=&#8221;inherit&#8221; row_position_phone=&#8221;inherit&#8221; overflow=&#8221;visible&#8221; pointer_events=&#8221;all&#8221;][vc_column_inner column_padding=&#8221;no-extra-padding&#8221; column_padding_tablet=&#8221;inherit&#8221; column_padding_phone=&#8221;inherit&#8221; column_padding_position=&#8221;all&#8221; column_element_direction_desktop=&#8221;default&#8221; column_element_spacing=&#8221;default&#8221; desktop_text_alignment=&#8221;default&#8221; tablet_text_alignment=&#8221;default&#8221; phone_text_alignment=&#8221;default&#8221; background_color_opacity=&#8221;1&#8243; background_hover_color_opacity=&#8221;1&#8243; background_image=&#8221;591&#8243; background_image_position=&#8221;center center&#8221; background_image_stacking=&#8221;default&#8221; enable_bg_scale=&#8221;true&#8221; background_image_loading=&#8221;default&#8221; column_backdrop_filter=&#8221;none&#8221; column_shadow=&#8221;none&#8221; column_border_radius=&#8221;none&#8221; column_link_target=&#8221;_self&#8221; overflow=&#8221;visible&#8221; advanced_gradient_angle=&#8221;0&#8243; gradient_direction=&#8221;left_to_right&#8221; overlay_strength=&#8221;0.3&#8243; width=&#8221;1\/1&#8243; tablet_width_inherit=&#8221;default&#8221; animation_type=&#8221;default&#8221; bg_image_animation=&#8221;none&#8221; parallax_bg=&#8221;true&#8221; parallax_bg_speed=&#8221;very_subtle&#8221; border_type=&#8221;simple&#8221; column_border_width=&#8221;none&#8221; column_border_style=&#8221;solid&#8221; gradient_type=&#8221;default&#8221;][divider line_type=&#8221;No Line&#8221; custom_height=&#8221;90vh&#8221; custom_height_tablet=&#8221;70vh&#8221; custom_height_phone=&#8221;60vh&#8221;][\/vc_column_inner][\/vc_row_inner][vc_row_inner column_margin=&#8221;default&#8221; column_direction=&#8221;default&#8221; column_direction_tablet=&#8221;default&#8221; column_direction_phone=&#8221;default&#8221; translate_y=&#8221;-50%&#8221; text_align=&#8221;left&#8221; row_position=&#8221;absolute&#8221; row_position_tablet=&#8221;inherit&#8221; row_position_phone=&#8221;inherit&#8221; top_position_desktop=&#8221;50%&#8221; left_position_desktop=&#8221;0&#8243; min_width_desktop=&#8221;40%&#8221; zindex=&#8221;50&#8243; overflow=&#8221;visible&#8221; pointer_events=&#8221;all&#8221;][vc_column_inner column_padding=&#8221;no-extra-padding&#8221; column_padding_tablet=&#8221;inherit&#8221; column_padding_phone=&#8221;inherit&#8221; column_padding_position=&#8221;all&#8221; column_element_direction_desktop=&#8221;default&#8221; column_element_spacing=&#8221;default&#8221; desktop_text_alignment=&#8221;default&#8221; tablet_text_alignment=&#8221;default&#8221; phone_text_alignment=&#8221;default&#8221; background_color_opacity=&#8221;1&#8243; background_hover_color_opacity=&#8221;1&#8243; background_image=&#8221;589&#8243; background_image_position=&#8221;right center&#8221; background_image_stacking=&#8221;default&#8221; enable_bg_scale=&#8221;true&#8221; background_image_loading=&#8221;default&#8221; column_backdrop_filter=&#8221;none&#8221; column_shadow=&#8221;x_large_depth&#8221; column_border_radius=&#8221;none&#8221; column_link_target=&#8221;_self&#8221; overflow=&#8221;visible&#8221; advanced_gradient_angle=&#8221;0&#8243; gradient_direction=&#8221;left_to_right&#8221; overlay_strength=&#8221;0.3&#8243; width=&#8221;1\/1&#8243; tablet_width_inherit=&#8221;default&#8221; animation_type=&#8221;parallax&#8221; animation_movement_type=&#8221;default&#8221; column_parallax_intensity=&#8221;2.25&#8243; persist_movement_on_mobile=&#8221;true&#8221; bg_image_animation=&#8221;none&#8221; parallax_bg=&#8221;true&#8221; parallax_bg_speed=&#8221;very_subtle&#8221; border_type=&#8221;simple&#8221; column_border_width=&#8221;none&#8221; column_border_style=&#8221;solid&#8221; gradient_type=&#8221;default&#8221;][divider line_type=&#8221;No Line&#8221; custom_height=&#8221;50vh&#8221; custom_height_tablet=&#8221;40vh&#8221; custom_height_phone=&#8221;35vh&#8221;][\/vc_column_inner][\/vc_row_inner][\/vc_column][\/vc_row][vc_row type=&#8221;full_width_background&#8221; full_screen_row_position=&#8221;middle&#8221; column_margin=&#8221;default&#8221; equal_height=&#8221;yes&#8221; content_placement=&#8221;middle&#8221; column_direction=&#8221;default&#8221; column_direction_tablet=&#8221;default&#8221; column_direction_phone=&#8221;default&#8221; bg_color=&#8221;#007bc4&#8243; scene_position=&#8221;center&#8221; top_padding=&#8221;80&#8243; bottom_padding=&#8221;80&#8243; text_color=&#8221;light&#8221; text_align=&#8221;left&#8221; row_border_radius=&#8221;none&#8221; row_border_radius_applies=&#8221;bg&#8221; overflow=&#8221;visible&#8221; color_overlay=&#8221;#007bc4&#8243; color_overlay_2=&#8221;#007bc4&#8243; advanced_gradient_angle=&#8221;0&#8243; overlay_strength=&#8221;0.95&#8243; gradient_direction=&#8221;left_to_right&#8221; shape_divider_position=&#8221;bottom&#8221; bg_image_animation=&#8221;none&#8221; shape_type=&#8221;&#8221; gradient_type=&#8221;default&#8221;][vc_column column_padding=&#8221;no-extra-padding&#8221; column_padding_tablet=&#8221;inherit&#8221; column_padding_phone=&#8221;inherit&#8221; column_padding_position=&#8221;all&#8221; column_element_direction_desktop=&#8221;default&#8221; column_element_spacing=&#8221;default&#8221; desktop_text_alignment=&#8221;default&#8221; tablet_text_alignment=&#8221;center&#8221; phone_text_alignment=&#8221;center&#8221; background_color_opacity=&#8221;1&#8243; background_hover_color_opacity=&#8221;1&#8243; column_backdrop_filter=&#8221;none&#8221; column_shadow=&#8221;none&#8221; column_border_radius=&#8221;none&#8221; column_link_target=&#8221;_self&#8221; column_position=&#8221;default&#8221; gradient_direction=&#8221;left_to_right&#8221; overlay_strength=&#8221;0.3&#8243; width=&#8221;5\/12&#8243; tablet_width_inherit=&#8221;default&#8221; animation_type=&#8221;default&#8221; bg_image_animation=&#8221;none&#8221; border_type=&#8221;simple&#8221; column_border_width=&#8221;none&#8221; column_border_style=&#8221;solid&#8221;][nectar_highlighted_text color_type=&#8221;regular&#8221; highlight_color=&#8221;#ffffff&#8221; style=&#8221;half_text&#8221;]\n<h3>Inf\u00f3rmate e contacta<\/h3>\n[\/nectar_highlighted_text][vc_column_text css=&#8221;.vc_custom_1660687630303{margin-top: 15px !important;}&#8221;]Co\u00f1ece m\u00e1is detalles do proxecto ou comparte as t\u00faas consultas coa organizaci\u00f3n.[\/vc_column_text][\/vc_column][vc_column column_padding=&#8221;no-extra-padding&#8221; column_padding_tablet=&#8221;inherit&#8221; column_padding_phone=&#8221;inherit&#8221; column_padding_position=&#8221;all&#8221; column_element_direction_desktop=&#8221;default&#8221; column_element_spacing=&#8221;default&#8221; desktop_text_alignment=&#8221;default&#8221; tablet_text_alignment=&#8221;center&#8221; phone_text_alignment=&#8221;center&#8221; background_color_opacity=&#8221;1&#8243; background_hover_color_opacity=&#8221;1&#8243; column_backdrop_filter=&#8221;none&#8221; column_shadow=&#8221;none&#8221; column_border_radius=&#8221;none&#8221; column_link_target=&#8221;_self&#8221; column_position=&#8221;default&#8221; gradient_direction=&#8221;left_to_right&#8221; overlay_strength=&#8221;0.3&#8243; width=&#8221;1\/12&#8243; tablet_width_inherit=&#8221;default&#8221; animation_type=&#8221;default&#8221; bg_image_animation=&#8221;none&#8221; border_type=&#8221;simple&#8221; column_border_width=&#8221;none&#8221; column_border_style=&#8221;solid&#8221;][\/vc_column][vc_column column_padding=&#8221;no-extra-padding&#8221; column_padding_tablet=&#8221;inherit&#8221; column_padding_phone=&#8221;inherit&#8221; column_padding_position=&#8221;all&#8221; column_element_direction_desktop=&#8221;default&#8221; column_element_spacing=&#8221;default&#8221; desktop_text_alignment=&#8221;default&#8221; tablet_text_alignment=&#8221;center&#8221; phone_text_alignment=&#8221;center&#8221; background_color_opacity=&#8221;1&#8243; background_hover_color_opacity=&#8221;1&#8243; column_backdrop_filter=&#8221;none&#8221; column_shadow=&#8221;none&#8221; column_border_radius=&#8221;none&#8221; column_link_target=&#8221;_self&#8221; column_position=&#8221;default&#8221; gradient_direction=&#8221;left_to_right&#8221; overlay_strength=&#8221;0.3&#8243; width=&#8221;1\/2&#8243; tablet_width_inherit=&#8221;default&#8221; animation_type=&#8221;default&#8221; bg_image_animation=&#8221;none&#8221; border_type=&#8221;simple&#8221; column_border_width=&#8221;none&#8221; column_border_style=&#8221;solid&#8221;][vc_row_inner column_margin=&#8221;default&#8221; column_direction=&#8221;default&#8221; column_direction_tablet=&#8221;default&#8221; column_direction_phone=&#8221;default&#8221; text_align=&#8221;right&#8221; row_position=&#8221;default&#8221; row_position_tablet=&#8221;inherit&#8221; row_position_phone=&#8221;inherit&#8221; overflow=&#8221;visible&#8221; pointer_events=&#8221;all&#8221;][vc_column_inner column_padding=&#8221;no-extra-padding&#8221; column_padding_tablet=&#8221;inherit&#8221; column_padding_phone=&#8221;inherit&#8221; column_padding_position=&#8221;all&#8221; column_element_direction_desktop=&#8221;default&#8221; column_element_spacing=&#8221;default&#8221; desktop_text_alignment=&#8221;default&#8221; tablet_text_alignment=&#8221;default&#8221; phone_text_alignment=&#8221;default&#8221; background_color_opacity=&#8221;1&#8243; background_hover_color_opacity=&#8221;1&#8243; column_backdrop_filter=&#8221;none&#8221; column_shadow=&#8221;none&#8221; column_border_radius=&#8221;none&#8221; column_link_target=&#8221;_self&#8221; overflow=&#8221;visible&#8221; gradient_direction=&#8221;left_to_right&#8221; overlay_strength=&#8221;0.3&#8243; width=&#8221;1\/1&#8243; tablet_width_inherit=&#8221;default&#8221; animation_type=&#8221;default&#8221; bg_image_animation=&#8221;none&#8221; border_type=&#8221;simple&#8221; column_border_width=&#8221;none&#8221; column_border_style=&#8221;solid&#8221;][nectar_btn size=&#8221;large&#8221; button_style=&#8221;regular&#8221; button_color_2=&#8221;Extra-Color-2&#8243; solid_text_color_override=&#8221;#000000&#8243; icon_family=&#8221;none&#8221; text=&#8221;Contacto&#8221; url=&#8221;https:\/\/concertosdoxacobeo.gal\/2021\/contacto\/&#8221;][\/vc_column_inner][\/vc_row_inner][\/vc_column][\/vc_row]\n","protected":false},"excerpt":{"rendered":"<p>[vc_row type=&#8221;full_width_background&#8221; full_screen_row_position=&#8221;middle&#8221; column_margin=&#8221;default&#8221; equal_height=&#8221;yes&#8221; content_placement=&#8221;middle&#8221; column_direction=&#8221;default&#8221; column_direction_tablet=&#8221;default&#8221; column_direction_phone=&#8221;default&#8221; scene_position=&#8221;center&#8221; top_padding=&#8221;10%&#8221; bottom_padding=&#8221;6%&#8221; text_color=&#8221;dark&#8221; text_align=&#8221;left&#8221; row_border_radius=&#8221;none&#8221; row_border_radius_applies=&#8221;bg&#8221; overflow=&#8221;visible&#8221; id=&#8221;xacobeo&#8221; advanced_gradient_angle=&#8221;0&#8243; overlay_strength=&#8221;0.3&#8243; gradient_direction=&#8221;left_to_right&#8221; shape_divider_position=&#8221;bottom&#8221; bg_image_animation=&#8221;none&#8221; gradient_type=&#8221;default&#8221; shape_type=&#8221;&#8221;][vc_column column_padding=&#8221;no-extra-padding&#8221; column_padding_tablet=&#8221;no-extra-padding&#8221; column_padding_phone=&#8221;no-extra-padding&#8221; column_padding_position=&#8221;all&#8221; column_element_direction_desktop=&#8221;default&#8221;&#8230;<\/p>\n","protected":false},"author":1,"featured_media":4297,"parent":0,"menu_order":2,"comment_status":"closed","ping_status":"closed","template":"","meta":{"inline_featured_image":false,"footnotes":""},"yoast_head":"<!-- This site is optimized with the Yoast SEO plugin v22.7 - https:\/\/yoast.com\/wordpress\/plugins\/seo\/ -->\n<title>Que \u00e9? &#8212; ConcertosDoXacobeo.gal<\/title>\n<meta name=\"description\" content=\"Desde maio ata novembro de 2022, goza dos directos de m\u00e1is de 100 eventos por toda Galicia. M\u00e1is de 500 bandas e artistas nacionais e...\" \/>\n<meta name=\"robots\" content=\"noindex, follow, max-snippet:-1, max-image-preview:large, max-video-preview:-1\" \/>\n<meta property=\"og:locale\" content=\"gl_ES\" \/>\n<meta property=\"og:type\" content=\"article\" \/>\n<meta property=\"og:title\" content=\"Que \u00e9? &#8212; ConcertosDoXacobeo.gal\" \/>\n<meta property=\"og:description\" content=\"Desde maio ata novembro de 2022, goza dos directos de m\u00e1is de 100 eventos por toda Galicia. M\u00e1is de 500 bandas e artistas nacionais e...\" \/>\n<meta property=\"og:url\" content=\"https:\/\/concertosdoxacobeo.gal\/2021\/que-e\/\" \/>\n<meta property=\"og:site_name\" content=\"ConcertosDoXacobeo.gal\" \/>\n<meta property=\"article:publisher\" content=\"https:\/\/www.facebook.com\/CaminoXacobeo\" \/>\n<meta property=\"article:modified_time\" content=\"2024-05-26T12:46:33+00:00\" \/>\n<meta property=\"og:image\" content=\"https:\/\/concertosdoxacobeo.gal\/2021\/wp-content\/uploads\/2022\/08\/slid-27.jpg\" \/>\n\t<meta property=\"og:image:width\" content=\"2000\" \/>\n\t<meta property=\"og:image:height\" content=\"1333\" \/>\n\t<meta property=\"og:image:type\" content=\"image\/jpeg\" \/>\n<meta name=\"twitter:card\" content=\"summary_large_image\" \/>\n<meta name=\"twitter:site\" content=\"@camino_xacobeo\" \/>\n<meta name=\"twitter:label1\" content=\"Tempo de lectura\" \/>\n\t<meta name=\"twitter:data1\" content=\"10 minutos\" \/>\n<script type=\"application\/ld+json\" class=\"yoast-schema-graph\">{\"@context\":\"https:\/\/schema.org\",\"@graph\":[{\"@type\":\"WebPage\",\"@id\":\"https:\/\/concertosdoxacobeo.gal\/2021\/que-e\/\",\"url\":\"https:\/\/concertosdoxacobeo.gal\/2021\/que-e\/\",\"name\":\"Que \u00e9? &#8212; ConcertosDoXacobeo.gal\",\"isPartOf\":{\"@id\":\"https:\/\/concertosdoxacobeo.gal\/2021\/#website\"},\"primaryImageOfPage\":{\"@id\":\"https:\/\/concertosdoxacobeo.gal\/2021\/que-e\/#primaryimage\"},\"image\":{\"@id\":\"https:\/\/concertosdoxacobeo.gal\/2021\/que-e\/#primaryimage\"},\"thumbnailUrl\":\"https:\/\/concertosdoxacobeo.gal\/2021\/wp-content\/uploads\/2022\/08\/slid-27.jpg\",\"datePublished\":\"2022-05-30T17:29:50+00:00\",\"dateModified\":\"2024-05-26T12:46:33+00:00\",\"description\":\"Desde maio ata novembro de 2022, goza dos directos de m\u00e1is de 100 eventos por toda Galicia. M\u00e1is de 500 bandas e artistas nacionais e...\",\"breadcrumb\":{\"@id\":\"https:\/\/concertosdoxacobeo.gal\/2021\/que-e\/#breadcrumb\"},\"inLanguage\":\"gl-ES\",\"potentialAction\":[{\"@type\":\"ReadAction\",\"target\":[\"https:\/\/concertosdoxacobeo.gal\/2021\/que-e\/\"]}]},{\"@type\":\"ImageObject\",\"inLanguage\":\"gl-ES\",\"@id\":\"https:\/\/concertosdoxacobeo.gal\/2021\/que-e\/#primaryimage\",\"url\":\"https:\/\/concertosdoxacobeo.gal\/2021\/wp-content\/uploads\/2022\/08\/slid-27.jpg\",\"contentUrl\":\"https:\/\/concertosdoxacobeo.gal\/2021\/wp-content\/uploads\/2022\/08\/slid-27.jpg\",\"width\":2000,\"height\":1333},{\"@type\":\"BreadcrumbList\",\"@id\":\"https:\/\/concertosdoxacobeo.gal\/2021\/que-e\/#breadcrumb\",\"itemListElement\":[{\"@type\":\"ListItem\",\"position\":1,\"name\":\"Portada\",\"item\":\"https:\/\/concertosdoxacobeo.gal\/2021\/\"},{\"@type\":\"ListItem\",\"position\":2,\"name\":\"Que \u00e9?\"}]},{\"@type\":\"WebSite\",\"@id\":\"https:\/\/concertosdoxacobeo.gal\/2021\/#website\",\"url\":\"https:\/\/concertosdoxacobeo.gal\/2021\/\",\"name\":\"ConcertosDoXacobeo.gal\",\"description\":\"A m\u00fasica ao vivo\",\"publisher\":{\"@id\":\"https:\/\/concertosdoxacobeo.gal\/2021\/#organization\"},\"potentialAction\":[{\"@type\":\"SearchAction\",\"target\":{\"@type\":\"EntryPoint\",\"urlTemplate\":\"https:\/\/concertosdoxacobeo.gal\/2021\/?s={search_term_string}\"},\"query-input\":\"required name=search_term_string\"}],\"inLanguage\":\"gl-ES\"},{\"@type\":\"Organization\",\"@id\":\"https:\/\/concertosdoxacobeo.gal\/2021\/#organization\",\"name\":\"CONCERTOS DO XACOBEO\",\"url\":\"https:\/\/concertosdoxacobeo.gal\/2021\/\",\"logo\":{\"@type\":\"ImageObject\",\"inLanguage\":\"gl-ES\",\"@id\":\"https:\/\/concertosdoxacobeo.gal\/2021\/#\/schema\/logo\/image\/\",\"url\":\"https:\/\/concertosdoxacobeo.gal\/2021\/wp-content\/uploads\/2022\/04\/logo-dark-retina-.png\",\"contentUrl\":\"https:\/\/concertosdoxacobeo.gal\/2021\/wp-content\/uploads\/2022\/04\/logo-dark-retina-.png\",\"width\":350,\"height\":210,\"caption\":\"CONCERTOS DO XACOBEO\"},\"image\":{\"@id\":\"https:\/\/concertosdoxacobeo.gal\/2021\/#\/schema\/logo\/image\/\"},\"sameAs\":[\"https:\/\/www.facebook.com\/CaminoXacobeo\",\"https:\/\/x.com\/camino_xacobeo\",\"https:\/\/www.instagram.com\/camino_xacobeo\/\"]}]}<\/script>\n<!-- \/ Yoast SEO plugin. -->","yoast_head_json":{"title":"Que \u00e9? &#8212; ConcertosDoXacobeo.gal","description":"Desde maio ata novembro de 2022, goza dos directos de m\u00e1is de 100 eventos por toda Galicia. M\u00e1is de 500 bandas e artistas nacionais e...","robots":{"index":"noindex","follow":"follow","max-snippet":"max-snippet:-1","max-image-preview":"max-image-preview:large","max-video-preview":"max-video-preview:-1"},"og_locale":"gl_ES","og_type":"article","og_title":"Que \u00e9? &#8212; ConcertosDoXacobeo.gal","og_description":"Desde maio ata novembro de 2022, goza dos directos de m\u00e1is de 100 eventos por toda Galicia. M\u00e1is de 500 bandas e artistas nacionais e...","og_url":"https:\/\/concertosdoxacobeo.gal\/2021\/que-e\/","og_site_name":"ConcertosDoXacobeo.gal","article_publisher":"https:\/\/www.facebook.com\/CaminoXacobeo","article_modified_time":"2024-05-26T12:46:33+00:00","og_image":[{"width":2000,"height":1333,"url":"https:\/\/concertosdoxacobeo.gal\/2021\/wp-content\/uploads\/2022\/08\/slid-27.jpg","type":"image\/jpeg"}],"twitter_card":"summary_large_image","twitter_site":"@camino_xacobeo","twitter_misc":{"Tempo de lectura":"10 minutos"},"schema":{"@context":"https:\/\/schema.org","@graph":[{"@type":"WebPage","@id":"https:\/\/concertosdoxacobeo.gal\/2021\/que-e\/","url":"https:\/\/concertosdoxacobeo.gal\/2021\/que-e\/","name":"Que \u00e9? &#8212; ConcertosDoXacobeo.gal","isPartOf":{"@id":"https:\/\/concertosdoxacobeo.gal\/2021\/#website"},"primaryImageOfPage":{"@id":"https:\/\/concertosdoxacobeo.gal\/2021\/que-e\/#primaryimage"},"image":{"@id":"https:\/\/concertosdoxacobeo.gal\/2021\/que-e\/#primaryimage"},"thumbnailUrl":"https:\/\/concertosdoxacobeo.gal\/2021\/wp-content\/uploads\/2022\/08\/slid-27.jpg","datePublished":"2022-05-30T17:29:50+00:00","dateModified":"2024-05-26T12:46:33+00:00","description":"Desde maio ata novembro de 2022, goza dos directos de m\u00e1is de 100 eventos por toda Galicia. M\u00e1is de 500 bandas e artistas nacionais e...","breadcrumb":{"@id":"https:\/\/concertosdoxacobeo.gal\/2021\/que-e\/#breadcrumb"},"inLanguage":"gl-ES","potentialAction":[{"@type":"ReadAction","target":["https:\/\/concertosdoxacobeo.gal\/2021\/que-e\/"]}]},{"@type":"ImageObject","inLanguage":"gl-ES","@id":"https:\/\/concertosdoxacobeo.gal\/2021\/que-e\/#primaryimage","url":"https:\/\/concertosdoxacobeo.gal\/2021\/wp-content\/uploads\/2022\/08\/slid-27.jpg","contentUrl":"https:\/\/concertosdoxacobeo.gal\/2021\/wp-content\/uploads\/2022\/08\/slid-27.jpg","width":2000,"height":1333},{"@type":"BreadcrumbList","@id":"https:\/\/concertosdoxacobeo.gal\/2021\/que-e\/#breadcrumb","itemListElement":[{"@type":"ListItem","position":1,"name":"Portada","item":"https:\/\/concertosdoxacobeo.gal\/2021\/"},{"@type":"ListItem","position":2,"name":"Que \u00e9?"}]},{"@type":"WebSite","@id":"https:\/\/concertosdoxacobeo.gal\/2021\/#website","url":"https:\/\/concertosdoxacobeo.gal\/2021\/","name":"ConcertosDoXacobeo.gal","description":"A m\u00fasica ao vivo","publisher":{"@id":"https:\/\/concertosdoxacobeo.gal\/2021\/#organization"},"potentialAction":[{"@type":"SearchAction","target":{"@type":"EntryPoint","urlTemplate":"https:\/\/concertosdoxacobeo.gal\/2021\/?s={search_term_string}"},"query-input":"required name=search_term_string"}],"inLanguage":"gl-ES"},{"@type":"Organization","@id":"https:\/\/concertosdoxacobeo.gal\/2021\/#organization","name":"CONCERTOS DO XACOBEO","url":"https:\/\/concertosdoxacobeo.gal\/2021\/","logo":{"@type":"ImageObject","inLanguage":"gl-ES","@id":"https:\/\/concertosdoxacobeo.gal\/2021\/#\/schema\/logo\/image\/","url":"https:\/\/concertosdoxacobeo.gal\/2021\/wp-content\/uploads\/2022\/04\/logo-dark-retina-.png","contentUrl":"https:\/\/concertosdoxacobeo.gal\/2021\/wp-content\/uploads\/2022\/04\/logo-dark-retina-.png","width":350,"height":210,"caption":"CONCERTOS DO XACOBEO"},"image":{"@id":"https:\/\/concertosdoxacobeo.gal\/2021\/#\/schema\/logo\/image\/"},"sameAs":["https:\/\/www.facebook.com\/CaminoXacobeo","https:\/\/x.com\/camino_xacobeo","https:\/\/www.instagram.com\/camino_xacobeo\/"]}]}},"_links":{"self":[{"href":"https:\/\/concertosdoxacobeo.gal\/2021\/wp-json\/wp\/v2\/pages\/291"}],"collection":[{"href":"https:\/\/concertosdoxacobeo.gal\/2021\/wp-json\/wp\/v2\/pages"}],"about":[{"href":"https:\/\/concertosdoxacobeo.gal\/2021\/wp-json\/wp\/v2\/types\/page"}],"author":[{"embeddable":true,"href":"https:\/\/concertosdoxacobeo.gal\/2021\/wp-json\/wp\/v2\/users\/1"}],"replies":[{"embeddable":true,"href":"https:\/\/concertosdoxacobeo.gal\/2021\/wp-json\/wp\/v2\/comments?post=291"}],"version-history":[{"count":36,"href":"https:\/\/concertosdoxacobeo.gal\/2021\/wp-json\/wp\/v2\/pages\/291\/revisions"}],"predecessor-version":[{"id":5171,"href":"https:\/\/concertosdoxacobeo.gal\/2021\/wp-json\/wp\/v2\/pages\/291\/revisions\/5171"}],"wp:featuredmedia":[{"embeddable":true,"href":"https:\/\/concertosdoxacobeo.gal\/2021\/wp-json\/wp\/v2\/media\/4297"}],"wp:attachment":[{"href":"https:\/\/concertosdoxacobeo.gal\/2021\/wp-json\/wp\/v2\/media?parent=291"}],"curies":[{"name":"wp","href":"https:\/\/api.w.org\/{rel}","templated":true}]}}